{"id":3230,"date":"2007-09-23T12:08:00","date_gmt":"2007-09-23T10:08:00","guid":{"rendered":"https:\/\/www.palazzodiamanti.it\/?post_type=contenuti-mostre&#038;p=3230"},"modified":"2022-11-28T15:38:44","modified_gmt":"2022-11-28T14:38:44","slug":"catalogo-tura-cossa","status":"publish","type":"contenuti-mostre","link":"https:\/\/www.palazzodiamanti.it\/en\/contenuti-mostre\/catalogo-tura-cossa\/","title":{"rendered":"Catalogo"},"content":{"rendered":"\t\t<div data-elementor-type=\"wp-post\" data-elementor-id=\"3230\" class=\"elementor elementor-3230\" data-elementor-post-type=\"contenuti-mostre\">\n\t\t\t\t\t\t<section class=\"elementor-section elementor-top-section elementor-element elementor-element-31ac90a elementor-section-content-middle elementor-section-boxed elementor-section-height-default elementor-section-height-default\" data-id=\"31ac90a\" data-element_type=\"section\" data-e-type=\"section\">\n\t\t\t\t\t\t<div class=\"elementor-container elementor-column-gap-default\">\n\t\t\t\t\t<div class=\"elementor-column elementor-col-50 elementor-top-column elementor-element elementor-element-c47d876\" data-id=\"c47d876\" data-element_type=\"column\" data-e-type=\"column\">\n\t\t\t<div class=\"elementor-widget-wrap elementor-element-populated\">\n\t\t\t\t\t\t<div class=\"elementor-element elementor-element-f780297 elementor-widget elementor-widget-text-editor\" data-id=\"f780297\" data-element_type=\"widget\" data-e-type=\"widget\" data-widget_type=\"text-editor.default\">\n\t\t\t\t<div class=\"elementor-widget-container\">\n\t\t\t\t\t\t\t\t\t<p><span style=\"color: #c2601e;\"><strong>Catalogo della mostra<\/strong><\/span><\/p><p><em>Cosm\u00e8 Tura e Francesco del Cossa.<br \/>L\u2019arte a Ferrara nell\u2019et\u00e0 di Borso d\u2019Este<\/em><br \/>Ferrara, Palazzo dei Diamanti<br \/>23 settembre 2007 \u2013 6 gennaio 2008<\/p><p>A cura di Mauro Natale.<br \/>Saggi di Mauro Natale, Giovanni Sassu, Giovanni Ricci, Luke Syson, Luisa Ciammitti, Federica Toniolo, Massimo Ferretti, Vincenzo Gheroldi, Giovanni Villa e Gianluca Poldi.<br \/>Introduzioni di sezione di: Mauro Minardi, Fabrizio Lollini, Marcello Toffanello, Cecilia Cavalca, Giovanni Sassu.<br \/>Schede di: Barbara Bertelli, Elena Bonatti, Cecilia Cavalca, Andrea De Marchi, Massimo Ferretti, Silvia Fumian, Nello Forti Grazzini, Daniele Guernelli, Fabrizio Lollini, Giorgio Marini, Rodolfo Martini, Susanne Pollack, Giovanni Sassu, Marcello Toffanello, Federica Toniolo, Giovanni Valagussa, Cecilia Vicentini, Stefan Weppelmann, Sabina Zonno.<br \/>Bibliografia<\/p><p>Editore: Ferrara Arte Spa<br \/>Formato: cm 23 x 30<br \/>Pagine: 528 di cui 512 pagine a colori e 16 in bianco e nero<\/p>\t\t\t\t\t\t\t\t<\/div>\n\t\t\t\t<\/div>\n\t\t\t\t\t<\/div>\n\t\t<\/div>\n\t\t\t\t<div class=\"elementor-column elementor-col-50 elementor-top-column elementor-element elementor-element-d87aa15\" data-id=\"d87aa15\" data-element_type=\"column\" data-e-type=\"column\">\n\t\t\t<div class=\"elementor-widget-wrap elementor-element-populated\">\n\t\t\t\t\t\t<div class=\"elementor-element elementor-element-6facd23 elementor-widget elementor-widget-image\" data-id=\"6facd23\" data-element_type=\"widget\" data-e-type=\"widget\" data-widget_type=\"image.default\">\n\t\t\t\t<div class=\"elementor-widget-container\">\n\t\t\t\t\t\t\t\t\t\t\t\t\t\t\t<img fetchpriority=\"high\" decoding=\"async\" width=\"1955\" height=\"2560\" src=\"https:\/\/www.palazzodiamanti.it\/wp-content\/uploads\/2022\/10\/2007-Tura-Cossa-Catalogo-scaled.jpg\" class=\"attachment-full size-full wp-image-3231\" alt=\"\" srcset=\"https:\/\/www.palazzodiamanti.it\/wp-content\/uploads\/2022\/10\/2007-Tura-Cossa-Catalogo-scaled.jpg 1955w, https:\/\/www.palazzodiamanti.it\/wp-content\/uploads\/2022\/10\/2007-Tura-Cossa-Catalogo-229x300.jpg 229w, https:\/\/www.palazzodiamanti.it\/wp-content\/uploads\/2022\/10\/2007-Tura-Cossa-Catalogo-782x1024.jpg 782w, https:\/\/www.palazzodiamanti.it\/wp-content\/uploads\/2022\/10\/2007-Tura-Cossa-Catalogo-768x1005.jpg 768w, https:\/\/www.palazzodiamanti.it\/wp-content\/uploads\/2022\/10\/2007-Tura-Cossa-Catalogo-1173x1536.jpg 1173w, https:\/\/www.palazzodiamanti.it\/wp-content\/uploads\/2022\/10\/2007-Tura-Cossa-Catalogo-1564x2048.jpg 1564w\" sizes=\"(max-width: 1955px) 100vw, 1955px\" \/>\t\t\t\t\t\t\t\t\t\t\t\t\t\t\t<\/div>\n\t\t\t\t<\/div>\n\t\t\t\t\t<\/div>\n\t\t<\/div>\n\t\t\t\t\t<\/div>\n\t\t<\/section>\n\t\t\t\t<section class=\"elementor-section elementor-top-section elementor-element elementor-element-041bdfa elementor-section-boxed elementor-section-height-default elementor-section-height-default\" data-id=\"041bdfa\" data-element_type=\"section\" data-e-type=\"section\">\n\t\t\t\t\t\t<div class=\"elementor-container elementor-column-gap-default\">\n\t\t\t\t\t<div class=\"elementor-column elementor-col-100 elementor-top-column elementor-element elementor-element-8d5b898\" data-id=\"8d5b898\" data-element_type=\"column\" data-e-type=\"column\">\n\t\t\t<div class=\"elementor-widget-wrap elementor-element-populated\">\n\t\t\t\t\t\t<div class=\"elementor-element elementor-element-2dfbc00 elementor-widget elementor-widget-text-editor\" data-id=\"2dfbc00\" data-element_type=\"widget\" data-e-type=\"widget\" data-widget_type=\"text-editor.default\">\n\t\t\t\t<div class=\"elementor-widget-container\">\n\t\t\t\t\t\t\t\t\t<h2><strong>Catalogo esaurito<\/strong><\/h2>\t\t\t\t\t\t\t\t<\/div>\n\t\t\t\t<\/div>\n\t\t\t\t\t<\/div>\n\t\t<\/div>\n\t\t\t\t\t<\/div>\n\t\t<\/section>\n\t\t\t\t<\/div>\n\t\t","protected":false},"parent":0,"template":"","cataloghi":[25],"didattica":[],"mostra-di-riferimento":[59],"class_list":["post-3230","contenuti-mostre","type-contenuti-mostre","status-publish","hentry","cataloghi-esaurito","mostra-di-riferimento-cosme-tura"],"yoast_head":"<!-- This site is optimized with the Yoast SEO plugin v27.5 - https:\/\/yoast.com\/product\/yoast-seo-wordpress\/ -->\n<title>Catalogo Cosm\u00e8 Tura e Francesco del Cossa. L&#039;arte a Ferrara nell&#039;et\u00e0 di Borso d&#039;Este - Palazzo dei Diamanti | Arte a Ferrara<\/title>\n<meta name=\"description\" content=\"Scopri il Catalogo della mostra Cosm\u00e8 Tura e Francesco del Cossa. L&#039;arte a Ferrara nell&#039;et\u00e0 di Borso d&#039;Este ospitata a Palazzo dei Diamanti | Comune di Ferrara | Fondazione Ferrara Arte\" \/>\n<meta name=\"robots\" content=\"index, follow, max-snippet:-1, max-image-preview:large, max-video-preview:-1\" \/>\n<link rel=\"canonical\" href=\"https:\/\/www.palazzodiamanti.it\/contenuti-mostre\/catalogo-tura-cossa\/\" \/>\n<meta property=\"og:locale\" content=\"en_US\" \/>\n<meta property=\"og:type\" content=\"article\" \/>\n<meta property=\"og:title\" content=\"Catalogo Cosm\u00e8 Tura e Francesco del Cossa. L&#039;arte a Ferrara nell&#039;et\u00e0 di Borso d&#039;Este - Palazzo dei Diamanti | Arte a Ferrara\" \/>\n<meta property=\"og:description\" content=\"Scopri il Catalogo della mostra Cosm\u00e8 Tura e Francesco del Cossa. L&#039;arte a Ferrara nell&#039;et\u00e0 di Borso d&#039;Este ospitata a Palazzo dei Diamanti | Comune di Ferrara | Fondazione Ferrara Arte\" \/>\n<meta property=\"og:url\" content=\"https:\/\/www.palazzodiamanti.it\/contenuti-mostre\/catalogo-tura-cossa\/\" \/>\n<meta property=\"og:site_name\" content=\"Palazzo dei Diamanti\" \/>\n<meta property=\"article:publisher\" content=\"https:\/\/www.facebook.com\/PalazzoDiamanti\/\" \/>\n<meta property=\"article:modified_time\" content=\"2022-11-28T14:38:44+00:00\" \/>\n<meta property=\"og:image\" content=\"https:\/\/www.palazzodiamanti.it\/wp-content\/uploads\/2022\/10\/2007-Tura-Cossa-Catalogo-scaled.jpg\" \/>\n<meta name=\"twitter:card\" content=\"summary_large_image\" \/>\n<meta name=\"twitter:label1\" content=\"Est. reading time\" \/>\n\t<meta name=\"twitter:data1\" content=\"1 minute\" \/>\n<script type=\"application\/ld+json\" class=\"yoast-schema-graph\">{\"@context\":\"https:\\\/\\\/schema.org\",\"@graph\":[{\"@type\":\"WebPage\",\"@id\":\"https:\\\/\\\/www.palazzodiamanti.it\\\/contenuti-mostre\\\/catalogo-tura-cossa\\\/\",\"url\":\"https:\\\/\\\/www.palazzodiamanti.it\\\/contenuti-mostre\\\/catalogo-tura-cossa\\\/\",\"name\":\"Catalogo Cosm\u00e8 Tura e Francesco del Cossa. L'arte a Ferrara nell'et\u00e0 di Borso d'Este - Palazzo dei Diamanti | Arte a Ferrara\",\"isPartOf\":{\"@id\":\"https:\\\/\\\/www.palazzodiamanti.it\\\/#website\"},\"primaryImageOfPage\":{\"@id\":\"https:\\\/\\\/www.palazzodiamanti.it\\\/contenuti-mostre\\\/catalogo-tura-cossa\\\/#primaryimage\"},\"image\":{\"@id\":\"https:\\\/\\\/www.palazzodiamanti.it\\\/contenuti-mostre\\\/catalogo-tura-cossa\\\/#primaryimage\"},\"thumbnailUrl\":\"https:\\\/\\\/www.palazzodiamanti.it\\\/wp-content\\\/uploads\\\/2022\\\/10\\\/2007-Tura-Cossa-Catalogo-scaled.jpg\",\"datePublished\":\"2007-09-23T10:08:00+00:00\",\"dateModified\":\"2022-11-28T14:38:44+00:00\",\"description\":\"Scopri il Catalogo della mostra Cosm\u00e8 Tura e Francesco del Cossa. L'arte a Ferrara nell'et\u00e0 di Borso d'Este ospitata a Palazzo dei Diamanti | Comune di Ferrara | Fondazione Ferrara Arte\",\"breadcrumb\":{\"@id\":\"https:\\\/\\\/www.palazzodiamanti.it\\\/contenuti-mostre\\\/catalogo-tura-cossa\\\/#breadcrumb\"},\"inLanguage\":\"en-US\",\"potentialAction\":[{\"@type\":\"ReadAction\",\"target\":[\"https:\\\/\\\/www.palazzodiamanti.it\\\/contenuti-mostre\\\/catalogo-tura-cossa\\\/\"]}]},{\"@type\":\"ImageObject\",\"inLanguage\":\"en-US\",\"@id\":\"https:\\\/\\\/www.palazzodiamanti.it\\\/contenuti-mostre\\\/catalogo-tura-cossa\\\/#primaryimage\",\"url\":\"https:\\\/\\\/www.palazzodiamanti.it\\\/wp-content\\\/uploads\\\/2022\\\/10\\\/2007-Tura-Cossa-Catalogo-scaled.jpg\",\"contentUrl\":\"https:\\\/\\\/www.palazzodiamanti.it\\\/wp-content\\\/uploads\\\/2022\\\/10\\\/2007-Tura-Cossa-Catalogo-scaled.jpg\"},{\"@type\":\"BreadcrumbList\",\"@id\":\"https:\\\/\\\/www.palazzodiamanti.it\\\/contenuti-mostre\\\/catalogo-tura-cossa\\\/#breadcrumb\",\"itemListElement\":[{\"@type\":\"ListItem\",\"position\":1,\"name\":\"Home\",\"item\":\"https:\\\/\\\/www.palazzodiamanti.it\\\/en\\\/home\\\/\"},{\"@type\":\"ListItem\",\"position\":2,\"name\":\"Contenuti Mostre\",\"item\":\"https:\\\/\\\/www.palazzodiamanti.it\\\/contenuti-mostre\\\/\"},{\"@type\":\"ListItem\",\"position\":3,\"name\":\"Catalogo\"}]},{\"@type\":\"WebSite\",\"@id\":\"https:\\\/\\\/www.palazzodiamanti.it\\\/#website\",\"url\":\"https:\\\/\\\/www.palazzodiamanti.it\\\/\",\"name\":\"Palazzo dei Diamanti\",\"description\":\"Mostre d\u2019arte a Ferrara | Palazzo dei Diamanti\",\"publisher\":{\"@id\":\"https:\\\/\\\/www.palazzodiamanti.it\\\/#organization\"},\"alternateName\":\"Ferrara Arte\",\"potentialAction\":[{\"@type\":\"SearchAction\",\"target\":{\"@type\":\"EntryPoint\",\"urlTemplate\":\"https:\\\/\\\/www.palazzodiamanti.it\\\/?s={search_term_string}\"},\"query-input\":{\"@type\":\"PropertyValueSpecification\",\"valueRequired\":true,\"valueName\":\"search_term_string\"}}],\"inLanguage\":\"en-US\"},{\"@type\":\"Organization\",\"@id\":\"https:\\\/\\\/www.palazzodiamanti.it\\\/#organization\",\"name\":\"Palazzo dei Diamanti\",\"alternateName\":\"Ferrara Arte\",\"url\":\"https:\\\/\\\/www.palazzodiamanti.it\\\/\",\"logo\":{\"@type\":\"ImageObject\",\"inLanguage\":\"en-US\",\"@id\":\"https:\\\/\\\/www.palazzodiamanti.it\\\/#\\\/schema\\\/logo\\\/image\\\/\",\"url\":\"https:\\\/\\\/www.palazzodiamanti.it\\\/wp-content\\\/uploads\\\/2021\\\/12\\\/logo-palazzo-diamanti-official.png\",\"contentUrl\":\"https:\\\/\\\/www.palazzodiamanti.it\\\/wp-content\\\/uploads\\\/2021\\\/12\\\/logo-palazzo-diamanti-official.png\",\"width\":1000,\"height\":489,\"caption\":\"Palazzo dei Diamanti\"},\"image\":{\"@id\":\"https:\\\/\\\/www.palazzodiamanti.it\\\/#\\\/schema\\\/logo\\\/image\\\/\"},\"sameAs\":[\"https:\\\/\\\/www.facebook.com\\\/PalazzoDiamanti\\\/\",\"https:\\\/\\\/www.instagram.com\\\/PalazzoDiamanti\\\/\",\"https:\\\/\\\/www.youtube.com\\\/channel\\\/UCrkn9LzeLVL-Mcxu9vBP7xA\",\"https:\\\/\\\/vimeo.com\\\/palazzodiamanti\"]}]}<\/script>\n<!-- \/ Yoast SEO plugin. -->","yoast_head_json":{"title":"Catalogo Cosm\u00e8 Tura e Francesco del Cossa. L'arte a Ferrara nell'et\u00e0 di Borso d'Este - Palazzo dei Diamanti | Arte a Ferrara","description":"Scopri il Catalogo della mostra Cosm\u00e8 Tura e Francesco del Cossa. L'arte a Ferrara nell'et\u00e0 di Borso d'Este ospitata a Palazzo dei Diamanti | Comune di Ferrara | Fondazione Ferrara Arte","robots":{"index":"index","follow":"follow","max-snippet":"max-snippet:-1","max-image-preview":"max-image-preview:large","max-video-preview":"max-video-preview:-1"},"canonical":"https:\/\/www.palazzodiamanti.it\/contenuti-mostre\/catalogo-tura-cossa\/","og_locale":"en_US","og_type":"article","og_title":"Catalogo Cosm\u00e8 Tura e Francesco del Cossa. L'arte a Ferrara nell'et\u00e0 di Borso d'Este - Palazzo dei Diamanti | Arte a Ferrara","og_description":"Scopri il Catalogo della mostra Cosm\u00e8 Tura e Francesco del Cossa. L'arte a Ferrara nell'et\u00e0 di Borso d'Este ospitata a Palazzo dei Diamanti | Comune di Ferrara | Fondazione Ferrara Arte","og_url":"https:\/\/www.palazzodiamanti.it\/contenuti-mostre\/catalogo-tura-cossa\/","og_site_name":"Palazzo dei Diamanti","article_publisher":"https:\/\/www.facebook.com\/PalazzoDiamanti\/","article_modified_time":"2022-11-28T14:38:44+00:00","og_image":[{"url":"https:\/\/www.palazzodiamanti.it\/wp-content\/uploads\/2022\/10\/2007-Tura-Cossa-Catalogo-scaled.jpg","type":"","width":"","height":""}],"twitter_card":"summary_large_image","twitter_misc":{"Est. reading time":"1 minute"},"schema":{"@context":"https:\/\/schema.org","@graph":[{"@type":"WebPage","@id":"https:\/\/www.palazzodiamanti.it\/contenuti-mostre\/catalogo-tura-cossa\/","url":"https:\/\/www.palazzodiamanti.it\/contenuti-mostre\/catalogo-tura-cossa\/","name":"Catalogo Cosm\u00e8 Tura e Francesco del Cossa. L'arte a Ferrara nell'et\u00e0 di Borso d'Este - Palazzo dei Diamanti | Arte a Ferrara","isPartOf":{"@id":"https:\/\/www.palazzodiamanti.it\/#website"},"primaryImageOfPage":{"@id":"https:\/\/www.palazzodiamanti.it\/contenuti-mostre\/catalogo-tura-cossa\/#primaryimage"},"image":{"@id":"https:\/\/www.palazzodiamanti.it\/contenuti-mostre\/catalogo-tura-cossa\/#primaryimage"},"thumbnailUrl":"https:\/\/www.palazzodiamanti.it\/wp-content\/uploads\/2022\/10\/2007-Tura-Cossa-Catalogo-scaled.jpg","datePublished":"2007-09-23T10:08:00+00:00","dateModified":"2022-11-28T14:38:44+00:00","description":"Scopri il Catalogo della mostra Cosm\u00e8 Tura e Francesco del Cossa. L'arte a Ferrara nell'et\u00e0 di Borso d'Este ospitata a Palazzo dei Diamanti | Comune di Ferrara | Fondazione Ferrara Arte","breadcrumb":{"@id":"https:\/\/www.palazzodiamanti.it\/contenuti-mostre\/catalogo-tura-cossa\/#breadcrumb"},"inLanguage":"en-US","potentialAction":[{"@type":"ReadAction","target":["https:\/\/www.palazzodiamanti.it\/contenuti-mostre\/catalogo-tura-cossa\/"]}]},{"@type":"ImageObject","inLanguage":"en-US","@id":"https:\/\/www.palazzodiamanti.it\/contenuti-mostre\/catalogo-tura-cossa\/#primaryimage","url":"https:\/\/www.palazzodiamanti.it\/wp-content\/uploads\/2022\/10\/2007-Tura-Cossa-Catalogo-scaled.jpg","contentUrl":"https:\/\/www.palazzodiamanti.it\/wp-content\/uploads\/2022\/10\/2007-Tura-Cossa-Catalogo-scaled.jpg"},{"@type":"BreadcrumbList","@id":"https:\/\/www.palazzodiamanti.it\/contenuti-mostre\/catalogo-tura-cossa\/#breadcrumb","itemListElement":[{"@type":"ListItem","position":1,"name":"Home","item":"https:\/\/www.palazzodiamanti.it\/en\/home\/"},{"@type":"ListItem","position":2,"name":"Contenuti Mostre","item":"https:\/\/www.palazzodiamanti.it\/contenuti-mostre\/"},{"@type":"ListItem","position":3,"name":"Catalogo"}]},{"@type":"WebSite","@id":"https:\/\/www.palazzodiamanti.it\/#website","url":"https:\/\/www.palazzodiamanti.it\/","name":"Palazzo dei Diamanti","description":"Mostre d\u2019arte a Ferrara | Palazzo dei Diamanti","publisher":{"@id":"https:\/\/www.palazzodiamanti.it\/#organization"},"alternateName":"Ferrara Arte","potentialAction":[{"@type":"SearchAction","target":{"@type":"EntryPoint","urlTemplate":"https:\/\/www.palazzodiamanti.it\/?s={search_term_string}"},"query-input":{"@type":"PropertyValueSpecification","valueRequired":true,"valueName":"search_term_string"}}],"inLanguage":"en-US"},{"@type":"Organization","@id":"https:\/\/www.palazzodiamanti.it\/#organization","name":"Palazzo dei Diamanti","alternateName":"Ferrara Arte","url":"https:\/\/www.palazzodiamanti.it\/","logo":{"@type":"ImageObject","inLanguage":"en-US","@id":"https:\/\/www.palazzodiamanti.it\/#\/schema\/logo\/image\/","url":"https:\/\/www.palazzodiamanti.it\/wp-content\/uploads\/2021\/12\/logo-palazzo-diamanti-official.png","contentUrl":"https:\/\/www.palazzodiamanti.it\/wp-content\/uploads\/2021\/12\/logo-palazzo-diamanti-official.png","width":1000,"height":489,"caption":"Palazzo dei Diamanti"},"image":{"@id":"https:\/\/www.palazzodiamanti.it\/#\/schema\/logo\/image\/"},"sameAs":["https:\/\/www.facebook.com\/PalazzoDiamanti\/","https:\/\/www.instagram.com\/PalazzoDiamanti\/","https:\/\/www.youtube.com\/channel\/UCrkn9LzeLVL-Mcxu9vBP7xA","https:\/\/vimeo.com\/palazzodiamanti"]}]}},"_links":{"self":[{"href":"https:\/\/www.palazzodiamanti.it\/en\/wp-json\/wp\/v2\/contenuti-mostre\/3230","targetHints":{"allow":["GET"]}}],"collection":[{"href":"https:\/\/www.palazzodiamanti.it\/en\/wp-json\/wp\/v2\/contenuti-mostre"}],"about":[{"href":"https:\/\/www.palazzodiamanti.it\/en\/wp-json\/wp\/v2\/types\/contenuti-mostre"}],"version-history":[{"count":0,"href":"https:\/\/www.palazzodiamanti.it\/en\/wp-json\/wp\/v2\/contenuti-mostre\/3230\/revisions"}],"wp:attachment":[{"href":"https:\/\/www.palazzodiamanti.it\/en\/wp-json\/wp\/v2\/media?parent=3230"}],"wp:term":[{"taxonomy":"cataloghi","embeddable":true,"href":"https:\/\/www.palazzodiamanti.it\/en\/wp-json\/wp\/v2\/cataloghi?post=3230"},{"taxonomy":"didattica","embeddable":true,"href":"https:\/\/www.palazzodiamanti.it\/en\/wp-json\/wp\/v2\/didattica?post=3230"},{"taxonomy":"mostra-di-riferimento","embeddable":true,"href":"https:\/\/www.palazzodiamanti.it\/en\/wp-json\/wp\/v2\/mostra-di-riferimento?post=3230"}],"curies":[{"name":"wp","href":"https:\/\/api.w.org\/{rel}","templated":true}]}}