{"id":3639,"date":"2019-02-15T18:12:00","date_gmt":"2019-02-15T17:12:00","guid":{"rendered":"https:\/\/www.palazzodiamanti.it\/?post_type=contenuti-mostre&#038;p=3639"},"modified":"2023-05-03T15:29:50","modified_gmt":"2023-05-03T13:29:50","slug":"attivita-per-scuole-e-famiglie-boldini","status":"publish","type":"contenuti-mostre","link":"https:\/\/www.palazzodiamanti.it\/en\/contenuti-mostre\/attivita-per-scuole-e-famiglie-boldini\/","title":{"rendered":"Attivit\u00e0 per scuole e famiglie"},"content":{"rendered":"\t\t<div data-elementor-type=\"wp-post\" data-elementor-id=\"3639\" class=\"elementor elementor-3639\" data-elementor-post-type=\"contenuti-mostre\">\n\t\t\t\t\t\t<section class=\"elementor-section elementor-top-section elementor-element elementor-element-0ac0a5e elementor-section-content-middle elementor-section-boxed elementor-section-height-default elementor-section-height-default\" data-id=\"0ac0a5e\" data-element_type=\"section\" data-e-type=\"section\">\n\t\t\t\t\t\t<div class=\"elementor-container elementor-column-gap-default\">\n\t\t\t\t\t<div class=\"elementor-column elementor-col-100 elementor-top-column elementor-element elementor-element-9451610\" data-id=\"9451610\" data-element_type=\"column\" data-e-type=\"column\">\n\t\t\t<div class=\"elementor-widget-wrap elementor-element-populated\">\n\t\t\t\t\t\t<div class=\"elementor-element elementor-element-47cb220 elementor-widget elementor-widget-heading\" data-id=\"47cb220\" data-element_type=\"widget\" data-e-type=\"widget\" data-widget_type=\"heading.default\">\n\t\t\t\t<div class=\"elementor-widget-container\">\n\t\t\t\t\t<h2 class=\"elementor-heading-title elementor-size-default\">Boldini: l'immagine allo specchio<\/h2>\t\t\t\t<\/div>\n\t\t\t\t<\/div>\n\t\t\t\t<div class=\"elementor-element elementor-element-20590f5 elementor-widget elementor-widget-text-editor\" data-id=\"20590f5\" data-element_type=\"widget\" data-e-type=\"widget\" data-widget_type=\"text-editor.default\">\n\t\t\t\t<div class=\"elementor-widget-container\">\n\t\t\t\t\t\t\t\t\t<p><strong>Progetto didattico in occasione della mostra <em>Boldini e la moda<\/em> (Palazzo dei Diamanti, 16 febbraio \u2013 2 giugno 2019)<\/strong><\/p><p>Sono ormai 10 anni che la Fondazione Ferrara Arte, grazie al fondamentale sostegno di Eni, investe sulla sperimentazione di proposte didattiche in relazione alle grandi rassegne a Palazzo dei Diamanti. La mostra dedicata ad un illustre ferrarese,\u00a0<em><strong>Boldini e la moda<\/strong>,<\/em>\u00a0\u00e8 una nuova preziosa opportunit\u00e0 per offrire a un\u2019ampia sfera di destinatari diversificate occasioni di approfondimento e di partecipazione in relazione a questo indiscusso protagonista della modernit\u00e0 e al contesto storico culturale di un\u2019epoca mitica, la Belle Epoque. Le proposte, sviluppate in collaborazione con varie istituzioni ed esperti di ambiti differenti rievocano, con linguaggi e media diversi,\u00a0i legami di Boldini con l\u2019emergente fenomeno dell\u2019alta moda, ma anche le relazioni con gli altri artisti che ne furono interpreti, quali Degas, Manet, Sargent, Whistler\u00a0 e Seurat, e con il panorama letterario\u00a0<em>fin de si\u00e8cle.<\/em><\/p><p>Il\u00a0<strong>taglio interdisciplinare\u00a0<\/strong>della retrospettiva si presta anche a sviluppare una riflessione su t<strong>emi estremamente attuali\u00a0<\/strong>e di forte rilevanza educativa quali l\u2019identit\u00e0, l\u2019appartenenza sociale e culturale, le tendenze del costume e la comunicazione di massa.<\/p>\t\t\t\t\t\t\t\t<\/div>\n\t\t\t\t<\/div>\n\t\t\t\t<div class=\"elementor-element elementor-element-39b5b5e elementor-widget elementor-widget-spacer\" data-id=\"39b5b5e\" data-element_type=\"widget\" data-e-type=\"widget\" data-widget_type=\"spacer.default\">\n\t\t\t\t<div class=\"elementor-widget-container\">\n\t\t\t\t\t\t\t<div class=\"elementor-spacer\">\n\t\t\t<div class=\"elementor-spacer-inner\"><\/div>\n\t\t<\/div>\n\t\t\t\t\t\t<\/div>\n\t\t\t\t<\/div>\n\t\t\t\t<div class=\"elementor-element elementor-element-bddab66 elementor-widget elementor-widget-heading\" data-id=\"bddab66\" data-element_type=\"widget\" data-e-type=\"widget\" data-widget_type=\"heading.default\">\n\t\t\t\t<div class=\"elementor-widget-container\">\n\t\t\t\t\t<h2 class=\"elementor-heading-title elementor-size-default\"><a href=\"#albo\">\u2192 Albo a fumetti<\/a><\/h2>\t\t\t\t<\/div>\n\t\t\t\t<\/div>\n\t\t\t\t<div class=\"elementor-element elementor-element-ba9d276 elementor-widget elementor-widget-heading\" data-id=\"ba9d276\" data-element_type=\"widget\" data-e-type=\"widget\" data-widget_type=\"heading.default\">\n\t\t\t\t<div class=\"elementor-widget-container\">\n\t\t\t\t\t<h2 class=\"elementor-heading-title elementor-size-default\"><a href=\"#scuole\">\u2192 Proposte per le scuole<\/a><\/h2>\t\t\t\t<\/div>\n\t\t\t\t<\/div>\n\t\t\t\t<div class=\"elementor-element elementor-element-6a94361 elementor-widget elementor-widget-heading\" data-id=\"6a94361\" data-element_type=\"widget\" data-e-type=\"widget\" data-widget_type=\"heading.default\">\n\t\t\t\t<div class=\"elementor-widget-container\">\n\t\t\t\t\t<h2 class=\"elementor-heading-title elementor-size-default\"><a href=\"#famiglie\">\u2192 Proposte per le famiglie<\/a><\/h2>\t\t\t\t<\/div>\n\t\t\t\t<\/div>\n\t\t\t\t<div class=\"elementor-element elementor-element-be637a2 elementor-widget elementor-widget-heading\" data-id=\"be637a2\" data-element_type=\"widget\" data-e-type=\"widget\" data-widget_type=\"heading.default\">\n\t\t\t\t<div class=\"elementor-widget-container\">\n\t\t\t\t\t<h2 class=\"elementor-heading-title elementor-size-default\"><a href=\"#focus\">\u2192 Focus su Boldini e la Parigi della Belle \u00c9poque<\/a><\/h2>\t\t\t\t<\/div>\n\t\t\t\t<\/div>\n\t\t\t\t<div class=\"elementor-element elementor-element-b18ca35 elementor-widget elementor-widget-heading\" data-id=\"b18ca35\" data-element_type=\"widget\" data-e-type=\"widget\" data-widget_type=\"heading.default\">\n\t\t\t\t<div class=\"elementor-widget-container\">\n\t\t\t\t\t<h2 class=\"elementor-heading-title elementor-size-default\"><a href=\"#trendsetter\">\u2192  Boldini Trendsetter<\/a><\/h2>\t\t\t\t<\/div>\n\t\t\t\t<\/div>\n\t\t\t\t<div class=\"elementor-element elementor-element-01576c1 elementor-widget elementor-widget-heading\" data-id=\"01576c1\" data-element_type=\"widget\" data-e-type=\"widget\" data-widget_type=\"heading.default\">\n\t\t\t\t<div class=\"elementor-widget-container\">\n\t\t\t\t\t<h2 class=\"elementor-heading-title elementor-size-default\"><a href=\"#segna\">\u2192  Boldini Segna<\/a><\/h2>\t\t\t\t<\/div>\n\t\t\t\t<\/div>\n\t\t\t\t<div class=\"elementor-element elementor-element-04ab0bb elementor-widget elementor-widget-spacer\" data-id=\"04ab0bb\" data-element_type=\"widget\" data-e-type=\"widget\" data-widget_type=\"spacer.default\">\n\t\t\t\t<div class=\"elementor-widget-container\">\n\t\t\t\t\t\t\t<div class=\"elementor-spacer\">\n\t\t\t<div class=\"elementor-spacer-inner\"><\/div>\n\t\t<\/div>\n\t\t\t\t\t\t<\/div>\n\t\t\t\t<\/div>\n\t\t\t\t\t<\/div>\n\t\t<\/div>\n\t\t\t\t\t<\/div>\n\t\t<\/section>\n\t\t\t\t<section class=\"elementor-section elementor-top-section elementor-element elementor-element-ba0044b elementor-section-content-middle elementor-section-boxed elementor-section-height-default elementor-section-height-default\" data-id=\"ba0044b\" data-element_type=\"section\" data-e-type=\"section\">\n\t\t\t\t\t\t<div class=\"elementor-container elementor-column-gap-default\">\n\t\t\t\t\t<div class=\"elementor-column elementor-col-100 elementor-top-column elementor-element elementor-element-9e6de9c\" data-id=\"9e6de9c\" data-element_type=\"column\" data-e-type=\"column\">\n\t\t\t<div class=\"elementor-widget-wrap elementor-element-populated\">\n\t\t\t\t\t\t<div class=\"elementor-element elementor-element-0241f04 elementor-widget elementor-widget-heading\" data-id=\"0241f04\" data-element_type=\"widget\" data-e-type=\"widget\" id=\"albo\" data-widget_type=\"heading.default\">\n\t\t\t\t<div class=\"elementor-widget-container\">\n\t\t\t\t\t<h2 class=\"elementor-heading-title elementor-size-default\">\/ Albo a fumetti<\/h2>\t\t\t\t<\/div>\n\t\t\t\t<\/div>\n\t\t\t\t<div class=\"elementor-element elementor-element-ed62f2e elementor-widget elementor-widget-spacer\" data-id=\"ed62f2e\" data-element_type=\"widget\" data-e-type=\"widget\" data-widget_type=\"spacer.default\">\n\t\t\t\t<div class=\"elementor-widget-container\">\n\t\t\t\t\t\t\t<div class=\"elementor-spacer\">\n\t\t\t<div class=\"elementor-spacer-inner\"><\/div>\n\t\t<\/div>\n\t\t\t\t\t\t<\/div>\n\t\t\t\t<\/div>\n\t\t\t\t\t<\/div>\n\t\t<\/div>\n\t\t\t\t\t<\/div>\n\t\t<\/section>\n\t\t\t\t<section class=\"elementor-section elementor-top-section elementor-element elementor-element-84bd8f0 elementor-section-content-middle elementor-section-boxed elementor-section-height-default elementor-section-height-default\" data-id=\"84bd8f0\" data-element_type=\"section\" data-e-type=\"section\">\n\t\t\t\t\t\t<div class=\"elementor-container elementor-column-gap-default\">\n\t\t\t\t\t<div class=\"elementor-column elementor-col-50 elementor-top-column elementor-element elementor-element-c16b6ba\" data-id=\"c16b6ba\" data-element_type=\"column\" data-e-type=\"column\">\n\t\t\t<div class=\"elementor-widget-wrap elementor-element-populated\">\n\t\t\t\t\t\t<div class=\"elementor-element elementor-element-2864817 elementor-widget elementor-widget-text-editor\" data-id=\"2864817\" data-element_type=\"widget\" data-e-type=\"widget\" data-widget_type=\"text-editor.default\">\n\t\t\t\t<div class=\"elementor-widget-container\">\n\t\t\t\t\t\t\t\t\t<h3><span style=\"color: #c2601e;\"><strong>Boldini. Il grande seduttore<\/strong><\/span><\/h3><h4><em><span style=\"font-weight: 400;\">Racconto a fumetti realizzato in occasione della mostra Boldini e la moda<\/span><\/em><\/h4><p><span style=\"font-weight: 400;\">L&#8217;albo a fumetti di Elfo e Pia Valentinis trasciner\u00e0 i ragazzi nell\u2019effervescente scena parigina, alla scoperta della personalit\u00e0 esuberante di Boldini e delle diverse voci che l\u2019hanno animata \u2013 da Edgar Degas a Henri de Toulouse-Lautrec, da Giuseppe Verdi a Eric Satie, da Marcel Proust alla marchesa Casati \u2013 sullo sfondo delle invenzioni e dei cambiamenti che hanno segnato l\u2019avvento della modernit\u00e0. Il volume concorre a ricostruire l\u2019ambiente storico-culturale in cui visse l\u2019artista attraverso un mezzo espressivo divertente e attuale, che unisce l\u2019ironia del dialogo a un tratto grafico vivace e incisivo.<\/span><\/p><p><span style=\"font-weight: 400;\">Fondazione Ferrara Arte Editore, 40 pagine a colori, 19 euro<\/span><\/p>\t\t\t\t\t\t\t\t<\/div>\n\t\t\t\t<\/div>\n\t\t\t\t\t<\/div>\n\t\t<\/div>\n\t\t\t\t<div class=\"elementor-column elementor-col-50 elementor-top-column elementor-element elementor-element-6e4c7e3\" data-id=\"6e4c7e3\" data-element_type=\"column\" data-e-type=\"column\">\n\t\t\t<div class=\"elementor-widget-wrap elementor-element-populated\">\n\t\t\t\t\t\t<div class=\"elementor-element elementor-element-676ba8b elementor-widget elementor-widget-image\" data-id=\"676ba8b\" data-element_type=\"widget\" data-e-type=\"widget\" data-widget_type=\"image.default\">\n\t\t\t\t<div class=\"elementor-widget-container\">\n\t\t\t\t\t\t\t\t\t\t\t\t\t\t\t<img fetchpriority=\"high\" decoding=\"async\" width=\"739\" height=\"1024\" src=\"https:\/\/www.palazzodiamanti.it\/wp-content\/uploads\/2022\/10\/2019-Boldini-fumetto-739x1024.jpg\" class=\"attachment-large size-large wp-image-3409\" alt=\"\" srcset=\"https:\/\/www.palazzodiamanti.it\/wp-content\/uploads\/2022\/10\/2019-Boldini-fumetto-739x1024.jpg 739w, https:\/\/www.palazzodiamanti.it\/wp-content\/uploads\/2022\/10\/2019-Boldini-fumetto-217x300.jpg 217w, https:\/\/www.palazzodiamanti.it\/wp-content\/uploads\/2022\/10\/2019-Boldini-fumetto-768x1064.jpg 768w, https:\/\/www.palazzodiamanti.it\/wp-content\/uploads\/2022\/10\/2019-Boldini-fumetto-1109x1536.jpg 1109w, https:\/\/www.palazzodiamanti.it\/wp-content\/uploads\/2022\/10\/2019-Boldini-fumetto-1479x2048.jpg 1479w, https:\/\/www.palazzodiamanti.it\/wp-content\/uploads\/2022\/10\/2019-Boldini-fumetto.jpg 1805w\" sizes=\"(max-width: 739px) 100vw, 739px\" \/>\t\t\t\t\t\t\t\t\t\t\t\t\t\t\t<\/div>\n\t\t\t\t<\/div>\n\t\t\t\t\t<\/div>\n\t\t<\/div>\n\t\t\t\t\t<\/div>\n\t\t<\/section>\n\t\t\t\t<section class=\"elementor-section elementor-top-section elementor-element elementor-element-00927c5 elementor-section-content-middle elementor-section-boxed elementor-section-height-default elementor-section-height-default\" data-id=\"00927c5\" data-element_type=\"section\" data-e-type=\"section\">\n\t\t\t\t\t\t<div class=\"elementor-container elementor-column-gap-default\">\n\t\t\t\t\t<div class=\"elementor-column elementor-col-100 elementor-top-column elementor-element elementor-element-ec2b743\" data-id=\"ec2b743\" data-element_type=\"column\" data-e-type=\"column\">\n\t\t\t<div class=\"elementor-widget-wrap elementor-element-populated\">\n\t\t\t\t\t\t<div class=\"elementor-element elementor-element-7d74636 elementor-align-center elementor-widget elementor-widget-button\" data-id=\"7d74636\" data-element_type=\"widget\" data-e-type=\"widget\" data-widget_type=\"button.default\">\n\t\t\t\t<div class=\"elementor-widget-container\">\n\t\t\t\t\t\t\t\t\t<div class=\"elementor-button-wrapper\">\n\t\t\t\t\t<a class=\"elementor-button elementor-button-link elementor-size-sm\" href=\"https:\/\/www.palazzodiamanti.it\/contenuti-mostre\/fumetto-boldini-seduttore\/\">\n\t\t\t\t\t\t<span class=\"elementor-button-content-wrapper\">\n\t\t\t\t\t\t\t\t\t<span class=\"elementor-button-text\">ORDINA L'ALBO<\/span>\n\t\t\t\t\t<\/span>\n\t\t\t\t\t<\/a>\n\t\t\t\t<\/div>\n\t\t\t\t\t\t\t\t<\/div>\n\t\t\t\t<\/div>\n\t\t\t\t\t<\/div>\n\t\t<\/div>\n\t\t\t\t\t<\/div>\n\t\t<\/section>\n\t\t\t\t<section class=\"elementor-section elementor-top-section elementor-element elementor-element-40f421f elementor-section-content-middle elementor-section-boxed elementor-section-height-default elementor-section-height-default\" data-id=\"40f421f\" data-element_type=\"section\" data-e-type=\"section\">\n\t\t\t\t\t\t<div class=\"elementor-container elementor-column-gap-default\">\n\t\t\t\t\t<div class=\"elementor-column elementor-col-100 elementor-top-column elementor-element elementor-element-a259c18\" data-id=\"a259c18\" data-element_type=\"column\" data-e-type=\"column\">\n\t\t\t<div class=\"elementor-widget-wrap elementor-element-populated\">\n\t\t\t\t\t\t<div class=\"elementor-element elementor-element-20f7753 elementor-widget elementor-widget-spacer\" data-id=\"20f7753\" data-element_type=\"widget\" data-e-type=\"widget\" data-widget_type=\"spacer.default\">\n\t\t\t\t<div class=\"elementor-widget-container\">\n\t\t\t\t\t\t\t<div class=\"elementor-spacer\">\n\t\t\t<div class=\"elementor-spacer-inner\"><\/div>\n\t\t<\/div>\n\t\t\t\t\t\t<\/div>\n\t\t\t\t<\/div>\n\t\t\t\t<div class=\"elementor-element elementor-element-3b0eff8 elementor-widget elementor-widget-heading\" data-id=\"3b0eff8\" data-element_type=\"widget\" data-e-type=\"widget\" id=\"scuole\" data-widget_type=\"heading.default\">\n\t\t\t\t<div class=\"elementor-widget-container\">\n\t\t\t\t\t<h2 class=\"elementor-heading-title elementor-size-default\">\/ Proposte per le scuole<\/h2>\t\t\t\t<\/div>\n\t\t\t\t<\/div>\n\t\t\t\t<div class=\"elementor-element elementor-element-4753450 elementor-widget elementor-widget-spacer\" data-id=\"4753450\" data-element_type=\"widget\" data-e-type=\"widget\" data-widget_type=\"spacer.default\">\n\t\t\t\t<div class=\"elementor-widget-container\">\n\t\t\t\t\t\t\t<div class=\"elementor-spacer\">\n\t\t\t<div class=\"elementor-spacer-inner\"><\/div>\n\t\t<\/div>\n\t\t\t\t\t\t<\/div>\n\t\t\t\t<\/div>\n\t\t\t\t<div class=\"elementor-element elementor-element-3690832 elementor-widget elementor-widget-text-editor\" data-id=\"3690832\" data-element_type=\"widget\" data-e-type=\"widget\" data-widget_type=\"text-editor.default\">\n\t\t\t\t<div class=\"elementor-widget-container\">\n\t\t\t\t\t\t\t\t\t<h3>\u2192<span style=\"color: var( --e-global-color-text ); font-size: 24px; font-weight: bold;\">\u00a0<\/span><strong>SCUOLE DELL\u2019INFANZIA E PRIMARIE\u00a0<\/strong><\/h3><p><em><span style=\"font-weight: 400;\">\u00a0<\/span><\/em><\/p><p><em><span style=\"font-weight: 400;\">Incontro spettacolo con Luigi Dal Cin per le classi III-IV-V delle scuole primarie e per le classi I delle scuole medie<\/span><\/em><\/p><h3><span style=\"color: #c2601e;\"><strong>BOLDINI, LA MODA, LO SPECCHIO E I SELFIE<\/strong><\/span><\/h3><h4><span style=\"font-weight: 400;\">Teatro Comunale | gioved\u00ec 7 marzo, ore 9.15\u00a0<\/span><\/h4><p><span style=\"font-weight: 400;\">Luigi Dal Cin, uno dei pi\u00f9 amati autori per ragazzi, racconter\u00e0 l\u2019affascinante figura di Giovanni Boldini, il suo genio di ritrattista, il suo rapporto con la moda e il suo successo nella Parigi tra Otto e Novecento. Un\u2019occasione per confrontarsi con il talento creativo del pittore ferrarese e delle diverse personalit\u00e0 con cui entr\u00f2 in contatto \u2013 artisti, intellettuali, stilisti, fotografi, editori \u2013, \u00abma\u00bb come commenta Dal Cin, \u00abanche per raccontare, sorridendo, il nostro quotidiano rapporto con l\u2019apparenza e la sostanza, il sentimento e la finzione, la realt\u00e0 e lo specchio, il fascino fugace e la bellezza profonda di cui ciascun essere umano \u00e8 portatore\u00bb.<\/span><\/p><p><span style=\"font-weight: 400;\">Durata: 1 ora<\/span><\/p><p><span style=\"font-weight: 400;\">Ingresso gratuito con prenotazione obbligatoria: segreteria Teatro Ragazzi, tel. 0532 218333 \/ 0532 218311, teatroragazzi.teatro@comune.fe.it<\/span><\/p><p><em><span style=\"font-weight: 400;\">\u00a0<\/span><\/em><\/p><p><em><span style=\"font-weight: 400;\">Visite animate per le scuole dell\u2019infanzia e primarie<\/span><\/em><\/p><h3><strong style=\"color: #c2601e; font-family: inherit; font-size: 1.75rem;\">Ritratti di un\u2019epoca<\/strong><\/h3><p><span style=\"font-weight: 400;\">Una visita animata per conoscere la vita e l\u2019opera del famoso artista ferrarese e rivivere l\u2019atmosfera raffinata e luccicante della Belle Epoque. La visione dei dipinti e degli abiti esposti in mostra permetter\u00e0 ai bambini di conoscere gli intrecci tra l\u2019arte e la moda del tempo: quali nuovi linguaggi sperimentavano gli artisti? Quali indumenti doveva indossare una signora per apparire di tendenza? Quali accessori erano immancabili per un vero dandy? Giovanni Boldini ha saputo ritrarre con uno stile inconfondibile questo periodo affascinante. I suoi dipinti saranno lo spunto per rielaborazioni personali e contemporanee dell\u2019immagine di s\u00e8.<\/span><\/p><p><span style=\"font-weight: 400;\">Durata: 1 ora e 15 minuti<\/span><\/p><p><span style=\"font-weight: 400;\">Informazioni e prenotazioni: tel. +39 0532 244949 | diamanti@comune.fe.it | www.palazzodiamanti.it<\/span><\/p><h3>\u00a0<\/h3><h3>\u2192<span style=\"color: var( --e-global-color-text ); font-size: 24px; font-weight: bold;\">\u00a0<\/span><strong>SCUOLE SECONDARIE DI I E II GRADO<\/strong><\/h3><h3>\u00a0<\/h3><p><em><span style=\"font-weight: 400;\">Visite guidate per le scuole secondarie di I grado<\/span><\/em><\/p><h3><span style=\"color: #c2601e;\"><strong>Arte&amp;Moda: specchio di un&#8217;epoca<\/strong><\/span><\/h3><p><span style=\"font-weight: 400;\">Percorsi didattici a carattere interdisciplinare a cura di Cristina Francucci con la collaborazione di Tatiana Basso e delle Guide di Ferrara.<\/span><\/p><p><span style=\"font-weight: 400;\">Alla fine dell\u2019Ottocento, l\u2019arte e la moda si incontrano nella sfavillante stagione della Belle \u00c9poque: l\u2019opera di Giovanni Boldini ci racconta di questa innovativa unione. Nel percorso di visita, i coinvolgenti dipinti dell\u2019artista saranno presentati non solo per il loro inconfondibile stile pittorico, ma anche come preziosi documenti capaci di restituire il ritratto di una societ\u00e0 e dei suoi protagonisti. I giovani visitatori potranno immergersi nel raffinato e luccicante mondo della metropoli francese, Parigi, a quel tempo capitale dell\u2019arte e della moda, emblema della citt\u00e0 moderna. Oltre ai dipinti di famosi artisti come Manet e Degas, amici di Boldini, la mostra permette di ammirare dal vero abiti e accessori realizzati da grandi stilisti. L\u2019esposizione sar\u00e0 un\u2019occasione per ripensare a come la\u00a0 moda rifletta il contesto culturale, sociale e politico in cui \u00e8 inserita e gli abiti diventino lo specchio della personalit\u00e0 di chi li indossa.<\/span><\/p><p><span style=\"font-weight: 400;\">Per approfondire questo concetto e conoscere a scuola, dopo la visita, l\u2019epoca in cui oper\u00f2 Boldini, le classi potranno scaricare il materiale didattico:<\/span><\/p><p><span style=\"font-weight: 400;\">&#8211; <strong><a href=\"https:\/\/www.palazzodiamanti.it\/wp-content\/uploads\/2022\/10\/la-moda-si-trasforma-secondarie-di-i-grado.pdf\">La moda si trasforma<\/a><\/strong><\/span><span style=\"font-weight: 400;\">\u00a0una scheda che permetter\u00e0 di conoscere, attraverso una ricerca da svolgere, la curiosa storia di capi d&#8217;abbigliamento e accessori, la loro trasformazione e il significato simbolico che hanno assunto nel tempo.<\/span><\/p><p><span style=\"font-weight: 400;\">&#8211; <strong><a href=\"https:\/\/www.palazzodiamanti.it\/wp-content\/uploads\/2022\/10\/0703-boldini-e-la-moda-schede-didattiche-secondarie-i.pdf\">Schede di approfondimento interdisciplinare<\/a><\/strong><\/span><span style=\"font-weight: 400;\">\u00a0sul contesto storico, sociale e culturale<\/span><\/p><p><span style=\"font-weight: 400;\">Inoltre, le classi secondarie di I grado che ne faranno richiesta, previa verifica della disponibilit\u00e0, potranno usufruire durante la visita del Kit di tessuti <span style=\"color: #c2601e;\"><strong>Viaggio sensoriale nelle opere di Boldini<\/strong><\/span>, realizzato a cura del Triennio di Fashion design dell\u2019Accademia di Belle Arti di Bologna con il coordinamento di Rossella Piergallini.<\/span><\/p>\t\t\t\t\t\t\t\t<\/div>\n\t\t\t\t<\/div>\n\t\t\t\t<div class=\"elementor-element elementor-element-c6ea9b6 elementor-widget elementor-widget-text-editor\" data-id=\"c6ea9b6\" data-element_type=\"widget\" data-e-type=\"widget\" data-widget_type=\"text-editor.default\">\n\t\t\t\t<div class=\"elementor-widget-container\">\n\t\t\t\t\t\t\t\t\t<div class=\"tit_int\"><p><span style=\"font-weight: 400;\">Durata: 1 ora e 15 minuti<\/span><\/p><p><span style=\"font-weight: 400;\">Informazioni e prenotazioni: tel. 0532 244949 | diamanti@comune.fe.it \u00a0 www.palazzodiamanti.it<\/span><\/p><\/div>\t\t\t\t\t\t\t\t<\/div>\n\t\t\t\t<\/div>\n\t\t\t\t<div class=\"elementor-element elementor-element-db56305 elementor-arrows-position-inside elementor-pagination-position-outside elementor-widget elementor-widget-image-carousel\" data-id=\"db56305\" data-element_type=\"widget\" data-e-type=\"widget\" data-settings=\"{&quot;navigation&quot;:&quot;both&quot;,&quot;autoplay&quot;:&quot;yes&quot;,&quot;pause_on_hover&quot;:&quot;yes&quot;,&quot;pause_on_interaction&quot;:&quot;yes&quot;,&quot;autoplay_speed&quot;:5000,&quot;infinite&quot;:&quot;yes&quot;,&quot;speed&quot;:500,&quot;image_spacing_custom&quot;:{&quot;unit&quot;:&quot;px&quot;,&quot;size&quot;:20,&quot;sizes&quot;:[]},&quot;image_spacing_custom_tablet&quot;:{&quot;unit&quot;:&quot;px&quot;,&quot;size&quot;:&quot;&quot;,&quot;sizes&quot;:[]},&quot;image_spacing_custom_mobile&quot;:{&quot;unit&quot;:&quot;px&quot;,&quot;size&quot;:&quot;&quot;,&quot;sizes&quot;:[]}}\" data-widget_type=\"image-carousel.default\">\n\t\t\t\t<div class=\"elementor-widget-container\">\n\t\t\t\t\t\t\t<div class=\"elementor-image-carousel-wrapper swiper\" role=\"region\" aria-roledescription=\"carousel\" aria-label=\"Carosello d&#039;immagini\" dir=\"ltr\">\n\t\t\t<div class=\"elementor-image-carousel swiper-wrapper\" aria-live=\"off\">\n\t\t\t\t\t\t\t\t<div class=\"swiper-slide\" role=\"group\" aria-roledescription=\"slide\" aria-label=\"1 di 8\"><a data-elementor-open-lightbox=\"yes\" data-elementor-lightbox-slideshow=\"db56305\" data-elementor-lightbox-title=\"Viaggio sensoriale nelle opere di Boldini\" data-e-action-hash=\"#elementor-action%3Aaction%3Dlightbox%26settings%3DeyJpZCI6MzY0OCwidXJsIjoiaHR0cHM6XC9cL3d3dy5wYWxhenpvZGlhbWFudGkuaXRcL3dwLWNvbnRlbnRcL3VwbG9hZHNcLzIwMjJcLzEwXC9pbW1fc2VsOC5qcGVnIiwic2xpZGVzaG93IjoiZGI1NjMwNSJ9\" href=\"https:\/\/www.palazzodiamanti.it\/wp-content\/uploads\/2022\/10\/imm_sel8.jpeg\"><figure class=\"swiper-slide-inner\"><img decoding=\"async\" class=\"swiper-slide-image\" src=\"https:\/\/www.palazzodiamanti.it\/wp-content\/uploads\/elementor\/thumbs\/imm_sel8-pwoyuuygh4aye9xgra7og1evwva9uqyaasey0qai74.jpeg\" alt=\"Viaggio sensoriale nelle opere di Boldini\" \/><\/figure><\/a><\/div><div class=\"swiper-slide\" role=\"group\" aria-roledescription=\"slide\" aria-label=\"2 di 8\"><a data-elementor-open-lightbox=\"yes\" data-elementor-lightbox-slideshow=\"db56305\" data-elementor-lightbox-title=\"Viaggio sensoriale nelle opere di Boldini\" data-e-action-hash=\"#elementor-action%3Aaction%3Dlightbox%26settings%3DeyJpZCI6MzY0OSwidXJsIjoiaHR0cHM6XC9cL3d3dy5wYWxhenpvZGlhbWFudGkuaXRcL3dwLWNvbnRlbnRcL3VwbG9hZHNcLzIwMjJcLzEwXC9pbW1fc2VsNy5qcGVnIiwic2xpZGVzaG93IjoiZGI1NjMwNSJ9\" href=\"https:\/\/www.palazzodiamanti.it\/wp-content\/uploads\/2022\/10\/imm_sel7.jpeg\"><figure class=\"swiper-slide-inner\"><img decoding=\"async\" class=\"swiper-slide-image\" src=\"https:\/\/www.palazzodiamanti.it\/wp-content\/uploads\/elementor\/thumbs\/imm_sel7-pwoyuuygh4aye9xgra7og1evwva9uqyaasey0qai74.jpeg\" alt=\"Viaggio sensoriale nelle opere di Boldini\" \/><\/figure><\/a><\/div><div class=\"swiper-slide\" role=\"group\" aria-roledescription=\"slide\" aria-label=\"3 di 8\"><a data-elementor-open-lightbox=\"yes\" data-elementor-lightbox-slideshow=\"db56305\" data-elementor-lightbox-title=\"Viaggio sensoriale nelle opere di Boldini\" data-e-action-hash=\"#elementor-action%3Aaction%3Dlightbox%26settings%3DeyJpZCI6MzY1MCwidXJsIjoiaHR0cHM6XC9cL3d3dy5wYWxhenpvZGlhbWFudGkuaXRcL3dwLWNvbnRlbnRcL3VwbG9hZHNcLzIwMjJcLzEwXC9pbW1fc2VsNi5qcGVnIiwic2xpZGVzaG93IjoiZGI1NjMwNSJ9\" href=\"https:\/\/www.palazzodiamanti.it\/wp-content\/uploads\/2022\/10\/imm_sel6.jpeg\"><figure class=\"swiper-slide-inner\"><img decoding=\"async\" class=\"swiper-slide-image\" src=\"https:\/\/www.palazzodiamanti.it\/wp-content\/uploads\/elementor\/thumbs\/imm_sel6-pwoyuvwanyc8pvw3lsmb0j6ci95n2g20mx2fi0940w.jpeg\" alt=\"Viaggio sensoriale nelle opere di Boldini\" \/><\/figure><\/a><\/div><div class=\"swiper-slide\" role=\"group\" aria-roledescription=\"slide\" aria-label=\"4 di 8\"><a data-elementor-open-lightbox=\"yes\" data-elementor-lightbox-slideshow=\"db56305\" data-elementor-lightbox-title=\"Viaggio sensoriale nelle opere di Boldini\" data-e-action-hash=\"#elementor-action%3Aaction%3Dlightbox%26settings%3DeyJpZCI6MzY1MSwidXJsIjoiaHR0cHM6XC9cL3d3dy5wYWxhenpvZGlhbWFudGkuaXRcL3dwLWNvbnRlbnRcL3VwbG9hZHNcLzIwMjJcLzEwXC9pbW1fc2VsNS5qcGVnIiwic2xpZGVzaG93IjoiZGI1NjMwNSJ9\" href=\"https:\/\/www.palazzodiamanti.it\/wp-content\/uploads\/2022\/10\/imm_sel5.jpeg\"><figure class=\"swiper-slide-inner\"><img decoding=\"async\" class=\"swiper-slide-image\" src=\"https:\/\/www.palazzodiamanti.it\/wp-content\/uploads\/elementor\/thumbs\/imm_sel5-pwoyuvwanyc8pvw3lsmb0j6ci95n2g20mx2fi0940w.jpeg\" alt=\"Viaggio sensoriale nelle opere di Boldini\" \/><\/figure><\/a><\/div><div class=\"swiper-slide\" role=\"group\" aria-roledescription=\"slide\" aria-label=\"5 di 8\"><a data-elementor-open-lightbox=\"yes\" data-elementor-lightbox-slideshow=\"db56305\" data-elementor-lightbox-title=\"Viaggio sensoriale nelle opere di Boldini\" data-e-action-hash=\"#elementor-action%3Aaction%3Dlightbox%26settings%3DeyJpZCI6MzY1MiwidXJsIjoiaHR0cHM6XC9cL3d3dy5wYWxhenpvZGlhbWFudGkuaXRcL3dwLWNvbnRlbnRcL3VwbG9hZHNcLzIwMjJcLzEwXC9pbW1fc2VsNC5qcGVnIiwic2xpZGVzaG93IjoiZGI1NjMwNSJ9\" href=\"https:\/\/www.palazzodiamanti.it\/wp-content\/uploads\/2022\/10\/imm_sel4.jpeg\"><figure class=\"swiper-slide-inner\"><img decoding=\"async\" class=\"swiper-slide-image\" src=\"https:\/\/www.palazzodiamanti.it\/wp-content\/uploads\/elementor\/thumbs\/imm_sel4-pwoyuwu4usdj1huqgb0xl0xt3n10a55qz1pwza7puo.jpeg\" alt=\"Viaggio sensoriale nelle opere di Boldini\" \/><\/figure><\/a><\/div><div class=\"swiper-slide\" role=\"group\" aria-roledescription=\"slide\" aria-label=\"6 di 8\"><a data-elementor-open-lightbox=\"yes\" data-elementor-lightbox-slideshow=\"db56305\" data-elementor-lightbox-title=\"Viaggio sensoriale nelle opere di Boldini\" data-e-action-hash=\"#elementor-action%3Aaction%3Dlightbox%26settings%3DeyJpZCI6MzY1MywidXJsIjoiaHR0cHM6XC9cL3d3dy5wYWxhenpvZGlhbWFudGkuaXRcL3dwLWNvbnRlbnRcL3VwbG9hZHNcLzIwMjJcLzEwXC9pbW1fc2VsMy5qcGVnIiwic2xpZGVzaG93IjoiZGI1NjMwNSJ9\" href=\"https:\/\/www.palazzodiamanti.it\/wp-content\/uploads\/2022\/10\/imm_sel3.jpeg\"><figure class=\"swiper-slide-inner\"><img decoding=\"async\" class=\"swiper-slide-image\" src=\"https:\/\/www.palazzodiamanti.it\/wp-content\/uploads\/elementor\/thumbs\/imm_sel3-pwoyuwu4usdj1huqgb0xl0xt3n10a55qz1pwza7puo.jpeg\" alt=\"Viaggio sensoriale nelle opere di Boldini\" \/><\/figure><\/a><\/div><div class=\"swiper-slide\" role=\"group\" aria-roledescription=\"slide\" aria-label=\"7 di 8\"><a data-elementor-open-lightbox=\"yes\" data-elementor-lightbox-slideshow=\"db56305\" data-elementor-lightbox-title=\"Viaggio sensoriale nelle opere di Boldini\" data-e-action-hash=\"#elementor-action%3Aaction%3Dlightbox%26settings%3DeyJpZCI6MzY1NCwidXJsIjoiaHR0cHM6XC9cL3d3dy5wYWxhenpvZGlhbWFudGkuaXRcL3dwLWNvbnRlbnRcL3VwbG9hZHNcLzIwMjJcLzEwXC9pbW1fc2VsMS5qcGVnIiwic2xpZGVzaG93IjoiZGI1NjMwNSJ9\" href=\"https:\/\/www.palazzodiamanti.it\/wp-content\/uploads\/2022\/10\/imm_sel1.jpeg\"><figure class=\"swiper-slide-inner\"><img decoding=\"async\" class=\"swiper-slide-image\" src=\"https:\/\/www.palazzodiamanti.it\/wp-content\/uploads\/elementor\/thumbs\/imm_sel1-pwoyuxrz1metd3tdatfk5ip9p0wdhu9hb6degk6bog.jpeg\" alt=\"Viaggio sensoriale nelle opere di Boldini\" \/><\/figure><\/a><\/div><div class=\"swiper-slide\" role=\"group\" aria-roledescription=\"slide\" aria-label=\"8 di 8\"><a data-elementor-open-lightbox=\"yes\" data-elementor-lightbox-slideshow=\"db56305\" data-elementor-lightbox-title=\"Viaggio sensoriale nelle opere di Boldini\" data-e-action-hash=\"#elementor-action%3Aaction%3Dlightbox%26settings%3DeyJpZCI6MzY1NSwidXJsIjoiaHR0cHM6XC9cL3d3dy5wYWxhenpvZGlhbWFudGkuaXRcL3dwLWNvbnRlbnRcL3VwbG9hZHNcLzIwMjJcLzEwXC9pbW1fc2VsMi5qcGVnIiwic2xpZGVzaG93IjoiZGI1NjMwNSJ9\" href=\"https:\/\/www.palazzodiamanti.it\/wp-content\/uploads\/2022\/10\/imm_sel2.jpeg\"><figure class=\"swiper-slide-inner\"><img decoding=\"async\" class=\"swiper-slide-image\" src=\"https:\/\/www.palazzodiamanti.it\/wp-content\/uploads\/elementor\/thumbs\/imm_sel2-pwoyuxrz1metd3tdatfk5ip9p0wdhu9hb6degk6bog.jpeg\" alt=\"Viaggio sensoriale nelle opere di Boldini\" \/><\/figure><\/a><\/div>\t\t\t<\/div>\n\t\t\t\t\t\t\t\t\t\t\t\t<div class=\"elementor-swiper-button elementor-swiper-button-prev\" role=\"button\" tabindex=\"0\">\n\t\t\t\t\t\t<i aria-hidden=\"true\" class=\"eicon-chevron-left\"><\/i>\t\t\t\t\t<\/div>\n\t\t\t\t\t<div class=\"elementor-swiper-button elementor-swiper-button-next\" role=\"button\" tabindex=\"0\">\n\t\t\t\t\t\t<i aria-hidden=\"true\" class=\"eicon-chevron-right\"><\/i>\t\t\t\t\t<\/div>\n\t\t\t\t\n\t\t\t\t\t\t\t\t\t<div class=\"swiper-pagination\"><\/div>\n\t\t\t\t\t\t\t\t\t<\/div>\n\t\t\t\t\t\t<\/div>\n\t\t\t\t<\/div>\n\t\t\t\t<div class=\"elementor-element elementor-element-3f3a224 elementor-widget elementor-widget-text-editor\" data-id=\"3f3a224\" data-element_type=\"widget\" data-e-type=\"widget\" data-widget_type=\"text-editor.default\">\n\t\t\t\t<div class=\"elementor-widget-container\">\n\t\t\t\t\t\t\t\t\t<p><em>\u00a0<\/em><\/p><p><em>Visite guidate per le scuole secondarie di II grado<\/em><\/p><h3><span style=\"color: #c2601e;\"><strong>Le luci della Belle \u00c9poque tra arte, moda e letteratura<\/strong><\/span><\/h3><p><span style=\"font-weight: 400;\">Percorsi didattici a carattere interdisciplinare a cura di Cristina Francucci con la collaborazione di Tatiana Basso e delle Guide di Ferrara.<\/span><\/p><p><span style=\"font-weight: 400;\">Celebrata tra i vertici del ritratto della Belle Epoque per la sua inconfondibile cifra pittorica, l&#8217;opera di Giovanni Boldini ha consegnato ai posteri l&#8217;immagine e lo spirito del suo tempo. Con il percorso di visita, studiato per le scuole secondarie di secondo grado, le luci della Belle \u00c9poque si accendono sulla facoltosa borghesia cosmopolita di fine Ottocento. Osservate come veri e propri atti di registrazione delle tendenze e dei loro effetti sulla societ\u00e0, le tele del pittore ferrarese aprono a riflessioni ancora di stringente attualit\u00e0 attorno alla costruzione della moderna iconografia femminile trasmessa dai media. Nella prospettiva di offrire un&#8217;ulteriore declinazione interdisciplinare della mostra, si propone ai giovani visitatori una lettura della rassegna patrocinata da alcuni illustri rappresentanti del panorama letterario dell&#8217;epoca. Si scoprono quindi le figure del dandy e della femme fatale, rese celebri dall&#8217;opera di Oscar Wilde e di Gabriele D&#8217;Annunzio, affianco alle tele di Manet e Degas che immortalano il fl\u00e2neur, l&#8217;ozioso passeggiatore della poetica baudelairiana.<\/span><\/p><p>\u00a0<\/p><p><span style=\"font-weight: 400;\">In continuit\u00e0 con il taglio della mostra, che accanto ai dipinti presenta pregiati abiti e accessori, e per conoscere l\u2019epoca in cui oper\u00f2 Boldini, verr\u00e0 proposta un&#8217;attivit\u00e0 da svolgere a scuola dopo la visita a partire dal materiale didattico scaricabile qui:<\/span><\/p><p><span style=\"font-weight: 400;\">&#8211; <strong><a href=\"https:\/\/www.palazzodiamanti.it\/wp-content\/uploads\/2022\/10\/la-moda-si-trasforma-secondarie-di-ii-grado.pdf\">La moda si trasforma<\/a><\/strong><\/span><span style=\"font-weight: 400;\">\u00a0un&#8217;apposita scheda attraverso cui ricercare l&#8217;inaspettata origine ed evoluzione dei capi d&#8217;abbigliamento che hanno fatto la storia della moda e che hanno rivestito ruoli simbolici nella societ\u00e0 e nella cultura, caratterizzando personaggi del cinema e della letteratura.<\/span><\/p><p><span style=\"font-weight: 400;\">&#8211; <strong><a href=\"https:\/\/www.palazzodiamanti.it\/wp-content\/uploads\/2022\/10\/0703-boldini-e-la-moda-schede-didattiche-secondarie-ii.pdf\">Schede di approfondimento interdisciplinare<\/a><\/strong><\/span><span style=\"font-weight: 400;\">\u00a0<\/span><span style=\"font-weight: 400;\">sul contesto storico, sociale e culturale in cui oper\u00f2 Boldini<\/span><\/p><p><span style=\"font-weight: 400;\">\u00a0<\/span><\/p><p><span style=\"font-weight: 400;\">Durata: 1 ora e 15 minuti<\/span><\/p><p><span style=\"font-weight: 400;\">Informazioni e prenotazioni: tel. 0532 244949 | diamanti@comune.fe.it \u00a0 www.palazzodiamanti.it<\/span><\/p>\t\t\t\t\t\t\t\t<\/div>\n\t\t\t\t<\/div>\n\t\t\t\t\t<\/div>\n\t\t<\/div>\n\t\t\t\t\t<\/div>\n\t\t<\/section>\n\t\t\t\t<section class=\"elementor-section elementor-top-section elementor-element elementor-element-5aa3419 elementor-section-boxed elementor-section-height-default elementor-section-height-default\" data-id=\"5aa3419\" data-element_type=\"section\" data-e-type=\"section\">\n\t\t\t\t\t\t<div class=\"elementor-container elementor-column-gap-default\">\n\t\t\t\t\t<div class=\"elementor-column elementor-col-100 elementor-top-column elementor-element elementor-element-175ea6b\" data-id=\"175ea6b\" data-element_type=\"column\" data-e-type=\"column\">\n\t\t\t<div class=\"elementor-widget-wrap elementor-element-populated\">\n\t\t\t\t\t\t<div class=\"elementor-element elementor-element-bf3f478 elementor-widget elementor-widget-spacer\" data-id=\"bf3f478\" data-element_type=\"widget\" data-e-type=\"widget\" data-widget_type=\"spacer.default\">\n\t\t\t\t<div class=\"elementor-widget-container\">\n\t\t\t\t\t\t\t<div class=\"elementor-spacer\">\n\t\t\t<div class=\"elementor-spacer-inner\"><\/div>\n\t\t<\/div>\n\t\t\t\t\t\t<\/div>\n\t\t\t\t<\/div>\n\t\t\t\t<div class=\"elementor-element elementor-element-4c32a6c elementor-widget elementor-widget-heading\" data-id=\"4c32a6c\" data-element_type=\"widget\" data-e-type=\"widget\" id=\"famiglie\" data-widget_type=\"heading.default\">\n\t\t\t\t<div class=\"elementor-widget-container\">\n\t\t\t\t\t<h2 class=\"elementor-heading-title elementor-size-default\">\/ Proposte per le famiglie<\/h2>\t\t\t\t<\/div>\n\t\t\t\t<\/div>\n\t\t\t\t<div class=\"elementor-element elementor-element-0ae3d4a elementor-widget elementor-widget-spacer\" data-id=\"0ae3d4a\" data-element_type=\"widget\" data-e-type=\"widget\" data-widget_type=\"spacer.default\">\n\t\t\t\t<div class=\"elementor-widget-container\">\n\t\t\t\t\t\t\t<div class=\"elementor-spacer\">\n\t\t\t<div class=\"elementor-spacer-inner\"><\/div>\n\t\t<\/div>\n\t\t\t\t\t\t<\/div>\n\t\t\t\t<\/div>\n\t\t\t\t<div class=\"elementor-element elementor-element-5ae5e70 elementor-widget elementor-widget-text-editor\" data-id=\"5ae5e70\" data-element_type=\"widget\" data-e-type=\"widget\" data-widget_type=\"text-editor.default\">\n\t\t\t\t<div class=\"elementor-widget-container\">\n\t\t\t\t\t\t\t\t\t<p><span style=\"font-weight: 400;\">Al pubblico delle famiglie sono dedicate proposte speciali il sabato e il gioved\u00ec, percorsi pensati per far condividere ad adulti e bambini una esperienza formativa e divertente a partire dalle opere presenti in mostra.<\/span><\/p><p>\u00a0<\/p><h3><span style=\"color: #c2601e;\"><b>Ritratti di un\u2019epoca<\/b><\/span><\/h3><p><span style=\"font-weight: 400;\">Una visita animata per conoscere la vita e l\u2019opera del famoso artista ferrarese e rivivere l\u2019atmosfera raffinata e luccicante della Belle Epoque.\u00a0<\/span><\/p><p><span style=\"font-weight: 400;\">La visione dei dipinti e degli abiti esposti in mostra permetter\u00e0 di compiere un divertente viaggio nel tempo tra arte e moda: quali nuovi linguaggi sperimentavano gli artisti? Quali indumenti doveva indossare una signora per apparire di tendenza? Quali accessori erano immancabili per un vero dandy? Giovanni Boldini ha saputo ritrarre con uno stile inconfondibile questo periodo affascinante. I suoi dipinti saranno lo spunto per realizzare, bambini e adulti insieme, personali e contemporanee rielaborazioni dell\u2019immagine di s\u00e8.\u00a0<\/span><\/p><p>\u00a0<\/p><p><em><span style=\"font-weight: 400;\">Calendario incontri<\/span><\/em><\/p><p><span style=\"font-weight: 400;\">Sabato 9 marzo ore 15.30 bambini 4-7 anni<\/span><\/p><p><span style=\"font-weight: 400;\">Sabato 16 marzo ore 15.30\u00a0 bambini 8-11 anni<\/span><\/p><p><span style=\"font-weight: 400;\">Gioved\u00ec 4 aprile ore 17.00 bambini 4-7 anni<\/span><\/p><p><span style=\"font-weight: 400;\">Gioved\u00ec 11 aprile ore 17.00 bambini 8-11 anni<\/span><\/p><p><span style=\"font-weight: 400;\">Gioved\u00ec 16 maggio ore 17.00 bambini 5-10 anni<\/span><\/p><p><span style=\"font-weight: 400;\">Prenotazione obbligatoria: segreteria &#8220;Senza Titolo&#8221; 3343477958 &#8211; luned\u00ec-venerd\u00ec dalle 9.30 alle 15.30<\/span><\/p><p>\u00a0<\/p><p><em><span style=\"font-weight: 400;\">Tariffe<\/span><\/em><\/p><p><span style=\"font-weight: 400;\">&#8211; Bambini\/ Ragazzi: \u20ac 5 per la visita guidata con ingresso gratuito in mostra;<\/span><\/p><p><span style=\"font-weight: 400;\">&#8211; Adulti accompagnatori: partecipazione gratuita alla visita guidata; biglietto di ingresso ridotto di \u20ac 11 a persona<\/span><\/p><p>\u00a0<\/p><h3><span style=\"color: #c2601e;\"><b>Impressioni e ricordi di Boldini ai giorni nostri<\/b><\/span><\/h3><p><span style=\"font-weight: 400;\">Un appuntamento speciale rivolto alle famiglie per visitare la mostra Boldini e la Moda in dialogo con l&#8217;opera contemporanea di Nives Widauer, artista svizzera che reinterpreta lo sguardo del celebre pittore per l&#8217;Offside di Palazzo dei Diamanti. Un viaggio attraverso gli eleganti abiti, i preziosi accessori e i raffinati tessuti raffigurati da Giovanni Boldini nei suoi grandi ritratti e che ancora oggi ispirano numerosi artisti e famosi stilisti. I lavori della Widauer saranno poi lo spunto per trasformare scampoli e tessuti in originali creazioni di \u201chaute couture\u201d ispirate alla moda boldiniana.\u00a0<\/span><\/p><p><span style=\"font-weight: 400;\">\u00a0<\/span><\/p><p><em><span style=\"font-weight: 400;\">Calendario incontri<\/span><\/em><\/p><p><span style=\"font-weight: 400;\">Domenica 7 aprile ore 17.30 bambini 5-11 anni<\/span><\/p><p><span style=\"font-weight: 400;\">Durata: 1 ora e 15 minuti<\/span><\/p><p><span style=\"font-weight: 400;\">Prenotazione obbligatoria: segreteria &#8220;Senza Titolo&#8221; 3343477958 &#8211; luned\u00ec-venerd\u00ec dalle 9.30 alle 15.30<\/span><\/p><p>\u00a0<\/p><p><em><span style=\"font-weight: 400;\">Tariffe<\/span><\/em><\/p><p><span style=\"font-weight: 400;\">&#8211; Bambini: \u20ac 5 per la visita guidata con ingresso gratuito in mostra;<\/span><\/p><p><span style=\"font-weight: 400;\">&#8211; Adulti accompagnatori: partecipazione gratuita alla visita guidata; biglietto di ingresso ridotto di \u20ac 11 a persona<\/span><\/p>\t\t\t\t\t\t\t\t<\/div>\n\t\t\t\t<\/div>\n\t\t\t\t\t<\/div>\n\t\t<\/div>\n\t\t\t\t\t<\/div>\n\t\t<\/section>\n\t\t\t\t<section class=\"elementor-section elementor-top-section elementor-element elementor-element-f405240 elementor-section-boxed elementor-section-height-default elementor-section-height-default\" data-id=\"f405240\" data-element_type=\"section\" data-e-type=\"section\">\n\t\t\t\t\t\t<div class=\"elementor-container elementor-column-gap-default\">\n\t\t\t\t\t<div class=\"elementor-column elementor-col-100 elementor-top-column elementor-element elementor-element-c9a2bbc\" data-id=\"c9a2bbc\" data-element_type=\"column\" data-e-type=\"column\">\n\t\t\t<div class=\"elementor-widget-wrap elementor-element-populated\">\n\t\t\t\t\t\t<div class=\"elementor-element elementor-element-6bfd70a elementor-widget elementor-widget-spacer\" data-id=\"6bfd70a\" data-element_type=\"widget\" data-e-type=\"widget\" data-widget_type=\"spacer.default\">\n\t\t\t\t<div class=\"elementor-widget-container\">\n\t\t\t\t\t\t\t<div class=\"elementor-spacer\">\n\t\t\t<div class=\"elementor-spacer-inner\"><\/div>\n\t\t<\/div>\n\t\t\t\t\t\t<\/div>\n\t\t\t\t<\/div>\n\t\t\t\t<div class=\"elementor-element elementor-element-daa668f elementor-widget elementor-widget-heading\" data-id=\"daa668f\" data-element_type=\"widget\" data-e-type=\"widget\" id=\"focus\" data-widget_type=\"heading.default\">\n\t\t\t\t<div class=\"elementor-widget-container\">\n\t\t\t\t\t<h2 class=\"elementor-heading-title elementor-size-default\">\/ Focus su Boldini e la Parigi della Belle \u00c9poque<\/h2>\t\t\t\t<\/div>\n\t\t\t\t<\/div>\n\t\t\t\t<div class=\"elementor-element elementor-element-05beff6 elementor-widget elementor-widget-spacer\" data-id=\"05beff6\" data-element_type=\"widget\" data-e-type=\"widget\" data-widget_type=\"spacer.default\">\n\t\t\t\t<div class=\"elementor-widget-container\">\n\t\t\t\t\t\t\t<div class=\"elementor-spacer\">\n\t\t\t<div class=\"elementor-spacer-inner\"><\/div>\n\t\t<\/div>\n\t\t\t\t\t\t<\/div>\n\t\t\t\t<\/div>\n\t\t\t\t<div class=\"elementor-element elementor-element-05776fb elementor-widget elementor-widget-text-editor\" data-id=\"05776fb\" data-element_type=\"widget\" data-e-type=\"widget\" data-widget_type=\"text-editor.default\">\n\t\t\t\t<div class=\"elementor-widget-container\">\n\t\t\t\t\t\t\t\t\t<strong><b>\u2192\u00a0<\/b>Conferenza di presentazione della mostra agli insegnanti<\/strong>\n\nBarbara Guidi, curatrice della mostra\t\t\t\t\t\t\t\t<\/div>\n\t\t\t\t<\/div>\n\t\t\t\t<div class=\"elementor-element elementor-element-fde13ed elementor-widget elementor-widget-video\" data-id=\"fde13ed\" data-element_type=\"widget\" data-e-type=\"widget\" data-settings=\"{&quot;youtube_url&quot;:&quot;https:\\\/\\\/youtu.be\\\/wKY-KrijbIU&quot;,&quot;video_type&quot;:&quot;youtube&quot;,&quot;controls&quot;:&quot;yes&quot;}\" data-widget_type=\"video.default\">\n\t\t\t\t<div class=\"elementor-widget-container\">\n\t\t\t\t\t\t\t<div class=\"elementor-wrapper elementor-open-inline\">\n\t\t\t<div class=\"elementor-video\"><\/div>\t\t<\/div>\n\t\t\t\t\t\t<\/div>\n\t\t\t\t<\/div>\n\t\t\t\t<div class=\"elementor-element elementor-element-16d456a elementor-widget elementor-widget-text-editor\" data-id=\"16d456a\" data-element_type=\"widget\" data-e-type=\"widget\" data-widget_type=\"text-editor.default\">\n\t\t\t\t<div class=\"elementor-widget-container\">\n\t\t\t\t\t\t\t\t\t<p><span style=\"font-weight: bolder;\">\u2192 <a href=\"https:\/\/www.palazzodiamanti.it\/wp-content\/uploads\/2022\/10\/boldini-e-la-moda-approfondimento-con-immagini-1.pdf\">Scarica la scheda di approfondimento<\/a><\/span><\/p><p><strong>Schede di approfondimento interdisciplinare sul contesto storico, sociale e culturale in cui oper\u00f2 Boldini<\/strong><\/p><p>\u00a0\u2192 <strong><a href=\"https:\/\/www.palazzodiamanti.it\/wp-content\/uploads\/2022\/10\/0703-boldini-e-la-moda-schede-didattiche-secondarie-i-1.pdf\">Scuole Secondarie di I grado scaricabili al seguente link<\/a><\/strong><br \/>\u2192 <strong><a href=\"https:\/\/www.palazzodiamanti.it\/wp-content\/uploads\/2022\/10\/0703-boldini-e-la-moda-schede-didattiche-secondarie-ii-1.pdf\">Scuole Secondarie di II grado scaricabili al seguente link<\/a><\/strong><\/p>\t\t\t\t\t\t\t\t<\/div>\n\t\t\t\t<\/div>\n\t\t\t\t\t<\/div>\n\t\t<\/div>\n\t\t\t\t\t<\/div>\n\t\t<\/section>\n\t\t\t\t<section class=\"elementor-section elementor-top-section elementor-element elementor-element-ed12d61 elementor-section-boxed elementor-section-height-default elementor-section-height-default\" data-id=\"ed12d61\" data-element_type=\"section\" data-e-type=\"section\">\n\t\t\t\t\t\t<div class=\"elementor-container elementor-column-gap-default\">\n\t\t\t\t\t<div class=\"elementor-column elementor-col-100 elementor-top-column elementor-element elementor-element-48df051\" data-id=\"48df051\" data-element_type=\"column\" data-e-type=\"column\">\n\t\t\t<div class=\"elementor-widget-wrap elementor-element-populated\">\n\t\t\t\t\t\t<div class=\"elementor-element elementor-element-910da06 elementor-widget elementor-widget-spacer\" data-id=\"910da06\" data-element_type=\"widget\" data-e-type=\"widget\" data-widget_type=\"spacer.default\">\n\t\t\t\t<div class=\"elementor-widget-container\">\n\t\t\t\t\t\t\t<div class=\"elementor-spacer\">\n\t\t\t<div class=\"elementor-spacer-inner\"><\/div>\n\t\t<\/div>\n\t\t\t\t\t\t<\/div>\n\t\t\t\t<\/div>\n\t\t\t\t<div class=\"elementor-element elementor-element-7f50db4 elementor-widget elementor-widget-heading\" data-id=\"7f50db4\" data-element_type=\"widget\" data-e-type=\"widget\" id=\"trendsetter\" data-widget_type=\"heading.default\">\n\t\t\t\t<div class=\"elementor-widget-container\">\n\t\t\t\t\t<h2 class=\"elementor-heading-title elementor-size-default\">\/ Boldini Trendsetter<\/h2>\t\t\t\t<\/div>\n\t\t\t\t<\/div>\n\t\t\t\t<div class=\"elementor-element elementor-element-582b616 elementor-widget elementor-widget-spacer\" data-id=\"582b616\" data-element_type=\"widget\" data-e-type=\"widget\" data-widget_type=\"spacer.default\">\n\t\t\t\t<div class=\"elementor-widget-container\">\n\t\t\t\t\t\t\t<div class=\"elementor-spacer\">\n\t\t\t<div class=\"elementor-spacer-inner\"><\/div>\n\t\t<\/div>\n\t\t\t\t\t\t<\/div>\n\t\t\t\t<\/div>\n\t\t\t\t<div class=\"elementor-element elementor-element-7632d8a elementor-widget elementor-widget-text-editor\" data-id=\"7632d8a\" data-element_type=\"widget\" data-e-type=\"widget\" data-widget_type=\"text-editor.default\">\n\t\t\t\t<div class=\"elementor-widget-container\">\n\t\t\t\t\t\t\t\t\t<p><span style=\"font-weight: 400;\">Pu\u00f2 una mostra dedicata agli splendidi ritratti di Giovanni Boldini diventare uno spunto per riflettere su cosa significa oggi esprimere se stessi attraverso l\u2019abbigliamento?<\/span><\/p><p><span style=\"font-weight: 400;\">Questa domanda \u00e8 al centro di Boldini Trendsetter, il progetto didattico ideato dall&#8217;associazione Ilturco per la Fondazione Ferrara Arte con il sostegno di ENI, che ha coinvolto l\u2019Istituto di Istruzione Superiore Luigi Einaudi, l\u2019Istituto Professionale IPSIA Ercole I d\u2019Este e la Smiling International School di Ferrara. Partendo dalle meravigliose opere esposte a Palazzo dei Diamanti gli studenti hanno interrogato i professionisti del fashion per capire com\u2019\u00e8 cambiato il sistema della moda col passare degli anni e cosa significa oggi esprimere la propria identit\u00e0 attraverso l\u2019abbigliamento.<\/span><\/p><p><span style=\"font-weight: 400;\">Alle domande degli studenti hanno risposto: Gabriele Casaccia, direttore creativo di Slam Jam; Danilo Paura, ideatore dei marchi streetwear Paura, Danilo Paura e Mirror; Walter D\u2019Aprile, direttore di Nss Magazine; il collettivo Alterazioni Video, che ha curato l\u2019ultimo lancio di Virgil Abloh per Off-White; Caterina Dondi, retail coordinator dello storico marchio originario di Ferrara, Felisi; Matthew Williams, gi\u00e0 creatore dei costumi di Lady Gaga, oggi impegnato con il suo nuovo brand, Alyx.<\/span><\/p><p><span style=\"font-weight: 400;\">L\u2019esito di questo percorso \u00e8 stato presentato sabato 18 e domenica 19 maggio in via Savonarola 10, all\u2019interno della casa che Boldini abit\u00f2 dalla nascita fino al 1862, quando si trasfer\u00ec a Firenze e in seguito a Parigi.<\/span><\/p>\t\t\t\t\t\t\t\t<\/div>\n\t\t\t\t<\/div>\n\t\t\t\t\t<\/div>\n\t\t<\/div>\n\t\t\t\t\t<\/div>\n\t\t<\/section>\n\t\t\t\t<section class=\"elementor-section elementor-top-section elementor-element elementor-element-be9af3b elementor-section-boxed elementor-section-height-default elementor-section-height-default\" data-id=\"be9af3b\" data-element_type=\"section\" data-e-type=\"section\">\n\t\t\t\t\t\t<div class=\"elementor-container elementor-column-gap-default\">\n\t\t\t\t\t<div class=\"elementor-column elementor-col-100 elementor-top-column elementor-element elementor-element-c92b914\" data-id=\"c92b914\" data-element_type=\"column\" data-e-type=\"column\">\n\t\t\t<div class=\"elementor-widget-wrap elementor-element-populated\">\n\t\t\t\t\t\t<div class=\"elementor-element elementor-element-9ff8b7f elementor-widget elementor-widget-text-editor\" data-id=\"9ff8b7f\" data-element_type=\"widget\" data-e-type=\"widget\" data-widget_type=\"text-editor.default\">\n\t\t\t\t<div class=\"elementor-widget-container\">\n\t\t\t\t\t\t\t\t\t<h3><b>Boldini Trendsetter ep. 1: Slam Jam<\/b><\/h3><p><span style=\"font-weight: 400;\">Gabriele Casaccia sul rapporto tra streetwear e la pittura di Giovanni Boldini<\/span><\/p><p><span style=\"font-weight: 400;\">Insieme ai ragazzi della Smiling International School Gabriele Casaccia ha raccontato di Slam Jam, ma anche dell&#8217;incidenza che ha lo streetwear nelle vite dei giovani d&#8217;oggi e in che modo pu\u00f2 essere associato ai fenomeni di costume perfettamente descritti dall&#8217;eleganza dei dipinti di Giovanni Boldini.<\/span><\/p>\t\t\t\t\t\t\t\t<\/div>\n\t\t\t\t<\/div>\n\t\t\t\t<div class=\"elementor-element elementor-element-34097f6 elementor-widget elementor-widget-facebook-embed\" data-id=\"34097f6\" data-element_type=\"widget\" data-e-type=\"widget\" data-widget_type=\"facebook-embed.default\">\n\t\t\t\t<div class=\"elementor-widget-container\">\n\t\t\t\t\t<div style=\"min-height: 1px\" class=\"elementor-facebook-widget fb-video\" data-href=\"https:\/\/www.facebook.com\/PalazzoDiamanti\/videos\/2341425819514843\" data-show-text=\"false\" data-allowfullscreen=\"false\" data-autoplay=\"false\" data-show-captions=\"false\"><\/div>\t\t\t\t<\/div>\n\t\t\t\t<\/div>\n\t\t\t\t<div class=\"elementor-element elementor-element-c713aef elementor-widget elementor-widget-html\" data-id=\"c713aef\" data-element_type=\"widget\" data-e-type=\"widget\" data-widget_type=\"html.default\">\n\t\t\t\t<div class=\"elementor-widget-container\">\n\t\t\t\t\t<iframe frameborder=\"0\" height=\"314\" scrolling=\"no\" src=\"https:\/\/www.facebook.com\/plugins\/video.php?height=314&amp;href=https%3A%2F%2Fwww.facebook.com%2FPalazzoDiamanti%2Fvideos%2F2341425819514843%2F&amp;show_text=false&amp;width=560&amp;t=0\" style=\"border:none;overflow:hidden\" width=\"560\"><\/iframe>\t\t\t\t<\/div>\n\t\t\t\t<\/div>\n\t\t\t\t\t<\/div>\n\t\t<\/div>\n\t\t\t\t\t<\/div>\n\t\t<\/section>\n\t\t\t\t<section class=\"elementor-section elementor-top-section elementor-element elementor-element-d09e47c elementor-section-boxed elementor-section-height-default elementor-section-height-default\" data-id=\"d09e47c\" data-element_type=\"section\" data-e-type=\"section\">\n\t\t\t\t\t\t<div class=\"elementor-container elementor-column-gap-default\">\n\t\t\t\t\t<div class=\"elementor-column elementor-col-100 elementor-top-column elementor-element elementor-element-7ce2daf\" data-id=\"7ce2daf\" data-element_type=\"column\" data-e-type=\"column\">\n\t\t\t<div class=\"elementor-widget-wrap elementor-element-populated\">\n\t\t\t\t\t\t<div class=\"elementor-element elementor-element-ef56788 elementor-widget elementor-widget-text-editor\" data-id=\"ef56788\" data-element_type=\"widget\" data-e-type=\"widget\" data-widget_type=\"text-editor.default\">\n\t\t\t\t<div class=\"elementor-widget-container\">\n\t\t\t\t\t\t\t\t\t<h3><b>Boldini Trendsetter ep. 2: Danilo Paura<\/b><\/h3><p><span style=\"font-weight: 400;\">Una video intervista con il designer Danilo Paura sul rapporto tra moda, arte e Belle \u00c9poque<\/span><\/p><p><span style=\"font-weight: 400;\">Cos\u00ec come per Boldini, vissuto a cavallo tra &#8216;800 e &#8216;900, la moda descritta da Danilo Paura accetta il dialogo con un pubblico ampio, si sviluppa dalle pubbliche relazioni ed \u00e8 pensata per essere immagine correlata, in stretto rapporto con il consumatore finale.<\/span><\/p>\t\t\t\t\t\t\t\t<\/div>\n\t\t\t\t<\/div>\n\t\t\t\t<div class=\"elementor-element elementor-element-84c3862 elementor-widget elementor-widget-html\" data-id=\"84c3862\" data-element_type=\"widget\" data-e-type=\"widget\" data-widget_type=\"html.default\">\n\t\t\t\t<div class=\"elementor-widget-container\">\n\t\t\t\t\t<iframe frameborder=\"0\" height=\"314\" scrolling=\"no\" src=\"https:\/\/www.facebook.com\/plugins\/video.php?height=314&amp;href=https%3A%2F%2Fwww.facebook.com%2FPalazzoDiamanti%2Fvideos%2F417734072376990%2F&amp;show_text=false&amp;width=560&amp;t=0\" style=\"border:none;overflow:hidden\" width=\"560\"><\/iframe>\t\t\t\t<\/div>\n\t\t\t\t<\/div>\n\t\t\t\t\t<\/div>\n\t\t<\/div>\n\t\t\t\t\t<\/div>\n\t\t<\/section>\n\t\t\t\t<section class=\"elementor-section elementor-top-section elementor-element elementor-element-6168d46 elementor-section-boxed elementor-section-height-default elementor-section-height-default\" data-id=\"6168d46\" data-element_type=\"section\" data-e-type=\"section\">\n\t\t\t\t\t\t<div class=\"elementor-container elementor-column-gap-default\">\n\t\t\t\t\t<div class=\"elementor-column elementor-col-100 elementor-top-column elementor-element elementor-element-1126574\" data-id=\"1126574\" data-element_type=\"column\" data-e-type=\"column\">\n\t\t\t<div class=\"elementor-widget-wrap elementor-element-populated\">\n\t\t\t\t\t\t<div class=\"elementor-element elementor-element-5747104 elementor-widget elementor-widget-text-editor\" data-id=\"5747104\" data-element_type=\"widget\" data-e-type=\"widget\" data-widget_type=\"text-editor.default\">\n\t\t\t\t<div class=\"elementor-widget-container\">\n\t\t\t\t\t\t\t\t\t<h3><b>Boldini Trendsetter ep. 3: nss factory<\/b><\/h3><p><span style=\"font-weight: 400;\">Giovanni Boldini e il ruolo del direttore creativo a inizio &#8216;900<\/span><\/p><p><span style=\"font-weight: 400;\">Walter d&#8217;Aprile, co-founder di nss magazine e nss factory, ha cercato di approfondire i link che accomuna la produzione di Giovanni Boldini a quella dell&#8217;industria della moda.\u00a0<\/span><\/p><p><span style=\"font-weight: 400;\">Boldini \u00e8 infatti riuscito a coinvogliare nei quadri il lavoro oggi svolto da un team di costumisti, stylist, truccatori e fotografi. Che lavoro farebbe oggi Boldini? &#8220;Probabilmente l\u2019art director, perch\u00e9 studiava le pose, sceglieva gli abiti da fare indossare alle sue modelle, curava la scena\u201d.<\/span><\/p>\t\t\t\t\t\t\t\t<\/div>\n\t\t\t\t<\/div>\n\t\t\t\t<div class=\"elementor-element elementor-element-f1c8496 elementor-widget elementor-widget-html\" data-id=\"f1c8496\" data-element_type=\"widget\" data-e-type=\"widget\" data-widget_type=\"html.default\">\n\t\t\t\t<div class=\"elementor-widget-container\">\n\t\t\t\t\t<iframe frameborder=\"0\" height=\"314\" scrolling=\"no\" src=\"https:\/\/www.facebook.com\/plugins\/video.php?height=314&amp;href=https%3A%2F%2Fwww.facebook.com%2FPalazzoDiamanti%2Fvideos%2F1187645751408407%2F&amp;show_text=false&amp;width=560&amp;t=0\" style=\"border:none;overflow:hidden\" width=\"560\"><\/iframe>\t\t\t\t<\/div>\n\t\t\t\t<\/div>\n\t\t\t\t\t<\/div>\n\t\t<\/div>\n\t\t\t\t\t<\/div>\n\t\t<\/section>\n\t\t\t\t<section class=\"elementor-section elementor-top-section elementor-element elementor-element-1494f95 elementor-section-boxed elementor-section-height-default elementor-section-height-default\" data-id=\"1494f95\" data-element_type=\"section\" data-e-type=\"section\">\n\t\t\t\t\t\t<div class=\"elementor-container elementor-column-gap-default\">\n\t\t\t\t\t<div class=\"elementor-column elementor-col-100 elementor-top-column elementor-element elementor-element-89de3fa\" data-id=\"89de3fa\" data-element_type=\"column\" data-e-type=\"column\">\n\t\t\t<div class=\"elementor-widget-wrap elementor-element-populated\">\n\t\t\t\t\t\t<div class=\"elementor-element elementor-element-845d163 elementor-widget elementor-widget-text-editor\" data-id=\"845d163\" data-element_type=\"widget\" data-e-type=\"widget\" data-widget_type=\"text-editor.default\">\n\t\t\t\t<div class=\"elementor-widget-container\">\n\t\t\t\t\t\t\t\t\t<h3><b>Boldini Trendsetter ep. 4: Alterazioni Video<\/b><\/h3><p><span style=\"font-weight: 400;\">Un salto dalla pittura di inizio &#8216;900 alle passerelle parigine di Off-White<\/span><\/p><p><span style=\"font-weight: 400;\">Il lavoro svolto da Alberto Caffarelli e Matteo Erenbourg di Alterazioni Video per Virgil Abloh (per il quale hanno realizzato l&#8217;ambientazione interamente virtuale dello show per la collezione FW19 di Off-White) ha dimostrato un approccio molto simile a quello di Giovanni Boldini. Il pittore costruiva paesaggi rielaborando i codici del proprio tempo, che facessero risaltare le qualit\u00e0 estetiche e espressive dei personaggi, da abile ritrattista qual era.<\/span><\/p>\t\t\t\t\t\t\t\t<\/div>\n\t\t\t\t<\/div>\n\t\t\t\t<div class=\"elementor-element elementor-element-4658f69 elementor-widget elementor-widget-html\" data-id=\"4658f69\" data-element_type=\"widget\" data-e-type=\"widget\" data-widget_type=\"html.default\">\n\t\t\t\t<div class=\"elementor-widget-container\">\n\t\t\t\t\t<iframe frameborder=\"0\" height=\"314\" scrolling=\"no\" src=\"https:\/\/www.facebook.com\/plugins\/video.php?height=314&amp;href=https%3A%2F%2Fwww.facebook.com%2FPalazzoDiamanti%2Fvideos%2F344820919556653%2F&amp;show_text=false&amp;width=560&amp;t=0\" style=\"border:none;overflow:hidden\" width=\"560\"><\/iframe>\t\t\t\t<\/div>\n\t\t\t\t<\/div>\n\t\t\t\t\t<\/div>\n\t\t<\/div>\n\t\t\t\t\t<\/div>\n\t\t<\/section>\n\t\t\t\t<section class=\"elementor-section elementor-top-section elementor-element elementor-element-71e8829 elementor-section-boxed elementor-section-height-default elementor-section-height-default\" data-id=\"71e8829\" data-element_type=\"section\" data-e-type=\"section\">\n\t\t\t\t\t\t<div class=\"elementor-container elementor-column-gap-default\">\n\t\t\t\t\t<div class=\"elementor-column elementor-col-100 elementor-top-column elementor-element elementor-element-5e87e8a\" data-id=\"5e87e8a\" data-element_type=\"column\" data-e-type=\"column\">\n\t\t\t<div class=\"elementor-widget-wrap elementor-element-populated\">\n\t\t\t\t\t\t<div class=\"elementor-element elementor-element-a9ea610 elementor-widget elementor-widget-text-editor\" data-id=\"a9ea610\" data-element_type=\"widget\" data-e-type=\"widget\" data-widget_type=\"text-editor.default\">\n\t\t\t\t<div class=\"elementor-widget-container\">\n\t\t\t\t\t\t\t\t\t<h3><b>Boldini Trendsetter ep. 5: Felisi<\/b><\/h3><p><span style=\"font-weight: 400;\">La pittura di Boldini e la capacit\u00e0 di saper osservare il mondo circostante<\/span><\/p><p><span style=\"font-weight: 400;\">Gli alunni dell&#8217;Istituto Ercole I d&#8217;Este di Ferrara hanno chiacchierato con Caterina Dondi, retail coordinator di Felisi, in merito a quante analogie ci siano con l&#8217;approccio pittorico di Boldini, soprattutto nella necessit\u00e0 di saper osservare il mondo circostante, equilibrando gli stimoli in base a ci\u00f2 che si sta realmente cercando e a ci\u00f2 che si vuole realizzare alla fine del progetto.<\/span><\/p>\t\t\t\t\t\t\t\t<\/div>\n\t\t\t\t<\/div>\n\t\t\t\t<div class=\"elementor-element elementor-element-8a6936f elementor-widget elementor-widget-html\" data-id=\"8a6936f\" data-element_type=\"widget\" data-e-type=\"widget\" data-widget_type=\"html.default\">\n\t\t\t\t<div class=\"elementor-widget-container\">\n\t\t\t\t\t<iframe frameborder=\"0\" height=\"314\" scrolling=\"no\" src=\"https:\/\/www.facebook.com\/plugins\/video.php?height=314&amp;href=https%3A%2F%2Fwww.facebook.com%2FPalazzoDiamanti%2Fvideos%2F604238233388616%2F&amp;show_text=false&amp;width=560&amp;t=0\" style=\"border:none;overflow:hidden\" width=\"560\"><\/iframe>\t\t\t\t<\/div>\n\t\t\t\t<\/div>\n\t\t\t\t\t<\/div>\n\t\t<\/div>\n\t\t\t\t\t<\/div>\n\t\t<\/section>\n\t\t\t\t<section class=\"elementor-section elementor-top-section elementor-element elementor-element-02ab38c elementor-section-boxed elementor-section-height-default elementor-section-height-default\" data-id=\"02ab38c\" data-element_type=\"section\" data-e-type=\"section\">\n\t\t\t\t\t\t<div class=\"elementor-container elementor-column-gap-default\">\n\t\t\t\t\t<div class=\"elementor-column elementor-col-100 elementor-top-column elementor-element elementor-element-fdcdbc2\" data-id=\"fdcdbc2\" data-element_type=\"column\" data-e-type=\"column\">\n\t\t\t<div class=\"elementor-widget-wrap elementor-element-populated\">\n\t\t\t\t\t\t<div class=\"elementor-element elementor-element-a7f39ab elementor-widget elementor-widget-text-editor\" data-id=\"a7f39ab\" data-element_type=\"widget\" data-e-type=\"widget\" data-widget_type=\"text-editor.default\">\n\t\t\t\t<div class=\"elementor-widget-container\">\n\t\t\t\t\t\t\t\t\t<h3><b>Boldini Trendsetter ep. 6: Matthew Williams<\/b><\/h3><p><span style=\"font-weight: 400;\">Dalle collaborazioni con Kanye West e Lady Gaga alle scuole superiori di Ferrara<\/span><\/p><p><span style=\"font-weight: 400;\">L&#8217;estetica raffinata di Matthew Williams, creativo americano e fondatore di 1017 ALYX 9SM, si nutre sia della memoria creativa della California nella quale \u00e8 cresciuto, sia della sua esperienza nel settore dell&#8217;intrattenimento, e degli stimoli artistici italiani, in particolare di Ferrara, dove Matthew Williams attualmente vive. Insieme al fondatore di Slam Jam Luca Benini ha parlato del rapporto tra la pittura di inizio &#8216;900 di Giovanni Boldini e la sua idea di moda, che si basa sul potere del linguaggio visivo, l&#8217;attenzione al progetto creativo e la ricerca di una costruzione di avanguardia.<\/span><\/p>\t\t\t\t\t\t\t\t<\/div>\n\t\t\t\t<\/div>\n\t\t\t\t<div class=\"elementor-element elementor-element-f9f63f4 elementor-widget elementor-widget-html\" data-id=\"f9f63f4\" data-element_type=\"widget\" data-e-type=\"widget\" data-widget_type=\"html.default\">\n\t\t\t\t<div class=\"elementor-widget-container\">\n\t\t\t\t\t<iframe frameborder=\"0\" height=\"314\" scrolling=\"no\" src=\"https:\/\/www.facebook.com\/plugins\/video.php?height=314&amp;href=https%3A%2F%2Fwww.facebook.com%2FPalazzoDiamanti%2Fvideos%2F186321875596580%2F&amp;show_text=false&amp;width=560&amp;t=0\" style=\"border:none;overflow:hidden\" width=\"560\"><\/iframe>\t\t\t\t<\/div>\n\t\t\t\t<\/div>\n\t\t\t\t\t<\/div>\n\t\t<\/div>\n\t\t\t\t\t<\/div>\n\t\t<\/section>\n\t\t\t\t<section class=\"elementor-section elementor-top-section elementor-element elementor-element-f3e40cf elementor-section-boxed elementor-section-height-default elementor-section-height-default\" data-id=\"f3e40cf\" data-element_type=\"section\" data-e-type=\"section\">\n\t\t\t\t\t\t<div class=\"elementor-container elementor-column-gap-default\">\n\t\t\t\t\t<div class=\"elementor-column elementor-col-100 elementor-top-column elementor-element elementor-element-77a861a\" data-id=\"77a861a\" data-element_type=\"column\" data-e-type=\"column\">\n\t\t\t<div class=\"elementor-widget-wrap elementor-element-populated\">\n\t\t\t\t\t\t<div class=\"elementor-element elementor-element-700233e elementor-widget elementor-widget-spacer\" data-id=\"700233e\" data-element_type=\"widget\" data-e-type=\"widget\" data-widget_type=\"spacer.default\">\n\t\t\t\t<div class=\"elementor-widget-container\">\n\t\t\t\t\t\t\t<div class=\"elementor-spacer\">\n\t\t\t<div class=\"elementor-spacer-inner\"><\/div>\n\t\t<\/div>\n\t\t\t\t\t\t<\/div>\n\t\t\t\t<\/div>\n\t\t\t\t<div class=\"elementor-element elementor-element-a4cb074 elementor-widget elementor-widget-heading\" data-id=\"a4cb074\" data-element_type=\"widget\" data-e-type=\"widget\" id=\"segna\" data-widget_type=\"heading.default\">\n\t\t\t\t<div class=\"elementor-widget-container\">\n\t\t\t\t\t<h2 class=\"elementor-heading-title elementor-size-default\">\/ Boldini Segna<\/h2>\t\t\t\t<\/div>\n\t\t\t\t<\/div>\n\t\t\t\t<div class=\"elementor-element elementor-element-8e368cb elementor-widget elementor-widget-spacer\" data-id=\"8e368cb\" data-element_type=\"widget\" data-e-type=\"widget\" data-widget_type=\"spacer.default\">\n\t\t\t\t<div class=\"elementor-widget-container\">\n\t\t\t\t\t\t\t<div class=\"elementor-spacer\">\n\t\t\t<div class=\"elementor-spacer-inner\"><\/div>\n\t\t<\/div>\n\t\t\t\t\t\t<\/div>\n\t\t\t\t<\/div>\n\t\t\t\t<div class=\"elementor-element elementor-element-3513603 elementor-widget elementor-widget-text-editor\" data-id=\"3513603\" data-element_type=\"widget\" data-e-type=\"widget\" data-widget_type=\"text-editor.default\">\n\t\t\t\t<div class=\"elementor-widget-container\">\n\t\t\t\t\t\t\t\t\t<p><span style=\"font-weight: 400;\">Boldini Segna \u00e8 un progetto di comunicazione alternativa che indaga le possibilit\u00e0 espressive del segno in relazione ad un evento artistico. La mostra Boldini e la moda \u00e8 stata cos\u00ec rivisitata dai ragazzi della classe 2G dell\u2019IC 6 Cosm\u00e8 Tura, Scuola secondaria di primo grado \u201cFerruccio Mazza\u201d di Barco. Gli alunni, attraverso un percorso performativo sono arrivati a sintetizzare in un segno le parole chiave che consentono di vedere la mostra da un\u2019altra prospettiva.<\/span><\/p><p><span style=\"font-weight: 400;\">Un progetto di Tiziana Di Girolamo e Silvia Meneghini, con la preziosa collaborazione di Lucia Guandalini, Claudia Baldassarra, Rossella Merighi e Diego Fabbri.<\/span><\/p><p><span style=\"font-weight: 400;\">Ricerca linguistica a cura dell\u2019alunna Viola Chiapatti.<\/span><\/p>\t\t\t\t\t\t\t\t<\/div>\n\t\t\t\t<\/div>\n\t\t\t\t\t<\/div>\n\t\t<\/div>\n\t\t\t\t\t<\/div>\n\t\t<\/section>\n\t\t\t\t<section class=\"elementor-section elementor-top-section elementor-element elementor-element-e60974b elementor-section-boxed elementor-section-height-default elementor-section-height-default\" data-id=\"e60974b\" data-element_type=\"section\" data-e-type=\"section\">\n\t\t\t\t\t\t<div class=\"elementor-container elementor-column-gap-default\">\n\t\t\t\t\t<div class=\"elementor-column elementor-col-50 elementor-top-column elementor-element elementor-element-b81724d\" data-id=\"b81724d\" data-element_type=\"column\" data-e-type=\"column\">\n\t\t\t<div class=\"elementor-widget-wrap elementor-element-populated\">\n\t\t\t\t\t\t<div class=\"elementor-element elementor-element-76d3060 elementor-widget elementor-widget-image\" data-id=\"76d3060\" data-element_type=\"widget\" data-e-type=\"widget\" data-widget_type=\"image.default\">\n\t\t\t\t<div class=\"elementor-widget-container\">\n\t\t\t\t\t\t\t\t\t\t\t\t\t\t\t<img decoding=\"async\" width=\"600\" height=\"400\" src=\"https:\/\/www.palazzodiamanti.it\/wp-content\/uploads\/2022\/10\/600px-b-o-l-d-i-n-i_60sec.gif\" class=\"attachment-full size-full wp-image-3698\" alt=\"\" \/>\t\t\t\t\t\t\t\t\t\t\t\t\t\t\t<\/div>\n\t\t\t\t<\/div>\n\t\t\t\t\t<\/div>\n\t\t<\/div>\n\t\t\t\t<div class=\"elementor-column elementor-col-50 elementor-top-column elementor-element elementor-element-76f7a8a\" data-id=\"76f7a8a\" data-element_type=\"column\" data-e-type=\"column\">\n\t\t\t<div class=\"elementor-widget-wrap elementor-element-populated\">\n\t\t\t\t\t\t<div class=\"elementor-element elementor-element-c68e8b6 elementor-widget elementor-widget-image\" data-id=\"c68e8b6\" data-element_type=\"widget\" data-e-type=\"widget\" data-widget_type=\"image.default\">\n\t\t\t\t<div class=\"elementor-widget-container\">\n\t\t\t\t\t\t\t\t\t\t\t\t\t\t\t<img decoding=\"async\" width=\"600\" height=\"400\" src=\"https:\/\/www.palazzodiamanti.it\/wp-content\/uploads\/2022\/10\/600px-lis_10sec.gif\" class=\"attachment-full size-full wp-image-3699\" alt=\"\" \/>\t\t\t\t\t\t\t\t\t\t\t\t\t\t\t<\/div>\n\t\t\t\t<\/div>\n\t\t\t\t\t<\/div>\n\t\t<\/div>\n\t\t\t\t\t<\/div>\n\t\t<\/section>\n\t\t\t\t<\/div>\n\t\t","protected":false},"parent":0,"template":"","cataloghi":[],"didattica":[23],"mostra-di-riferimento":[27],"class_list":["post-3639","contenuti-mostre","type-contenuti-mostre","status-publish","hentry","didattica-arc","mostra-di-riferimento-boldini-e-la-moda"],"yoast_head":"<!-- This site is optimized with the Yoast SEO plugin v27.5 - https:\/\/yoast.com\/product\/yoast-seo-wordpress\/ -->\n<title>Attivit\u00e0 per scuole e famiglie - Palazzo dei Diamanti | Arte a Ferrara<\/title>\n<meta name=\"description\" content=\"Scopri Attivit\u00e0 per scuole e famiglie - della mostra ospitata a Palazzo dei Diamanti | Comune di Ferrara | Fondazione Ferrara Arte\" \/>\n<meta name=\"robots\" content=\"index, follow, max-snippet:-1, max-image-preview:large, max-video-preview:-1\" \/>\n<link rel=\"canonical\" href=\"https:\/\/www.palazzodiamanti.it\/contenuti-mostre\/attivita-per-scuole-e-famiglie-boldini\/\" \/>\n<meta property=\"og:locale\" content=\"en_US\" \/>\n<meta property=\"og:type\" content=\"article\" \/>\n<meta property=\"og:title\" content=\"Attivit\u00e0 per scuole e famiglie - Palazzo dei Diamanti | Arte a Ferrara\" \/>\n<meta property=\"og:description\" content=\"Scopri Attivit\u00e0 per scuole e famiglie - della mostra ospitata a Palazzo dei Diamanti | Comune di Ferrara | Fondazione Ferrara Arte\" \/>\n<meta property=\"og:url\" content=\"https:\/\/www.palazzodiamanti.it\/contenuti-mostre\/attivita-per-scuole-e-famiglie-boldini\/\" \/>\n<meta property=\"og:site_name\" content=\"Palazzo dei Diamanti\" \/>\n<meta property=\"article:publisher\" content=\"https:\/\/www.facebook.com\/PalazzoDiamanti\/\" \/>\n<meta property=\"article:modified_time\" content=\"2023-05-03T13:29:50+00:00\" \/>\n<meta property=\"og:image\" content=\"https:\/\/www.palazzodiamanti.it\/wp-content\/uploads\/2022\/10\/2019-Boldini-fumetto-739x1024.jpg\" \/>\n<meta name=\"twitter:card\" content=\"summary_large_image\" \/>\n<meta name=\"twitter:label1\" content=\"Est. reading time\" \/>\n\t<meta name=\"twitter:data1\" content=\"17 minutes\" \/>\n<script type=\"application\/ld+json\" class=\"yoast-schema-graph\">{\"@context\":\"https:\\\/\\\/schema.org\",\"@graph\":[{\"@type\":\"WebPage\",\"@id\":\"https:\\\/\\\/www.palazzodiamanti.it\\\/contenuti-mostre\\\/attivita-per-scuole-e-famiglie-boldini\\\/\",\"url\":\"https:\\\/\\\/www.palazzodiamanti.it\\\/contenuti-mostre\\\/attivita-per-scuole-e-famiglie-boldini\\\/\",\"name\":\"Attivit\u00e0 per scuole e famiglie - Palazzo dei Diamanti | Arte a Ferrara\",\"isPartOf\":{\"@id\":\"https:\\\/\\\/www.palazzodiamanti.it\\\/#website\"},\"primaryImageOfPage\":{\"@id\":\"https:\\\/\\\/www.palazzodiamanti.it\\\/contenuti-mostre\\\/attivita-per-scuole-e-famiglie-boldini\\\/#primaryimage\"},\"image\":{\"@id\":\"https:\\\/\\\/www.palazzodiamanti.it\\\/contenuti-mostre\\\/attivita-per-scuole-e-famiglie-boldini\\\/#primaryimage\"},\"thumbnailUrl\":\"https:\\\/\\\/www.palazzodiamanti.it\\\/wp-content\\\/uploads\\\/2022\\\/10\\\/2019-Boldini-fumetto-739x1024.jpg\",\"datePublished\":\"2019-02-15T17:12:00+00:00\",\"dateModified\":\"2023-05-03T13:29:50+00:00\",\"description\":\"Scopri Attivit\u00e0 per scuole e famiglie - della mostra ospitata a Palazzo dei Diamanti | Comune di Ferrara | Fondazione Ferrara Arte\",\"breadcrumb\":{\"@id\":\"https:\\\/\\\/www.palazzodiamanti.it\\\/contenuti-mostre\\\/attivita-per-scuole-e-famiglie-boldini\\\/#breadcrumb\"},\"inLanguage\":\"en-US\",\"potentialAction\":[{\"@type\":\"ReadAction\",\"target\":[\"https:\\\/\\\/www.palazzodiamanti.it\\\/contenuti-mostre\\\/attivita-per-scuole-e-famiglie-boldini\\\/\"]}]},{\"@type\":\"ImageObject\",\"inLanguage\":\"en-US\",\"@id\":\"https:\\\/\\\/www.palazzodiamanti.it\\\/contenuti-mostre\\\/attivita-per-scuole-e-famiglie-boldini\\\/#primaryimage\",\"url\":\"https:\\\/\\\/www.palazzodiamanti.it\\\/wp-content\\\/uploads\\\/2022\\\/10\\\/2019-Boldini-fumetto-739x1024.jpg\",\"contentUrl\":\"https:\\\/\\\/www.palazzodiamanti.it\\\/wp-content\\\/uploads\\\/2022\\\/10\\\/2019-Boldini-fumetto-739x1024.jpg\"},{\"@type\":\"BreadcrumbList\",\"@id\":\"https:\\\/\\\/www.palazzodiamanti.it\\\/contenuti-mostre\\\/attivita-per-scuole-e-famiglie-boldini\\\/#breadcrumb\",\"itemListElement\":[{\"@type\":\"ListItem\",\"position\":1,\"name\":\"Home\",\"item\":\"https:\\\/\\\/www.palazzodiamanti.it\\\/en\\\/home\\\/\"},{\"@type\":\"ListItem\",\"position\":2,\"name\":\"Contenuti Mostre\",\"item\":\"https:\\\/\\\/www.palazzodiamanti.it\\\/contenuti-mostre\\\/\"},{\"@type\":\"ListItem\",\"position\":3,\"name\":\"Attivit\u00e0 per scuole e famiglie\"}]},{\"@type\":\"WebSite\",\"@id\":\"https:\\\/\\\/www.palazzodiamanti.it\\\/#website\",\"url\":\"https:\\\/\\\/www.palazzodiamanti.it\\\/\",\"name\":\"Palazzo dei Diamanti\",\"description\":\"Mostre d\u2019arte a Ferrara | Palazzo dei Diamanti\",\"publisher\":{\"@id\":\"https:\\\/\\\/www.palazzodiamanti.it\\\/#organization\"},\"alternateName\":\"Ferrara Arte\",\"potentialAction\":[{\"@type\":\"SearchAction\",\"target\":{\"@type\":\"EntryPoint\",\"urlTemplate\":\"https:\\\/\\\/www.palazzodiamanti.it\\\/?s={search_term_string}\"},\"query-input\":{\"@type\":\"PropertyValueSpecification\",\"valueRequired\":true,\"valueName\":\"search_term_string\"}}],\"inLanguage\":\"en-US\"},{\"@type\":\"Organization\",\"@id\":\"https:\\\/\\\/www.palazzodiamanti.it\\\/#organization\",\"name\":\"Palazzo dei Diamanti\",\"alternateName\":\"Ferrara Arte\",\"url\":\"https:\\\/\\\/www.palazzodiamanti.it\\\/\",\"logo\":{\"@type\":\"ImageObject\",\"inLanguage\":\"en-US\",\"@id\":\"https:\\\/\\\/www.palazzodiamanti.it\\\/#\\\/schema\\\/logo\\\/image\\\/\",\"url\":\"https:\\\/\\\/www.palazzodiamanti.it\\\/wp-content\\\/uploads\\\/2021\\\/12\\\/logo-palazzo-diamanti-official.png\",\"contentUrl\":\"https:\\\/\\\/www.palazzodiamanti.it\\\/wp-content\\\/uploads\\\/2021\\\/12\\\/logo-palazzo-diamanti-official.png\",\"width\":1000,\"height\":489,\"caption\":\"Palazzo dei Diamanti\"},\"image\":{\"@id\":\"https:\\\/\\\/www.palazzodiamanti.it\\\/#\\\/schema\\\/logo\\\/image\\\/\"},\"sameAs\":[\"https:\\\/\\\/www.facebook.com\\\/PalazzoDiamanti\\\/\",\"https:\\\/\\\/www.instagram.com\\\/PalazzoDiamanti\\\/\",\"https:\\\/\\\/www.youtube.com\\\/channel\\\/UCrkn9LzeLVL-Mcxu9vBP7xA\",\"https:\\\/\\\/vimeo.com\\\/palazzodiamanti\"]}]}<\/script>\n<!-- \/ Yoast SEO plugin. -->","yoast_head_json":{"title":"Attivit\u00e0 per scuole e famiglie - Palazzo dei Diamanti | Arte a Ferrara","description":"Scopri Attivit\u00e0 per scuole e famiglie - della mostra ospitata a Palazzo dei Diamanti | Comune di Ferrara | Fondazione Ferrara Arte","robots":{"index":"index","follow":"follow","max-snippet":"max-snippet:-1","max-image-preview":"max-image-preview:large","max-video-preview":"max-video-preview:-1"},"canonical":"https:\/\/www.palazzodiamanti.it\/contenuti-mostre\/attivita-per-scuole-e-famiglie-boldini\/","og_locale":"en_US","og_type":"article","og_title":"Attivit\u00e0 per scuole e famiglie - Palazzo dei Diamanti | Arte a Ferrara","og_description":"Scopri Attivit\u00e0 per scuole e famiglie - della mostra ospitata a Palazzo dei Diamanti | Comune di Ferrara | Fondazione Ferrara Arte","og_url":"https:\/\/www.palazzodiamanti.it\/contenuti-mostre\/attivita-per-scuole-e-famiglie-boldini\/","og_site_name":"Palazzo dei Diamanti","article_publisher":"https:\/\/www.facebook.com\/PalazzoDiamanti\/","article_modified_time":"2023-05-03T13:29:50+00:00","og_image":[{"url":"https:\/\/www.palazzodiamanti.it\/wp-content\/uploads\/2022\/10\/2019-Boldini-fumetto-739x1024.jpg","type":"","width":"","height":""}],"twitter_card":"summary_large_image","twitter_misc":{"Est. reading time":"17 minutes"},"schema":{"@context":"https:\/\/schema.org","@graph":[{"@type":"WebPage","@id":"https:\/\/www.palazzodiamanti.it\/contenuti-mostre\/attivita-per-scuole-e-famiglie-boldini\/","url":"https:\/\/www.palazzodiamanti.it\/contenuti-mostre\/attivita-per-scuole-e-famiglie-boldini\/","name":"Attivit\u00e0 per scuole e famiglie - Palazzo dei Diamanti | Arte a Ferrara","isPartOf":{"@id":"https:\/\/www.palazzodiamanti.it\/#website"},"primaryImageOfPage":{"@id":"https:\/\/www.palazzodiamanti.it\/contenuti-mostre\/attivita-per-scuole-e-famiglie-boldini\/#primaryimage"},"image":{"@id":"https:\/\/www.palazzodiamanti.it\/contenuti-mostre\/attivita-per-scuole-e-famiglie-boldini\/#primaryimage"},"thumbnailUrl":"https:\/\/www.palazzodiamanti.it\/wp-content\/uploads\/2022\/10\/2019-Boldini-fumetto-739x1024.jpg","datePublished":"2019-02-15T17:12:00+00:00","dateModified":"2023-05-03T13:29:50+00:00","description":"Scopri Attivit\u00e0 per scuole e famiglie - della mostra ospitata a Palazzo dei Diamanti | Comune di Ferrara | Fondazione Ferrara Arte","breadcrumb":{"@id":"https:\/\/www.palazzodiamanti.it\/contenuti-mostre\/attivita-per-scuole-e-famiglie-boldini\/#breadcrumb"},"inLanguage":"en-US","potentialAction":[{"@type":"ReadAction","target":["https:\/\/www.palazzodiamanti.it\/contenuti-mostre\/attivita-per-scuole-e-famiglie-boldini\/"]}]},{"@type":"ImageObject","inLanguage":"en-US","@id":"https:\/\/www.palazzodiamanti.it\/contenuti-mostre\/attivita-per-scuole-e-famiglie-boldini\/#primaryimage","url":"https:\/\/www.palazzodiamanti.it\/wp-content\/uploads\/2022\/10\/2019-Boldini-fumetto-739x1024.jpg","contentUrl":"https:\/\/www.palazzodiamanti.it\/wp-content\/uploads\/2022\/10\/2019-Boldini-fumetto-739x1024.jpg"},{"@type":"BreadcrumbList","@id":"https:\/\/www.palazzodiamanti.it\/contenuti-mostre\/attivita-per-scuole-e-famiglie-boldini\/#breadcrumb","itemListElement":[{"@type":"ListItem","position":1,"name":"Home","item":"https:\/\/www.palazzodiamanti.it\/en\/home\/"},{"@type":"ListItem","position":2,"name":"Contenuti Mostre","item":"https:\/\/www.palazzodiamanti.it\/contenuti-mostre\/"},{"@type":"ListItem","position":3,"name":"Attivit\u00e0 per scuole e famiglie"}]},{"@type":"WebSite","@id":"https:\/\/www.palazzodiamanti.it\/#website","url":"https:\/\/www.palazzodiamanti.it\/","name":"Palazzo dei Diamanti","description":"Mostre d\u2019arte a Ferrara | Palazzo dei Diamanti","publisher":{"@id":"https:\/\/www.palazzodiamanti.it\/#organization"},"alternateName":"Ferrara Arte","potentialAction":[{"@type":"SearchAction","target":{"@type":"EntryPoint","urlTemplate":"https:\/\/www.palazzodiamanti.it\/?s={search_term_string}"},"query-input":{"@type":"PropertyValueSpecification","valueRequired":true,"valueName":"search_term_string"}}],"inLanguage":"en-US"},{"@type":"Organization","@id":"https:\/\/www.palazzodiamanti.it\/#organization","name":"Palazzo dei Diamanti","alternateName":"Ferrara Arte","url":"https:\/\/www.palazzodiamanti.it\/","logo":{"@type":"ImageObject","inLanguage":"en-US","@id":"https:\/\/www.palazzodiamanti.it\/#\/schema\/logo\/image\/","url":"https:\/\/www.palazzodiamanti.it\/wp-content\/uploads\/2021\/12\/logo-palazzo-diamanti-official.png","contentUrl":"https:\/\/www.palazzodiamanti.it\/wp-content\/uploads\/2021\/12\/logo-palazzo-diamanti-official.png","width":1000,"height":489,"caption":"Palazzo dei Diamanti"},"image":{"@id":"https:\/\/www.palazzodiamanti.it\/#\/schema\/logo\/image\/"},"sameAs":["https:\/\/www.facebook.com\/PalazzoDiamanti\/","https:\/\/www.instagram.com\/PalazzoDiamanti\/","https:\/\/www.youtube.com\/channel\/UCrkn9LzeLVL-Mcxu9vBP7xA","https:\/\/vimeo.com\/palazzodiamanti"]}]}},"_links":{"self":[{"href":"https:\/\/www.palazzodiamanti.it\/en\/wp-json\/wp\/v2\/contenuti-mostre\/3639","targetHints":{"allow":["GET"]}}],"collection":[{"href":"https:\/\/www.palazzodiamanti.it\/en\/wp-json\/wp\/v2\/contenuti-mostre"}],"about":[{"href":"https:\/\/www.palazzodiamanti.it\/en\/wp-json\/wp\/v2\/types\/contenuti-mostre"}],"version-history":[{"count":0,"href":"https:\/\/www.palazzodiamanti.it\/en\/wp-json\/wp\/v2\/contenuti-mostre\/3639\/revisions"}],"wp:attachment":[{"href":"https:\/\/www.palazzodiamanti.it\/en\/wp-json\/wp\/v2\/media?parent=3639"}],"wp:term":[{"taxonomy":"cataloghi","embeddable":true,"href":"https:\/\/www.palazzodiamanti.it\/en\/wp-json\/wp\/v2\/cataloghi?post=3639"},{"taxonomy":"didattica","embeddable":true,"href":"https:\/\/www.palazzodiamanti.it\/en\/wp-json\/wp\/v2\/didattica?post=3639"},{"taxonomy":"mostra-di-riferimento","embeddable":true,"href":"https:\/\/www.palazzodiamanti.it\/en\/wp-json\/wp\/v2\/mostra-di-riferimento?post=3639"}],"curies":[{"name":"wp","href":"https:\/\/api.w.org\/{rel}","templated":true}]}}