{"id":559,"date":"2022-01-07T17:56:00","date_gmt":"2022-01-07T16:56:00","guid":{"rendered":"https:\/\/www.palazzodiamanti.it\/?post_type=contenuti-mostre&#038;p=559"},"modified":"2022-03-01T15:55:36","modified_gmt":"2022-03-01T14:55:36","slug":"gli-artisti","status":"publish","type":"contenuti-mostre","link":"https:\/\/www.palazzodiamanti.it\/en\/contenuti-mostre\/gli-artisti\/","title":{"rendered":"Elenco Opere"},"content":{"rendered":"\t\t<div data-elementor-type=\"wp-post\" data-elementor-id=\"559\" class=\"elementor elementor-559\" data-elementor-post-type=\"contenuti-mostre\">\n\t\t\t\t\t\t<section class=\"elementor-section elementor-top-section elementor-element elementor-element-bae86aa elementor-section-boxed elementor-section-height-default elementor-section-height-default\" data-id=\"bae86aa\" data-element_type=\"section\" data-e-type=\"section\">\n\t\t\t\t\t\t<div class=\"elementor-container elementor-column-gap-default\">\n\t\t\t\t\t<div class=\"elementor-column elementor-col-100 elementor-top-column elementor-element elementor-element-26cd45a\" data-id=\"26cd45a\" data-element_type=\"column\" data-e-type=\"column\">\n\t\t\t<div class=\"elementor-widget-wrap elementor-element-populated\">\n\t\t\t\t\t\t<div class=\"elementor-element elementor-element-8159063 elementor-widget elementor-widget-text-editor\" data-id=\"8159063\" data-element_type=\"widget\" data-e-type=\"widget\" data-widget_type=\"text-editor.default\">\n\t\t\t\t<div class=\"elementor-widget-container\">\n\t\t\t\t\t\t\t\t\t<p><span style=\"color: #ff6600;\"><strong>ELENCO OPERE<\/strong><\/span><\/p><p>Elenco completo delle opere in formato .pdf:\u00a0<strong><em><span style=\"text-decoration: underline;\"><span style=\"color: #ff6600;\"><a style=\"color: #ff6600; text-decoration: underline;\" title=\"elenco opere dahl_munch.pdf\" href=\"https:\/\/www.palazzodiamanti.it\/modules\/core\/lib\/d.php?c=XJEx9\">elenco opere dahl_munch.pdf<\/a><\/span><\/span><\/em><\/strong><br \/><br \/><strong>I. Romanticismo<\/strong><br \/><br \/>1. Johan Christian Dahl<br \/><em>Veduta da Pimonte nei pressi di Castellamare di Stabia<\/em>, 1820<br \/>Olio su tela, cm 44 x 73,5<br \/>Firmato e datato in basso a sinistra: &#8220;JDahl d. 4-5 Septbr 1820&#8221;<br \/>Oslo, Nasjonalgalleriet, NG. 766<br \/><br \/>2. Johan Christian Dahl<br \/><em>Caserma a Pizzofalcone nei pressi di Napoli<\/em>, 1820<br \/>Olio su carta applicata su tela, cm 29,5 x 44<br \/>Firmato e datato in basso a destra: &#8220;JDahl Neapel d. 27 Decbr. 1820&#8221;<br \/>Oslo, Nasjonalgalleriet, NG. 773<br \/><br \/>3. Johan Christian Dahl<br \/><em>Litorale nei pressi di Posillipo<\/em>, 1821<br \/>Olio su carta applicata su tela, cm 23,5 x 35<br \/>Firmato e datato in basso a sinistra: &#8220;JDahl d. 14 Janr. 1821. Neapel&#8221;<br \/>Oslo, Nasjonalgalleriet, NG. 372<br \/><br \/>4. Johan Christian Dahl<br \/><em>Inverno nel fiordo di Sogn<\/em>, 1827<br \/>Olio su tela, 61,5 x 75,5<br \/>Firmato e datato in basso a destra: &#8220;JDahl Febr 1827&#8221;<br \/>Oslo, Nasjonalgalleriet, NG. 3138<br \/><br \/>5. Johan Christian Dahl<br \/><em>Velieri presso la costa di Bergen<\/em>, 1827<br \/>Olio su tela, cm 45 x 68,5<br \/>Firmato e datato in basso a destra: &#8220;Dahl 1827&#8221;<br \/>Firenze, Appartamenti Reali di Palazzo Pitti, inv.OdA 1911 nr. 854<br \/><br \/>6. Johan Christian Dahl<br \/><em>La fattoria Miland nella valle di Vestfiordallen<\/em>, 1829<br \/>Olio su tela, cm 45 x 68,5<br \/>Firmato e datato in basso a destra: &#8220;Dahl 1829&#8221;<br \/>Firenze, Appartamenti Reali di Palazzo Pitti, inv.OdA 1911 nr. 853<br \/><br \/>7. Johan Christian Dahl<br \/><em>Naufragio sulla costa norvegese<\/em>, 1832<br \/>Olio su tela, cm 71,5 x 111<br \/>Firmato e datato in basso a sinistra: &#8220;JDahl 1832&#8221;<br \/>Oslo, Nasjonalgalleriet, NG. 1626<br \/><br \/>8. Johan Christian Dahl<br \/><em>Veduta dal monte Lyshornet<\/em>, 1836<br \/>Olio su tela, cm 41 x 50,5<br \/>Firmato e datato in basso a destra: &#8220;JDahl 1836&#8221;<br \/>Oslo, Nasjonalgalleriet, NG. 1062<br \/><br \/>9. Johan Christian Dahl<br \/><em>Studio di foresta d&#8217;autunno a Maxen nei pressi di Dresda<\/em>, 1838<br \/>Olio su carta applicata su cartone, cm 31,5 x 37<br \/>Firmato e datato in basso a destra: &#8220;d. 7. Septbr. 1838 JDahl&#8221;<br \/>Oslo, Nasjonalgalleriet, NG. 426-37<br \/><br \/>10. Johan Christian Dahl<br \/><em>Le rapide inferiori del Trollh\u00e4ttan nella Svezia meridionale<\/em>, 1853<br \/>Olio su tela, cm 50,5 x 58,5<br \/>Firmato e datato in basso a destra: &#8220;JDahl 1853&#8221;<br \/>Oslo, Nasjonalgalleriet, NG. 414<br \/><br \/>11. Johan Christian Dahl<br \/><em>Quercia nella neve sul fiume Elba<\/em>, 1853<br \/>Olio su tela, cm 62,5 x 91,5<br \/>Firmato e datato in basso a destra: &#8220;JDahl 1853&#8221;<br \/>Oslo, Nasjonalgalleriet, NG. 209<br \/><br \/>12. Jacob Mathias Calmeyer (copia da J.C. Dahl)<br \/><em>Il Vesuvio in eruzione<\/em>, c. 1830<br \/>Olio su tela, cm 93 x 138<br \/>Oslo, Nasjonalgalleriet, NG. 1552<br \/><br \/>13. Thomas Fearnley<br \/><em>Studio di rocce a Capri, 11 settembre 1833<\/em>, 1833<br \/>Olio su carta applicata su tela, cm 36,5 x 52<br \/>Firmato e datato su una roccia in basso a destra: &#8220;Capri 11 t Sept 33 TF&#8221;<br \/>Oslo, Nasjonalgalleriet, NG. 3588<br \/><br \/>14. Thomas Fearnley<br \/><em>Marina a Capri, 13 settembre 1833<\/em>, 1833<br \/>Olio su carta applicata su cartone applicato su tela, cm 36 x 52<br \/>Firmato e datato in basso a sinistra: &#8220;Capri 13 t Sept 33 TF&#8221;<br \/>Oslo, Nasjonalgalleriet, NG. 1588<br \/><br \/>15. Thomas Fearnley<br \/><em>Caccia all&#8217;anatra una mattina d&#8217;autunno a K\u00f6nigsee nei pressi di Salisburgo<\/em>, 1835<br \/>Olio su tela, cm 89 x 74,5<br \/>Firmato e datato in basso a sinistra: &#8220;Th. Fearnley. pxt. Roma 1835&#8221;<br \/>Oslo, Nasjonalgalleriet, NG. 4422<br \/><br \/>16. Thomas Fearnley<br \/><em>Studio di foresta dalla regione di Romsdal<\/em>, 1836<br \/>Olio su carta applicata su tela, cm 24,5 x 30,5<br \/>Firmato e datato in basso a destra: &#8220;Romsdal 25 Aug. 36 TF&#8221;<br \/>Oslo, Nasjonalgalleriet, NG. 1309<br \/><br \/>17. Thomas Fearnley<br \/><em>Il ghiacciaio di Grindelwald in Svizzera<\/em>, c. 1837<br \/>Olio su tela, cm 31 x 40,5<br \/>Oslo, Nasjonalgalleriet, NG. 611<br \/><br \/>18. Thomas Fearnley<br \/><em>Alba nelle Alpi di Wengern in Svizzera<\/em>, 1838<br \/>Olio su tela, cm 87 x 114<br \/>Firmato e datato in basso: &#8220;TFearnley 1838&#8221;<br \/>Oslo, Nasjonalgalleriet, in deposito da Collezione privata<br \/><br \/>19. Thomas Fearnley<br \/><em>Il monte Jordalsnuten nella regione di Sogn<\/em>, 1839<br \/>Olio su carta applicata su cartone, cm 21 x 29<br \/>Firmato e datato in basso a sinistra: &#8220;TF 1839&#8221;<br \/>Oslo, Nasjonalgalleriet, NG. 00804<br \/><br \/>20. Peder Balke<br \/><em>Paesaggio costiero<\/em>, c. 1860-1870<br \/>Olio su carta applicata su tavola, cm 34 x 52<br \/>Firmato in basso a destra: &#8220;Balke&#8221;<br \/>Oslo, Nasjonalgalleriet, NG. 1322<br \/><br \/>21. Peder Balke<br \/><em>Paesaggio costiero con fiordo<\/em>, c. 1860-1870<br \/>Olio su tela, cm 43 x 57<br \/>Oslo, Nasjonalgalleriet, NG. 2301<br \/><br \/>22. Peder Balke<br \/><em>Il monte Stetind nella nebbia<\/em>, 1864<br \/>Olio su tela, cm 71 x 58<br \/>Firmato e datato in basso a destra: &#8220;Balke 1864&#8221;<br \/>Oslo, Nasjonalgalleriet, NG. 3335<br \/><br \/>23. Knud Baade<br \/><em>Paesaggio costiero al chiaro di luna<\/em>, 1851<br \/>Olio su tela, cm 72 x 66<br \/>Firmato e datato in basso a sinistra: &#8220;Kbaade 1851&#8221;<br \/>Oslo, Nasjonalgalleriet, NG. 4440<br \/><br \/><br \/><strong>II. Tardo Romanticismo e cultura nazionale<\/strong><br \/><br \/>24. Hans Gude<br \/><em>Monti norvegesi all&#8217;alba<\/em>, 1854<br \/>Olio su tela, cm 100 x 163<br \/>Firmato e datato in basso a sinistra: &#8220;HFGude 1854&#8221;<br \/>Oslo, Nasjonalgalleriet, NG. 4186<br \/><br \/>25. Hans Gude<br \/><em>Monti norvegesi<\/em>, 1857<br \/>Olio su tela, cm 79 x 106<br \/>Firmato e datato in basso a sinistra: &#8220;HFGude 1857&#8221;<br \/>Oslo, Nasjonalgalleriet, NG. 212<br \/><br \/>26. Hans Gude e Adolph Tidemand<br \/><em>Pesca con la fiocina<\/em>, 1851<br \/>Olio su tela, cm 115 x 159<br \/>Firmato e datato in basso a destra: &#8220;Adolph Tidemand &#8220;&lt;&#8221; Hans Gude &#8211; Df. 1851&#8243;<br \/>Oslo, Nasjonalgalleriet, NG. 4309<br \/><br \/>27. August Herman Cappelen<br \/><em>Foresta morente<\/em>, 1852<br \/>Olio su tela, cm 130,5 x 164<br \/>Oslo, Nasjonalgalleriet, NG. 200<br \/><br \/>28. Joachim Frich<br \/><em>Paesaggio della regione di Telemark<\/em>, 1852<br \/>Olio su tela, cm 93 x 136<br \/>Firmato e datato in basso a sinistra: &#8220;Frich 1852&#8221;<br \/>Oslo, Nasjonalgalleriet, NG. 194<br \/><br \/>29. Erik Bodom<br \/><em>Paesaggio costiero con menhir e relitto<\/em>, 1878<br \/>Olio su tela, cm 79,5 x 110<br \/>Firmato e datato in basso a destra: &#8220;E Bodom 1878&#8221;<br \/>Oslo, Nasjonalgalleriet, NG. 1595<br \/><br \/>30. Olaf Isaachsen<br \/><em>Frati in un paesaggio serale<\/em>, 1884<br \/>Olio su tela, cm 52 x 66<br \/>Firmato e datato in basso a sinistra: &#8220;18 OWI 84&#8221;<br \/>Oslo, Nasjonalgalleriet, NG. 666<br \/><br \/>31. Ludvig Munthe<br \/><em>Interno di bosco nella neve, 1870<\/em><br \/>Olio su tela, cm 55 x 81<br \/>Firmato e datato in basso a destra: &#8220;L. Munthe. 1870&#8221;<br \/>Oslo, Nasjonalgalleriet, NG. 3180<br \/><br \/><strong>III. Realismo<\/strong><br \/><br \/>32. Amaldus Nielsen<br \/><em>\u00c6nes presso il fiordo di Hardanger<\/em>, 1886<br \/>Olio su tela, cm 128,5 x 199<br \/>Firmato e datato in basso a sinistra: &#8220;Amaldus Nielsen. 1886&#8221;<br \/>Oslo, Nasjonalgalleriet, NG. 323<br \/><br \/>33. Amaldus Nielsen<br \/><em>La casa del pescatore a Vecchia Hellesund<\/em>, 1895<br \/>Olio su tela applicata su cartone, cm 48,5 x 71<br \/>Firmato e datato in basso a sinistra: &#8220;Amaldus Nielsen.1895&#8221;<br \/>Oslo, Nasjonalgalleriet, NG. 620<br \/><br \/>34. Otto Sinding<br \/><em>Veduta di Reine nelle isole Lofoten<\/em>, 1883<br \/>Olio su tela, cm 104 x 155<br \/>Firmato e datato in basso a sinistra: &#8220;Otto Sinding M\u00fcnchen 1883&#8221;<br \/>Oslo, Nasjonalgalleriet, NG. 318<br \/><br \/>35. Kitty Lange Kielland<br \/><em>Studio da Kvianes a Ogna nei pressi di J\u00e6ren<\/em>, 1878<br \/>Olio su tela applicata su cartone, cm 40 x 59<br \/>Firmato e datato in basso a destra:&#8221;KLK 78&#8243;<br \/>Oslo, Nasjonalgalleriet, NG. 528d<br \/><br \/>36. Kitty Lange Kielland<br \/><em>Studio dalla spiaggia a Ogna nei pressi di J\u00e6ren<\/em>, 1878<br \/>Olio su carta applicata su cartone, cm 40 x 65,5<br \/>Firmato e datato in basso a sinistra: &#8220;KLK 78&#8221;<br \/>Oslo, Nasjonalgalleriet, NG. 975<br \/><br \/>37. Kitty Lange Kielland<br \/><em>Torbiera nella pianura di J\u00e6ren<\/em>, 1882<br \/>Olio su tela applicata su tavola, cm 78 x 66<br \/>Firmato e datato in basso a sinistra: &#8220;Kitty L. Kielland. Thime 1882&#8221;<br \/>Oslo, Nasjonalgalleriet, NG. 521<br \/><br \/>38. Kitty Lange Kielland<br \/><em>Notte d&#8217;estate<\/em>, 1886<br \/>Olio su carta applicata su tela, cm 38 x 46,5<br \/>Firmato in basso a destra: &#8220;Kitty L. Kielland&#8221;<br \/>Oslo, Nasjonalgalleriet, NG. 3649<br \/><br \/>39. Harriet Backer<br \/><em>Paesaggio da B\u00e6rum nei pressi di Oslo<\/em>, 1890<br \/>Olio su tela, cm 28 x 43,5<br \/>Firmato e datato in basso a destra: &#8220;Harriet Backer B\u00e6rum 1890&#8221;<br \/>Oslo, Nasjonalgalleriet, NG. 4294<br \/><br \/>40. Harriet Backer<br \/><em>Autunno a Str\u00e5lesj\u00f8haugen nella regione di \u00d8sterdalen<\/em>, 1894<br \/>Olio su tela, cm 76,5 x 112<br \/>Firmato e datato in basso a sinistra: &#8220;Harriet Backer Lille-Elvedal 94&#8221;<br \/>Oslo, Nasjonalgalleriet, NG. 1035<br \/><br \/>41. Frits Thaulow<br \/><em>Inverno<\/em>, 1886<br \/>Olio su tela, cm 62 x 100<br \/>Firmato e datato in basso a destra: &#8220;Frits Thaulow 1886&#8221;<br \/>Oslo, Nasjonalgalleriet, NG. 3175<br \/><br \/>42. Frits Thaulow<br \/><em>Mezzanotte ad Amiens<\/em>, c. 1897<br \/>Olio su tela, cm 73 x 92<br \/>Firmato in basso a destra: &#8220;Frits Thaulow&#8221;<br \/>Oslo, Nasjonalgalleriet, NG. 483<br \/><br \/>43. Frits Thaulow<br \/><em>Canale a Volendam in Olanda<\/em>, 1906<br \/>Olio su tela, cm 46 x 55,5<br \/>Firmato in basso a destra: &#8220;F.T.&#8221;<br \/>Oslo, Nasjonalgalleriet, NG. 735<br \/><br \/>44. Gerhard Munthe<br \/><em>Ruscello a \u00d8ylo nella regione di Valdres<\/em>, 1879<br \/>Olio su tela, 47,5 x 58<br \/>Firmato e datato in basso a destra: &#8220;G. Munthe 79&#8221;<br \/>Oslo, Nasjonalgalleriet, NG. 832<br \/><br \/>45. Gerhard Munthe<br \/><em>Foresta di betulle in autunno<\/em>, 1880<br \/>Olio su tela applicata su cartone, cm 47 x 64,5<br \/>Firmato e datato in basso a destra: &#8220;G. Munthe 80 Alfheim&#8221;<br \/>Oslo, Nasjonalgalleriet, NG. 831<br \/><br \/>46. Gerhard Munthe<br \/><em>Sera a Eggedal nella regione di Buskerud<\/em>, 1888<br \/>Olio su tela, cm 94 x 71<br \/>Firmato e datato in basso a sinistra: &#8220;Gerh. Munthe. Eggedal 1888&#8221;<br \/>Oslo, Nasjonalgalleriet, NG. 643<br \/><br \/>47. Gerhard Munthe<br \/><em>Il fiume Driva nella regione di Tr\u00f8ndelag<\/em>, 1895<br \/>Olio su tela, cm 97 x 66<br \/>Firmato e datato in basso a sinistra: &#8220;\u00abDriva\u00bb G. Munthe. 1895&#8221;<br \/>Oslo, Nasjonalgalleriet, NG. 838<br \/><br \/>48. Eilif Peterssen<br \/><em>Notte d&#8217;estate nell&#8217;isola di Sand\u00f8<\/em>, 1884<br \/>Olio su tela, cm 54 x 66,5<br \/>Firmato e datato in basso a destra: &#8220;Eilif P 84&#8221;<br \/>Iscrizione in basso a sinistra: &#8220;Sand\u00f6 10 AFTEN [sera]&#8221;<br \/>Oslo, Nasjonalgalleriet, NG. 3277<br \/><br \/>49. Eilif Peterssen<br \/><em>Fattorie di montagna a \u00d8ye nella regione di Valdres<\/em>, 1901<br \/>Olio su tela, cm 66 x 81,5<br \/>Firmato e datato in basso a sinistra: &#8220;Eilif Peterssen. 1901&#8221;<br \/>Oslo, Nasjonalgalleriet, NG. 592<br \/><br \/>50. Eilif Peterssen<br \/><em>Sera a Skogstad nella regione di Valdres<\/em>, 1902<br \/>Olio su tela, cm 105 x 126<br \/>Firmato e datato in basso a sinistra: &#8220;Eilif. Peterseen 1902&#8221;<br \/>Oslo, Nasjonalgalleriet, NG. 3756<br \/><br \/>51. Christian Skredsvig<br \/><em>Il poeta Vinje da pastorello<\/em>, 1887<br \/>Olio su tela, cm 100 x 151,5<br \/>Firmato e datato in basso a sinistra: &#8220;Skredvig &#8211; 87&#8221;<br \/>Oslo, Nasjonalgalleriet, NG. 3642<br \/><br \/>52. Erik Werenskiold<br \/><em>Tornando a casa<\/em>, 1885<br \/>Olio su tela, cm 100 x 150<br \/>Firmato e datato in basso a sinistra: &#8220;Erik Werenskiold 1885&#8221;<br \/>Oslo, Nasjonalgalleriet, NG. 3751<br \/><br \/>53. Erik Werenskiold<br \/><em>Luce di lampione<\/em>, 1900<br \/>Olio su tela, cm 50,5 x 60,5<br \/>Firmato e datato in basso a sinistra: &#8220;EW 1900&#8221;<br \/>Oslo, Nasjonalgalleriet, NG. 847<br \/><br \/><strong>IV. Tendenze simboliste e espressionistiche<\/strong><br \/><br \/>54. Halfdan Egedius<br \/><em>Temporale in arrivo nella regione di Telemark<\/em>, 1896<br \/>Olio su tela, cm 63 x 79<br \/>Oslo, Nasjonalgalleriet, NG. 506<br \/><br \/>55. Theodor Kittelsen<br \/><em>Le dodici anatre selvatiche, tratto da una fiaba popolare<\/em>, 1897<br \/>Olio su tela, cm 68,5 x 90,5<br \/>Firmato e datato in basso a destra: &#8220;Th. Kittelsen. 1897&#8221;<br \/>Oslo, Nasjonalgalleriet, NG. 488<br \/><br \/>56. Thorolf Holmboe<br \/><em>Pino sul mare al chiaro di luna<\/em>, 1902<br \/>Olio su tela, cm 75 x 65,5<br \/>Firmato e datato: &#8220;ThHolmboe 1902&#8221;; iscrizione: &#8220;Saro&#8221;<br \/>Oslo, Nasjonalgalleriet, NG. 875<br \/><br \/>57. Thorolf Holmboe<br \/><em>Paesaggio ghiacciato sotto una diga<\/em>, 1902<br \/>Olio su tela, cm 62 x 86,5<br \/>Firmato e datato in basso a sinistra: &#8220;ThHolmboe 1902&#8221;<br \/>Oslo, Nasjonalgalleriet, NG. 874<br \/><br \/>58. Alf Lundeby<br \/><em>Fuori le mura<\/em>, 1898<br \/>Olio su tela, cm 67,5 x 82<br \/>Firmato e datato in basso a destra: &#8220;AL Aquila 1898&#8221;<br \/>Oslo, Nasjonalgalleriet, NG. 1254<br \/><br \/>59. Harald Sohlberg<br \/><em>Sole pomeridiano<\/em>, 1895<br \/>Olio su tela, cm 65 x 81,5<br \/>Oslo, Nasjonalgalleriet, NG. 4322<br \/><br \/>60. Thorvald Erichsen<br \/><em>Interno di bosco<\/em>, 1900<br \/>Olio su tela, cm 81 x 98<br \/>Oslo, Nasjonalgalleriet, NG. 688<br \/><br \/>61. Edvard Munch<br \/><em>Chiaro di luna a Nizza<\/em>, 1891, Olio su tela, cm 46 x 55<br \/>Firmato in basso a destra: &#8220;E Munch&#8221;<br \/>Oslo, Nasjonalgalleriet, NG. 842<br \/><br \/>62. Edvard Munch<br \/><em>Chiaro di luna<\/em>, 1895<br \/>Olio su tela, cm 93 x 110<br \/>Firmato in basso a sinistra: &#8220;E Munch 95&#8221;<br \/>Oslo, Nasjonalgalleriet, NG. 2815<br \/><br \/>63. Edvard Munch<br \/><em>Inverno<\/em>, 1899<br \/>Olio su cartone, cm 60,5 x 90<br \/>Oslo, Nasjonalgalleriet, NG. 570<br \/><br \/>64. Edvard Munch<br \/><em>Notte bianca<\/em>, 1901<br \/>Olio su tela, 115,5 x 111<br \/>Oslo, Nasjonalgalleriet, NG. 00581<br \/><br \/>65. Edvard Munch<br \/><em>Inverno nel fiordo<\/em>, 1915<br \/>Olio su tela, cm 103 x 128<br \/>Firmato e datato in basso a destra: &#8220;E. Munch 1915&#8221;<br \/>Oslo, Nasjonalgalleriet, NG. 1864<\/p>\t\t\t\t\t\t\t\t<\/div>\n\t\t\t\t<\/div>\n\t\t\t\t\t<\/div>\n\t\t<\/div>\n\t\t\t\t\t<\/div>\n\t\t<\/section>\n\t\t\t\t<\/div>\n\t\t","protected":false},"parent":0,"template":"","cataloghi":[],"didattica":[],"mostra-di-riferimento":[17],"class_list":["post-559","contenuti-mostre","type-contenuti-mostre","status-publish","hentry","mostra-di-riferimento-da-dahl-a-munch"],"yoast_head":"<!-- This site is optimized with the Yoast SEO plugin v27.5 - https:\/\/yoast.com\/product\/yoast-seo-wordpress\/ -->\n<title>Elenco Opere - Palazzo dei Diamanti | Arte a Ferrara<\/title>\n<meta name=\"description\" content=\"Scopri Elenco Opere - della mostra ospitata a Palazzo dei Diamanti | Comune di Ferrara | Fondazione Ferrara Arte\" \/>\n<meta name=\"robots\" content=\"index, follow, max-snippet:-1, max-image-preview:large, max-video-preview:-1\" \/>\n<link rel=\"canonical\" href=\"https:\/\/www.palazzodiamanti.it\/contenuti-mostre\/gli-artisti\/\" \/>\n<meta property=\"og:locale\" content=\"en_US\" \/>\n<meta property=\"og:type\" content=\"article\" \/>\n<meta property=\"og:title\" content=\"Elenco Opere - Palazzo dei Diamanti | Arte a Ferrara\" \/>\n<meta property=\"og:description\" content=\"Scopri Elenco Opere - della mostra ospitata a Palazzo dei Diamanti | Comune di Ferrara | Fondazione Ferrara Arte\" \/>\n<meta property=\"og:url\" content=\"https:\/\/www.palazzodiamanti.it\/contenuti-mostre\/gli-artisti\/\" \/>\n<meta property=\"og:site_name\" content=\"Palazzo dei Diamanti\" \/>\n<meta property=\"article:publisher\" content=\"https:\/\/www.facebook.com\/PalazzoDiamanti\/\" \/>\n<meta property=\"article:modified_time\" content=\"2022-03-01T14:55:36+00:00\" \/>\n<meta property=\"og:image\" content=\"https:\/\/www.palazzodiamanti.it\/wp-content\/uploads\/2021\/12\/logo-palazzo-diamanti-official.png\" \/>\n\t<meta property=\"og:image:width\" content=\"1000\" \/>\n\t<meta property=\"og:image:height\" content=\"489\" \/>\n\t<meta property=\"og:image:type\" content=\"image\/png\" \/>\n<meta name=\"twitter:card\" content=\"summary_large_image\" \/>\n<meta name=\"twitter:label1\" content=\"Est. reading time\" \/>\n\t<meta name=\"twitter:data1\" content=\"8 minutes\" \/>\n<script type=\"application\/ld+json\" class=\"yoast-schema-graph\">{\"@context\":\"https:\\\/\\\/schema.org\",\"@graph\":[{\"@type\":\"WebPage\",\"@id\":\"https:\\\/\\\/www.palazzodiamanti.it\\\/contenuti-mostre\\\/gli-artisti\\\/\",\"url\":\"https:\\\/\\\/www.palazzodiamanti.it\\\/contenuti-mostre\\\/gli-artisti\\\/\",\"name\":\"Elenco Opere - Palazzo dei Diamanti | Arte a Ferrara\",\"isPartOf\":{\"@id\":\"https:\\\/\\\/www.palazzodiamanti.it\\\/#website\"},\"datePublished\":\"2022-01-07T16:56:00+00:00\",\"dateModified\":\"2022-03-01T14:55:36+00:00\",\"description\":\"Scopri Elenco Opere - della mostra ospitata a Palazzo dei Diamanti | Comune di Ferrara | Fondazione Ferrara Arte\",\"breadcrumb\":{\"@id\":\"https:\\\/\\\/www.palazzodiamanti.it\\\/contenuti-mostre\\\/gli-artisti\\\/#breadcrumb\"},\"inLanguage\":\"en-US\",\"potentialAction\":[{\"@type\":\"ReadAction\",\"target\":[\"https:\\\/\\\/www.palazzodiamanti.it\\\/contenuti-mostre\\\/gli-artisti\\\/\"]}]},{\"@type\":\"BreadcrumbList\",\"@id\":\"https:\\\/\\\/www.palazzodiamanti.it\\\/contenuti-mostre\\\/gli-artisti\\\/#breadcrumb\",\"itemListElement\":[{\"@type\":\"ListItem\",\"position\":1,\"name\":\"Home\",\"item\":\"https:\\\/\\\/www.palazzodiamanti.it\\\/en\\\/home\\\/\"},{\"@type\":\"ListItem\",\"position\":2,\"name\":\"Contenuti Mostre\",\"item\":\"https:\\\/\\\/www.palazzodiamanti.it\\\/contenuti-mostre\\\/\"},{\"@type\":\"ListItem\",\"position\":3,\"name\":\"Elenco Opere\"}]},{\"@type\":\"WebSite\",\"@id\":\"https:\\\/\\\/www.palazzodiamanti.it\\\/#website\",\"url\":\"https:\\\/\\\/www.palazzodiamanti.it\\\/\",\"name\":\"Palazzo dei Diamanti\",\"description\":\"Mostre d\u2019arte a Ferrara | Palazzo dei Diamanti\",\"publisher\":{\"@id\":\"https:\\\/\\\/www.palazzodiamanti.it\\\/#organization\"},\"alternateName\":\"Ferrara Arte\",\"potentialAction\":[{\"@type\":\"SearchAction\",\"target\":{\"@type\":\"EntryPoint\",\"urlTemplate\":\"https:\\\/\\\/www.palazzodiamanti.it\\\/?s={search_term_string}\"},\"query-input\":{\"@type\":\"PropertyValueSpecification\",\"valueRequired\":true,\"valueName\":\"search_term_string\"}}],\"inLanguage\":\"en-US\"},{\"@type\":\"Organization\",\"@id\":\"https:\\\/\\\/www.palazzodiamanti.it\\\/#organization\",\"name\":\"Palazzo dei Diamanti\",\"alternateName\":\"Ferrara Arte\",\"url\":\"https:\\\/\\\/www.palazzodiamanti.it\\\/\",\"logo\":{\"@type\":\"ImageObject\",\"inLanguage\":\"en-US\",\"@id\":\"https:\\\/\\\/www.palazzodiamanti.it\\\/#\\\/schema\\\/logo\\\/image\\\/\",\"url\":\"https:\\\/\\\/www.palazzodiamanti.it\\\/wp-content\\\/uploads\\\/2021\\\/12\\\/logo-palazzo-diamanti-official.png\",\"contentUrl\":\"https:\\\/\\\/www.palazzodiamanti.it\\\/wp-content\\\/uploads\\\/2021\\\/12\\\/logo-palazzo-diamanti-official.png\",\"width\":1000,\"height\":489,\"caption\":\"Palazzo dei Diamanti\"},\"image\":{\"@id\":\"https:\\\/\\\/www.palazzodiamanti.it\\\/#\\\/schema\\\/logo\\\/image\\\/\"},\"sameAs\":[\"https:\\\/\\\/www.facebook.com\\\/PalazzoDiamanti\\\/\",\"https:\\\/\\\/www.instagram.com\\\/PalazzoDiamanti\\\/\",\"https:\\\/\\\/www.youtube.com\\\/channel\\\/UCrkn9LzeLVL-Mcxu9vBP7xA\",\"https:\\\/\\\/vimeo.com\\\/palazzodiamanti\"]}]}<\/script>\n<!-- \/ Yoast SEO plugin. -->","yoast_head_json":{"title":"Elenco Opere - Palazzo dei Diamanti | Arte a Ferrara","description":"Scopri Elenco Opere - della mostra ospitata a Palazzo dei Diamanti | Comune di Ferrara | Fondazione Ferrara Arte","robots":{"index":"index","follow":"follow","max-snippet":"max-snippet:-1","max-image-preview":"max-image-preview:large","max-video-preview":"max-video-preview:-1"},"canonical":"https:\/\/www.palazzodiamanti.it\/contenuti-mostre\/gli-artisti\/","og_locale":"en_US","og_type":"article","og_title":"Elenco Opere - Palazzo dei Diamanti | Arte a Ferrara","og_description":"Scopri Elenco Opere - della mostra ospitata a Palazzo dei Diamanti | Comune di Ferrara | Fondazione Ferrara Arte","og_url":"https:\/\/www.palazzodiamanti.it\/contenuti-mostre\/gli-artisti\/","og_site_name":"Palazzo dei Diamanti","article_publisher":"https:\/\/www.facebook.com\/PalazzoDiamanti\/","article_modified_time":"2022-03-01T14:55:36+00:00","og_image":[{"width":1000,"height":489,"url":"https:\/\/www.palazzodiamanti.it\/wp-content\/uploads\/2021\/12\/logo-palazzo-diamanti-official.png","type":"image\/png"}],"twitter_card":"summary_large_image","twitter_misc":{"Est. reading time":"8 minutes"},"schema":{"@context":"https:\/\/schema.org","@graph":[{"@type":"WebPage","@id":"https:\/\/www.palazzodiamanti.it\/contenuti-mostre\/gli-artisti\/","url":"https:\/\/www.palazzodiamanti.it\/contenuti-mostre\/gli-artisti\/","name":"Elenco Opere - Palazzo dei Diamanti | Arte a Ferrara","isPartOf":{"@id":"https:\/\/www.palazzodiamanti.it\/#website"},"datePublished":"2022-01-07T16:56:00+00:00","dateModified":"2022-03-01T14:55:36+00:00","description":"Scopri Elenco Opere - della mostra ospitata a Palazzo dei Diamanti | Comune di Ferrara | Fondazione Ferrara Arte","breadcrumb":{"@id":"https:\/\/www.palazzodiamanti.it\/contenuti-mostre\/gli-artisti\/#breadcrumb"},"inLanguage":"en-US","potentialAction":[{"@type":"ReadAction","target":["https:\/\/www.palazzodiamanti.it\/contenuti-mostre\/gli-artisti\/"]}]},{"@type":"BreadcrumbList","@id":"https:\/\/www.palazzodiamanti.it\/contenuti-mostre\/gli-artisti\/#breadcrumb","itemListElement":[{"@type":"ListItem","position":1,"name":"Home","item":"https:\/\/www.palazzodiamanti.it\/en\/home\/"},{"@type":"ListItem","position":2,"name":"Contenuti Mostre","item":"https:\/\/www.palazzodiamanti.it\/contenuti-mostre\/"},{"@type":"ListItem","position":3,"name":"Elenco Opere"}]},{"@type":"WebSite","@id":"https:\/\/www.palazzodiamanti.it\/#website","url":"https:\/\/www.palazzodiamanti.it\/","name":"Palazzo dei Diamanti","description":"Mostre d\u2019arte a Ferrara | Palazzo dei Diamanti","publisher":{"@id":"https:\/\/www.palazzodiamanti.it\/#organization"},"alternateName":"Ferrara Arte","potentialAction":[{"@type":"SearchAction","target":{"@type":"EntryPoint","urlTemplate":"https:\/\/www.palazzodiamanti.it\/?s={search_term_string}"},"query-input":{"@type":"PropertyValueSpecification","valueRequired":true,"valueName":"search_term_string"}}],"inLanguage":"en-US"},{"@type":"Organization","@id":"https:\/\/www.palazzodiamanti.it\/#organization","name":"Palazzo dei Diamanti","alternateName":"Ferrara Arte","url":"https:\/\/www.palazzodiamanti.it\/","logo":{"@type":"ImageObject","inLanguage":"en-US","@id":"https:\/\/www.palazzodiamanti.it\/#\/schema\/logo\/image\/","url":"https:\/\/www.palazzodiamanti.it\/wp-content\/uploads\/2021\/12\/logo-palazzo-diamanti-official.png","contentUrl":"https:\/\/www.palazzodiamanti.it\/wp-content\/uploads\/2021\/12\/logo-palazzo-diamanti-official.png","width":1000,"height":489,"caption":"Palazzo dei Diamanti"},"image":{"@id":"https:\/\/www.palazzodiamanti.it\/#\/schema\/logo\/image\/"},"sameAs":["https:\/\/www.facebook.com\/PalazzoDiamanti\/","https:\/\/www.instagram.com\/PalazzoDiamanti\/","https:\/\/www.youtube.com\/channel\/UCrkn9LzeLVL-Mcxu9vBP7xA","https:\/\/vimeo.com\/palazzodiamanti"]}]}},"_links":{"self":[{"href":"https:\/\/www.palazzodiamanti.it\/en\/wp-json\/wp\/v2\/contenuti-mostre\/559","targetHints":{"allow":["GET"]}}],"collection":[{"href":"https:\/\/www.palazzodiamanti.it\/en\/wp-json\/wp\/v2\/contenuti-mostre"}],"about":[{"href":"https:\/\/www.palazzodiamanti.it\/en\/wp-json\/wp\/v2\/types\/contenuti-mostre"}],"version-history":[{"count":0,"href":"https:\/\/www.palazzodiamanti.it\/en\/wp-json\/wp\/v2\/contenuti-mostre\/559\/revisions"}],"wp:attachment":[{"href":"https:\/\/www.palazzodiamanti.it\/en\/wp-json\/wp\/v2\/media?parent=559"}],"wp:term":[{"taxonomy":"cataloghi","embeddable":true,"href":"https:\/\/www.palazzodiamanti.it\/en\/wp-json\/wp\/v2\/cataloghi?post=559"},{"taxonomy":"didattica","embeddable":true,"href":"https:\/\/www.palazzodiamanti.it\/en\/wp-json\/wp\/v2\/didattica?post=559"},{"taxonomy":"mostra-di-riferimento","embeddable":true,"href":"https:\/\/www.palazzodiamanti.it\/en\/wp-json\/wp\/v2\/mostra-di-riferimento?post=559"}],"curies":[{"name":"wp","href":"https:\/\/api.w.org\/{rel}","templated":true}]}}