{"id":6107,"date":"2019-12-21T19:08:00","date_gmt":"2019-12-21T18:08:00","guid":{"rendered":"https:\/\/www.palazzodiamanti.it\/?post_type=contenuti-mostre&#038;p=6107"},"modified":"2023-04-05T15:30:47","modified_gmt":"2023-04-05T13:30:47","slug":"catalogo-farina","status":"publish","type":"contenuti-mostre","link":"https:\/\/www.palazzodiamanti.it\/en\/contenuti-mostre\/catalogo-farina\/","title":{"rendered":"Catalogo"},"content":{"rendered":"\t\t<div data-elementor-type=\"wp-post\" data-elementor-id=\"6107\" class=\"elementor elementor-6107\" data-elementor-post-type=\"contenuti-mostre\">\n\t\t\t\t\t\t<section class=\"elementor-section elementor-top-section elementor-element elementor-element-7ed8111e elementor-section-content-middle elementor-section-boxed elementor-section-height-default elementor-section-height-default\" data-id=\"7ed8111e\" data-element_type=\"section\" data-e-type=\"section\">\n\t\t\t\t\t\t<div class=\"elementor-container elementor-column-gap-default\">\n\t\t\t\t\t<div class=\"elementor-column elementor-col-50 elementor-top-column elementor-element elementor-element-6bd6d9f\" data-id=\"6bd6d9f\" data-element_type=\"column\" data-e-type=\"column\">\n\t\t\t<div class=\"elementor-widget-wrap elementor-element-populated\">\n\t\t\t\t\t\t<div class=\"elementor-element elementor-element-cd131db elementor-widget elementor-widget-text-editor\" data-id=\"cd131db\" data-element_type=\"widget\" data-e-type=\"widget\" data-widget_type=\"text-editor.default\">\n\t\t\t\t<div class=\"elementor-widget-container\">\n\t\t\t\t\t\t\t\t\t<p><span style=\"color: #c2601e;\"><strong>Catalogo della mostra<\/strong><\/span><\/p><p><em>La collezione Franco Farina<br \/>Arte e avanguardia a Ferrara 1963\/1993<\/em><br \/>Ferrara, Padiglione d&#8217;Arte Contemporanea<br \/>21 dicembre 2019 \u2013 15 marzo 2020<\/p><p><em>Catalogo a cura di<\/em>\u00a0Maria Luisa Pacelli, Ada Patrizia Fiorillo, Chiara Vorrasi, Lorenza Roversi, Massimo Marchetti\u00a0<br \/><em>Testi di<\/em>\u00a0Ada Patrizia Fiorillo, Lorenza Roversi, Massimo Marchetti, Tatiana Basso<\/p><p>84 pagine illustrate<br \/>Fondazione Ferrara Arte Editore<br \/>ISBN: 978-88-89793-53-4<br \/>\u20ac 9<\/p>\t\t\t\t\t\t\t\t<\/div>\n\t\t\t\t<\/div>\n\t\t\t\t\t<\/div>\n\t\t<\/div>\n\t\t\t\t<div class=\"elementor-column elementor-col-50 elementor-top-column elementor-element elementor-element-85fcc43\" data-id=\"85fcc43\" data-element_type=\"column\" data-e-type=\"column\">\n\t\t\t<div class=\"elementor-widget-wrap elementor-element-populated\">\n\t\t\t\t\t\t<div class=\"elementor-element elementor-element-9b01278 elementor-widget elementor-widget-image\" data-id=\"9b01278\" data-element_type=\"widget\" data-e-type=\"widget\" data-widget_type=\"image.default\">\n\t\t\t\t<div class=\"elementor-widget-container\">\n\t\t\t\t\t\t\t\t\t\t\t\t\t\t\t<img fetchpriority=\"high\" decoding=\"async\" width=\"1886\" height=\"2500\" src=\"https:\/\/www.palazzodiamanti.it\/wp-content\/uploads\/2022\/11\/2019-Collezione-Farina-Catalogo.jpg\" class=\"attachment-full size-full wp-image-6108\" alt=\"\" srcset=\"https:\/\/www.palazzodiamanti.it\/wp-content\/uploads\/2022\/11\/2019-Collezione-Farina-Catalogo.jpg 1886w, https:\/\/www.palazzodiamanti.it\/wp-content\/uploads\/2022\/11\/2019-Collezione-Farina-Catalogo-226x300.jpg 226w, https:\/\/www.palazzodiamanti.it\/wp-content\/uploads\/2022\/11\/2019-Collezione-Farina-Catalogo-773x1024.jpg 773w, https:\/\/www.palazzodiamanti.it\/wp-content\/uploads\/2022\/11\/2019-Collezione-Farina-Catalogo-768x1018.jpg 768w, https:\/\/www.palazzodiamanti.it\/wp-content\/uploads\/2022\/11\/2019-Collezione-Farina-Catalogo-1159x1536.jpg 1159w, https:\/\/www.palazzodiamanti.it\/wp-content\/uploads\/2022\/11\/2019-Collezione-Farina-Catalogo-1545x2048.jpg 1545w\" sizes=\"(max-width: 1886px) 100vw, 1886px\" \/>\t\t\t\t\t\t\t\t\t\t\t\t\t\t\t<\/div>\n\t\t\t\t<\/div>\n\t\t\t\t\t<\/div>\n\t\t<\/div>\n\t\t\t\t\t<\/div>\n\t\t<\/section>\n\t\t\t\t<section class=\"elementor-section elementor-top-section elementor-element elementor-element-edea3a5 elementor-section-boxed elementor-section-height-default elementor-section-height-default\" data-id=\"edea3a5\" data-element_type=\"section\" data-e-type=\"section\">\n\t\t\t\t\t\t<div class=\"elementor-container elementor-column-gap-default\">\n\t\t\t\t\t<div class=\"elementor-column elementor-col-100 elementor-top-column elementor-element elementor-element-2df674a\" data-id=\"2df674a\" data-element_type=\"column\" data-e-type=\"column\">\n\t\t\t<div class=\"elementor-widget-wrap elementor-element-populated\">\n\t\t\t\t\t\t<div class=\"elementor-element elementor-element-80da0b1 elementor-align-center elementor-widget elementor-widget-button\" data-id=\"80da0b1\" data-element_type=\"widget\" data-e-type=\"widget\" data-widget_type=\"button.default\">\n\t\t\t\t<div class=\"elementor-widget-container\">\n\t\t\t\t\t\t\t\t\t<div class=\"elementor-button-wrapper\">\n\t\t\t\t\t<a class=\"elementor-button elementor-button-link elementor-size-sm\" href=\"#form\">\n\t\t\t\t\t\t<span class=\"elementor-button-content-wrapper\">\n\t\t\t\t\t\t\t\t\t<span class=\"elementor-button-text\">ACQUISTA<\/span>\n\t\t\t\t\t<\/span>\n\t\t\t\t\t<\/a>\n\t\t\t\t<\/div>\n\t\t\t\t\t\t\t\t<\/div>\n\t\t\t\t<\/div>\n\t\t\t\t\t<\/div>\n\t\t<\/div>\n\t\t\t\t\t<\/div>\n\t\t<\/section>\n\t\t\t\t<section class=\"elementor-section elementor-top-section elementor-element elementor-element-eda4317 elementor-section-boxed elementor-section-height-default elementor-section-height-default\" data-id=\"eda4317\" data-element_type=\"section\" data-e-type=\"section\">\n\t\t\t\t\t\t<div class=\"elementor-container elementor-column-gap-default\">\n\t\t\t\t\t<div class=\"elementor-column elementor-col-100 elementor-top-column elementor-element elementor-element-a997a47\" data-id=\"a997a47\" data-element_type=\"column\" data-e-type=\"column\">\n\t\t\t<div class=\"elementor-widget-wrap elementor-element-populated\">\n\t\t\t\t\t\t<div class=\"elementor-element elementor-element-b598a4c elementor-widget elementor-widget-text-editor\" data-id=\"b598a4c\" data-element_type=\"widget\" data-e-type=\"widget\" data-widget_type=\"text-editor.default\">\n\t\t\t\t<div class=\"elementor-widget-container\">\n\t\t\t\t\t\t\t\t\t<p>\u00abSe un giorno si far\u00e0 la storia delle attivit\u00e0 espositive in Italia, nell\u2019ambito dell\u2019ente pubblico e relativamente all\u2019arte contemporanea, un capitolo di essa dovr\u00e0 riguardare Franco Farina, forse il caso pi\u00f9 perspicuo nel corso degli anni Settanta\u00bb. A scriverlo, nel lontano 1993, \u00e8 Renato Barilli, testimone di prima mano del lavoro che il \u201cMaestro Farina\u201d andava svolgendo a Palazzo dei Diamanti e alla Civica Galleria di Arte Moderna di Ferrara.<br \/>Dal 1963 al 1993, trentennio della sua direzione, la citt\u00e0 \u00e8 diventata un punto di riferimento per l\u2019arte contemporanea, attraverso un preciso progetto culturale che ha dato origine all\u2019organizzazione di quasi 1.000 eventi. Nelle sedi museali della citt\u00e0, a partire da Palazzo dei Diamanti, sono transitati, tra gli altri, Warhol, Rauschenberg, Schifano, Vedova, i videoartisti e tanta parte della critica nazionale e internazionale.<br \/>Del fermento di quel tempo \u00e8 testimonianza la raccolta appartenuta a Franco Farina, scomparso nel 2018. Dando seguito alla sua volont\u00e0, Lola Bonora, sua erede e storica direttrice del Centro Video Arte, ha donato al Comune di Ferrara e alle Gallerie d\u2019Arte Moderna e Contemporanea un ampio nucleo di opere che vanno ad arricchire le civiche collezioni di un valore che \u00e8 al tempo stesso artistico e memoriale.<br \/>La mostra propone un\u2019ampia selezione della donazione, posta in dialogo con opere delle Gallerie in un articolato tracciato espositivo che ripercorre cronologicamente quegli anni, rileggendo alcuni tra i principali eventi allora promossi alla luce di preziosi e inediti materiali d\u2019archivio.<br \/>\u00a0<br \/>Il catalogo, arricchito di illustrazioni, costituisce la prima tappa di un pi\u00f9 ampio progetto di studio della collezione di Farina e del progetto culturale da lui promosso.<br \/>In apertura, il testo di Vittorio Sgarbi ricorda il rapporto personale e di collaborazione con \u201cil maestro di Ferrara\u201d, ripercorrendo alcune delle principali scelte artistiche di quel trentennio.<br \/>La prefazione di Maria Luisa Pacelli delinea l\u2019intero progetto espositivo, sviluppatosi in dialogo costante con Lola Bonora e attraverso l\u2019importante collaborazione con l\u2019Universit\u00e0 di Ferrara. Ada Patrizia Fiorillo racconta la collezione, la sua genesi, le sue peculiarit\u00e0, cos\u00ec come le scelte adottate nel presentarla pubblicamente.<br \/>Il contributo di Lorenza Roversi, tramite un accurato studio dei materiali dell\u2019archivio Farina, rievoca momenti entusiasmanti del dialogo trentennale con artisti e collaboratori: da Emilio Vedova a Man Ray, da Roberto Sebasti\u00e1n Matta a Andy Warhol.<br \/>In seguito, Massimo Marchetti si concentra sulla pluralit\u00e0 di percorsi che il direttore fu in grado di allestire, aprendosi a forme artistiche e poetiche differenti con la volont\u00e0 costante di offrire alla cittadinanza del \u00abmateriale artistico\u00bb in cui poter ravvisare \u00abnessi logici e spiegazioni dirette\u00bb. Infine, il saggio di Tatiana Basso \u00e8 dedicato a\u00a0<em>Omaggio all\u2019Ariosto<\/em>\u00a0e\u00a0<em>Diversi aspetti dell\u2019arte esatta<\/em>, rassegne esemplificative della programmazione esplicitamente didattica di Farina e oggetto, nella mostra, di un vero e proprio\u00a0<em>reenactment<\/em>.<\/p>\t\t\t\t\t\t\t\t<\/div>\n\t\t\t\t<\/div>\n\t\t\t\t<div class=\"elementor-element elementor-element-a9e26fd elementor-align-center elementor-widget elementor-widget-button\" data-id=\"a9e26fd\" data-element_type=\"widget\" data-e-type=\"widget\" data-widget_type=\"button.default\">\n\t\t\t\t<div class=\"elementor-widget-container\">\n\t\t\t\t\t\t\t\t\t<div class=\"elementor-button-wrapper\">\n\t\t\t\t\t<a class=\"elementor-button elementor-button-link elementor-size-sm\" href=\"#form\">\n\t\t\t\t\t\t<span class=\"elementor-button-content-wrapper\">\n\t\t\t\t\t\t\t\t\t<span class=\"elementor-button-text\">ACQUISTA<\/span>\n\t\t\t\t\t<\/span>\n\t\t\t\t\t<\/a>\n\t\t\t\t<\/div>\n\t\t\t\t\t\t\t\t<\/div>\n\t\t\t\t<\/div>\n\t\t\t\t\t<\/div>\n\t\t<\/div>\n\t\t\t\t\t<\/div>\n\t\t<\/section>\n\t\t\t\t<section class=\"elementor-section elementor-top-section elementor-element elementor-element-de3c678 elementor-section-boxed elementor-section-height-default elementor-section-height-default\" data-id=\"de3c678\" data-element_type=\"section\" data-e-type=\"section\">\n\t\t\t\t\t\t<div class=\"elementor-container elementor-column-gap-default\">\n\t\t\t\t\t<div class=\"elementor-column elementor-col-100 elementor-top-column elementor-element elementor-element-5d72ec7\" data-id=\"5d72ec7\" data-element_type=\"column\" data-e-type=\"column\">\n\t\t\t<div class=\"elementor-widget-wrap elementor-element-populated\">\n\t\t\t\t\t\t\t<\/div>\n\t\t<\/div>\n\t\t\t\t\t<\/div>\n\t\t<\/section>\n\t\t\t\t<section class=\"elementor-section elementor-top-section elementor-element elementor-element-1dbae7f elementor-section-boxed elementor-section-height-default elementor-section-height-default\" data-id=\"1dbae7f\" data-element_type=\"section\" data-e-type=\"section\" id=\"form\">\n\t\t\t\t\t\t<div class=\"elementor-container elementor-column-gap-default\">\n\t\t\t\t\t<div class=\"elementor-column elementor-col-100 elementor-top-column elementor-element elementor-element-634bb66\" data-id=\"634bb66\" data-element_type=\"column\" data-e-type=\"column\">\n\t\t\t<div class=\"elementor-widget-wrap elementor-element-populated\">\n\t\t\t\t\t\t<div class=\"elementor-element elementor-element-4fa0733 elementor-widget elementor-widget-heading\" data-id=\"4fa0733\" data-element_type=\"widget\" data-e-type=\"widget\" data-widget_type=\"heading.default\">\n\t\t\t\t<div class=\"elementor-widget-container\">\n\t\t\t\t\t<h2 class=\"elementor-heading-title elementor-size-default\">Modulo d'ordine<\/h2>\t\t\t\t<\/div>\n\t\t\t\t<\/div>\n\t\t\t\t<div class=\"elementor-element elementor-element-ab293bb elementor-widget elementor-widget-heading\" data-id=\"ab293bb\" data-element_type=\"widget\" data-e-type=\"widget\" data-widget_type=\"heading.default\">\n\t\t\t\t<div class=\"elementor-widget-container\">\n\t\t\t\t\t<h3 class=\"elementor-heading-title elementor-size-default\">Prezzo: \u20ac 9<\/h3>\t\t\t\t<\/div>\n\t\t\t\t<\/div>\n\t\t\t\t<div class=\"elementor-element elementor-element-ef37c27 elementor-button-align-stretch elementor-widget elementor-widget-form\" data-id=\"ef37c27\" data-element_type=\"widget\" data-e-type=\"widget\" data-settings=\"{&quot;step_next_label&quot;:&quot;Prossimo&quot;,&quot;step_previous_label&quot;:&quot;Torna indietro&quot;,&quot;button_width&quot;:&quot;100&quot;,&quot;step_type&quot;:&quot;number_text&quot;,&quot;step_icon_shape&quot;:&quot;circle&quot;}\" data-widget_type=\"form.default\">\n\t\t\t\t<div class=\"elementor-widget-container\">\n\t\t\t\t\t\t\t<form class=\"elementor-form\" method=\"post\" name=\"form cataloghi\" aria-label=\"form cataloghi\">\n\t\t\t<input type=\"hidden\" name=\"post_id\" value=\"6107\"\/>\n\t\t\t<input type=\"hidden\" name=\"form_id\" value=\"ef37c27\"\/>\n\t\t\t<input type=\"hidden\" name=\"referer_title\" value=\"Catalogo La collezione Franco FarinaArte e avanguardia a Ferrara 1963\/1993 - Palazzo dei Diamanti | Arte a Ferrara\" \/>\n\n\t\t\t\t\t\t\t<input type=\"hidden\" name=\"queried_id\" value=\"6107\"\/>\n\t\t\t\n\t\t\t<div class=\"elementor-form-fields-wrapper elementor-labels-above\">\n\t\t\t\t\t\t\t\t<div class=\"elementor-field-type-step elementor-field-group elementor-column elementor-field-group-field_d5fd355 elementor-col-100\">\n\t\t\t\t\t\t\t<div class=\"e-field-step elementor-hidden\" data-label=\"Dati Acquirente\" data-previousButton=\"\" data-nextButton=\"Passa a: Spedizione e Pagamento\" data-iconUrl=\"\" data-iconLibrary=\"fas fa-star\" data-icon=\"\" ><\/div>\n\n\t\t\t\t\t\t<\/div>\n\t\t\t\t\t\t\t\t<div class=\"elementor-field-type-number elementor-field-group elementor-column elementor-field-group-ncopie elementor-col-100 elementor-field-required\">\n\t\t\t\t\t\t\t\t\t\t\t\t<label for=\"form-field-ncopie\" class=\"elementor-field-label\">\n\t\t\t\t\t\t\t\tNumero copie\t\t\t\t\t\t\t<\/label>\n\t\t\t\t\t\t\t\t\t<input type=\"number\" name=\"form_fields[ncopie]\" id=\"form-field-ncopie\" class=\"elementor-field elementor-size-sm  elementor-field-textual\" required=\"required\" min=\"\" max=\"\" >\n\t\t\t\t\t\t<\/div>\n\t\t\t\t\t\t\t\t<div class=\"elementor-field-type-text elementor-field-group elementor-column elementor-field-group-name elementor-col-50 elementor-field-required\">\n\t\t\t\t\t\t\t\t\t\t\t\t<label for=\"form-field-name\" class=\"elementor-field-label\">\n\t\t\t\t\t\t\t\tNome\t\t\t\t\t\t\t<\/label>\n\t\t\t\t\t\t\t\t\t\t\t\t\t\t<input size=\"1\" type=\"text\" name=\"form_fields[name]\" id=\"form-field-name\" class=\"elementor-field elementor-size-sm  elementor-field-textual\" required=\"required\">\n\t\t\t\t\t\t\t\t\t\t\t<\/div>\n\t\t\t\t\t\t\t\t<div class=\"elementor-field-type-text elementor-field-group elementor-column elementor-field-group-field_89cae6a elementor-col-50 elementor-field-required\">\n\t\t\t\t\t\t\t\t\t\t\t\t<label for=\"form-field-field_89cae6a\" class=\"elementor-field-label\">\n\t\t\t\t\t\t\t\tCognome\t\t\t\t\t\t\t<\/label>\n\t\t\t\t\t\t\t\t\t\t\t\t\t\t<input size=\"1\" type=\"text\" name=\"form_fields[field_89cae6a]\" id=\"form-field-field_89cae6a\" class=\"elementor-field elementor-size-sm  elementor-field-textual\" required=\"required\">\n\t\t\t\t\t\t\t\t\t\t\t<\/div>\n\t\t\t\t\t\t\t\t<div class=\"elementor-field-type-date elementor-field-group elementor-column elementor-field-group-field_7fbd3d3 elementor-col-50 elementor-field-required\">\n\t\t\t\t\t\t\t\t\t\t\t\t<label for=\"form-field-field_7fbd3d3\" class=\"elementor-field-label\">\n\t\t\t\t\t\t\t\tData di Nascita\t\t\t\t\t\t\t<\/label>\n\t\t\t\t\t\t\n\t\t<input type=\"date\" name=\"form_fields[field_7fbd3d3]\" id=\"form-field-field_7fbd3d3\" class=\"elementor-field elementor-size-sm  elementor-field-textual elementor-date-field\" required=\"required\" pattern=\"[0-9]{4}-[0-9]{2}-[0-9]{2}\">\n\t\t\t\t\t\t<\/div>\n\t\t\t\t\t\t\t\t<div class=\"elementor-field-type-text elementor-field-group elementor-column elementor-field-group-field_742a550 elementor-col-50 elementor-field-required\">\n\t\t\t\t\t\t\t\t\t\t\t\t<label for=\"form-field-field_742a550\" class=\"elementor-field-label\">\n\t\t\t\t\t\t\t\tLuogo di Nascita\t\t\t\t\t\t\t<\/label>\n\t\t\t\t\t\t\t\t\t\t\t\t\t\t<input size=\"1\" type=\"text\" name=\"form_fields[field_742a550]\" id=\"form-field-field_742a550\" class=\"elementor-field elementor-size-sm  elementor-field-textual\" required=\"required\">\n\t\t\t\t\t\t\t\t\t\t\t<\/div>\n\t\t\t\t\t\t\t\t<div class=\"elementor-field-type-text elementor-field-group elementor-column elementor-field-group-field_8180591 elementor-col-33 elementor-field-required\">\n\t\t\t\t\t\t\t\t\t\t\t\t<label for=\"form-field-field_8180591\" class=\"elementor-field-label\">\n\t\t\t\t\t\t\t\tIndirizzo\t\t\t\t\t\t\t<\/label>\n\t\t\t\t\t\t\t\t\t\t\t\t\t\t<input size=\"1\" type=\"text\" name=\"form_fields[field_8180591]\" id=\"form-field-field_8180591\" class=\"elementor-field elementor-size-sm  elementor-field-textual\" required=\"required\">\n\t\t\t\t\t\t\t\t\t\t\t<\/div>\n\t\t\t\t\t\t\t\t<div class=\"elementor-field-type-text elementor-field-group elementor-column elementor-field-group-field_0e1845f elementor-col-33 elementor-field-required\">\n\t\t\t\t\t\t\t\t\t\t\t\t<label for=\"form-field-field_0e1845f\" class=\"elementor-field-label\">\n\t\t\t\t\t\t\t\tCitt\u00e0\t\t\t\t\t\t\t<\/label>\n\t\t\t\t\t\t\t\t\t\t\t\t\t\t<input size=\"1\" type=\"text\" name=\"form_fields[field_0e1845f]\" id=\"form-field-field_0e1845f\" class=\"elementor-field elementor-size-sm  elementor-field-textual\" required=\"required\">\n\t\t\t\t\t\t\t\t\t\t\t<\/div>\n\t\t\t\t\t\t\t\t<div class=\"elementor-field-type-text elementor-field-group elementor-column elementor-field-group-field_29ee5f4 elementor-col-33 elementor-field-required\">\n\t\t\t\t\t\t\t\t\t\t\t\t<label for=\"form-field-field_29ee5f4\" class=\"elementor-field-label\">\n\t\t\t\t\t\t\t\tCap\t\t\t\t\t\t\t<\/label>\n\t\t\t\t\t\t\t\t\t\t\t\t\t\t<input size=\"1\" type=\"text\" name=\"form_fields[field_29ee5f4]\" id=\"form-field-field_29ee5f4\" class=\"elementor-field elementor-size-sm  elementor-field-textual\" required=\"required\">\n\t\t\t\t\t\t\t\t\t\t\t<\/div>\n\t\t\t\t\t\t\t\t<div class=\"elementor-field-type-text elementor-field-group elementor-column elementor-field-group-field_91fb676 elementor-col-33 elementor-field-required\">\n\t\t\t\t\t\t\t\t\t\t\t\t<label for=\"form-field-field_91fb676\" class=\"elementor-field-label\">\n\t\t\t\t\t\t\t\tTelefono\t\t\t\t\t\t\t<\/label>\n\t\t\t\t\t\t\t\t\t\t\t\t\t\t<input size=\"1\" type=\"text\" name=\"form_fields[field_91fb676]\" id=\"form-field-field_91fb676\" class=\"elementor-field elementor-size-sm  elementor-field-textual\" required=\"required\">\n\t\t\t\t\t\t\t\t\t\t\t<\/div>\n\t\t\t\t\t\t\t\t<div class=\"elementor-field-type-text elementor-field-group elementor-column elementor-field-group-field_2df8a12 elementor-col-33\">\n\t\t\t\t\t\t\t\t\t\t\t\t<label for=\"form-field-field_2df8a12\" class=\"elementor-field-label\">\n\t\t\t\t\t\t\t\tFax\t\t\t\t\t\t\t<\/label>\n\t\t\t\t\t\t\t\t\t\t\t\t\t\t<input size=\"1\" type=\"text\" name=\"form_fields[field_2df8a12]\" id=\"form-field-field_2df8a12\" class=\"elementor-field elementor-size-sm  elementor-field-textual\">\n\t\t\t\t\t\t\t\t\t\t\t<\/div>\n\t\t\t\t\t\t\t\t<div class=\"elementor-field-type-email elementor-field-group elementor-column elementor-field-group-email elementor-col-33 elementor-field-required\">\n\t\t\t\t\t\t\t\t\t\t\t\t<label for=\"form-field-email\" class=\"elementor-field-label\">\n\t\t\t\t\t\t\t\tEmail\t\t\t\t\t\t\t<\/label>\n\t\t\t\t\t\t\t\t\t\t\t\t\t\t<input size=\"1\" type=\"email\" name=\"form_fields[email]\" id=\"form-field-email\" class=\"elementor-field elementor-size-sm  elementor-field-textual\" required=\"required\">\n\t\t\t\t\t\t\t\t\t\t\t<\/div>\n\t\t\t\t\t\t\t\t<div class=\"elementor-field-type-text elementor-field-group elementor-column elementor-field-group-field_4c493e4 elementor-col-50 elementor-field-required\">\n\t\t\t\t\t\t\t\t\t\t\t\t<label for=\"form-field-field_4c493e4\" class=\"elementor-field-label\">\n\t\t\t\t\t\t\t\tCodice Fiscale\t\t\t\t\t\t\t<\/label>\n\t\t\t\t\t\t\t\t\t\t\t\t\t\t<input size=\"1\" type=\"text\" name=\"form_fields[field_4c493e4]\" id=\"form-field-field_4c493e4\" class=\"elementor-field elementor-size-sm  elementor-field-textual\" required=\"required\">\n\t\t\t\t\t\t\t\t\t\t\t<\/div>\n\t\t\t\t\t\t\t\t<div class=\"elementor-field-type-text elementor-field-group elementor-column elementor-field-group-field_8a3f12b elementor-col-50\">\n\t\t\t\t\t\t\t\t\t\t\t\t<label for=\"form-field-field_8a3f12b\" class=\"elementor-field-label\">\n\t\t\t\t\t\t\t\tPartita IVA \t\t\t\t\t\t\t<\/label>\n\t\t\t\t\t\t\t\t\t\t\t\t\t\t<input size=\"1\" type=\"text\" name=\"form_fields[field_8a3f12b]\" id=\"form-field-field_8a3f12b\" class=\"elementor-field elementor-size-sm  elementor-field-textual\">\n\t\t\t\t\t\t\t\t\t\t\t<\/div>\n\t\t\t\t\t\t\t\t<div class=\"elementor-field-type-text elementor-field-group elementor-column elementor-field-group-field_e14c09e elementor-col-100\">\n\t\t\t\t\t\t\t\t\t\t\t\t<label for=\"form-field-field_e14c09e\" class=\"elementor-field-label\">\n\t\t\t\t\t\t\t\tCodice Destinatario (Obbligatorio solo se si richiede fatturazione elettronica)\t\t\t\t\t\t\t<\/label>\n\t\t\t\t\t\t\t\t\t\t\t\t\t\t<input size=\"1\" type=\"text\" name=\"form_fields[field_e14c09e]\" id=\"form-field-field_e14c09e\" class=\"elementor-field elementor-size-sm  elementor-field-textual\">\n\t\t\t\t\t\t\t\t\t\t\t<\/div>\n\t\t\t\t\t\t\t\t<div class=\"elementor-field-type-text elementor-field-group elementor-column elementor-field-group-field_ac3a0d8 elementor-col-100\">\n\t\t\t\t\t\t\t\t\t\t\t\t<label for=\"form-field-field_ac3a0d8\" class=\"elementor-field-label\">\n\t\t\t\t\t\t\t\tIndirizzo PEC (Obbligatorio solo se si richiede fatturazione elettronica)\t\t\t\t\t\t\t<\/label>\n\t\t\t\t\t\t\t\t\t\t\t\t\t\t<input size=\"1\" type=\"text\" name=\"form_fields[field_ac3a0d8]\" id=\"form-field-field_ac3a0d8\" class=\"elementor-field elementor-size-sm  elementor-field-textual\">\n\t\t\t\t\t\t\t\t\t\t\t<\/div>\n\t\t\t\t\t\t\t\t<div class=\"elementor-field-type-step elementor-field-group elementor-column elementor-field-group-field_355ced8 elementor-col-100\">\n\t\t\t\t\t\t\t<div class=\"e-field-step elementor-hidden\" data-label=\"Spedizione e Pagamento\" data-previousButton=\"\" data-nextButton=\"\" data-iconUrl=\"\" data-iconLibrary=\"fas fa-star\" data-icon=\"\" ><\/div>\n\n\t\t\t\t\t\t<\/div>\n\t\t\t\t\t\t\t\t<div class=\"elementor-field-type-select elementor-field-group elementor-column elementor-field-group-field_7d04e66 elementor-col-100 elementor-field-required\">\n\t\t\t\t\t\t\t\t\t\t\t\t<label for=\"form-field-field_7d04e66\" class=\"elementor-field-label\">\n\t\t\t\t\t\t\t\tSceglie metodo di Spedizione\t\t\t\t\t\t\t<\/label>\n\t\t\t\t\t\t\t\t<div class=\"elementor-field elementor-select-wrapper remove-before \">\n\t\t\t<div class=\"select-caret-down-wrapper\">\n\t\t\t\t<i aria-hidden=\"true\" class=\"eicon-caret-down\"><\/i>\t\t\t<\/div>\n\t\t\t<select name=\"form_fields[field_7d04e66]\" id=\"form-field-field_7d04e66\" class=\"elementor-field-textual elementor-size-sm\" required=\"required\">\n\t\t\t\t\t\t\t\t\t<option value=\"Spedizione POSTALE ORDINARIA \u20ac 9,50 (tracciabile, pagamento con bonifico anticipato o carta di credito)\">Spedizione POSTALE ORDINARIA \u20ac 9,50 (tracciabile, pagamento con bonifico anticipato o carta di credito)<\/option>\n\t\t\t\t\t\t\t\t\t<option value=\"Spedizione con PIEGO DI LIBRO \u20ac4,50 (NON tracciabile, pagamento con bonifico anticipato o carta di credito)\">Spedizione con PIEGO DI LIBRO \u20ac4,50 (NON tracciabile, pagamento con bonifico anticipato o carta di credito)<\/option>\n\t\t\t\t\t\t\t\t\t<option value=\"Spedizione con CONTRASSEGNO \u20ac 12,00 (tracciabile, pagamento in contanti alla consegna)\">Spedizione con CONTRASSEGNO \u20ac 12,00 (tracciabile, pagamento in contanti alla consegna)<\/option>\n\t\t\t\t\t\t\t<\/select>\n\t\t<\/div>\n\t\t\t\t\t\t<\/div>\n\t\t\t\t\t\t\t\t<div class=\"elementor-field-type-step elementor-field-group elementor-column elementor-field-group-field_930fc53 elementor-col-100\">\n\t\t\t\t\t\t\t<div class=\"e-field-step elementor-hidden\" data-label=\"Riservatezza\" data-previousButton=\"\" data-nextButton=\"\" data-iconUrl=\"\" data-iconLibrary=\"fas fa-star\" data-icon=\"\" ><\/div>\n\n\t\t\t\t\t\t<\/div>\n\t\t\t\t\t\t\t\t<div class=\"elementor-field-type-acceptance elementor-field-group elementor-column elementor-field-group-field_0e3225f elementor-col-100 elementor-field-required\">\n\t\t\t\t\t\t\t<div class=\"elementor-field-subgroup\">\n\t\t\t<span class=\"elementor-field-option\">\n\t\t\t\t<input type=\"checkbox\" name=\"form_fields[field_0e3225f]\" id=\"form-field-field_0e3225f\" class=\"elementor-field elementor-size-sm  elementor-acceptance-field\" required=\"required\">\n\t\t\t\t<label for=\"form-field-field_0e3225f\">ACCETTO E PRENDO VISIONE DELLE SEGUENTI CONDIZIONI:<br><br>La salvaguardia della riservatezza dei dati personali dei nostri interlocutori \u00e8 un nostro impegno prioritario. I dati verranno trattati nel rispetto del Regolamento europeo (UE) 2016\/679 (di seguito GDPR) e del D.Lgs. 196\/2003, cos\u00ec come modificato dal D.Lgs. 101\/2018.<br><br>\n\nPrima di inviarci i suoi dati personali legga l'informativa relativa all'uso che ne faremo, cos\u00ec come previsto dalla legge.<br><br>\n\nLa informiamo che potr\u00e0 esercitare i diritti previsti dalla normativa vigente scrivendo a:<br><br>\n\nPalazzo dei Diamanti\nFerrara - Corso Ercole I d'Este, 19\n44121 Ferrara<br><br>\n\n\n\nGESTIONE DEI DATI PERSONALI E RISERVATEZZA\nAi sensi del D. Lgs. n. 196 del 30\/06\/2003 la informiamo che i suoi dati verranno conservati negli archivi informatici di Palazzo dei Diamanti per l'invio di materiale di promozione ed informazione turistica.<br><br>\n\n\nScegliendo \"Accetto\", Lei acconsente che i suoi dati vengano registrati ed utilizzati anche successivamente alla presente richiesta per l'invio di altro materiale informativo sulle mostre e sulle manifestazioni organizzate da Ferrara Arte e dalle Gallerie d'Arte Moderna e Contemporanea del Comune di Ferrara.\n<\/label>\t\t\t<\/span>\n\t\t<\/div>\n\t\t\t\t\t\t<\/div>\n\t\t\t\t\t\t\t\t<div class=\"elementor-field-type-recaptcha_v3 elementor-field-group elementor-column elementor-field-group-field_88a8cd6 elementor-col-100 recaptcha_v3-bottomright\">\n\t\t\t\t\t<div class=\"elementor-field\" id=\"form-field-field_88a8cd6\"><div class=\"elementor-g-recaptcha\" data-sitekey=\"6LdX34QjAAAAAJGIqkYEgTCmTJ0zvixw2CjGNbhT\" data-type=\"v3\" data-action=\"Form\" data-badge=\"bottomright\" data-size=\"invisible\"><\/div><\/div>\t\t\t\t<\/div>\n\t\t\t\t\t\t\t\t<div class=\"elementor-field-group elementor-column elementor-field-type-submit elementor-col-100 e-form__buttons\">\n\t\t\t\t\t<button class=\"elementor-button elementor-size-sm\" type=\"submit\">\n\t\t\t\t\t\t<span class=\"elementor-button-content-wrapper\">\n\t\t\t\t\t\t\t\t\t\t\t\t\t\t\t\t\t\t\t\t\t\t<span class=\"elementor-button-text\">INVIA<\/span>\n\t\t\t\t\t\t\t\t\t\t\t\t\t<\/span>\n\t\t\t\t\t<\/button>\n\t\t\t\t<\/div>\n\t\t\t<\/div>\n\t\t<\/form>\n\t\t\t\t\t\t<\/div>\n\t\t\t\t<\/div>\n\t\t\t\t\t<\/div>\n\t\t<\/div>\n\t\t\t\t\t<\/div>\n\t\t<\/section>\n\t\t\t\t<\/div>\n\t\t","protected":false},"parent":0,"template":"","cataloghi":[26],"didattica":[],"mostra-di-riferimento":[30,122],"class_list":["post-6107","contenuti-mostre","type-contenuti-mostre","status-publish","hentry","cataloghi-ok","mostra-di-riferimento-altre-pubblicazioni","mostra-di-riferimento-farina"],"yoast_head":"<!-- This site is optimized with the Yoast SEO plugin v27.4 - https:\/\/yoast.com\/product\/yoast-seo-wordpress\/ -->\n<title>Catalogo La collezione Franco FarinaArte e avanguardia a Ferrara 1963\/1993 - Palazzo dei Diamanti | Arte a Ferrara<\/title>\n<meta name=\"description\" content=\"Scopri il Catalogo della mostra La collezione Franco FarinaArte e avanguardia a Ferrara 1963\/1993 | Padiglione d\u2019Arte Contemporanea di Ferrara\" \/>\n<meta name=\"robots\" content=\"index, follow, max-snippet:-1, max-image-preview:large, max-video-preview:-1\" \/>\n<link rel=\"canonical\" href=\"https:\/\/www.palazzodiamanti.it\/contenuti-mostre\/catalogo-farina\/\" \/>\n<meta property=\"og:locale\" content=\"en_US\" \/>\n<meta property=\"og:type\" content=\"article\" \/>\n<meta property=\"og:title\" content=\"Catalogo La collezione Franco FarinaArte e avanguardia a Ferrara 1963\/1993 - Palazzo dei Diamanti | Arte a Ferrara\" \/>\n<meta property=\"og:description\" content=\"Scopri il Catalogo della mostra La collezione Franco FarinaArte e avanguardia a Ferrara 1963\/1993 | Padiglione d\u2019Arte Contemporanea di Ferrara\" \/>\n<meta property=\"og:url\" content=\"https:\/\/www.palazzodiamanti.it\/contenuti-mostre\/catalogo-farina\/\" \/>\n<meta property=\"og:site_name\" content=\"Palazzo dei Diamanti\" \/>\n<meta property=\"article:publisher\" content=\"https:\/\/www.facebook.com\/PalazzoDiamanti\/\" \/>\n<meta property=\"article:modified_time\" content=\"2023-04-05T13:30:47+00:00\" \/>\n<meta property=\"og:image\" content=\"https:\/\/www.palazzodiamanti.it\/wp-content\/uploads\/2022\/11\/2019-Collezione-Farina-Catalogo.jpg\" \/>\n<meta name=\"twitter:card\" content=\"summary_large_image\" \/>\n<meta name=\"twitter:label1\" content=\"Est. reading time\" \/>\n\t<meta name=\"twitter:data1\" content=\"6 minutes\" \/>\n<script type=\"application\/ld+json\" class=\"yoast-schema-graph\">{\"@context\":\"https:\\\/\\\/schema.org\",\"@graph\":[{\"@type\":\"WebPage\",\"@id\":\"https:\\\/\\\/www.palazzodiamanti.it\\\/contenuti-mostre\\\/catalogo-farina\\\/\",\"url\":\"https:\\\/\\\/www.palazzodiamanti.it\\\/contenuti-mostre\\\/catalogo-farina\\\/\",\"name\":\"Catalogo La collezione Franco FarinaArte e avanguardia a Ferrara 1963\\\/1993 - Palazzo dei Diamanti | Arte a Ferrara\",\"isPartOf\":{\"@id\":\"https:\\\/\\\/www.palazzodiamanti.it\\\/#website\"},\"primaryImageOfPage\":{\"@id\":\"https:\\\/\\\/www.palazzodiamanti.it\\\/contenuti-mostre\\\/catalogo-farina\\\/#primaryimage\"},\"image\":{\"@id\":\"https:\\\/\\\/www.palazzodiamanti.it\\\/contenuti-mostre\\\/catalogo-farina\\\/#primaryimage\"},\"thumbnailUrl\":\"https:\\\/\\\/www.palazzodiamanti.it\\\/wp-content\\\/uploads\\\/2022\\\/11\\\/2019-Collezione-Farina-Catalogo.jpg\",\"datePublished\":\"2019-12-21T18:08:00+00:00\",\"dateModified\":\"2023-04-05T13:30:47+00:00\",\"description\":\"Scopri il Catalogo della mostra La collezione Franco FarinaArte e avanguardia a Ferrara 1963\\\/1993 | Padiglione d\u2019Arte Contemporanea di Ferrara\",\"breadcrumb\":{\"@id\":\"https:\\\/\\\/www.palazzodiamanti.it\\\/contenuti-mostre\\\/catalogo-farina\\\/#breadcrumb\"},\"inLanguage\":\"en-US\",\"potentialAction\":[{\"@type\":\"ReadAction\",\"target\":[\"https:\\\/\\\/www.palazzodiamanti.it\\\/contenuti-mostre\\\/catalogo-farina\\\/\"]}]},{\"@type\":\"ImageObject\",\"inLanguage\":\"en-US\",\"@id\":\"https:\\\/\\\/www.palazzodiamanti.it\\\/contenuti-mostre\\\/catalogo-farina\\\/#primaryimage\",\"url\":\"https:\\\/\\\/www.palazzodiamanti.it\\\/wp-content\\\/uploads\\\/2022\\\/11\\\/2019-Collezione-Farina-Catalogo.jpg\",\"contentUrl\":\"https:\\\/\\\/www.palazzodiamanti.it\\\/wp-content\\\/uploads\\\/2022\\\/11\\\/2019-Collezione-Farina-Catalogo.jpg\"},{\"@type\":\"BreadcrumbList\",\"@id\":\"https:\\\/\\\/www.palazzodiamanti.it\\\/contenuti-mostre\\\/catalogo-farina\\\/#breadcrumb\",\"itemListElement\":[{\"@type\":\"ListItem\",\"position\":1,\"name\":\"Home\",\"item\":\"https:\\\/\\\/www.palazzodiamanti.it\\\/en\\\/home\\\/\"},{\"@type\":\"ListItem\",\"position\":2,\"name\":\"Contenuti Mostre\",\"item\":\"https:\\\/\\\/www.palazzodiamanti.it\\\/contenuti-mostre\\\/\"},{\"@type\":\"ListItem\",\"position\":3,\"name\":\"Catalogo\"}]},{\"@type\":\"WebSite\",\"@id\":\"https:\\\/\\\/www.palazzodiamanti.it\\\/#website\",\"url\":\"https:\\\/\\\/www.palazzodiamanti.it\\\/\",\"name\":\"Palazzo dei Diamanti\",\"description\":\"Mostre d\u2019arte a Ferrara | Palazzo dei Diamanti\",\"publisher\":{\"@id\":\"https:\\\/\\\/www.palazzodiamanti.it\\\/#organization\"},\"alternateName\":\"Ferrara Arte\",\"potentialAction\":[{\"@type\":\"SearchAction\",\"target\":{\"@type\":\"EntryPoint\",\"urlTemplate\":\"https:\\\/\\\/www.palazzodiamanti.it\\\/?s={search_term_string}\"},\"query-input\":{\"@type\":\"PropertyValueSpecification\",\"valueRequired\":true,\"valueName\":\"search_term_string\"}}],\"inLanguage\":\"en-US\"},{\"@type\":\"Organization\",\"@id\":\"https:\\\/\\\/www.palazzodiamanti.it\\\/#organization\",\"name\":\"Palazzo dei Diamanti\",\"alternateName\":\"Ferrara Arte\",\"url\":\"https:\\\/\\\/www.palazzodiamanti.it\\\/\",\"logo\":{\"@type\":\"ImageObject\",\"inLanguage\":\"en-US\",\"@id\":\"https:\\\/\\\/www.palazzodiamanti.it\\\/#\\\/schema\\\/logo\\\/image\\\/\",\"url\":\"https:\\\/\\\/www.palazzodiamanti.it\\\/wp-content\\\/uploads\\\/2021\\\/12\\\/logo-palazzo-diamanti-official.png\",\"contentUrl\":\"https:\\\/\\\/www.palazzodiamanti.it\\\/wp-content\\\/uploads\\\/2021\\\/12\\\/logo-palazzo-diamanti-official.png\",\"width\":1000,\"height\":489,\"caption\":\"Palazzo dei Diamanti\"},\"image\":{\"@id\":\"https:\\\/\\\/www.palazzodiamanti.it\\\/#\\\/schema\\\/logo\\\/image\\\/\"},\"sameAs\":[\"https:\\\/\\\/www.facebook.com\\\/PalazzoDiamanti\\\/\",\"https:\\\/\\\/www.instagram.com\\\/PalazzoDiamanti\\\/\",\"https:\\\/\\\/www.youtube.com\\\/channel\\\/UCrkn9LzeLVL-Mcxu9vBP7xA\",\"https:\\\/\\\/vimeo.com\\\/palazzodiamanti\"]}]}<\/script>\n<!-- \/ Yoast SEO plugin. -->","yoast_head_json":{"title":"Catalogo La collezione Franco FarinaArte e avanguardia a Ferrara 1963\/1993 - Palazzo dei Diamanti | Arte a Ferrara","description":"Scopri il Catalogo della mostra La collezione Franco FarinaArte e avanguardia a Ferrara 1963\/1993 | Padiglione d\u2019Arte Contemporanea di Ferrara","robots":{"index":"index","follow":"follow","max-snippet":"max-snippet:-1","max-image-preview":"max-image-preview:large","max-video-preview":"max-video-preview:-1"},"canonical":"https:\/\/www.palazzodiamanti.it\/contenuti-mostre\/catalogo-farina\/","og_locale":"en_US","og_type":"article","og_title":"Catalogo La collezione Franco FarinaArte e avanguardia a Ferrara 1963\/1993 - Palazzo dei Diamanti | Arte a Ferrara","og_description":"Scopri il Catalogo della mostra La collezione Franco FarinaArte e avanguardia a Ferrara 1963\/1993 | Padiglione d\u2019Arte Contemporanea di Ferrara","og_url":"https:\/\/www.palazzodiamanti.it\/contenuti-mostre\/catalogo-farina\/","og_site_name":"Palazzo dei Diamanti","article_publisher":"https:\/\/www.facebook.com\/PalazzoDiamanti\/","article_modified_time":"2023-04-05T13:30:47+00:00","og_image":[{"url":"https:\/\/www.palazzodiamanti.it\/wp-content\/uploads\/2022\/11\/2019-Collezione-Farina-Catalogo.jpg","type":"","width":"","height":""}],"twitter_card":"summary_large_image","twitter_misc":{"Est. reading time":"6 minutes"},"schema":{"@context":"https:\/\/schema.org","@graph":[{"@type":"WebPage","@id":"https:\/\/www.palazzodiamanti.it\/contenuti-mostre\/catalogo-farina\/","url":"https:\/\/www.palazzodiamanti.it\/contenuti-mostre\/catalogo-farina\/","name":"Catalogo La collezione Franco FarinaArte e avanguardia a Ferrara 1963\/1993 - Palazzo dei Diamanti | Arte a Ferrara","isPartOf":{"@id":"https:\/\/www.palazzodiamanti.it\/#website"},"primaryImageOfPage":{"@id":"https:\/\/www.palazzodiamanti.it\/contenuti-mostre\/catalogo-farina\/#primaryimage"},"image":{"@id":"https:\/\/www.palazzodiamanti.it\/contenuti-mostre\/catalogo-farina\/#primaryimage"},"thumbnailUrl":"https:\/\/www.palazzodiamanti.it\/wp-content\/uploads\/2022\/11\/2019-Collezione-Farina-Catalogo.jpg","datePublished":"2019-12-21T18:08:00+00:00","dateModified":"2023-04-05T13:30:47+00:00","description":"Scopri il Catalogo della mostra La collezione Franco FarinaArte e avanguardia a Ferrara 1963\/1993 | Padiglione d\u2019Arte Contemporanea di Ferrara","breadcrumb":{"@id":"https:\/\/www.palazzodiamanti.it\/contenuti-mostre\/catalogo-farina\/#breadcrumb"},"inLanguage":"en-US","potentialAction":[{"@type":"ReadAction","target":["https:\/\/www.palazzodiamanti.it\/contenuti-mostre\/catalogo-farina\/"]}]},{"@type":"ImageObject","inLanguage":"en-US","@id":"https:\/\/www.palazzodiamanti.it\/contenuti-mostre\/catalogo-farina\/#primaryimage","url":"https:\/\/www.palazzodiamanti.it\/wp-content\/uploads\/2022\/11\/2019-Collezione-Farina-Catalogo.jpg","contentUrl":"https:\/\/www.palazzodiamanti.it\/wp-content\/uploads\/2022\/11\/2019-Collezione-Farina-Catalogo.jpg"},{"@type":"BreadcrumbList","@id":"https:\/\/www.palazzodiamanti.it\/contenuti-mostre\/catalogo-farina\/#breadcrumb","itemListElement":[{"@type":"ListItem","position":1,"name":"Home","item":"https:\/\/www.palazzodiamanti.it\/en\/home\/"},{"@type":"ListItem","position":2,"name":"Contenuti Mostre","item":"https:\/\/www.palazzodiamanti.it\/contenuti-mostre\/"},{"@type":"ListItem","position":3,"name":"Catalogo"}]},{"@type":"WebSite","@id":"https:\/\/www.palazzodiamanti.it\/#website","url":"https:\/\/www.palazzodiamanti.it\/","name":"Palazzo dei Diamanti","description":"Mostre d\u2019arte a Ferrara | Palazzo dei Diamanti","publisher":{"@id":"https:\/\/www.palazzodiamanti.it\/#organization"},"alternateName":"Ferrara Arte","potentialAction":[{"@type":"SearchAction","target":{"@type":"EntryPoint","urlTemplate":"https:\/\/www.palazzodiamanti.it\/?s={search_term_string}"},"query-input":{"@type":"PropertyValueSpecification","valueRequired":true,"valueName":"search_term_string"}}],"inLanguage":"en-US"},{"@type":"Organization","@id":"https:\/\/www.palazzodiamanti.it\/#organization","name":"Palazzo dei Diamanti","alternateName":"Ferrara Arte","url":"https:\/\/www.palazzodiamanti.it\/","logo":{"@type":"ImageObject","inLanguage":"en-US","@id":"https:\/\/www.palazzodiamanti.it\/#\/schema\/logo\/image\/","url":"https:\/\/www.palazzodiamanti.it\/wp-content\/uploads\/2021\/12\/logo-palazzo-diamanti-official.png","contentUrl":"https:\/\/www.palazzodiamanti.it\/wp-content\/uploads\/2021\/12\/logo-palazzo-diamanti-official.png","width":1000,"height":489,"caption":"Palazzo dei Diamanti"},"image":{"@id":"https:\/\/www.palazzodiamanti.it\/#\/schema\/logo\/image\/"},"sameAs":["https:\/\/www.facebook.com\/PalazzoDiamanti\/","https:\/\/www.instagram.com\/PalazzoDiamanti\/","https:\/\/www.youtube.com\/channel\/UCrkn9LzeLVL-Mcxu9vBP7xA","https:\/\/vimeo.com\/palazzodiamanti"]}]}},"_links":{"self":[{"href":"https:\/\/www.palazzodiamanti.it\/en\/wp-json\/wp\/v2\/contenuti-mostre\/6107","targetHints":{"allow":["GET"]}}],"collection":[{"href":"https:\/\/www.palazzodiamanti.it\/en\/wp-json\/wp\/v2\/contenuti-mostre"}],"about":[{"href":"https:\/\/www.palazzodiamanti.it\/en\/wp-json\/wp\/v2\/types\/contenuti-mostre"}],"version-history":[{"count":0,"href":"https:\/\/www.palazzodiamanti.it\/en\/wp-json\/wp\/v2\/contenuti-mostre\/6107\/revisions"}],"wp:attachment":[{"href":"https:\/\/www.palazzodiamanti.it\/en\/wp-json\/wp\/v2\/media?parent=6107"}],"wp:term":[{"taxonomy":"cataloghi","embeddable":true,"href":"https:\/\/www.palazzodiamanti.it\/en\/wp-json\/wp\/v2\/cataloghi?post=6107"},{"taxonomy":"didattica","embeddable":true,"href":"https:\/\/www.palazzodiamanti.it\/en\/wp-json\/wp\/v2\/didattica?post=6107"},{"taxonomy":"mostra-di-riferimento","embeddable":true,"href":"https:\/\/www.palazzodiamanti.it\/en\/wp-json\/wp\/v2\/mostra-di-riferimento?post=6107"}],"curies":[{"name":"wp","href":"https:\/\/api.w.org\/{rel}","templated":true}]}}