{"id":740,"date":"2010-10-11T09:41:00","date_gmt":"2010-10-11T07:41:00","guid":{"rendered":"https:\/\/www.palazzodiamanti.it\/?post_type=contenuti-mostre&#038;p=740"},"modified":"2022-10-27T10:50:10","modified_gmt":"2022-10-27T08:50:10","slug":"mostra-giorno-per-giorno-chardin","status":"publish","type":"contenuti-mostre","link":"https:\/\/www.palazzodiamanti.it\/en\/contenuti-mostre\/mostra-giorno-per-giorno-chardin\/","title":{"rendered":"La mostra giorno per giorno"},"content":{"rendered":"\t\t<div data-elementor-type=\"wp-post\" data-elementor-id=\"740\" class=\"elementor elementor-740\" data-elementor-post-type=\"contenuti-mostre\">\n\t\t\t\t\t\t<section class=\"elementor-section elementor-top-section elementor-element elementor-element-3c8ba40 elementor-section-boxed elementor-section-height-default elementor-section-height-default\" data-id=\"3c8ba40\" data-element_type=\"section\" data-e-type=\"section\">\n\t\t\t\t\t\t<div class=\"elementor-container elementor-column-gap-default\">\n\t\t\t\t\t<div class=\"elementor-column elementor-col-100 elementor-top-column elementor-element elementor-element-5f80555\" data-id=\"5f80555\" data-element_type=\"column\" data-e-type=\"column\">\n\t\t\t<div class=\"elementor-widget-wrap elementor-element-populated\">\n\t\t\t\t\t\t<div class=\"elementor-element elementor-element-519b3c6 elementor-widget elementor-widget-text-editor\" data-id=\"519b3c6\" data-element_type=\"widget\" data-e-type=\"widget\" data-widget_type=\"text-editor.default\">\n\t\t\t\t<div class=\"elementor-widget-container\">\n\t\t\t\t\t\t\t\t\t<p><span style=\"color: #c2601e;\"><strong>CHARDIN GIORNO PER GIORNO<\/strong><\/span><\/p><p><small><span style=\"color: gray;\">la mostra d&#8217;arte dietro le quinte<\/span><\/small><br \/><span style=\"color: #000000;\"><strong><big>Chardin al Prado<\/big><\/strong><\/span><br \/>Il prossimo 1\u00b0 marzo la mostra d&#8217;arte su Chardin aprir\u00e0 al Prado di Madrid, se siete in zona e vi \u00e8 scappata l&#8217;esposizione di Ferrara, sar\u00e0 un&#8217;ottima occasione per visitare il nostro prestigioso partner spagnolo!<br \/><strong><a href=\"http:\/\/www.museodelprado.es\/exposiciones\/info\/en-el-museo\/chardin\/\">vai al sito del Prado<\/a><\/strong><\/p><p><small><span style=\"color: gray;\">la mostra d&#8217;arte dietro le quinte<\/span><\/small><br \/><span style=\"color: #000000;\"><strong><big>Parigi degli anni Venti il prossimo autunno<\/big><\/strong><\/span><br \/>Grande soddisfazione per Chardin, con 78.000 vistatori (ora il dato \u00e8 ufficiale) in poco pi\u00f9 di 100 giorni di mostra, molti dei quali hanno approfittato dell&#8217;occasione per visitare altre attrazioni della nostra citt\u00e0.<br \/>Ma non \u00e8 certo il momento di accomodarsi sugli allori: nella conferenza stampa di chiusura della mostra dedicata a Chardin, Ferrara Arte ha finalmente annunciato l&#8217;esposizione del prossimo autunno, dedicata alla Parigi degli anni \u201920 del \u2018900, con nomi di primissimo rilievo come Picasso, Modigliani, Dal\u00ec, Mondrian e Magritte.<br \/><strong><a href=\"http:\/\/www.estense.com\/palazzo-dei-diamanti-gioiello-della-citta-0123143.html\">leggi l&#8217;articolo<\/a><\/strong><\/p><p><small><span style=\"color: gray;\">la mostra d&#8217;arte dietro le quinte<\/span><\/small><br \/><span style=\"color: #000000;\"><strong><big>Verso gli Amici dei Diamanti?<\/big><\/strong><\/span><br \/>Chardin ha dimostrato quello che diciamo fin dall&#8217;inizio di questa avventura: \u00e8 possibile realizzare una mostra d&#8217;arte dai forti contenuti innovativi, fuori da certe mode consolidate. e raccogliere non solo ottimi risultati di critica, ma anche buone affluenze di visitatori.<br \/>Ecco perch\u00e9 il Comune di Ferrara sta pensando di avviare nuovi progetti di partecipazione dell&#8217;opinione pubblica, locale ma non solo, alle mostre d&#8217;arte di Palazzo dei Diamanti.<br \/><strong><a href=\"http:\/\/lanuovaferrara.gelocal.it\/cronaca\/2011\/01\/31\/news\/chardin-fa-splendere-i-diamanti-3321382\">leggi l&#8217;articolo<\/a><\/strong><\/p><p><small><span style=\"color: gray;\">la mostra d&#8217;arte dietro le quinte<\/span><\/small><br \/><span style=\"color: #000000;\"><strong><big>Una mostra oltre le aspettative<\/big><\/strong><\/span><br \/>A mostra chiusa da pochi giorni, la soddisfazione \u00e8 piena.<br \/>Nelle\u00a0<strong><a href=\"http:\/\/www.estense.com\/chardin-giu-il-sipario-con-record-0121769.html\">parole del vicesindaco di Ferrara Massimo Maisto<\/a><\/strong>\u00a0non ci sono solo numeri (si stima un&#8217;affluenza di circa 76mila visitatori, quando le previsioni erano di 70mila), ma anche la riuscita di un sfida culturale non scontata.<br \/><strong><a href=\"http:\/\/www.estense.com\/chardin-giu-il-sipario-con-record-0121769.html\">vai all&#8217;articolo<\/a><\/strong><\/p><p><small><span style=\"color: gray;\">la mostra d&#8217;arte per le scuole<\/span><\/small><br \/><span style=\"color: #000000;\"><strong><big>Chardin RaiNews24<\/big><\/strong><\/span><br \/>Gran bel servizio quello apparso qualche giorno fa su\u00a0<strong><a href=\"http:\/\/altrevoci.blog.rainews24.it\/2011\/01\/21\/jean-baptiste-simeon-chardin-in-mostra\/\">RaiNews24<\/a><\/strong>, dedicato al nostro Chardin. Una mostra che ha certamente attratto molti turisti in citt\u00e0, ma che \u00e8 stata, come ha detto il vicesindaco del Comune di Ferrara Massimo Maisto, &#8220;<strong>un progetto didattico e culturale a favore di tutto il pubblico italiano<\/strong>&#8220;.<br \/>Maria Luisa Pacelli, direttrice delle Gallerie d\u2019Arte Moderna e Contemporanea di Ferrara, ha poi illustrato le linee guida di questa mostra:\u00a0<strong>un progetto espositivo &#8220;non scontato&#8221;<\/strong>, sia nella scelta dell&#8217;artista che negli strumenti promozionali e didattici che ha accompagnato questi tre mesi e mezzo di esposizione.<br \/>Su tutte,\u00a0<strong>l&#8217;apprezzatissimo volume\u00a0<em>Al di l\u00e0, Papa! Chardin tra le righe<\/em><\/strong>, lettera immaginaria in cui Chardin spiega al figlio la propria arte e il proprio tempo. &#8220;Abbiamo voluto coinvolgere i bambini tenendoli per mano, utilizzando il loro punto di vista&#8221;, spiega l&#8217;autore Luigi Dal Cin.<br \/>Ha raccolto altrettanto successo il\u00a0<strong>laboratorio didattico<\/strong>\u00a0in cui alcuni\u00a0<strong>ragazzi ferraresi hanno guidato studenti pi\u00f9 giovani tra le opere della mostra<\/strong>. &#8220;E&#8217; stato davvero emozionante &#8211; ha detto il vicesindaco Maisto &#8211; ammirare la capacit\u00e0 narrativa di questi giovani&#8221;.<br \/><strong><a href=\"http:\/\/altrevoci.blog.rainews24.it\/2011\/01\/21\/jean-baptiste-simeon-chardin-in-mostra\/\">vai a RaiNews24<\/a><\/strong><\/p><p><small><span style=\"color: gray;\">la mostra in una citt\u00e0 d&#8217;arte<\/span><\/small><br \/><span style=\"color: #000000;\"><strong><big>Arte e natura in pericolo per le strade di Ferrara<\/big><\/strong><\/span><br \/>Se dopo la mostra su Chardin farete due passi per Ferrara,\u00a0<strong>vi capiter\u00e0 di incrociare rinoceronti, balene, ippopotami e altri animali<\/strong>\u00a0che di norma non si incontrano in una citt\u00e0 d&#8217;arte.<br \/>In occasione dell\u2019Anno Mondiale della Biodiversit\u00e0, MLB home gallery di Ferrara in collaborazione con il Museo di Storia Naturale di Ferrara, ha ideato questa spettacolare\u00a0<strong>iniziativa che coniuga arte e scienza, architettura e tecnologia:<\/strong>\u00a0The Faunal Countdown. Prima rassegna urbana di Arte Invadente. The Faunal Countdown (il conto alla rovescia della fauna) consiste in una serie di interventi di arte urbana che hanno come finalit\u00e0 la\u00a0<strong>sensibilizzazione del pubblico \u201cdi strada\u201d sul tema delle specie animali in via di estinzione.<\/strong><br \/><strong><a href=\"http:\/\/www.ferraraterraeacqua.it\/sito?lang=IT&amp;eventi=3&amp;scheda=697\">vai alla presentazione del progetto<\/a><\/strong><\/p><p><small><span style=\"color: gray;\">a proposito di Chardin<\/span><\/small><br \/><span style=\"color: #000000;\"><strong><big>La luce di Chardin<\/big><\/strong><\/span><br \/>[\u2026] [Chardin] \u00e8 davvero, dopo Van der Meer [Vermeer] di Delft,\u00a0<strong>l\u2019inventore di quel grigio francese cos\u00ec felicemente contrapposto ai pastelli fiamminghi<\/strong>, al bitume dei paesi brumosi. Un quadro fiammingo, visto dopo uno dei suoi, ha l\u2019aria di essere cotto nella birra.<br \/><strong>Henry de Chennevi\u00e8res<\/strong><\/p><p><small><span style=\"color: gray;\">la mostra d&#8217;arte nel web<\/span><\/small><br \/><span style=\"color: #000000;\"><strong><big>Nature morte: nessuno come lui<\/big><\/strong><\/span><br \/>Un interessante articolo apparso su\u00a0<strong><a href=\"http:\/\/www.artesuarte.it\/articolo.php?id=330\">ArtesuArte<\/a><\/strong>\u00a0dice che &#8220;Nessun pittore di nature morte del XVIII secolo pu\u00f2 rivaleggiare con lui&#8221;, per poi chiedersi subito se Chardin fosse solo &#8220;un pittore di nature morte? I suoi quadri non sarebbero per lui dei pretesti per dipingere con questo &#8220;sentimento&#8221; che gli importava tanto?&#8221;.<br \/><strong><a href=\"http:\/\/www.artesuarte.it\/articolo.php?id=330\">vai all&#8217;articolo<\/a><\/strong><\/p><p><small><span style=\"color: gray;\">la mostra in una citt\u00e0 d&#8217;arte<\/span><\/small><br \/><span style=\"color: #000000;\"><strong><big>Fiera dell&#8217;Artigianato Artistico<\/big><\/strong><\/span><br \/>Dopo aver visitato la nostra mostra, vi consigliamo di arricchire il\u00a0<strong>vostro weekend d&#8217;arte a Ferrara<\/strong>\u00a0con la Fiera dell&#8217;Artigianato Artistico: il 15 e 16 gennaio la centrale Piazza Trento Trieste diventa un&#8217;esposizione a cielo aperto di creativit\u00e0, amore per l&#8217;arte in ogni sua forma e originalit\u00e0,\u00a0<strong>vetro, ceramica, legno, carta, stoffe.<\/strong><\/p><p><small><span style=\"color: gray;\">le opere della mostra<\/span><\/small><br \/><span style=\"color: #000000;\"><strong><big>Ragazzo che fa le bolle di sapone<\/big><\/strong><\/span><br \/>[\u2026] \u00c8 indubbio che in ogni epoca il tema delle bolle di sapone sia stato usato per alludere alla precariet\u00e0 dell&#8217;esistenza, ma preferiamo far nostra un&#8217;affermazione coraggiosa di Marianne Roland Michel [1994]: \u00abNon credo che Chardin, raffigurando un giovane che fa delle bolle di sapone, osservato da un bambino, intendesse dipingere un&#8217;allegoria della vanit\u00e0 o della fragilit\u00e0 delle cose\u00bb<\/p><p><small><span style=\"color: gray;\">a proposito di Chardin<\/span><\/small><br \/><strong><big><span style=\"color: #0066cc;\"><span style=\"color: #000000;\">Un&#8217;aria fanfaronesca<\/span><\/span><\/big><\/strong><br \/>&#8220;Chardin ci guarda, in questo ritratto, con\u00a0<strong>l&#8217;aria fanfaronesca di un vecchio che non si piglia sul serio[\u2026]<\/strong>\u00a0O, piuttosto, la nostra giovinezza ha forse ferito la sua impotenza, ed egli si ribella in una sorta di sfida appassionata, inutile e la cui vista ci fa male? Si potrebbe quasi crederlo, tanto la vivacit\u00e0 degli occhi, il fremito della bocca hanno un&#8217;aria grave. [\u2026] Davanti ai vecchi ci accade talvolta di sorridere, come davanti a vecchi e attraenti pazzi. Ma qualche volta\u00a0<strong>proviamo anche, davanti a loro, un senso di paura, proprio come davanti a dei pazzi&#8221;<\/strong>.<br \/><strong>Marcel Proust<\/strong><\/p><p><small><span style=\"color: gray;\">la mostra d&#8217;arte nel web<\/span><\/small><br \/><span style=\"color: #000000;\"><strong><big>La nostra mostra sul New York Times<\/big><\/strong><\/span><br \/>Non \u00e8 la prima volta, ma \u00e8 sempre una gran soddisfazione vedere la propria mostra d&#8217;arte recensita da uno dei pi\u00f9 importanti giornali del mondo&#8230;<br \/>Il 22 dicembre scorso New York Times ha dedicato una pagina al nostro Chardin.<br \/><strong><a href=\"http:\/\/www.nytimes.com\/2010\/12\/23\/arts\/23iht-chardin23.html\">vai all&#8217;articolo<\/a><\/strong><\/p><p><small><span style=\"color: gray;\">parola di turista<\/span><\/small><br \/><span style=\"color: #000000;\"><strong><big>Ve la consiglio<\/big><\/strong><\/span><br \/>&#8220;<strong>Bellissima mostra di Chardin a Ferrara<\/strong>. Un gusto e una delicatezza riscontrabili in pochissimi artisti&#8221;, \u00e8 il parere di Lina Sotis sul sito del Corriere della Sera.<br \/><strong><a href=\"http:\/\/forum.corriere.it\/bon_ton\/30-11-2010\/mostra-di-chardin-a-ferrara-1669853.html\">vai al forum<\/a><\/strong><\/p><p><small><span style=\"color: gray;\">a proposito di Chardin<\/span><\/small><br \/><span style=\"color: #000000;\"><strong><big>Il pittore della borghesia<\/big><\/strong><\/span><br \/>In Chardin, la borghesia del XVIII secolo [\u2026] incontr\u00f2 il suo pittore [\u2026]. Questa borghesia laboriosa, ancor pura nei costumi, dalla vita regolata, gli offr\u00ec i soggetti per le sue composizioni. [\u2026]<br \/><strong>Chardin aggiunge alla verit\u00e0 dei maestri nordici le delicatezze di una natura francese.<\/strong>\u00a0[\u2026]<br \/><strong>Charles Blanc<\/strong><\/p><p><small><span style=\"color: gray;\">parola di turista<\/span><\/small><br \/><span style=\"color: #000000;\"><strong><big>La natura colta sul fatto<\/big><\/strong><\/span><br \/>Altri apprezzamenti alla nostra mostra arrivano da\u00a0<strong><a href=\"http:\/\/www.forumtime.it\/Forum\/index.php?showtopic=8085\">Forumtime<\/a><\/strong>, dove &#8220;Monnalisa&#8221; offre interessanti approfondimenti e curiosit\u00e0 su Chardin. E ancora una volta scopriamo che l&#8217;arte del nostro pittore era poco conosciuta a molti appassionati italiani.<br \/>Siamo davvero contenti che si stia realizzando quanto il curatore della mostra Pierre Rosenberg si augurava all&#8217;inizio di questa avventura: che\u00a0<strong>il nostro paese scoprisse questo grande maestro del Settecento Francese<\/strong>.<br \/><strong><a href=\"http:\/\/www.forumtime.it\/Forum\/index.php?showtopic=8085\">vai al forum<\/a><\/strong><\/p><p><small><span style=\"color: gray;\">la mostra d&#8217;arte nel web<\/span><\/small><br \/><span style=\"color: #000000;\"><strong><big>Ferrara e Chardin: coppia insolita, ma interessante<\/big><\/strong><\/span><br \/>Lo dice l&#8217;importante rivista francese\u00a0<strong>&#8220;La Tribune de L&#8217;Art&#8221;<\/strong>, in una breve ma interessante recensione sulla nostra mostra. A colpire i critici francesi \u00e8, ancora una volta, il\u00a0<strong>legame tra l&#8217;arte di Chardin e le origini emiliane di Morandi<\/strong>, tale da fare della nostre regione il contesto ideale per proporre il grande maestro del Settecendo francese nel nostro paese.<br \/><strong><a href=\"http:\/\/www.latribunedelart.com\/chardin-il-pittore-del-silenzio-article002826.html\">vai all&#8217;articolo<\/a><\/strong><\/p><p><small><span style=\"color: gray;\">parola di turista<\/span><\/small><br \/><span style=\"color: #000000;\"><strong><big>Dialoghi su Tiscali<\/big><\/strong><\/span><br \/>Abbiamo trovato un&#8217;interessante discussione a proposito della nostra mostra d&#8217;arte su Chardin in Tiscali.it.<br \/>Ne riportiamo qualche passaggio.<br \/><strong>&#8220;vedo in Chardin un precursore di certo realismo magico&#8230;<\/strong>Mi dica, per favore, se prendo una cantonata&#8230;E&#8217; una sensazione&#8230;e provo, comunque, una forte fascinazione&#8230;&#8221;.<br \/>&#8220;Certa staticit\u00e0 di Funi, la spiritualit\u00e0 di Oppi, lo spazio incantato di Donghi, le nature morte metafisiche di Morandi, grande ammiratore di Chardin. Da leggere &#8220;L&#8217;avventura novecentista&#8221; di M. Bontempelli&#8221;.<br \/>&#8220;<strong>&#8230;la considerazione sul posare gli oggetti e semplicemente&#8230;veniva in mente Morandi.<\/strong>\u00a0anche a me, io credo a due possibilita&#8217;: o che Melisa Garzonio pensasse, anche lei a Morandi mentre scriveva, o che io conosco solo Morandi in quel modo di posare banalmente le cose sul tavolo, e proprio quelle cose l\u00e0. A me piace tantissimo&#8221;.<br \/><strong><a href=\"http:\/\/notizie.tiscali.it\/articoli\/collaboratori\/garzonio\/10\/11\/garzonio-silenzio-parla-charden.html?1#comments\">vai al forum<\/a><\/strong><\/p><p><small><span style=\"color: gray;\">a proposito di Chardin<\/span><\/small><br \/><span style=\"color: #000000;\"><strong><big>L\u2019influenza di Chardin sulla pittura moderna<\/big><\/strong><\/span><br \/>Tra gli artisti francesi anteriori al XIX secolo,\u00a0<strong>Chardin \u00e8 con Poussin e Claude Lorrain quello che ha avuto la maggiore influenza sulla pittura moderna.<\/strong>\u00a0Certe ricerche di Manet e di C\u00e9zanne sono inconcepibili senza Chardin. [\u2026] Solo in C\u00e9zanne e nel suo seguito si pu\u00f2 pensare di trovare tanta forza in tanta semplicit\u00e0. E, prima di Chardin, solo Vermeer, di cui si aspetta invano una natura morta, sarebbe stato in grado di evocare un simile serenit\u00e0 da alcuni accordi di bianco e blu in una luce lattiginosa.<br \/><strong>Charles Sterling<\/strong><br \/><strong>La nature morte de l\u2019antiquit\u00e9 \u00e0 nos jours, Paris 1952<\/strong><\/p><p><small><span style=\"color: gray;\">la mostra d&#8217;arte nel web<\/span><\/small><br \/><span style=\"color: #000000;\"><strong><big>Chardin e Morandi<\/big><\/strong><\/span><br \/>donnemammenonnedonne.it ha realizzato una lusinghiera recensione della nostra mostra. Tra le altre considerazioni, il sito ricorda che, come lo stesso Diderot (che poi sarebbe diventato uno dei maggiori estimatori del nostro artista in mostra) non si accorse subito del genio di Chardin,&#8221;anche l&#8217;Italia riconosce in ritardo il suo valore, ma\u00a0<strong>si riscatta completamente con questa bellissima e completa mostra al Palazzo Diamanti di Ferrara<\/strong>: un raro gioiello, imperdibile;\u00a0<strong>poesia allo stato puro, comprensibile anche ai non addetti ai lavori<\/strong>; perch\u00e9 Chardin punta dritto al cuore, dobbiamo solo trovare la calma e il tempo per ascoltarlo&#8221;.<br \/>Interessante poi il percorso che porta il sito in questione a trovare un legame tra la bella mostra su Morandi (in questi giorni ad Alba)e la nostra esposizione dedicata a Chardin.<br \/><strong><a href=\"http:\/\/www.donnemammenonnedonne.it\/speciale_mostre.htm\">vai all&#8217;articolo<\/a><\/strong><\/p><p><small><span style=\"color: gray;\">estratti dal catalogo della mostra<\/span><\/small><br \/><span style=\"color: #000000;\"><strong><big>I pastelli<\/big><\/strong><\/span><br \/>Ritorniamo per un momento alle parole del Curatore della Mostra Pierre Rosenberg riguardo\u00a0<strong>un momento curioso del percorso artistico di Chardin<\/strong>.<br \/>&#8220;Al Salon del 1771 Chardin stup\u00ec i suoi colleghi e conoscenti esponendo tre opere a pastello. Si sapeva che\u00a0<strong>era gravemente malato e che la pittura a olio gli era stata proibita:<\/strong>\u00a0i pigmenti a base di piombo e le sostanze leganti, il cui impiego era allora obbligatorio, gli provocavano gravi disturbi agli occhi, una malattia nota come amaurosi. Un secolo dopo, anche Degas avrebbe sofferto dello stesso male e per questo anch&#8217;egli sarebbe passato al pastello [&#8230;]<br \/>Con l&#8217;aiuto di\u00a0<strong>una tecnica di cui domin\u00f2 i segreti, ma che gli era nuova e che reinvent\u00f2 a proprio vantaggio,<\/strong>\u00a0Chardin \u2013 che fu forse\u00a0<strong>la figura pi\u00f9 geniale nella storia del pastello<\/strong>\u00a0\u2013 chiuse la sua carriera consegnandosi a noi, con distinzione e fierezza, come un artista sicuro di s\u00e9, fiducioso che i posteri gli avrebbero riservato un posto di diritto.&#8221;<\/p><p><small><span style=\"color: gray;\">la mostra d&#8217;arte nel web<\/span><\/small><br \/><span style=\"color: #000000;\"><strong><big>La poesia degli oggetti<\/big><\/strong><\/span><br \/>Ecco come la &#8220;Gazzetta di Parma&#8221; vede l&#8217;arte di Chardin in mostra fino al 31 gennaio a Ferrara: &#8220;Gli oggetti pi\u00f9 umili sublimati in suprema poesia: ecco il miracolo di Jean Simeon Chardin (1699-1779),\u00a0<strong>un \u00abufo\u00bb caduto nel teatrale giardino di delizie in cui viveva la nobilt\u00e0 francese del Settecento tra gioiose pastorelle e incipriati cavalieri<\/strong>, tra sete luccicanti e lo scintillio degli ori, tra composizioni arcadiche in versi e tele con personaggi mitologici immersi in teneri azzurri e pallidi rosa&#8221;.<br \/><strong><a href=\"http:\/\/www.gazzettadiparma.it\/primapagina\/dettaglio\/5\/61207\/Chardin_e_la_poesia_degli_oggetti.html\">vai all&#8217;articolo<\/a><\/strong><\/p>\t\t\t\t\t\t\t\t<\/div>\n\t\t\t\t<\/div>\n\t\t\t\t\t<\/div>\n\t\t<\/div>\n\t\t\t\t\t<\/div>\n\t\t<\/section>\n\t\t\t\t<section class=\"elementor-section elementor-top-section elementor-element elementor-element-ae96a4a elementor-section-boxed elementor-section-height-default elementor-section-height-default\" data-id=\"ae96a4a\" data-element_type=\"section\" data-e-type=\"section\">\n\t\t\t\t\t\t<div class=\"elementor-container elementor-column-gap-default\">\n\t\t\t\t\t<div class=\"elementor-column elementor-col-100 elementor-top-column elementor-element elementor-element-193eebe\" data-id=\"193eebe\" data-element_type=\"column\" data-e-type=\"column\">\n\t\t\t<div class=\"elementor-widget-wrap elementor-element-populated\">\n\t\t\t\t\t\t<div class=\"elementor-element elementor-element-0cfdf5f elementor-widget elementor-widget-spacer\" data-id=\"0cfdf5f\" data-element_type=\"widget\" data-e-type=\"widget\" data-widget_type=\"spacer.default\">\n\t\t\t\t<div class=\"elementor-widget-container\">\n\t\t\t\t\t\t\t<div class=\"elementor-spacer\">\n\t\t\t<div class=\"elementor-spacer-inner\"><\/div>\n\t\t<\/div>\n\t\t\t\t\t\t<\/div>\n\t\t\t\t<\/div>\n\t\t\t\t<div class=\"elementor-element elementor-element-f4c64f7 elementor-widget elementor-widget-text-editor\" data-id=\"f4c64f7\" data-element_type=\"widget\" data-e-type=\"widget\" data-widget_type=\"text-editor.default\">\n\t\t\t\t<div class=\"elementor-widget-container\">\n\t\t\t\t\t\t\t\t\t<p><span style=\"color: #c2601e;\"><strong>CONFERENZE, INCONTRI E SPETTACOLI<\/strong><\/span><\/p><p>La mostra a Palazzo dei Diamanti \u00e8 un&#8217;occasione per approfondire non solo l&#8217;arte di Chardin e di altri artisti francesi a lui contemporanei, ma anche alcuni aspetti della cultura francese del Settecento, in particolare la musica e il teatro, e di evidenziare l&#8217;influenza profonda e la fascinazione continua esercitata del secolo dei Lumi sull&#8217;arte moderna e sul cinema. Sono questi i temi di un ciclo di conferenze e incontri che si terranno presso il Salone d&#8217;Onore di Palazzo Massari, il Teatro Comunale di Ferrara e il Cinema Boldini.<\/p><p>L&#8217;iniziativa rientra nell&#8217;ambito di un progetto interdisciplinare a cura di Ferrara Arte, di Ferrara Musica, del Teatro Comunale e di Arci Ferrara, che presenta anche un calendario di concerti, di spettacoli teatrali ed una rassegna cinematografica.<\/p><p>Un programma speciale \u00e8 riservato alle scuole: Luigi Dal Cin e Toni Servillo saranno protagonisti, al Teatro Comunale, di due incontri con le scuole di Ferrara (il primo riservato alle classi II-V della scuola primaria e I della secondaria di primo grado, il secondo per le scuole secondarie di secondo grado), mentre per gli insegnanti \u00e8 previsto un appuntamento a cura di Luigi Dal Cin.<\/p>\t\t\t\t\t\t\t\t<\/div>\n\t\t\t\t<\/div>\n\t\t\t\t\t<\/div>\n\t\t<\/div>\n\t\t\t\t\t<\/div>\n\t\t<\/section>\n\t\t\t\t<\/div>\n\t\t","protected":false},"parent":0,"template":"","cataloghi":[],"didattica":[],"mostra-di-riferimento":[20],"class_list":["post-740","contenuti-mostre","type-contenuti-mostre","status-publish","hentry","mostra-di-riferimento-chardin"],"yoast_head":"<!-- This site is optimized with the Yoast SEO plugin v27.5 - https:\/\/yoast.com\/product\/yoast-seo-wordpress\/ -->\n<title>La mostra giorno per giorno - Palazzo dei Diamanti | Arte a Ferrara<\/title>\n<meta name=\"description\" content=\"Scopri La mostra giorno per giorno - della mostra ospitata a Palazzo dei Diamanti | Comune di Ferrara | Fondazione Ferrara Arte\" \/>\n<meta name=\"robots\" content=\"index, follow, max-snippet:-1, max-image-preview:large, max-video-preview:-1\" \/>\n<link rel=\"canonical\" href=\"https:\/\/www.palazzodiamanti.it\/contenuti-mostre\/mostra-giorno-per-giorno-chardin\/\" \/>\n<meta property=\"og:locale\" content=\"en_US\" \/>\n<meta property=\"og:type\" content=\"article\" \/>\n<meta property=\"og:title\" content=\"La mostra giorno per giorno - Palazzo dei Diamanti | Arte a Ferrara\" \/>\n<meta property=\"og:description\" content=\"Scopri La mostra giorno per giorno - della mostra ospitata a Palazzo dei Diamanti | Comune di Ferrara | Fondazione Ferrara Arte\" \/>\n<meta property=\"og:url\" content=\"https:\/\/www.palazzodiamanti.it\/contenuti-mostre\/mostra-giorno-per-giorno-chardin\/\" \/>\n<meta property=\"og:site_name\" content=\"Palazzo dei Diamanti\" \/>\n<meta property=\"article:publisher\" content=\"https:\/\/www.facebook.com\/PalazzoDiamanti\/\" \/>\n<meta property=\"article:modified_time\" content=\"2022-10-27T08:50:10+00:00\" \/>\n<meta property=\"og:image\" content=\"https:\/\/www.palazzodiamanti.it\/wp-content\/uploads\/2021\/12\/logo-palazzo-diamanti-official.png\" \/>\n\t<meta property=\"og:image:width\" content=\"1000\" \/>\n\t<meta property=\"og:image:height\" content=\"489\" \/>\n\t<meta property=\"og:image:type\" content=\"image\/png\" \/>\n<meta name=\"twitter:card\" content=\"summary_large_image\" \/>\n<meta name=\"twitter:label1\" content=\"Est. reading time\" \/>\n\t<meta name=\"twitter:data1\" content=\"11 minutes\" \/>\n<script type=\"application\/ld+json\" class=\"yoast-schema-graph\">{\"@context\":\"https:\\\/\\\/schema.org\",\"@graph\":[{\"@type\":\"WebPage\",\"@id\":\"https:\\\/\\\/www.palazzodiamanti.it\\\/contenuti-mostre\\\/mostra-giorno-per-giorno-chardin\\\/\",\"url\":\"https:\\\/\\\/www.palazzodiamanti.it\\\/contenuti-mostre\\\/mostra-giorno-per-giorno-chardin\\\/\",\"name\":\"La mostra giorno per giorno - Palazzo dei Diamanti | Arte a Ferrara\",\"isPartOf\":{\"@id\":\"https:\\\/\\\/www.palazzodiamanti.it\\\/#website\"},\"datePublished\":\"2010-10-11T07:41:00+00:00\",\"dateModified\":\"2022-10-27T08:50:10+00:00\",\"description\":\"Scopri La mostra giorno per giorno - della mostra ospitata a Palazzo dei Diamanti | Comune di Ferrara | Fondazione Ferrara Arte\",\"breadcrumb\":{\"@id\":\"https:\\\/\\\/www.palazzodiamanti.it\\\/contenuti-mostre\\\/mostra-giorno-per-giorno-chardin\\\/#breadcrumb\"},\"inLanguage\":\"en-US\",\"potentialAction\":[{\"@type\":\"ReadAction\",\"target\":[\"https:\\\/\\\/www.palazzodiamanti.it\\\/contenuti-mostre\\\/mostra-giorno-per-giorno-chardin\\\/\"]}]},{\"@type\":\"BreadcrumbList\",\"@id\":\"https:\\\/\\\/www.palazzodiamanti.it\\\/contenuti-mostre\\\/mostra-giorno-per-giorno-chardin\\\/#breadcrumb\",\"itemListElement\":[{\"@type\":\"ListItem\",\"position\":1,\"name\":\"Home\",\"item\":\"https:\\\/\\\/www.palazzodiamanti.it\\\/en\\\/home\\\/\"},{\"@type\":\"ListItem\",\"position\":2,\"name\":\"Contenuti Mostre\",\"item\":\"https:\\\/\\\/www.palazzodiamanti.it\\\/contenuti-mostre\\\/\"},{\"@type\":\"ListItem\",\"position\":3,\"name\":\"La mostra giorno per giorno\"}]},{\"@type\":\"WebSite\",\"@id\":\"https:\\\/\\\/www.palazzodiamanti.it\\\/#website\",\"url\":\"https:\\\/\\\/www.palazzodiamanti.it\\\/\",\"name\":\"Palazzo dei Diamanti\",\"description\":\"Mostre d\u2019arte a Ferrara | Palazzo dei Diamanti\",\"publisher\":{\"@id\":\"https:\\\/\\\/www.palazzodiamanti.it\\\/#organization\"},\"alternateName\":\"Ferrara Arte\",\"potentialAction\":[{\"@type\":\"SearchAction\",\"target\":{\"@type\":\"EntryPoint\",\"urlTemplate\":\"https:\\\/\\\/www.palazzodiamanti.it\\\/?s={search_term_string}\"},\"query-input\":{\"@type\":\"PropertyValueSpecification\",\"valueRequired\":true,\"valueName\":\"search_term_string\"}}],\"inLanguage\":\"en-US\"},{\"@type\":\"Organization\",\"@id\":\"https:\\\/\\\/www.palazzodiamanti.it\\\/#organization\",\"name\":\"Palazzo dei Diamanti\",\"alternateName\":\"Ferrara Arte\",\"url\":\"https:\\\/\\\/www.palazzodiamanti.it\\\/\",\"logo\":{\"@type\":\"ImageObject\",\"inLanguage\":\"en-US\",\"@id\":\"https:\\\/\\\/www.palazzodiamanti.it\\\/#\\\/schema\\\/logo\\\/image\\\/\",\"url\":\"https:\\\/\\\/www.palazzodiamanti.it\\\/wp-content\\\/uploads\\\/2021\\\/12\\\/logo-palazzo-diamanti-official.png\",\"contentUrl\":\"https:\\\/\\\/www.palazzodiamanti.it\\\/wp-content\\\/uploads\\\/2021\\\/12\\\/logo-palazzo-diamanti-official.png\",\"width\":1000,\"height\":489,\"caption\":\"Palazzo dei Diamanti\"},\"image\":{\"@id\":\"https:\\\/\\\/www.palazzodiamanti.it\\\/#\\\/schema\\\/logo\\\/image\\\/\"},\"sameAs\":[\"https:\\\/\\\/www.facebook.com\\\/PalazzoDiamanti\\\/\",\"https:\\\/\\\/www.instagram.com\\\/PalazzoDiamanti\\\/\",\"https:\\\/\\\/www.youtube.com\\\/channel\\\/UCrkn9LzeLVL-Mcxu9vBP7xA\",\"https:\\\/\\\/vimeo.com\\\/palazzodiamanti\"]}]}<\/script>\n<!-- \/ Yoast SEO plugin. -->","yoast_head_json":{"title":"La mostra giorno per giorno - Palazzo dei Diamanti | Arte a Ferrara","description":"Scopri La mostra giorno per giorno - della mostra ospitata a Palazzo dei Diamanti | Comune di Ferrara | Fondazione Ferrara Arte","robots":{"index":"index","follow":"follow","max-snippet":"max-snippet:-1","max-image-preview":"max-image-preview:large","max-video-preview":"max-video-preview:-1"},"canonical":"https:\/\/www.palazzodiamanti.it\/contenuti-mostre\/mostra-giorno-per-giorno-chardin\/","og_locale":"en_US","og_type":"article","og_title":"La mostra giorno per giorno - Palazzo dei Diamanti | Arte a Ferrara","og_description":"Scopri La mostra giorno per giorno - della mostra ospitata a Palazzo dei Diamanti | Comune di Ferrara | Fondazione Ferrara Arte","og_url":"https:\/\/www.palazzodiamanti.it\/contenuti-mostre\/mostra-giorno-per-giorno-chardin\/","og_site_name":"Palazzo dei Diamanti","article_publisher":"https:\/\/www.facebook.com\/PalazzoDiamanti\/","article_modified_time":"2022-10-27T08:50:10+00:00","og_image":[{"width":1000,"height":489,"url":"https:\/\/www.palazzodiamanti.it\/wp-content\/uploads\/2021\/12\/logo-palazzo-diamanti-official.png","type":"image\/png"}],"twitter_card":"summary_large_image","twitter_misc":{"Est. reading time":"11 minutes"},"schema":{"@context":"https:\/\/schema.org","@graph":[{"@type":"WebPage","@id":"https:\/\/www.palazzodiamanti.it\/contenuti-mostre\/mostra-giorno-per-giorno-chardin\/","url":"https:\/\/www.palazzodiamanti.it\/contenuti-mostre\/mostra-giorno-per-giorno-chardin\/","name":"La mostra giorno per giorno - Palazzo dei Diamanti | Arte a Ferrara","isPartOf":{"@id":"https:\/\/www.palazzodiamanti.it\/#website"},"datePublished":"2010-10-11T07:41:00+00:00","dateModified":"2022-10-27T08:50:10+00:00","description":"Scopri La mostra giorno per giorno - della mostra ospitata a Palazzo dei Diamanti | Comune di Ferrara | Fondazione Ferrara Arte","breadcrumb":{"@id":"https:\/\/www.palazzodiamanti.it\/contenuti-mostre\/mostra-giorno-per-giorno-chardin\/#breadcrumb"},"inLanguage":"en-US","potentialAction":[{"@type":"ReadAction","target":["https:\/\/www.palazzodiamanti.it\/contenuti-mostre\/mostra-giorno-per-giorno-chardin\/"]}]},{"@type":"BreadcrumbList","@id":"https:\/\/www.palazzodiamanti.it\/contenuti-mostre\/mostra-giorno-per-giorno-chardin\/#breadcrumb","itemListElement":[{"@type":"ListItem","position":1,"name":"Home","item":"https:\/\/www.palazzodiamanti.it\/en\/home\/"},{"@type":"ListItem","position":2,"name":"Contenuti Mostre","item":"https:\/\/www.palazzodiamanti.it\/contenuti-mostre\/"},{"@type":"ListItem","position":3,"name":"La mostra giorno per giorno"}]},{"@type":"WebSite","@id":"https:\/\/www.palazzodiamanti.it\/#website","url":"https:\/\/www.palazzodiamanti.it\/","name":"Palazzo dei Diamanti","description":"Mostre d\u2019arte a Ferrara | Palazzo dei Diamanti","publisher":{"@id":"https:\/\/www.palazzodiamanti.it\/#organization"},"alternateName":"Ferrara Arte","potentialAction":[{"@type":"SearchAction","target":{"@type":"EntryPoint","urlTemplate":"https:\/\/www.palazzodiamanti.it\/?s={search_term_string}"},"query-input":{"@type":"PropertyValueSpecification","valueRequired":true,"valueName":"search_term_string"}}],"inLanguage":"en-US"},{"@type":"Organization","@id":"https:\/\/www.palazzodiamanti.it\/#organization","name":"Palazzo dei Diamanti","alternateName":"Ferrara Arte","url":"https:\/\/www.palazzodiamanti.it\/","logo":{"@type":"ImageObject","inLanguage":"en-US","@id":"https:\/\/www.palazzodiamanti.it\/#\/schema\/logo\/image\/","url":"https:\/\/www.palazzodiamanti.it\/wp-content\/uploads\/2021\/12\/logo-palazzo-diamanti-official.png","contentUrl":"https:\/\/www.palazzodiamanti.it\/wp-content\/uploads\/2021\/12\/logo-palazzo-diamanti-official.png","width":1000,"height":489,"caption":"Palazzo dei Diamanti"},"image":{"@id":"https:\/\/www.palazzodiamanti.it\/#\/schema\/logo\/image\/"},"sameAs":["https:\/\/www.facebook.com\/PalazzoDiamanti\/","https:\/\/www.instagram.com\/PalazzoDiamanti\/","https:\/\/www.youtube.com\/channel\/UCrkn9LzeLVL-Mcxu9vBP7xA","https:\/\/vimeo.com\/palazzodiamanti"]}]}},"_links":{"self":[{"href":"https:\/\/www.palazzodiamanti.it\/en\/wp-json\/wp\/v2\/contenuti-mostre\/740","targetHints":{"allow":["GET"]}}],"collection":[{"href":"https:\/\/www.palazzodiamanti.it\/en\/wp-json\/wp\/v2\/contenuti-mostre"}],"about":[{"href":"https:\/\/www.palazzodiamanti.it\/en\/wp-json\/wp\/v2\/types\/contenuti-mostre"}],"version-history":[{"count":0,"href":"https:\/\/www.palazzodiamanti.it\/en\/wp-json\/wp\/v2\/contenuti-mostre\/740\/revisions"}],"wp:attachment":[{"href":"https:\/\/www.palazzodiamanti.it\/en\/wp-json\/wp\/v2\/media?parent=740"}],"wp:term":[{"taxonomy":"cataloghi","embeddable":true,"href":"https:\/\/www.palazzodiamanti.it\/en\/wp-json\/wp\/v2\/cataloghi?post=740"},{"taxonomy":"didattica","embeddable":true,"href":"https:\/\/www.palazzodiamanti.it\/en\/wp-json\/wp\/v2\/didattica?post=740"},{"taxonomy":"mostra-di-riferimento","embeddable":true,"href":"https:\/\/www.palazzodiamanti.it\/en\/wp-json\/wp\/v2\/mostra-di-riferimento?post=740"}],"curies":[{"name":"wp","href":"https:\/\/api.w.org\/{rel}","templated":true}]}}