{"id":9067,"date":"2023-09-29T11:20:19","date_gmt":"2023-09-29T09:20:19","guid":{"rendered":"https:\/\/www.palazzodiamanti.it\/?post_type=contenuti-mostre&#038;p=9067"},"modified":"2023-10-20T14:20:43","modified_gmt":"2023-10-20T12:20:43","slug":"laboratori-per-scuole-e-famiglie","status":"publish","type":"contenuti-mostre","link":"https:\/\/www.palazzodiamanti.it\/en\/contenuti-mostre\/laboratori-per-scuole-e-famiglie\/","title":{"rendered":"Laboratori per scuole e famiglie"},"content":{"rendered":"\t\t<div data-elementor-type=\"wp-post\" data-elementor-id=\"9067\" class=\"elementor elementor-9067 elementor-9066\" data-elementor-post-type=\"contenuti-mostre\">\n\t\t\t\t\t\t<section class=\"elementor-section elementor-top-section elementor-element elementor-element-0ac0a5e elementor-section-content-middle elementor-section-boxed elementor-section-height-default elementor-section-height-default\" data-id=\"0ac0a5e\" data-element_type=\"section\" data-e-type=\"section\">\n\t\t\t\t\t\t<div class=\"elementor-container elementor-column-gap-default\">\n\t\t\t\t\t<div class=\"elementor-column elementor-col-100 elementor-top-column elementor-element elementor-element-9451610\" data-id=\"9451610\" data-element_type=\"column\" data-e-type=\"column\">\n\t\t\t<div class=\"elementor-widget-wrap elementor-element-populated\">\n\t\t\t\t\t\t<div class=\"elementor-element elementor-element-47cb220 elementor-widget elementor-widget-heading\" data-id=\"47cb220\" data-element_type=\"widget\" data-e-type=\"widget\" data-widget_type=\"heading.default\">\n\t\t\t\t<div class=\"elementor-widget-container\">\n\t\t\t\t\t<h2 class=\"elementor-heading-title elementor-size-default\">\u00abLa pittura \u00e8 un fatto magico\u00bb\n<\/h2>\t\t\t\t<\/div>\n\t\t\t\t<\/div>\n\t\t\t\t<div class=\"elementor-element elementor-element-20590f5 elementor-widget elementor-widget-text-editor\" data-id=\"20590f5\" data-element_type=\"widget\" data-e-type=\"widget\" data-widget_type=\"text-editor.default\">\n\t\t\t\t<div class=\"elementor-widget-container\">\n\t\t\t\t\t\t\t\t\tProgetto didattico per le scuole e le famiglie in collaborazione con Eni\n\t\t\t\t\t\t\t\t<\/div>\n\t\t\t\t<\/div>\n\t\t\t\t<div class=\"elementor-element elementor-element-4753450 elementor-widget elementor-widget-spacer\" data-id=\"4753450\" data-element_type=\"widget\" data-e-type=\"widget\" data-widget_type=\"spacer.default\">\n\t\t\t\t<div class=\"elementor-widget-container\">\n\t\t\t\t\t\t\t<div class=\"elementor-spacer\">\n\t\t\t<div class=\"elementor-spacer-inner\"><\/div>\n\t\t<\/div>\n\t\t\t\t\t\t<\/div>\n\t\t\t\t<\/div>\n\t\t\t\t\t<\/div>\n\t\t<\/div>\n\t\t\t\t\t<\/div>\n\t\t<\/section>\n\t\t\t\t<section class=\"elementor-section elementor-top-section elementor-element elementor-element-40f421f elementor-section-content-middle elementor-section-boxed elementor-section-height-default elementor-section-height-default\" data-id=\"40f421f\" data-element_type=\"section\" data-e-type=\"section\">\n\t\t\t\t\t\t<div class=\"elementor-container elementor-column-gap-default\">\n\t\t\t\t\t<div class=\"elementor-column elementor-col-100 elementor-top-column elementor-element elementor-element-a259c18\" data-id=\"a259c18\" data-element_type=\"column\" data-e-type=\"column\">\n\t\t\t<div class=\"elementor-widget-wrap elementor-element-populated\">\n\t\t\t\t\t\t<div class=\"elementor-element elementor-element-3690832 elementor-widget elementor-widget-text-editor\" data-id=\"3690832\" data-element_type=\"widget\" data-e-type=\"widget\" data-widget_type=\"text-editor.default\">\n\t\t\t\t<div class=\"elementor-widget-container\">\n\t\t\t\t\t\t\t\t\t<p><span style=\"font-weight: 400;\">In occasione della mostra <\/span><i><span style=\"font-weight: 400;\">Achille Funi. Un maestro del Novecento tra storia e mito<\/span><\/i><span style=\"font-weight: 400;\"> Palazzo dei Diamanti propone, grazie al sostegno di Eni, un innovativo progetto didattico rivolto alle scuole di ogni ordine e grado e alle famiglie. Un calendario di iniziative coinvolgenti e interdisciplinari guider\u00e0 il giovane pubblico alla scoperta del pittore ferrarese che ha attraversato da protagonista le principali tendenze italiane della prima met\u00e0 del Novecento, dal futurismo al moderno classicismo di Novecento, fino al muralismo degli anni Trenta. Il programma prevede un\u2019ampia gamma di proposte mirate: supporti digitali, visite animate e laboratori, educational per gli insegnanti e,<\/span> <span style=\"font-weight: 400;\">presso l\u2019aula didattica di Palazzo dei Diamanti, una restituzione finale dei lavori realizzati durante le fasi del progetto.<\/span><\/p>\n<p><span style=\"font-weight: 400;\">A partire dalla mostra \u00e8 anche possibile scoprire la Ferrara di Funi, ossia le testimonianze cittadine del suo lavoro e le opere che lo hanno ispirato: innanzitutto gli affreschi funiani della Sala dell\u2019Arengo nel Palazzo Municipale di Ferrara (visitabile nei giorni feriali 9-10, 14-15); e poi il Museo della Cattedrale con il <\/span><i><span style=\"font-weight: 400;\">San Giorgio e la principessa<\/span><\/i><span style=\"font-weight: 400;\"> di Cosm\u00e8 Tura e le sculture del Maestro dei Mesi che furono di ispirazione per gli affreschi in Municipio. Anche il Museo Schifanoia e la Pinacoteca Nazionale conservano importanti capolavori dell\u2019Officina ferrarese che hanno contribuito a nutrire l\u2019immaginario di Funi.<\/span><\/p>\n<p><span style=\"font-weight: 400;\">Segnaliamo, inoltre, la mostra <\/span><i><span style=\"font-weight: 400;\">Il tempo immaginato, Achille Funi tra archeologia storia e modernit\u00e0<\/span><\/i><span style=\"font-weight: 400;\"> che sar\u00e0 visitabile presso il Museo Archeologico Nazionale dall\u201911 novembre 2023 al 25 febbraio 2024.<\/span><\/p>\n\t\t\t\t\t\t\t\t<\/div>\n\t\t\t\t<\/div>\n\t\t\t\t\t<\/div>\n\t\t<\/div>\n\t\t\t\t\t<\/div>\n\t\t<\/section>\n\t\t\t\t<section class=\"elementor-section elementor-top-section elementor-element elementor-element-3c3bce8 elementor-section-content-middle elementor-section-boxed elementor-section-height-default elementor-section-height-default\" data-id=\"3c3bce8\" data-element_type=\"section\" data-e-type=\"section\">\n\t\t\t\t\t\t<div class=\"elementor-container elementor-column-gap-default\">\n\t\t\t\t\t<div class=\"elementor-column elementor-col-100 elementor-top-column elementor-element elementor-element-0db29db\" data-id=\"0db29db\" data-element_type=\"column\" data-e-type=\"column\">\n\t\t\t<div class=\"elementor-widget-wrap elementor-element-populated\">\n\t\t\t\t\t\t<div class=\"elementor-element elementor-element-33a02bd elementor-widget elementor-widget-spacer\" data-id=\"33a02bd\" data-element_type=\"widget\" data-e-type=\"widget\" data-widget_type=\"spacer.default\">\n\t\t\t\t<div class=\"elementor-widget-container\">\n\t\t\t\t\t\t\t<div class=\"elementor-spacer\">\n\t\t\t<div class=\"elementor-spacer-inner\"><\/div>\n\t\t<\/div>\n\t\t\t\t\t\t<\/div>\n\t\t\t\t<\/div>\n\t\t\t\t<div class=\"elementor-element elementor-element-8275a0d elementor-widget elementor-widget-heading\" data-id=\"8275a0d\" data-element_type=\"widget\" data-e-type=\"widget\" data-widget_type=\"heading.default\">\n\t\t\t\t<div class=\"elementor-widget-container\">\n\t\t\t\t\t<h3 class=\"elementor-heading-title elementor-size-default\"><a href=\"#fumetto\">\u2192 Achille e il Drago - fumetto e animazione digitale a cura di Eniscuola<\/a><\/h3>\t\t\t\t<\/div>\n\t\t\t\t<\/div>\n\t\t\t\t<div class=\"elementor-element elementor-element-e1fc42f elementor-widget elementor-widget-heading\" data-id=\"e1fc42f\" data-element_type=\"widget\" data-e-type=\"widget\" data-widget_type=\"heading.default\">\n\t\t\t\t<div class=\"elementor-widget-container\">\n\t\t\t\t\t<h3 class=\"elementor-heading-title elementor-size-default\"><a href=\"#visite\">\u2192 Visite animate e laboratori per le scuole dell\u2019infanzia, primarie e secondarie<\/a><\/h3>\t\t\t\t<\/div>\n\t\t\t\t<\/div>\n\t\t\t\t<div class=\"elementor-element elementor-element-b0ed166 elementor-widget elementor-widget-heading\" data-id=\"b0ed166\" data-element_type=\"widget\" data-e-type=\"widget\" data-widget_type=\"heading.default\">\n\t\t\t\t<div class=\"elementor-widget-container\">\n\t\t\t\t\t<h3 class=\"elementor-heading-title elementor-size-default\"><a href=\"#educational\">\u2192 Educational per gli insegnanti<\/a><\/h3>\t\t\t\t<\/div>\n\t\t\t\t<\/div>\n\t\t\t\t<div class=\"elementor-element elementor-element-6a497be elementor-widget elementor-widget-heading\" data-id=\"6a497be\" data-element_type=\"widget\" data-e-type=\"widget\" data-widget_type=\"heading.default\">\n\t\t\t\t<div class=\"elementor-widget-container\">\n\t\t\t\t\t<h3 class=\"elementor-heading-title elementor-size-default\"><a href=\"#famiglie\">\u2192 Attivit\u00e0 per le famiglie<\/a><\/h3>\t\t\t\t<\/div>\n\t\t\t\t<\/div>\n\t\t\t\t<div class=\"elementor-element elementor-element-4c85345 elementor-widget elementor-widget-heading\" data-id=\"4c85345\" data-element_type=\"widget\" data-e-type=\"widget\" data-widget_type=\"heading.default\">\n\t\t\t\t<div class=\"elementor-widget-container\">\n\t\t\t\t\t<h3 class=\"elementor-heading-title elementor-size-default\"><a href=\"#video\">\u2192 Conferenza di presentazione della mostra agli insegnanti<\/a><\/h3>\t\t\t\t<\/div>\n\t\t\t\t<\/div>\n\t\t\t\t<div class=\"elementor-element elementor-element-bf3f478 elementor-widget elementor-widget-spacer\" data-id=\"bf3f478\" data-element_type=\"widget\" data-e-type=\"widget\" data-widget_type=\"spacer.default\">\n\t\t\t\t<div class=\"elementor-widget-container\">\n\t\t\t\t\t\t\t<div class=\"elementor-spacer\">\n\t\t\t<div class=\"elementor-spacer-inner\"><\/div>\n\t\t<\/div>\n\t\t\t\t\t\t<\/div>\n\t\t\t\t<\/div>\n\t\t\t\t\t<\/div>\n\t\t<\/div>\n\t\t\t\t\t<\/div>\n\t\t<\/section>\n\t\t\t\t<section class=\"elementor-section elementor-top-section elementor-element elementor-element-5aa3419 elementor-section-boxed elementor-section-height-default elementor-section-height-default\" data-id=\"5aa3419\" data-element_type=\"section\" data-e-type=\"section\">\n\t\t\t\t\t\t<div class=\"elementor-container elementor-column-gap-default\">\n\t\t\t\t\t<div class=\"elementor-column elementor-col-100 elementor-top-column elementor-element elementor-element-175ea6b\" data-id=\"175ea6b\" data-element_type=\"column\" data-e-type=\"column\">\n\t\t\t<div class=\"elementor-widget-wrap elementor-element-populated\">\n\t\t\t\t\t\t<div class=\"elementor-element elementor-element-4c32a6c elementor-widget elementor-widget-heading\" data-id=\"4c32a6c\" data-element_type=\"widget\" data-e-type=\"widget\" id=\"fumetto\" data-widget_type=\"heading.default\">\n\t\t\t\t<div class=\"elementor-widget-container\">\n\t\t\t\t\t<h2 class=\"elementor-heading-title elementor-size-default\">\/ Families Proposal<\/h2>\t\t\t\t<\/div>\n\t\t\t\t<\/div>\n\t\t\t\t<div class=\"elementor-element elementor-element-111c778 elementor-widget elementor-widget-text-editor\" data-id=\"111c778\" data-element_type=\"widget\" data-e-type=\"widget\" data-widget_type=\"text-editor.default\">\n\t\t\t\t<div class=\"elementor-widget-container\">\n\t\t\t\t\t\t\t\t\t<p><span style=\"font-weight: 400;\">Fumetto e animazione digitale a cura di Eniscuola<\/span><\/p>\n\t\t\t\t\t\t\t\t<\/div>\n\t\t\t\t<\/div>\n\t\t\t\t<div class=\"elementor-element elementor-element-5ae5e70 elementor-widget elementor-widget-text-editor\" data-id=\"5ae5e70\" data-element_type=\"widget\" data-e-type=\"widget\" data-widget_type=\"text-editor.default\">\n\t\t\t\t<div class=\"elementor-widget-container\">\n\t\t\t\t\t\t\t\t\t<p><span style=\"font-weight: 400;\">Le classi delle scuole dell\u2019infanzia e primarie potranno partecipare all\u2019innovativo progetto ideato appositamente per la mostra, accessibile sul sito Eniscuola dopo l\u2019apertura dell\u2019esposizione. <\/span><i><span style=\"font-weight: 400;\">Achille e il Drago <\/span><\/i><span style=\"font-weight: 400;\">\u00e8 un viaggio nell\u2019immaginazione dell\u2019artista attraverso i linguaggi del fumetto e dell\u2019animazione a cui i bambini sono affezionati. Il giovane pubblico sar\u00e0 cos\u00ec accompagnato alla scoperta dell\u2019arte di Funi e dei maestri moderni, dai futuristi a Picasso, ma anche del patrimonio artistico rinascimentale di Ferrara.<\/span><\/p>\n<p><span style=\"font-weight: 400;\">Il progetto verr\u00e0 presentato l\u201911 ottobre alle 17.00 al Ridotto del Teatro Comunale di Ferrara in occasione dell\u2019Anteprima per le scuole e sar\u00e0 accessibile sul sito Eniscuola dopo l&#8217;apertura della mostra.<\/span><\/p>\n\t\t\t\t\t\t\t\t<\/div>\n\t\t\t\t<\/div>\n\t\t\t\t<div class=\"elementor-element elementor-element-bc74aed elementor-widget elementor-widget-image\" data-id=\"bc74aed\" data-element_type=\"widget\" data-e-type=\"widget\" data-widget_type=\"image.default\">\n\t\t\t\t<div class=\"elementor-widget-container\">\n\t\t\t\t\t\t\t\t\t\t\t\t\t\t\t<img fetchpriority=\"high\" decoding=\"async\" width=\"2560\" height=\"1440\" src=\"https:\/\/www.palazzodiamanti.it\/wp-content\/uploads\/2023\/09\/Vignetta_2__Episodio_1-scaled.jpg\" class=\"attachment-full size-full wp-image-9100\" alt=\"\" srcset=\"https:\/\/www.palazzodiamanti.it\/wp-content\/uploads\/2023\/09\/Vignetta_2__Episodio_1-scaled.jpg 2560w, https:\/\/www.palazzodiamanti.it\/wp-content\/uploads\/2023\/09\/Vignetta_2__Episodio_1-300x169.jpg 300w, https:\/\/www.palazzodiamanti.it\/wp-content\/uploads\/2023\/09\/Vignetta_2__Episodio_1-1024x576.jpg 1024w, https:\/\/www.palazzodiamanti.it\/wp-content\/uploads\/2023\/09\/Vignetta_2__Episodio_1-768x432.jpg 768w, https:\/\/www.palazzodiamanti.it\/wp-content\/uploads\/2023\/09\/Vignetta_2__Episodio_1-1536x864.jpg 1536w, https:\/\/www.palazzodiamanti.it\/wp-content\/uploads\/2023\/09\/Vignetta_2__Episodio_1-2048x1152.jpg 2048w\" sizes=\"(max-width: 2560px) 100vw, 2560px\" \/>\t\t\t\t\t\t\t\t\t\t\t\t\t\t\t<\/div>\n\t\t\t\t<\/div>\n\t\t\t\t<div class=\"elementor-element elementor-element-1402843 elementor-widget elementor-widget-spacer\" data-id=\"1402843\" data-element_type=\"widget\" data-e-type=\"widget\" data-widget_type=\"spacer.default\">\n\t\t\t\t<div class=\"elementor-widget-container\">\n\t\t\t\t\t\t\t<div class=\"elementor-spacer\">\n\t\t\t<div class=\"elementor-spacer-inner\"><\/div>\n\t\t<\/div>\n\t\t\t\t\t\t<\/div>\n\t\t\t\t<\/div>\n\t\t\t\t\t<\/div>\n\t\t<\/div>\n\t\t\t\t\t<\/div>\n\t\t<\/section>\n\t\t\t\t<section class=\"elementor-section elementor-top-section elementor-element elementor-element-22c35ed elementor-section-boxed elementor-section-height-default elementor-section-height-default\" data-id=\"22c35ed\" data-element_type=\"section\" data-e-type=\"section\">\n\t\t\t\t\t\t<div class=\"elementor-container elementor-column-gap-default\">\n\t\t\t\t\t<div class=\"elementor-column elementor-col-100 elementor-top-column elementor-element elementor-element-5cd5297\" data-id=\"5cd5297\" data-element_type=\"column\" data-e-type=\"column\">\n\t\t\t<div class=\"elementor-widget-wrap elementor-element-populated\">\n\t\t\t\t\t\t<div class=\"elementor-element elementor-element-86f079f elementor-widget elementor-widget-heading\" data-id=\"86f079f\" data-element_type=\"widget\" data-e-type=\"widget\" id=\"visite\" data-widget_type=\"heading.default\">\n\t\t\t\t<div class=\"elementor-widget-container\">\n\t\t\t\t\t<h2 class=\"elementor-heading-title elementor-size-default\">\/ Visite animate e laboratori per le scuole dell\u2019infanzia, primarie e secondarie<\/h2>\t\t\t\t<\/div>\n\t\t\t\t<\/div>\n\t\t\t\t<div class=\"elementor-element elementor-element-b280b4d elementor-widget elementor-widget-text-editor\" data-id=\"b280b4d\" data-element_type=\"widget\" data-e-type=\"widget\" data-widget_type=\"text-editor.default\">\n\t\t\t\t<div class=\"elementor-widget-container\">\n\t\t\t\t\t\t\t\t\t<p><span style=\"font-weight: 400;\">A cura di &#8220;Senza titolo&#8221;<\/span><\/p>\n\t\t\t\t\t\t\t\t<\/div>\n\t\t\t\t<\/div>\n\t\t\t\t<div class=\"elementor-element elementor-element-7875349 elementor-widget elementor-widget-spacer\" data-id=\"7875349\" data-element_type=\"widget\" data-e-type=\"widget\" data-widget_type=\"spacer.default\">\n\t\t\t\t<div class=\"elementor-widget-container\">\n\t\t\t\t\t\t\t<div class=\"elementor-spacer\">\n\t\t\t<div class=\"elementor-spacer-inner\"><\/div>\n\t\t<\/div>\n\t\t\t\t\t\t<\/div>\n\t\t\t\t<\/div>\n\t\t\t\t<div class=\"elementor-element elementor-element-c79ca21 elementor-widget elementor-widget-text-editor\" data-id=\"c79ca21\" data-element_type=\"widget\" data-e-type=\"widget\" data-widget_type=\"text-editor.default\">\n\t\t\t\t<div class=\"elementor-widget-container\">\n\t\t\t\t\t\t\t\t\t<h3><u>Scuole di ogni ordine e grado<\/u><\/h3>\n<p><b style=\"color: var( --e-global-color-text );\">SOGNARE IL MITO<\/b><span style=\"color: var( --e-global-color-text );\"> \u2013 <\/span><span style=\"color: var( --e-global-color-text );\">Visita guidata e attivit\u00e0 di laboratorio<\/span><\/p>\n<p><span style=\"font-weight: 400;\">Durata 1h30<\/span><\/p>\n<p><i><span style=\"font-weight: 400;\">Sognare il mito<\/span><\/i><span style=\"font-weight: 400;\"> \u00e8 un viaggio che prende avvio dal gesto di Achille Funi, per indagare le avanguardie e le principali tendenze del primo Novecento attraverso il linguaggio del disegno, giungendo infine a esplorare la dimensione letteraria e mitologica prediletta dall\u2019artista. Dedicato a tutte le scuole, di ogni ordine e grado, <\/span><i><span style=\"font-weight: 400;\">Sognare il mito <\/span><\/i><span style=\"font-weight: 400;\">vuole essere un grande progetto collettivo e partecipato, pensato per conoscere e rappresentare le proprie origini e tradizioni culturali, in linea con un\u2019idea di educazione alla cittadinanza attiva, che \u00e8 necessario favorire e promuovere.<\/span><\/p>\n<p><span style=\"font-weight: 400;\">Dopo la visita alla mostra l\u2019attivit\u00e0 di laboratorio permetter\u00e0 a ciascun partecipante di contribuire a una video-animazione collettiva ispirata al <\/span><i><span style=\"font-weight: 400;\">Mito di Ferrara <\/span><\/i><span style=\"font-weight: 400;\">dipinto da Achille Funi nella Sala dell\u2019Arengo di Palazzo Municipale. <\/span> <\/p>\n<p><span style=\"font-weight: 400;\">Il percorso di visita alla mostra e le attivit\u00e0 laboratoriali proposte saranno diversificate per fascia di et\u00e0, tenendo presenti le differenti competenze e abilit\u00e0 grafico pittoriche. <\/span><\/p>\n\t\t\t\t\t\t\t\t<\/div>\n\t\t\t\t<\/div>\n\t\t\t\t<div class=\"elementor-element elementor-element-8b6ca86 elementor-widget elementor-widget-spacer\" data-id=\"8b6ca86\" data-element_type=\"widget\" data-e-type=\"widget\" data-widget_type=\"spacer.default\">\n\t\t\t\t<div class=\"elementor-widget-container\">\n\t\t\t\t\t\t\t<div class=\"elementor-spacer\">\n\t\t\t<div class=\"elementor-spacer-inner\"><\/div>\n\t\t<\/div>\n\t\t\t\t\t\t<\/div>\n\t\t\t\t<\/div>\n\t\t\t\t<div class=\"elementor-element elementor-element-f092957 elementor-widget elementor-widget-text-editor\" data-id=\"f092957\" data-element_type=\"widget\" data-e-type=\"widget\" data-widget_type=\"text-editor.default\">\n\t\t\t\t<div class=\"elementor-widget-container\">\n\t\t\t\t\t\t\t\t\t<h3><u>Scuola primaria e secondaria di I grado<\/u><\/h3>\n<p><strong>A SCUOLA DI DISEGNO <\/strong>\u2013 Visita animata in mostra<\/p>\n<p><span style=\"font-weight: 400;\">Un percorso per immedesimarsi nella vita e nella poetica di un protagonista del Novecento come Achille Funi: dagli studi prima a Ferrara e poi all\u2019Accademia di Brera, attraverso i contatti con il Futurismo e l\u2019arte d\u2019avanguardia, fino alla nascita del gruppo Novecento e al muralismo degli anni Trenta. La visita alla mostra consentir\u00e0 di conoscere alcune delle correnti pi\u00f9 importanti del secolo scorso. Funi \u00e8 stato anche un raffinato cultore delle tecniche tradizionali, dal disegno all\u2019affresco. Saranno proprio i suoi disegni ad accompagnare i partecipanti attraverso le rivoluzioni e i cambiamenti del XX secolo. Durante la visita verranno proposte brevi attivit\u00e0 laboratoriali da svolgere nelle sale espositive.<\/span><\/p>\n\t\t\t\t\t\t\t\t<\/div>\n\t\t\t\t<\/div>\n\t\t\t\t<div class=\"elementor-element elementor-element-112f158 elementor-widget elementor-widget-text-editor\" data-id=\"112f158\" data-element_type=\"widget\" data-e-type=\"widget\" data-widget_type=\"text-editor.default\">\n\t\t\t\t<div class=\"elementor-widget-container\">\n\t\t\t\t\t\t\t\t\t<p><b>Per prenotare visite e laboratori<\/b><span style=\"font-weight: 400;\">: <\/span> <\/p>\n<p><span style=\"font-weight: 400;\">0532 244949 (da luned\u00ec a venerd\u00ec 9.00 \u2013 13.00, marted\u00ec e gioved\u00ec anche 15.00 \u2013 17.00, escluso festivi)<\/span><\/p>\n<p><b>Per confrontarsi con un educatore di &#8220;Senza titolo&#8221; o fissare un appuntamento telefonico scrivere a<\/b><span style=\"font-weight: 400;\">: <\/span> <\/p>\n<p><span style=\"font-weight: 400;\">francesca.guggi@senzatitolo.net<\/span><\/p>\n<p><b>Tariffa<\/b><span style=\"font-weight: 400;\">: <\/span> <\/p>\n<p><span style=\"font-weight: 400;\">\u20ac 80,00 a gruppo scolastico, esclusi biglietti d\u2019ingresso<\/span><\/p>\n<p><b>Fasce orarie, dal luned\u00ec al gioved\u00ec per le scuole<\/b><span style=\"font-weight: 400;\">:<\/span><\/p>\n<p><span style=\"font-weight: 400;\">&#8211; ore 9.30 primo turno<\/span><\/p>\n<p><span style=\"font-weight: 400;\">&#8211; ore 9.40 secondo turno<\/span><\/p>\n<p><span style=\"font-weight: 400;\">&#8211; ore 11.30 terzo turno<\/span><\/p>\n<p><span style=\"font-weight: 400;\">&#8211; ore 11.40 quarto turno<\/span><\/p>\n<p><span style=\"font-weight: 400;\">&#8211; ore 13.30 quinto turno<\/span><\/p>\n<p><span style=\"font-weight: 400;\">&#8211; ore 13.40 sesto turno<\/span><\/p>\n\t\t\t\t\t\t\t\t<\/div>\n\t\t\t\t<\/div>\n\t\t\t\t<div class=\"elementor-element elementor-element-994ee86 elementor-widget elementor-widget-spacer\" data-id=\"994ee86\" data-element_type=\"widget\" data-e-type=\"widget\" data-widget_type=\"spacer.default\">\n\t\t\t\t<div class=\"elementor-widget-container\">\n\t\t\t\t\t\t\t<div class=\"elementor-spacer\">\n\t\t\t<div class=\"elementor-spacer-inner\"><\/div>\n\t\t<\/div>\n\t\t\t\t\t\t<\/div>\n\t\t\t\t<\/div>\n\t\t\t\t\t<\/div>\n\t\t<\/div>\n\t\t\t\t\t<\/div>\n\t\t<\/section>\n\t\t\t\t<section class=\"elementor-section elementor-top-section elementor-element elementor-element-6ff7a27 elementor-section-boxed elementor-section-height-default elementor-section-height-default\" data-id=\"6ff7a27\" data-element_type=\"section\" data-e-type=\"section\">\n\t\t\t\t\t\t<div class=\"elementor-container elementor-column-gap-default\">\n\t\t\t\t\t<div class=\"elementor-column elementor-col-100 elementor-top-column elementor-element elementor-element-fd72266\" data-id=\"fd72266\" data-element_type=\"column\" data-e-type=\"column\">\n\t\t\t<div class=\"elementor-widget-wrap elementor-element-populated\">\n\t\t\t\t\t\t<div class=\"elementor-element elementor-element-6018b2e elementor-widget elementor-widget-heading\" data-id=\"6018b2e\" data-element_type=\"widget\" data-e-type=\"widget\" id=\"educational\" data-widget_type=\"heading.default\">\n\t\t\t\t<div class=\"elementor-widget-container\">\n\t\t\t\t\t<h2 class=\"elementor-heading-title elementor-size-default\">\/ Educational per gli insegnanti<\/h2>\t\t\t\t<\/div>\n\t\t\t\t<\/div>\n\t\t\t\t<div class=\"elementor-element elementor-element-c450672 elementor-widget elementor-widget-text-editor\" data-id=\"c450672\" data-element_type=\"widget\" data-e-type=\"widget\" data-widget_type=\"text-editor.default\">\n\t\t\t\t<div class=\"elementor-widget-container\">\n\t\t\t\t\t\t\t\t\t<p><span style=\"font-weight: 400;\">Gli insegnanti interessati hanno la possibilit\u00e0 di visitare in anteprima la mostra e conoscere i contenuti e i materiali che verranno proposti alle classi, secondo un calendario articolato per fasce d\u2019utenza. Gli educatori di &#8220;Senza titolo&#8221; presenteranno i supporti didattici e i contenuti dei laboratori per le scuole dell\u2019infanzia, primarie e secondarie.<\/span><\/p>\n<p><strong>Il calendario degli incontri \u00e8 il seguente:<\/strong><\/p>\n<p><span style=\"font-weight: 400;\">luned\u00ec 30 ottobre:<\/span><\/p>\n<ul>\n<li><span style=\"font-weight: 400;\">ore 16.00 secondaria primo grado<\/span><\/li>\n<li><span style=\"font-weight: 400;\">ore 17.00 primaria<\/span><\/li>\n<li><span style=\"font-weight: 400;\">ore 18.00 infanzia<\/span><\/li>\n<li><span style=\"font-weight: 400;\">ore 18.30 secondaria secondo grado<\/span><\/li>\n<\/ul>\n\t\t\t\t\t\t\t\t<\/div>\n\t\t\t\t<\/div>\n\t\t\t\t<div class=\"elementor-element elementor-element-9254419 elementor-widget elementor-widget-text-editor\" data-id=\"9254419\" data-element_type=\"widget\" data-e-type=\"widget\" data-widget_type=\"text-editor.default\">\n\t\t\t\t<div class=\"elementor-widget-container\">\n\t\t\t\t\t\t\t\t\t<p>\u00c8 obbligatoria la prenotazione: <a href=\"mailto:info@senzatitolo.net\">info@senzatitolo.net<\/a><\/p>\n\t\t\t\t\t\t\t\t<\/div>\n\t\t\t\t<\/div>\n\t\t\t\t<div class=\"elementor-element elementor-element-c3fab2f elementor-widget elementor-widget-spacer\" data-id=\"c3fab2f\" data-element_type=\"widget\" data-e-type=\"widget\" data-widget_type=\"spacer.default\">\n\t\t\t\t<div class=\"elementor-widget-container\">\n\t\t\t\t\t\t\t<div class=\"elementor-spacer\">\n\t\t\t<div class=\"elementor-spacer-inner\"><\/div>\n\t\t<\/div>\n\t\t\t\t\t\t<\/div>\n\t\t\t\t<\/div>\n\t\t\t\t\t<\/div>\n\t\t<\/div>\n\t\t\t\t\t<\/div>\n\t\t<\/section>\n\t\t\t\t<section class=\"elementor-section elementor-top-section elementor-element elementor-element-4267e41 elementor-section-boxed elementor-section-height-default elementor-section-height-default\" data-id=\"4267e41\" data-element_type=\"section\" data-e-type=\"section\">\n\t\t\t\t\t\t<div class=\"elementor-container elementor-column-gap-default\">\n\t\t\t\t\t<div class=\"elementor-column elementor-col-100 elementor-top-column elementor-element elementor-element-2c07e66\" data-id=\"2c07e66\" data-element_type=\"column\" data-e-type=\"column\">\n\t\t\t<div class=\"elementor-widget-wrap elementor-element-populated\">\n\t\t\t\t\t\t<div class=\"elementor-element elementor-element-53f891a elementor-widget elementor-widget-heading\" data-id=\"53f891a\" data-element_type=\"widget\" data-e-type=\"widget\" id=\"famiglie\" data-widget_type=\"heading.default\">\n\t\t\t\t<div class=\"elementor-widget-container\">\n\t\t\t\t\t<h2 class=\"elementor-heading-title elementor-size-default\">\/ Attivit\u00e0 per le famiglie<\/h2>\t\t\t\t<\/div>\n\t\t\t\t<\/div>\n\t\t\t\t<div class=\"elementor-element elementor-element-ea5db61 elementor-widget elementor-widget-text-editor\" data-id=\"ea5db61\" data-element_type=\"widget\" data-e-type=\"widget\" data-widget_type=\"text-editor.default\">\n\t\t\t\t<div class=\"elementor-widget-container\">\n\t\t\t\t\t\t\t\t\t<p><span style=\"font-weight: 400;\">Per le famiglie con bambini dai 5 ai 12 anni, &#8220;Senza titolo&#8221; propone un calendario di attivit\u00e0 dedicate alla mostra <\/span><i><span style=\"font-weight: 400;\">Achille Funi. Un maestro del Novecento tra storia e mito<\/span><\/i><span style=\"font-weight: 400;\">: un percorso animato tra le sale espositive e un laboratorio nell\u2019aula didattica.<\/span><\/p>\n\t\t\t\t\t\t\t\t<\/div>\n\t\t\t\t<\/div>\n\t\t\t\t<div class=\"elementor-element elementor-element-533991b elementor-widget elementor-widget-text-editor\" data-id=\"533991b\" data-element_type=\"widget\" data-e-type=\"widget\" data-widget_type=\"text-editor.default\">\n\t\t\t\t<div class=\"elementor-widget-container\">\n\t\t\t\t\t\t\t\t\t<ul>\n<li>gioved\u00ec 9 novembre, ore 17.30<\/li>\n<li>sabato 18 novembre, ore 17.30<\/li>\n<li>sabato 16 dicembre, ore 17.30<\/li>\n<li>gioved\u00ec 4 gennaio, ore 17.30<\/li>\n<li>sabato 20 gennaio, ore 17.30<\/li>\n<li>gioved\u00ec 15 febbraio, ore 17.30<\/li>\n<\/ul>\n<p>Per informazioni e prenotazioni: <a href=\"mailto:info@senzatitolo.net\">info@senzatitolo.net<\/a><\/p>\n\t\t\t\t\t\t\t\t<\/div>\n\t\t\t\t<\/div>\n\t\t\t\t<div class=\"elementor-element elementor-element-75120fe elementor-widget elementor-widget-spacer\" data-id=\"75120fe\" data-element_type=\"widget\" data-e-type=\"widget\" data-widget_type=\"spacer.default\">\n\t\t\t\t<div class=\"elementor-widget-container\">\n\t\t\t\t\t\t\t<div class=\"elementor-spacer\">\n\t\t\t<div class=\"elementor-spacer-inner\"><\/div>\n\t\t<\/div>\n\t\t\t\t\t\t<\/div>\n\t\t\t\t<\/div>\n\t\t\t\t\t<\/div>\n\t\t<\/div>\n\t\t\t\t\t<\/div>\n\t\t<\/section>\n\t\t\t\t<section class=\"elementor-section elementor-top-section elementor-element elementor-element-6a82596 elementor-section-boxed elementor-section-height-default elementor-section-height-default\" data-id=\"6a82596\" data-element_type=\"section\" data-e-type=\"section\">\n\t\t\t\t\t\t<div class=\"elementor-container elementor-column-gap-default\">\n\t\t\t\t\t<div class=\"elementor-column elementor-col-100 elementor-top-column elementor-element elementor-element-f5d71e1\" data-id=\"f5d71e1\" data-element_type=\"column\" data-e-type=\"column\">\n\t\t\t<div class=\"elementor-widget-wrap elementor-element-populated\">\n\t\t\t\t\t\t<div class=\"elementor-element elementor-element-42f061b elementor-widget elementor-widget-heading\" data-id=\"42f061b\" data-element_type=\"widget\" data-e-type=\"widget\" id=\"video\" data-widget_type=\"heading.default\">\n\t\t\t\t<div class=\"elementor-widget-container\">\n\t\t\t\t\t<h2 class=\"elementor-heading-title elementor-size-default\">\/ Conferenza di presentazione della mostra agli insegnanti<\/h2>\t\t\t\t<\/div>\n\t\t\t\t<\/div>\n\t\t\t\t<div class=\"elementor-element elementor-element-74fc318 elementor-widget elementor-widget-text-editor\" data-id=\"74fc318\" data-element_type=\"widget\" data-e-type=\"widget\" data-widget_type=\"text-editor.default\">\n\t\t\t\t<div class=\"elementor-widget-container\">\n\t\t\t\t\t\t\t\t\t<p>Achille Funi raccontato alle scuole<\/p>\n\t\t\t\t\t\t\t\t<\/div>\n\t\t\t\t<\/div>\n\t\t\t\t<div class=\"elementor-element elementor-element-66455ca elementor-widget elementor-widget-video\" data-id=\"66455ca\" data-element_type=\"widget\" data-e-type=\"widget\" data-settings=\"{&quot;youtube_url&quot;:&quot;https:\\\/\\\/youtu.be\\\/VHbIYkuZtR0&quot;,&quot;show_image_overlay&quot;:&quot;yes&quot;,&quot;image_overlay&quot;:{&quot;url&quot;:&quot;https:\\\/\\\/www.palazzodiamanti.it\\\/wp-content\\\/uploads\\\/2023\\\/09\\\/FUNI-banner-web-1920x1080-1-scaled.jpg&quot;,&quot;id&quot;:9333,&quot;size&quot;:&quot;&quot;,&quot;alt&quot;:&quot;&quot;,&quot;source&quot;:&quot;library&quot;},&quot;video_type&quot;:&quot;youtube&quot;,&quot;controls&quot;:&quot;yes&quot;}\" data-widget_type=\"video.default\">\n\t\t\t\t<div class=\"elementor-widget-container\">\n\t\t\t\t\t\t\t<div class=\"elementor-wrapper elementor-open-inline\">\n\t\t\t<div class=\"elementor-video\"><\/div>\t\t\t\t<div class=\"elementor-custom-embed-image-overlay\" style=\"background-image: url(https:\/\/www.palazzodiamanti.it\/wp-content\/uploads\/2023\/09\/FUNI-banner-web-1920x1080-1-scaled.jpg);\">\n\t\t\t\t\t\t\t\t\t\t\t\t\t\t\t\t<div class=\"elementor-custom-embed-play\" role=\"button\" aria-label=\"Play Video\" tabindex=\"0\">\n\t\t\t\t\t\t\t<i aria-hidden=\"true\" class=\"eicon-play\"><\/i>\t\t\t\t\t\t<\/div>\n\t\t\t\t\t\t\t\t\t<\/div>\n\t\t\t\t\t<\/div>\n\t\t\t\t\t\t<\/div>\n\t\t\t\t<\/div>\n\t\t\t\t\t<\/div>\n\t\t<\/div>\n\t\t\t\t\t<\/div>\n\t\t<\/section>\n\t\t\t\t<\/div>\n\t\t","protected":false},"parent":0,"template":"","cataloghi":[],"didattica":[23],"mostra-di-riferimento":[170],"class_list":["post-9067","contenuti-mostre","type-contenuti-mostre","status-publish","hentry","didattica-arc","mostra-di-riferimento-funi-en"],"yoast_head":"<!-- This site is optimized with the Yoast SEO plugin v27.5 - https:\/\/yoast.com\/product\/yoast-seo-wordpress\/ -->\n<title>Laboratori per scuole e famiglie - Palazzo dei Diamanti | Arte a Ferrara<\/title>\n<meta name=\"description\" content=\"Scopri Laboratori per scuole e famiglie - della mostra ospitata a Palazzo dei Diamanti | Comune di Ferrara | Fondazione Ferrara Arte\" \/>\n<meta name=\"robots\" content=\"index, follow, max-snippet:-1, max-image-preview:large, max-video-preview:-1\" \/>\n<link rel=\"canonical\" href=\"https:\/\/www.palazzodiamanti.it\/en\/contenuti-mostre\/laboratori-per-scuole-e-famiglie\/\" \/>\n<meta property=\"og:locale\" content=\"en_US\" \/>\n<meta property=\"og:type\" content=\"article\" \/>\n<meta property=\"og:title\" content=\"Laboratori per scuole e famiglie - Palazzo dei Diamanti | Arte a Ferrara\" \/>\n<meta property=\"og:description\" content=\"Scopri Laboratori per scuole e famiglie - della mostra ospitata a Palazzo dei Diamanti | Comune di Ferrara | Fondazione Ferrara Arte\" \/>\n<meta property=\"og:url\" content=\"https:\/\/www.palazzodiamanti.it\/en\/contenuti-mostre\/laboratori-per-scuole-e-famiglie\/\" \/>\n<meta property=\"og:site_name\" content=\"Palazzo dei Diamanti\" \/>\n<meta property=\"article:publisher\" content=\"https:\/\/www.facebook.com\/PalazzoDiamanti\/\" \/>\n<meta property=\"article:modified_time\" content=\"2023-10-20T12:20:43+00:00\" \/>\n<meta property=\"og:image\" content=\"https:\/\/www.palazzodiamanti.it\/wp-content\/uploads\/2023\/09\/Vignetta_2__Episodio_1-scaled.jpg\" \/>\n<meta name=\"twitter:card\" content=\"summary_large_image\" \/>\n<meta name=\"twitter:label1\" content=\"Est. reading time\" \/>\n\t<meta name=\"twitter:data1\" content=\"5 minutes\" \/>\n<script type=\"application\/ld+json\" class=\"yoast-schema-graph\">{\"@context\":\"https:\\\/\\\/schema.org\",\"@graph\":[{\"@type\":\"WebPage\",\"@id\":\"https:\\\/\\\/www.palazzodiamanti.it\\\/en\\\/contenuti-mostre\\\/laboratori-per-scuole-e-famiglie\\\/\",\"url\":\"https:\\\/\\\/www.palazzodiamanti.it\\\/en\\\/contenuti-mostre\\\/laboratori-per-scuole-e-famiglie\\\/\",\"name\":\"Laboratori per scuole e famiglie - Palazzo dei Diamanti | Arte a Ferrara\",\"isPartOf\":{\"@id\":\"https:\\\/\\\/www.palazzodiamanti.it\\\/#website\"},\"primaryImageOfPage\":{\"@id\":\"https:\\\/\\\/www.palazzodiamanti.it\\\/en\\\/contenuti-mostre\\\/laboratori-per-scuole-e-famiglie\\\/#primaryimage\"},\"image\":{\"@id\":\"https:\\\/\\\/www.palazzodiamanti.it\\\/en\\\/contenuti-mostre\\\/laboratori-per-scuole-e-famiglie\\\/#primaryimage\"},\"thumbnailUrl\":\"https:\\\/\\\/www.palazzodiamanti.it\\\/wp-content\\\/uploads\\\/2023\\\/09\\\/Vignetta_2__Episodio_1-scaled.jpg\",\"datePublished\":\"2023-09-29T09:20:19+00:00\",\"dateModified\":\"2023-10-20T12:20:43+00:00\",\"description\":\"Scopri Laboratori per scuole e famiglie - della mostra ospitata a Palazzo dei Diamanti | Comune di Ferrara | Fondazione Ferrara Arte\",\"breadcrumb\":{\"@id\":\"https:\\\/\\\/www.palazzodiamanti.it\\\/en\\\/contenuti-mostre\\\/laboratori-per-scuole-e-famiglie\\\/#breadcrumb\"},\"inLanguage\":\"en-US\",\"potentialAction\":[{\"@type\":\"ReadAction\",\"target\":[\"https:\\\/\\\/www.palazzodiamanti.it\\\/en\\\/contenuti-mostre\\\/laboratori-per-scuole-e-famiglie\\\/\"]}]},{\"@type\":\"ImageObject\",\"inLanguage\":\"en-US\",\"@id\":\"https:\\\/\\\/www.palazzodiamanti.it\\\/en\\\/contenuti-mostre\\\/laboratori-per-scuole-e-famiglie\\\/#primaryimage\",\"url\":\"https:\\\/\\\/www.palazzodiamanti.it\\\/wp-content\\\/uploads\\\/2023\\\/09\\\/Vignetta_2__Episodio_1-scaled.jpg\",\"contentUrl\":\"https:\\\/\\\/www.palazzodiamanti.it\\\/wp-content\\\/uploads\\\/2023\\\/09\\\/Vignetta_2__Episodio_1-scaled.jpg\"},{\"@type\":\"BreadcrumbList\",\"@id\":\"https:\\\/\\\/www.palazzodiamanti.it\\\/en\\\/contenuti-mostre\\\/laboratori-per-scuole-e-famiglie\\\/#breadcrumb\",\"itemListElement\":[{\"@type\":\"ListItem\",\"position\":1,\"name\":\"Home\",\"item\":\"https:\\\/\\\/www.palazzodiamanti.it\\\/en\\\/home\\\/\"},{\"@type\":\"ListItem\",\"position\":2,\"name\":\"Contenuti Mostre\",\"item\":\"https:\\\/\\\/www.palazzodiamanti.it\\\/contenuti-mostre\\\/\"},{\"@type\":\"ListItem\",\"position\":3,\"name\":\"Laboratori per scuole e famiglie\"}]},{\"@type\":\"WebSite\",\"@id\":\"https:\\\/\\\/www.palazzodiamanti.it\\\/#website\",\"url\":\"https:\\\/\\\/www.palazzodiamanti.it\\\/\",\"name\":\"Palazzo dei Diamanti\",\"description\":\"Mostre d\u2019arte a Ferrara | Palazzo dei Diamanti\",\"publisher\":{\"@id\":\"https:\\\/\\\/www.palazzodiamanti.it\\\/#organization\"},\"alternateName\":\"Ferrara Arte\",\"potentialAction\":[{\"@type\":\"SearchAction\",\"target\":{\"@type\":\"EntryPoint\",\"urlTemplate\":\"https:\\\/\\\/www.palazzodiamanti.it\\\/?s={search_term_string}\"},\"query-input\":{\"@type\":\"PropertyValueSpecification\",\"valueRequired\":true,\"valueName\":\"search_term_string\"}}],\"inLanguage\":\"en-US\"},{\"@type\":\"Organization\",\"@id\":\"https:\\\/\\\/www.palazzodiamanti.it\\\/#organization\",\"name\":\"Palazzo dei Diamanti\",\"alternateName\":\"Ferrara Arte\",\"url\":\"https:\\\/\\\/www.palazzodiamanti.it\\\/\",\"logo\":{\"@type\":\"ImageObject\",\"inLanguage\":\"en-US\",\"@id\":\"https:\\\/\\\/www.palazzodiamanti.it\\\/#\\\/schema\\\/logo\\\/image\\\/\",\"url\":\"https:\\\/\\\/www.palazzodiamanti.it\\\/wp-content\\\/uploads\\\/2021\\\/12\\\/logo-palazzo-diamanti-official.png\",\"contentUrl\":\"https:\\\/\\\/www.palazzodiamanti.it\\\/wp-content\\\/uploads\\\/2021\\\/12\\\/logo-palazzo-diamanti-official.png\",\"width\":1000,\"height\":489,\"caption\":\"Palazzo dei Diamanti\"},\"image\":{\"@id\":\"https:\\\/\\\/www.palazzodiamanti.it\\\/#\\\/schema\\\/logo\\\/image\\\/\"},\"sameAs\":[\"https:\\\/\\\/www.facebook.com\\\/PalazzoDiamanti\\\/\",\"https:\\\/\\\/www.instagram.com\\\/PalazzoDiamanti\\\/\",\"https:\\\/\\\/www.youtube.com\\\/channel\\\/UCrkn9LzeLVL-Mcxu9vBP7xA\",\"https:\\\/\\\/vimeo.com\\\/palazzodiamanti\"]}]}<\/script>\n<!-- \/ Yoast SEO plugin. -->","yoast_head_json":{"title":"Laboratori per scuole e famiglie - Palazzo dei Diamanti | Arte a Ferrara","description":"Scopri Laboratori per scuole e famiglie - della mostra ospitata a Palazzo dei Diamanti | Comune di Ferrara | Fondazione Ferrara Arte","robots":{"index":"index","follow":"follow","max-snippet":"max-snippet:-1","max-image-preview":"max-image-preview:large","max-video-preview":"max-video-preview:-1"},"canonical":"https:\/\/www.palazzodiamanti.it\/en\/contenuti-mostre\/laboratori-per-scuole-e-famiglie\/","og_locale":"en_US","og_type":"article","og_title":"Laboratori per scuole e famiglie - Palazzo dei Diamanti | Arte a Ferrara","og_description":"Scopri Laboratori per scuole e famiglie - della mostra ospitata a Palazzo dei Diamanti | Comune di Ferrara | Fondazione Ferrara Arte","og_url":"https:\/\/www.palazzodiamanti.it\/en\/contenuti-mostre\/laboratori-per-scuole-e-famiglie\/","og_site_name":"Palazzo dei Diamanti","article_publisher":"https:\/\/www.facebook.com\/PalazzoDiamanti\/","article_modified_time":"2023-10-20T12:20:43+00:00","og_image":[{"url":"https:\/\/www.palazzodiamanti.it\/wp-content\/uploads\/2023\/09\/Vignetta_2__Episodio_1-scaled.jpg","type":"","width":"","height":""}],"twitter_card":"summary_large_image","twitter_misc":{"Est. reading time":"5 minutes"},"schema":{"@context":"https:\/\/schema.org","@graph":[{"@type":"WebPage","@id":"https:\/\/www.palazzodiamanti.it\/en\/contenuti-mostre\/laboratori-per-scuole-e-famiglie\/","url":"https:\/\/www.palazzodiamanti.it\/en\/contenuti-mostre\/laboratori-per-scuole-e-famiglie\/","name":"Laboratori per scuole e famiglie - Palazzo dei Diamanti | Arte a Ferrara","isPartOf":{"@id":"https:\/\/www.palazzodiamanti.it\/#website"},"primaryImageOfPage":{"@id":"https:\/\/www.palazzodiamanti.it\/en\/contenuti-mostre\/laboratori-per-scuole-e-famiglie\/#primaryimage"},"image":{"@id":"https:\/\/www.palazzodiamanti.it\/en\/contenuti-mostre\/laboratori-per-scuole-e-famiglie\/#primaryimage"},"thumbnailUrl":"https:\/\/www.palazzodiamanti.it\/wp-content\/uploads\/2023\/09\/Vignetta_2__Episodio_1-scaled.jpg","datePublished":"2023-09-29T09:20:19+00:00","dateModified":"2023-10-20T12:20:43+00:00","description":"Scopri Laboratori per scuole e famiglie - della mostra ospitata a Palazzo dei Diamanti | Comune di Ferrara | Fondazione Ferrara Arte","breadcrumb":{"@id":"https:\/\/www.palazzodiamanti.it\/en\/contenuti-mostre\/laboratori-per-scuole-e-famiglie\/#breadcrumb"},"inLanguage":"en-US","potentialAction":[{"@type":"ReadAction","target":["https:\/\/www.palazzodiamanti.it\/en\/contenuti-mostre\/laboratori-per-scuole-e-famiglie\/"]}]},{"@type":"ImageObject","inLanguage":"en-US","@id":"https:\/\/www.palazzodiamanti.it\/en\/contenuti-mostre\/laboratori-per-scuole-e-famiglie\/#primaryimage","url":"https:\/\/www.palazzodiamanti.it\/wp-content\/uploads\/2023\/09\/Vignetta_2__Episodio_1-scaled.jpg","contentUrl":"https:\/\/www.palazzodiamanti.it\/wp-content\/uploads\/2023\/09\/Vignetta_2__Episodio_1-scaled.jpg"},{"@type":"BreadcrumbList","@id":"https:\/\/www.palazzodiamanti.it\/en\/contenuti-mostre\/laboratori-per-scuole-e-famiglie\/#breadcrumb","itemListElement":[{"@type":"ListItem","position":1,"name":"Home","item":"https:\/\/www.palazzodiamanti.it\/en\/home\/"},{"@type":"ListItem","position":2,"name":"Contenuti Mostre","item":"https:\/\/www.palazzodiamanti.it\/contenuti-mostre\/"},{"@type":"ListItem","position":3,"name":"Laboratori per scuole e famiglie"}]},{"@type":"WebSite","@id":"https:\/\/www.palazzodiamanti.it\/#website","url":"https:\/\/www.palazzodiamanti.it\/","name":"Palazzo dei Diamanti","description":"Mostre d\u2019arte a Ferrara | Palazzo dei Diamanti","publisher":{"@id":"https:\/\/www.palazzodiamanti.it\/#organization"},"alternateName":"Ferrara Arte","potentialAction":[{"@type":"SearchAction","target":{"@type":"EntryPoint","urlTemplate":"https:\/\/www.palazzodiamanti.it\/?s={search_term_string}"},"query-input":{"@type":"PropertyValueSpecification","valueRequired":true,"valueName":"search_term_string"}}],"inLanguage":"en-US"},{"@type":"Organization","@id":"https:\/\/www.palazzodiamanti.it\/#organization","name":"Palazzo dei Diamanti","alternateName":"Ferrara Arte","url":"https:\/\/www.palazzodiamanti.it\/","logo":{"@type":"ImageObject","inLanguage":"en-US","@id":"https:\/\/www.palazzodiamanti.it\/#\/schema\/logo\/image\/","url":"https:\/\/www.palazzodiamanti.it\/wp-content\/uploads\/2021\/12\/logo-palazzo-diamanti-official.png","contentUrl":"https:\/\/www.palazzodiamanti.it\/wp-content\/uploads\/2021\/12\/logo-palazzo-diamanti-official.png","width":1000,"height":489,"caption":"Palazzo dei Diamanti"},"image":{"@id":"https:\/\/www.palazzodiamanti.it\/#\/schema\/logo\/image\/"},"sameAs":["https:\/\/www.facebook.com\/PalazzoDiamanti\/","https:\/\/www.instagram.com\/PalazzoDiamanti\/","https:\/\/www.youtube.com\/channel\/UCrkn9LzeLVL-Mcxu9vBP7xA","https:\/\/vimeo.com\/palazzodiamanti"]}]}},"_links":{"self":[{"href":"https:\/\/www.palazzodiamanti.it\/en\/wp-json\/wp\/v2\/contenuti-mostre\/9067","targetHints":{"allow":["GET"]}}],"collection":[{"href":"https:\/\/www.palazzodiamanti.it\/en\/wp-json\/wp\/v2\/contenuti-mostre"}],"about":[{"href":"https:\/\/www.palazzodiamanti.it\/en\/wp-json\/wp\/v2\/types\/contenuti-mostre"}],"version-history":[{"count":0,"href":"https:\/\/www.palazzodiamanti.it\/en\/wp-json\/wp\/v2\/contenuti-mostre\/9067\/revisions"}],"wp:attachment":[{"href":"https:\/\/www.palazzodiamanti.it\/en\/wp-json\/wp\/v2\/media?parent=9067"}],"wp:term":[{"taxonomy":"cataloghi","embeddable":true,"href":"https:\/\/www.palazzodiamanti.it\/en\/wp-json\/wp\/v2\/cataloghi?post=9067"},{"taxonomy":"didattica","embeddable":true,"href":"https:\/\/www.palazzodiamanti.it\/en\/wp-json\/wp\/v2\/didattica?post=9067"},{"taxonomy":"mostra-di-riferimento","embeddable":true,"href":"https:\/\/www.palazzodiamanti.it\/en\/wp-json\/wp\/v2\/mostra-di-riferimento?post=9067"}],"curies":[{"name":"wp","href":"https:\/\/api.w.org\/{rel}","templated":true}]}}