{"id":11562,"date":"2024-12-16T15:04:52","date_gmt":"2024-12-16T14:04:52","guid":{"rendered":"https:\/\/www.palazzodiamanti.it\/?post_type=mostre&#038;p=11562"},"modified":"2025-02-19T10:03:29","modified_gmt":"2025-02-19T09:03:29","slug":"alphonse-mucha","status":"publish","type":"mostre","link":"https:\/\/www.palazzodiamanti.it\/en\/mostre\/alphonse-mucha\/","title":{"rendered":"Alphonse Mucha"},"content":{"rendered":"\t\t<div data-elementor-type=\"wp-post\" data-elementor-id=\"11562\" class=\"elementor elementor-11562 elementor-11561\" data-elementor-post-type=\"mostre\">\n\t\t\t\t\t\t<section class=\"elementor-section elementor-top-section elementor-element elementor-element-1a0c30e elementor-section-boxed elementor-section-height-default elementor-section-height-default\" data-id=\"1a0c30e\" data-element_type=\"section\" data-e-type=\"section\">\n\t\t\t\t\t\t<div class=\"elementor-container elementor-column-gap-default\">\n\t\t\t\t\t<div class=\"elementor-column elementor-col-100 elementor-top-column elementor-element elementor-element-131925b\" data-id=\"131925b\" data-element_type=\"column\" data-e-type=\"column\">\n\t\t\t<div class=\"elementor-widget-wrap elementor-element-populated\">\n\t\t\t\t\t\t<div class=\"elementor-element elementor-element-101b29b elementor-widget elementor-widget-spacer\" data-id=\"101b29b\" data-element_type=\"widget\" data-e-type=\"widget\" data-widget_type=\"spacer.default\">\n\t\t\t\t<div class=\"elementor-widget-container\">\n\t\t\t\t\t\t\t<div class=\"elementor-spacer\">\n\t\t\t<div class=\"elementor-spacer-inner\"><\/div>\n\t\t<\/div>\n\t\t\t\t\t\t<\/div>\n\t\t\t\t<\/div>\n\t\t\t\t<div class=\"elementor-element elementor-element-ac9f5ab elementor-widget elementor-widget-heading\" data-id=\"ac9f5ab\" data-element_type=\"widget\" data-e-type=\"widget\" data-widget_type=\"heading.default\">\n\t\t\t\t<div class=\"elementor-widget-container\">\n\t\t\t\t\t<h2 class=\"elementor-heading-title elementor-size-default\">Graceful and elegant women were the undisputed protagonists not only of Alphonse Mucha\u2019s works but also of those by Giovanni Boldini (Ferrara, 1842 \u2013 Paris, 1931), who, like the Czech artist, lived permanently in Paris, where he established himself as a highly sought-after portraitist for a wealthy international clientele. <\/h2>\t\t\t\t<\/div>\n\t\t\t\t<\/div>\n\t\t\t\t<div class=\"elementor-element elementor-element-1605255 elementor-widget elementor-widget-spacer\" data-id=\"1605255\" data-element_type=\"widget\" data-e-type=\"widget\" data-widget_type=\"spacer.default\">\n\t\t\t\t<div class=\"elementor-widget-container\">\n\t\t\t\t\t\t\t<div class=\"elementor-spacer\">\n\t\t\t<div class=\"elementor-spacer-inner\"><\/div>\n\t\t<\/div>\n\t\t\t\t\t\t<\/div>\n\t\t\t\t<\/div>\n\t\t\t\t<div class=\"elementor-element elementor-element-fad449e elementor-drop-cap-yes elementor-drop-cap-view-default elementor-widget elementor-widget-text-editor\" data-id=\"fad449e\" data-element_type=\"widget\" data-e-type=\"widget\" data-settings=\"{&quot;drop_cap&quot;:&quot;yes&quot;}\" data-widget_type=\"text-editor.default\">\n\t\t\t\t<div class=\"elementor-widget-container\">\n\t\t\t\t\t\t\t\t\t<p>Although he is best known worldwide for his posters of the famous actress Sarah Bernhardt, Mucha was extraordinarily versatile: in addition to being a painter, draughtsman, and illustrator, he was also a photographer, set designer, interior designer, jewelry designer, and packaging designer. His works quickly became emblematic of the emerging Art Nouveau movement, contributing to its definition with a distinctive and captivating style (known as \u201c<em>L<\/em><em>e<\/em> <em>s<\/em><em>t<\/em><em>y<\/em><em>le Mucha<\/em>\u201d). When he first visited the United States in 1904, the press hailed him as \u201cthe greatest decorative artist in the world.\u201d   <\/p>\n<p>The exhibition, organized in collaboration with Arthemisia and the <strong>Mucha Foundation<\/strong>, explores the biography, artistic evolution, and diverse facets of Mucha\u2019s work. He was deeply convinced that the beauty and inspirational power of art could drive humanity\u2019s progress and foster peace and unity among nations.<\/p>\n\t\t\t\t\t\t\t\t<\/div>\n\t\t\t\t<\/div>\n\t\t\t\t<div class=\"elementor-element elementor-element-ab36099 elementor-widget elementor-widget-spacer\" data-id=\"ab36099\" data-element_type=\"widget\" data-e-type=\"widget\" data-widget_type=\"spacer.default\">\n\t\t\t\t<div class=\"elementor-widget-container\">\n\t\t\t\t\t\t\t<div class=\"elementor-spacer\">\n\t\t\t<div class=\"elementor-spacer-inner\"><\/div>\n\t\t<\/div>\n\t\t\t\t\t\t<\/div>\n\t\t\t\t<\/div>\n\t\t\t\t<div class=\"elementor-element elementor-element-5ab04d1 elementor-widget__width-initial elementor-hidden-mobile elementor-hidden-desktop elementor-hidden-tablet elementor-widget elementor-widget-image\" data-id=\"5ab04d1\" data-element_type=\"widget\" data-e-type=\"widget\" data-widget_type=\"image.default\">\n\t\t\t\t<div class=\"elementor-widget-container\">\n\t\t\t\t\t\t\t\t\t\t\t\t\t\t\t<img fetchpriority=\"high\" decoding=\"async\" width=\"1340\" height=\"1124\" src=\"https:\/\/www.palazzodiamanti.it\/wp-content\/uploads\/2024\/07\/Screenshot-2024-10-02-alle-11.57.01.png\" class=\"attachment-full size-full wp-image-11213\" alt=\"\" srcset=\"https:\/\/www.palazzodiamanti.it\/wp-content\/uploads\/2024\/07\/Screenshot-2024-10-02-alle-11.57.01.png 1340w, https:\/\/www.palazzodiamanti.it\/wp-content\/uploads\/2024\/07\/Screenshot-2024-10-02-alle-11.57.01-300x252.png 300w, https:\/\/www.palazzodiamanti.it\/wp-content\/uploads\/2024\/07\/Screenshot-2024-10-02-alle-11.57.01-1024x859.png 1024w, https:\/\/www.palazzodiamanti.it\/wp-content\/uploads\/2024\/07\/Screenshot-2024-10-02-alle-11.57.01-768x644.png 768w\" sizes=\"(max-width: 1340px) 100vw, 1340px\" \/>\t\t\t\t\t\t\t\t\t\t\t\t\t\t\t<\/div>\n\t\t\t\t<\/div>\n\t\t\t\t<div class=\"elementor-element elementor-element-5cc5981 elementor-widget__width-initial elementor-hidden-desktop elementor-hidden-tablet elementor-hidden-mobile elementor-widget elementor-widget-image\" data-id=\"5cc5981\" data-element_type=\"widget\" data-e-type=\"widget\" data-widget_type=\"image.default\">\n\t\t\t\t<div class=\"elementor-widget-container\">\n\t\t\t\t\t\t\t\t\t\t\t\t\t\t\t<img fetchpriority=\"high\" decoding=\"async\" width=\"1340\" height=\"1124\" src=\"https:\/\/www.palazzodiamanti.it\/wp-content\/uploads\/2024\/07\/Screenshot-2024-10-02-alle-11.57.01.png\" class=\"attachment-full size-full wp-image-11213\" alt=\"\" srcset=\"https:\/\/www.palazzodiamanti.it\/wp-content\/uploads\/2024\/07\/Screenshot-2024-10-02-alle-11.57.01.png 1340w, https:\/\/www.palazzodiamanti.it\/wp-content\/uploads\/2024\/07\/Screenshot-2024-10-02-alle-11.57.01-300x252.png 300w, https:\/\/www.palazzodiamanti.it\/wp-content\/uploads\/2024\/07\/Screenshot-2024-10-02-alle-11.57.01-1024x859.png 1024w, https:\/\/www.palazzodiamanti.it\/wp-content\/uploads\/2024\/07\/Screenshot-2024-10-02-alle-11.57.01-768x644.png 768w\" sizes=\"(max-width: 1340px) 100vw, 1340px\" \/>\t\t\t\t\t\t\t\t\t\t\t\t\t\t\t<\/div>\n\t\t\t\t<\/div>\n\t\t\t\t<div class=\"elementor-element elementor-element-1072bdf elementor-widget elementor-widget-spacer\" data-id=\"1072bdf\" data-element_type=\"widget\" data-e-type=\"widget\" data-widget_type=\"spacer.default\">\n\t\t\t\t<div class=\"elementor-widget-container\">\n\t\t\t\t\t\t\t<div class=\"elementor-spacer\">\n\t\t\t<div class=\"elementor-spacer-inner\"><\/div>\n\t\t<\/div>\n\t\t\t\t\t\t<\/div>\n\t\t\t\t<\/div>\n\t\t\t\t\t<\/div>\n\t\t<\/div>\n\t\t\t\t\t<\/div>\n\t\t<\/section>\n\t\t\t\t<section class=\"elementor-section elementor-top-section elementor-element elementor-element-25f47d6 elementor-section-boxed elementor-section-height-default elementor-section-height-default\" data-id=\"25f47d6\" data-element_type=\"section\" data-e-type=\"section\">\n\t\t\t\t\t\t<div class=\"elementor-container elementor-column-gap-default\">\n\t\t\t\t\t<div class=\"elementor-column elementor-col-100 elementor-top-column elementor-element elementor-element-8c12a8a\" data-id=\"8c12a8a\" data-element_type=\"column\" data-e-type=\"column\">\n\t\t\t<div class=\"elementor-widget-wrap elementor-element-populated\">\n\t\t\t\t\t\t<div class=\"elementor-element elementor-element-f09114b elementor-widget elementor-widget-heading\" data-id=\"f09114b\" data-element_type=\"widget\" data-e-type=\"widget\" data-widget_type=\"heading.default\">\n\t\t\t\t<div class=\"elementor-widget-container\">\n\t\t\t\t\t<h2 class=\"elementor-heading-title elementor-size-large\">\/ More<\/h2>\t\t\t\t<\/div>\n\t\t\t\t<\/div>\n\t\t\t\t<div class=\"elementor-element elementor-element-c714437 elementor-widget elementor-widget-text-editor\" data-id=\"c714437\" data-element_type=\"widget\" data-e-type=\"widget\" data-widget_type=\"text-editor.default\">\n\t\t\t\t<div class=\"elementor-widget-container\">\n\t\t\t\t\t\t\t\t\t<p><a href=\"https:\/\/www.palazzodiamanti.it\/wp-content\/uploads\/2024\/12\/Comunicato-stampa_Mucha_Boldini-1212-1.docx\">Press release<\/a><\/p>\n\t\t\t\t\t\t\t\t<\/div>\n\t\t\t\t<\/div>\n\t\t\t\t<div class=\"elementor-element elementor-element-3681871 elementor-widget elementor-widget-heading\" data-id=\"3681871\" data-element_type=\"widget\" data-e-type=\"widget\" data-widget_type=\"heading.default\">\n\t\t\t\t<div class=\"elementor-widget-container\">\n\t\t\t\t\t<h2 class=\"elementor-heading-title elementor-size-large\">\/ Info and Booking<\/h2>\t\t\t\t<\/div>\n\t\t\t\t<\/div>\n\t\t\t\t<div class=\"elementor-element elementor-element-113e388 elementor-widget elementor-widget-text-editor\" data-id=\"113e388\" data-element_type=\"widget\" data-e-type=\"widget\" data-widget_type=\"text-editor.default\">\n\t\t\t\t<div class=\"elementor-widget-container\">\n\t\t\t\t\t\t\t\t\t<p>tel. +39 0532 244949 | <a href=\"file:\/\/\/C:\/Users\/f.gavioli\/Documents\/LAVORI%20FEBBRAIO%202022\/ERCOLE&amp;COSTA\/Ufficio%20stampa\/diamanti@comune.fe.it\">diamanti@comune.fe.it<\/a><\/p>\n\t\t\t\t\t\t\t\t<\/div>\n\t\t\t\t<\/div>\n\t\t\t\t<div class=\"elementor-element elementor-element-14549b2 elementor-widget elementor-widget-heading\" data-id=\"14549b2\" data-element_type=\"widget\" data-e-type=\"widget\" data-widget_type=\"heading.default\">\n\t\t\t\t<div class=\"elementor-widget-container\">\n\t\t\t\t\t<h2 class=\"elementor-heading-title elementor-size-large\">\/ Uffici stampa<\/h2>\t\t\t\t<\/div>\n\t\t\t\t<\/div>\n\t\t\t\t<div class=\"elementor-element elementor-element-55fa44a elementor-widget elementor-widget-text-editor\" data-id=\"55fa44a\" data-element_type=\"widget\" data-e-type=\"widget\" data-widget_type=\"text-editor.default\">\n\t\t\t\t<div class=\"elementor-widget-container\">\n\t\t\t\t\t\t\t\t\t<div><strong>Arthemisia<\/strong><br \/>Salvatore Macaluso<br \/><a href=\"mailto:sam@arthemisia.it\">sam@arthemisia.it<\/a> | M. +39 392 4325883<br \/><a href=\"mailto:press@arthemisia.it\">press@arthemisia.it<\/a> | T. +39 06 69380306<\/p>\n<p><strong>Studio Esseci<\/strong><br \/>Simone Raddi | <a href=\"mailto:simone@studioesseci.net\">simone@studioesseci.net<\/a><br \/>+39 049 663499 | M. +39 347 0481694<\/p>\n<p><strong>Fondazione Ferrara Arte<\/strong><br \/><a href=\"mailto:comunicazione.ferrararte@comune.fe.it\">comunicazione.ferrararte@comune.fe.it<\/a><\/div>\n<div> <\/div><\/p>\n\t\t\t\t\t\t\t\t<\/div>\n\t\t\t\t<\/div>\n\t\t\t\t<div class=\"elementor-element elementor-element-736f7e6 elementor-widget elementor-widget-spacer\" data-id=\"736f7e6\" data-element_type=\"widget\" data-e-type=\"widget\" data-widget_type=\"spacer.default\">\n\t\t\t\t<div class=\"elementor-widget-container\">\n\t\t\t\t\t\t\t<div class=\"elementor-spacer\">\n\t\t\t<div class=\"elementor-spacer-inner\"><\/div>\n\t\t<\/div>\n\t\t\t\t\t\t<\/div>\n\t\t\t\t<\/div>\n\t\t\t\t\t<\/div>\n\t\t<\/div>\n\t\t\t\t\t<\/div>\n\t\t<\/section>\n\t\t\t\t<section class=\"elementor-section elementor-top-section elementor-element elementor-element-756a57f elementor-hidden-desktop elementor-hidden-tablet elementor-hidden-mobile elementor-section-boxed elementor-section-height-default elementor-section-height-default\" data-id=\"756a57f\" data-element_type=\"section\" data-e-type=\"section\">\n\t\t\t\t\t\t<div class=\"elementor-container elementor-column-gap-default\">\n\t\t\t\t\t<div class=\"elementor-column elementor-col-100 elementor-top-column elementor-element elementor-element-f990523\" data-id=\"f990523\" data-element_type=\"column\" data-e-type=\"column\">\n\t\t\t<div class=\"elementor-widget-wrap elementor-element-populated\">\n\t\t\t\t\t\t<div class=\"elementor-element elementor-element-46af359 elementor-widget elementor-widget-heading\" data-id=\"46af359\" data-element_type=\"widget\" data-e-type=\"widget\" data-widget_type=\"heading.default\">\n\t\t\t\t<div class=\"elementor-widget-container\">\n\t\t\t\t\t<h2 class=\"elementor-heading-title elementor-size-large\">Works on show<\/h2>\t\t\t\t<\/div>\n\t\t\t\t<\/div>\n\t\t\t\t<div class=\"elementor-element elementor-element-a0773da elementor-arrows-position-inside elementor-pagination-position-outside elementor-widget elementor-widget-image-carousel\" data-id=\"a0773da\" data-element_type=\"widget\" data-e-type=\"widget\" data-settings=\"{&quot;navigation&quot;:&quot;both&quot;,&quot;autoplay&quot;:&quot;yes&quot;,&quot;pause_on_hover&quot;:&quot;yes&quot;,&quot;pause_on_interaction&quot;:&quot;yes&quot;,&quot;autoplay_speed&quot;:5000,&quot;infinite&quot;:&quot;yes&quot;,&quot;speed&quot;:500,&quot;image_spacing_custom&quot;:{&quot;unit&quot;:&quot;px&quot;,&quot;size&quot;:20,&quot;sizes&quot;:[]},&quot;image_spacing_custom_tablet&quot;:{&quot;unit&quot;:&quot;px&quot;,&quot;size&quot;:&quot;&quot;,&quot;sizes&quot;:[]},&quot;image_spacing_custom_mobile&quot;:{&quot;unit&quot;:&quot;px&quot;,&quot;size&quot;:&quot;&quot;,&quot;sizes&quot;:[]}}\" data-widget_type=\"image-carousel.default\">\n\t\t\t\t<div class=\"elementor-widget-container\">\n\t\t\t\t\t\t\t<div class=\"elementor-image-carousel-wrapper swiper\" role=\"region\" aria-roledescription=\"carousel\" aria-label=\"Image Carousel\" dir=\"ltr\">\n\t\t\t<div class=\"elementor-image-carousel swiper-wrapper\" aria-live=\"off\">\n\t\t\t\t\t\t\t\t<div class=\"swiper-slide\" role=\"group\" aria-roledescription=\"slide\" aria-label=\"1 of 12\"><a data-elementor-open-lightbox=\"yes\" data-elementor-lightbox-slideshow=\"a0773da\" data-elementor-lightbox-title=\"Ludovico Mazzolino, Adorazione dei Magi, c. 1500-02. Avignone, Mus\u00e9e du Petit Palais, deposito del Mus\u00e9e du Louvre, d\u00e9partement des peintures\" data-e-action-hash=\"#elementor-action%3Aaction%3Dlightbox%26settings%3DeyJpZCI6MTA3NzUsInVybCI6Imh0dHBzOlwvXC93d3cucGFsYXp6b2RpYW1hbnRpLml0XC93cC1jb250ZW50XC91cGxvYWRzXC8yMDI0XC8wN1wvMDA1LmpwZyIsInNsaWRlc2hvdyI6ImEwNzczZGEifQ%3D%3D\" href=\"https:\/\/www.palazzodiamanti.it\/wp-content\/uploads\/2024\/07\/005.jpg\"><figure class=\"swiper-slide-inner\"><img decoding=\"async\" class=\"swiper-slide-image\" src=\"https:\/\/www.palazzodiamanti.it\/wp-content\/uploads\/elementor\/thumbs\/005-qqsxmq11susgp0p4fwc9k51l42zpu7fi3ja5jrvlb4.jpg\" alt=\"Ludovico Mazzolino, Adorazione dei Magi, c. 1500-02. Avignone, Mus\u00e9e du Petit Palais, deposito del Mus\u00e9e du Louvre, d\u00e9partement des peintures\" \/><\/figure><\/a><\/div><div class=\"swiper-slide\" role=\"group\" aria-roledescription=\"slide\" aria-label=\"2 of 12\"><a data-elementor-open-lightbox=\"yes\" data-elementor-lightbox-slideshow=\"a0773da\" data-elementor-lightbox-title=\"Giovanni Battista Benvenuti detto Ortolano, Nativit\u00e0, c. 1506. Parigi, Mus\u00e9e du Louvre, d\u00e9partement des peintures\" data-e-action-hash=\"#elementor-action%3Aaction%3Dlightbox%26settings%3DeyJpZCI6MTA3NzcsInVybCI6Imh0dHBzOlwvXC93d3cucGFsYXp6b2RpYW1hbnRpLml0XC93cC1jb250ZW50XC91cGxvYWRzXC8yMDI0XC8wN1wvMDI1LmpwZyIsInNsaWRlc2hvdyI6ImEwNzczZGEifQ%3D%3D\" href=\"https:\/\/www.palazzodiamanti.it\/wp-content\/uploads\/2024\/07\/025.jpg\"><figure class=\"swiper-slide-inner\"><img decoding=\"async\" class=\"swiper-slide-image\" src=\"https:\/\/www.palazzodiamanti.it\/wp-content\/uploads\/elementor\/thumbs\/025-qqsxo5q68qr8fkm120oqv9zxs9wwlk4qmn5uxzqxsw.jpg\" alt=\"Giovanni Battista Benvenuti detto Ortolano, Nativit\u00e0, c. 1508. Parigi, Mus\u00e9e du Louvre, d\u00e9partement des peintures\" \/><\/figure><\/a><\/div><div class=\"swiper-slide\" role=\"group\" aria-roledescription=\"slide\" aria-label=\"3 of 12\"><a data-elementor-open-lightbox=\"yes\" data-elementor-lightbox-slideshow=\"a0773da\" data-elementor-lightbox-title=\"Giovanni Battista Benvenuti detto Ortolano, Adorazione del Bambino, c. 1510. Philadelphia Museum of Art, John G. Johnson Collection, 1917\" data-e-action-hash=\"#elementor-action%3Aaction%3Dlightbox%26settings%3DeyJpZCI6MTA3NDUsInVybCI6Imh0dHBzOlwvXC93d3cucGFsYXp6b2RpYW1hbnRpLml0XC93cC1jb250ZW50XC91cGxvYWRzXC8yMDI0XC8wN1wvMDI3LmpwZyIsInNsaWRlc2hvdyI6ImEwNzczZGEifQ%3D%3D\" href=\"https:\/\/www.palazzodiamanti.it\/wp-content\/uploads\/2024\/07\/027.jpg\"><figure class=\"swiper-slide-inner\"><img decoding=\"async\" class=\"swiper-slide-image\" src=\"https:\/\/www.palazzodiamanti.it\/wp-content\/uploads\/elementor\/thumbs\/027-qqsuwpex4sm20v2msj2sjvh73m3t6gb5ae9dz17i5c.jpg\" alt=\"Giovanni Battista Benvenuti detto Ortolano, Adorazione del Bambino e putti\ncon gli strumenti della Passione, c. 1512. Philadelphia Museum of Art, John G. Johnson Collection, 1917\" \/><\/figure><\/a><\/div><div class=\"swiper-slide\" role=\"group\" aria-roledescription=\"slide\" aria-label=\"4 of 12\"><a data-elementor-open-lightbox=\"yes\" data-elementor-lightbox-slideshow=\"a0773da\" data-elementor-lightbox-title=\"Benvenuto Tisi detto Garofalo, Minerva e Nettuno, 1512. Dresda, Staatliche Kunstsammlungen, Gem\u00e4ldegalerie Alte Meister\" data-e-action-hash=\"#elementor-action%3Aaction%3Dlightbox%26settings%3DeyJpZCI6MTA3NDcsInVybCI6Imh0dHBzOlwvXC93d3cucGFsYXp6b2RpYW1hbnRpLml0XC93cC1jb250ZW50XC91cGxvYWRzXC8yMDI0XC8wN1wvMDYwLmpwZyIsInNsaWRlc2hvdyI6ImEwNzczZGEifQ%3D%3D\" href=\"https:\/\/www.palazzodiamanti.it\/wp-content\/uploads\/2024\/07\/060.jpg\"><figure class=\"swiper-slide-inner\"><img decoding=\"async\" class=\"swiper-slide-image\" src=\"https:\/\/www.palazzodiamanti.it\/wp-content\/uploads\/elementor\/thumbs\/060-qqsuwt69w4r7bax66kpatuj1h5la18q2mwvbw51xgg.jpg\" alt=\"Benvenuto Tisi detto Garofalo, Minerva e Nettuno(Allegoria di Alfonso I d\u2019Este), 1512. Dresda, Staatliche Kunstsammlungen, Gem\u00e4ldegalerie Alte Meister\" \/><\/figure><\/a><\/div><div class=\"swiper-slide\" role=\"group\" aria-roledescription=\"slide\" aria-label=\"5 of 12\"><a data-elementor-open-lightbox=\"yes\" data-elementor-lightbox-slideshow=\"a0773da\" data-elementor-lightbox-title=\"Benvenuto Tisi detto Garofalo, Cristo portacroce, c. 1513-14. Collezione Grimaldi Fava\" data-e-action-hash=\"#elementor-action%3Aaction%3Dlightbox%26settings%3DeyJpZCI6MTA3NDksInVybCI6Imh0dHBzOlwvXC93d3cucGFsYXp6b2RpYW1hbnRpLml0XC93cC1jb250ZW50XC91cGxvYWRzXC8yMDI0XC8wN1wvMDY0LmpwZyIsInNsaWRlc2hvdyI6ImEwNzczZGEifQ%3D%3D\" href=\"https:\/\/www.palazzodiamanti.it\/wp-content\/uploads\/2024\/07\/064.jpg\"><figure class=\"swiper-slide-inner\"><img decoding=\"async\" class=\"swiper-slide-image\" src=\"https:\/\/www.palazzodiamanti.it\/wp-content\/uploads\/elementor\/thumbs\/064-qqsuwwxmngwclqrpkmbt3tkvup2qw14zzfh9t8wcrk.jpg\" alt=\"Benvenuto Tisi detto Garofalo, Cristo portacroce, c. 1514. Collezione Grimaldi Fava\" \/><\/figure><\/a><\/div><div class=\"swiper-slide\" role=\"group\" aria-roledescription=\"slide\" aria-label=\"6 of 12\"><a data-elementor-open-lightbox=\"yes\" data-elementor-lightbox-slideshow=\"a0773da\" data-elementor-lightbox-title=\"Giovanni Luteri detto Dosso, Ritratto di Nicol\u00f2 Leoniceno, ante 1521. Como, Pinacoteca Civica\" data-e-action-hash=\"#elementor-action%3Aaction%3Dlightbox%26settings%3DeyJpZCI6MTA3NTksInVybCI6Imh0dHBzOlwvXC93d3cucGFsYXp6b2RpYW1hbnRpLml0XC93cC1jb250ZW50XC91cGxvYWRzXC8yMDI0XC8wN1wvMTQ0LmpwZyIsInNsaWRlc2hvdyI6ImEwNzczZGEifQ%3D%3D\" href=\"https:\/\/www.palazzodiamanti.it\/wp-content\/uploads\/2024\/07\/144.jpg\"><figure class=\"swiper-slide-inner\"><img decoding=\"async\" class=\"swiper-slide-image\" src=\"https:\/\/www.palazzodiamanti.it\/wp-content\/uploads\/elementor\/thumbs\/144-qqsuxfqeg5m31y0eiugchou3qei35z7mq0izes4hb4.jpg\" alt=\"Giovanni Luteri detto Dosso, Ritratto di Niccol\u00f2 Leoniceno, 1521. Como, Pinacoteca Civica\" \/><\/figure><\/a><\/div><div class=\"swiper-slide\" role=\"group\" aria-roledescription=\"slide\" aria-label=\"7 of 12\"><a data-elementor-open-lightbox=\"yes\" data-elementor-lightbox-slideshow=\"a0773da\" data-elementor-lightbox-title=\"Giovanni Luteri detto Dosso, Circe, c. 1525. Washington, National Gallery of Art, Samuel H. Kress Collection\" data-e-action-hash=\"#elementor-action%3Aaction%3Dlightbox%26settings%3DeyJpZCI6MTA3NjEsInVybCI6Imh0dHBzOlwvXC93d3cucGFsYXp6b2RpYW1hbnRpLml0XC93cC1jb250ZW50XC91cGxvYWRzXC8yMDI0XC8wN1wvMTUxLmpwZyIsInNsaWRlc2hvdyI6ImEwNzczZGEifQ%3D%3D\" href=\"https:\/\/www.palazzodiamanti.it\/wp-content\/uploads\/2024\/07\/151.jpg\"><figure class=\"swiper-slide-inner\"><img decoding=\"async\" class=\"swiper-slide-image\" src=\"https:\/\/www.palazzodiamanti.it\/wp-content\/uploads\/elementor\/thumbs\/151-qqsuxjhr7hr8cduxww2urnvy3xzk0rmk2j4xbvywm8.jpg\" alt=\"Giovanni Luteri detto Dosso, Circe e i suoi amanti in un paesaggio, c. 1525. Washington, National Gallery of Art, Samuel H. Kress Collection\" \/><\/figure><\/a><\/div><div class=\"swiper-slide\" role=\"group\" aria-roledescription=\"slide\" aria-label=\"8 of 12\"><a data-elementor-open-lightbox=\"yes\" data-elementor-lightbox-slideshow=\"a0773da\" data-elementor-lightbox-title=\"Ludovico Mazzolino, Adorazione del Bambino con san Giovannino, 1526. Collezione Grimaldi Fava\" data-e-action-hash=\"#elementor-action%3Aaction%3Dlightbox%26settings%3DeyJpZCI6MTA3NTUsInVybCI6Imh0dHBzOlwvXC93d3cucGFsYXp6b2RpYW1hbnRpLml0XC93cC1jb250ZW50XC91cGxvYWRzXC8yMDI0XC8wN1wvMDk5LmpwZyIsInNsaWRlc2hvdyI6ImEwNzczZGEifQ%3D%3D\" href=\"https:\/\/www.palazzodiamanti.it\/wp-content\/uploads\/2024\/07\/099.jpg\"><figure class=\"swiper-slide-inner\"><img decoding=\"async\" class=\"swiper-slide-image\" src=\"https:\/\/www.palazzodiamanti.it\/wp-content\/uploads\/elementor\/thumbs\/099-qqsux95j4bd2so9yl9lyi8hvkpeio3hid3yl1ue8io.jpg\" alt=\"Ludovico Mazzolino, Adorazione del Bambino con san Giovannino, 1526. Collezione Grimaldi Fava\" \/><\/figure><\/a><\/div><div class=\"swiper-slide\" role=\"group\" aria-roledescription=\"slide\" aria-label=\"9 of 12\"><a data-elementor-open-lightbox=\"yes\" data-elementor-lightbox-slideshow=\"a0773da\" data-elementor-lightbox-title=\"Giovanni Battista Benvenuti detto Ortolano, Adorazione dei Magi, c. 1527. Mamiano di Traversetolo, Fondazione Magnani Rocca\" data-e-action-hash=\"#elementor-action%3Aaction%3Dlightbox%26settings%3DeyJpZCI6MTA3NTMsInVybCI6Imh0dHBzOlwvXC93d3cucGFsYXp6b2RpYW1hbnRpLml0XC93cC1jb250ZW50XC91cGxvYWRzXC8yMDI0XC8wN1wvMDk1LmpwZyIsInNsaWRlc2hvdyI6ImEwNzczZGEifQ%3D%3D\" href=\"https:\/\/www.palazzodiamanti.it\/wp-content\/uploads\/2024\/07\/095.jpg\"><figure class=\"swiper-slide-inner\"><img decoding=\"async\" class=\"swiper-slide-image\" src=\"https:\/\/www.palazzodiamanti.it\/wp-content\/uploads\/elementor\/thumbs\/095-qqsux5e6cz7xi8ff77zg89g175x1tb2l0lcn4qjt7k.jpg\" alt=\"Giovanni Battista Benvenuti detto Ortolano, Adorazione dei Magi, c. 1525-27. Mamiano di Traversetolo, Fondazione Magnani-Rocca\" \/><\/figure><\/a><\/div><div class=\"swiper-slide\" role=\"group\" aria-roledescription=\"slide\" aria-label=\"10 of 12\"><a data-elementor-open-lightbox=\"yes\" data-elementor-lightbox-slideshow=\"a0773da\" data-elementor-lightbox-title=\"Ludovico Mazzolino, Strage degli innocenti, c. 1528. Amsterdam, Rijksmuseum, in prestito dal Koninklijk Kabinet van Schilderijen Mauritshuis\" data-e-action-hash=\"#elementor-action%3Aaction%3Dlightbox%26settings%3DeyJpZCI6MTA3NTEsInVybCI6Imh0dHBzOlwvXC93d3cucGFsYXp6b2RpYW1hbnRpLml0XC93cC1jb250ZW50XC91cGxvYWRzXC8yMDI0XC8wN1wvMDc4LmpwZyIsInNsaWRlc2hvdyI6ImEwNzczZGEifQ%3D%3D\" href=\"https:\/\/www.palazzodiamanti.it\/wp-content\/uploads\/2024\/07\/078.jpg\"><figure class=\"swiper-slide-inner\"><img decoding=\"async\" class=\"swiper-slide-image\" src=\"https:\/\/www.palazzodiamanti.it\/wp-content\/uploads\/elementor\/thumbs\/078-qqsux1mtln2s7skvt6cxyae6tmfkyinno2qp7mpdwg.jpg\" alt=\"Ludovico Mazzolino, Strage degli innocenti, 1528. Amsterdam, Rijksmuseum, in prestito dal Koninklijk Kabinet van Schilderijen Mauritshuis\" \/><\/figure><\/a><\/div><div class=\"swiper-slide\" role=\"group\" aria-roledescription=\"slide\" aria-label=\"11 of 12\"><a data-elementor-open-lightbox=\"yes\" data-elementor-lightbox-slideshow=\"a0773da\" data-elementor-lightbox-title=\"Benvenuto Tisi detto Garofalo, Sacra Famiglia, c. 1525-30. Francoforte, St\u00e4del Museum\" data-e-action-hash=\"#elementor-action%3Aaction%3Dlightbox%26settings%3DeyJpZCI6MTA3NTcsInVybCI6Imh0dHBzOlwvXC93d3cucGFsYXp6b2RpYW1hbnRpLml0XC93cC1jb250ZW50XC91cGxvYWRzXC8yMDI0XC8wN1wvMTAxLmpwZyIsInNsaWRlc2hvdyI6ImEwNzczZGEifQ%3D%3D\" href=\"https:\/\/www.palazzodiamanti.it\/wp-content\/uploads\/2024\/07\/101.jpg\"><figure class=\"swiper-slide-inner\"><img decoding=\"async\" class=\"swiper-slide-image\" src=\"https:\/\/www.palazzodiamanti.it\/wp-content\/uploads\/elementor\/thumbs\/101-qqsuxcwvvni8344hzb8gs7jpy8vzivwfpmkiyy8nts.jpg\" alt=\"Benvenuto Tisi detto Garofalo, Sacra Famiglia, c. 1530. Francoforte, St\u00e4del Museum\" \/><\/figure><\/a><\/div><div class=\"swiper-slide\" role=\"group\" aria-roledescription=\"slide\" aria-label=\"12 of 12\"><a data-elementor-open-lightbox=\"yes\" data-elementor-lightbox-slideshow=\"a0773da\" data-elementor-lightbox-title=\"Giovanni Luteri detto Dosso, Ercole e i Pigmei, c. 1535. Graz, Universalmuseum Joanneum, Alte Galerie\" data-e-action-hash=\"#elementor-action%3Aaction%3Dlightbox%26settings%3DeyJpZCI6MTA3NjMsInVybCI6Imh0dHBzOlwvXC93d3cucGFsYXp6b2RpYW1hbnRpLml0XC93cC1jb250ZW50XC91cGxvYWRzXC8yMDI0XC8wN1wvMTU1LmpwZyIsInNsaWRlc2hvdyI6ImEwNzczZGEifQ%3D%3D\" href=\"https:\/\/www.palazzodiamanti.it\/wp-content\/uploads\/2024\/07\/155.jpg\"><figure class=\"swiper-slide-inner\"><img decoding=\"async\" class=\"swiper-slide-image\" src=\"https:\/\/www.palazzodiamanti.it\/wp-content\/uploads\/elementor\/thumbs\/155-qqsuxn93ytwdmtphaxpd1mxshhh0vk1hf1qv8ztbxc.jpg\" alt=\"Giovanni Luteri detto Dosso, Ercole tra i Pigmei, c. 1535. Graz, Universalmuseum Joanneum, Alte Galerie\" \/><\/figure><\/a><\/div>\t\t\t<\/div>\n\t\t\t\t\t\t\t\t\t\t\t\t<div class=\"elementor-swiper-button elementor-swiper-button-prev\" role=\"button\" tabindex=\"0\">\n\t\t\t\t\t\t<i aria-hidden=\"true\" class=\"eicon-chevron-left\"><\/i>\t\t\t\t\t<\/div>\n\t\t\t\t\t<div class=\"elementor-swiper-button elementor-swiper-button-next\" role=\"button\" tabindex=\"0\">\n\t\t\t\t\t\t<i aria-hidden=\"true\" class=\"eicon-chevron-right\"><\/i>\t\t\t\t\t<\/div>\n\t\t\t\t\n\t\t\t\t\t\t\t\t\t<div class=\"swiper-pagination\"><\/div>\n\t\t\t\t\t\t\t\t\t<\/div>\n\t\t\t\t\t\t<\/div>\n\t\t\t\t<\/div>\n\t\t\t\t\t<\/div>\n\t\t<\/div>\n\t\t\t\t\t<\/div>\n\t\t<\/section>\n\t\t\t\t<section class=\"elementor-section elementor-top-section elementor-element elementor-element-81242af elementor-hidden-desktop elementor-hidden-tablet elementor-hidden-mobile elementor-section-boxed elementor-section-height-default elementor-section-height-default\" data-id=\"81242af\" data-element_type=\"section\" data-e-type=\"section\">\n\t\t\t\t\t\t<div class=\"elementor-container elementor-column-gap-default\">\n\t\t\t\t\t<div class=\"elementor-column elementor-col-100 elementor-top-column elementor-element elementor-element-06537a3\" data-id=\"06537a3\" data-element_type=\"column\" data-e-type=\"column\">\n\t\t\t<div class=\"elementor-widget-wrap elementor-element-populated\">\n\t\t\t\t\t\t<div class=\"elementor-element elementor-element-c59bcc8 elementor-align-center elementor-widget elementor-widget-button\" data-id=\"c59bcc8\" data-element_type=\"widget\" data-e-type=\"widget\" data-widget_type=\"button.default\">\n\t\t\t\t<div class=\"elementor-widget-container\">\n\t\t\t\t\t\t\t\t\t<div class=\"elementor-button-wrapper\">\n\t\t\t\t\t<a class=\"elementor-button elementor-button-link elementor-size-sm\" href=\"https:\/\/www.palazzodiamanti.it\/en\/contenuti-mostre\/plan-your-visit\/\">\n\t\t\t\t\t\t<span class=\"elementor-button-content-wrapper\">\n\t\t\t\t\t\t\t\t\t<span class=\"elementor-button-text\">BUY TICKETS<\/span>\n\t\t\t\t\t<\/span>\n\t\t\t\t\t<\/a>\n\t\t\t\t<\/div>\n\t\t\t\t\t\t\t\t<\/div>\n\t\t\t\t<\/div>\n\t\t\t\t\t<\/div>\n\t\t<\/div>\n\t\t\t\t\t<\/div>\n\t\t<\/section>\n\t\t\t\t<section class=\"elementor-section elementor-top-section elementor-element elementor-element-6dad0fe elementor-hidden-desktop elementor-hidden-tablet elementor-hidden-mobile elementor-section-boxed elementor-section-height-default elementor-section-height-default\" data-id=\"6dad0fe\" data-element_type=\"section\" data-e-type=\"section\">\n\t\t\t\t\t\t<div class=\"elementor-container elementor-column-gap-default\">\n\t\t\t\t\t<div class=\"elementor-column elementor-col-33 elementor-top-column elementor-element elementor-element-bfcbc70\" data-id=\"bfcbc70\" data-element_type=\"column\" data-e-type=\"column\">\n\t\t\t<div class=\"elementor-widget-wrap elementor-element-populated\">\n\t\t\t\t\t\t<div class=\"elementor-element elementor-element-d765d80 elementor-position-inline-start elementor-view-default elementor-mobile-position-block-start elementor-widget elementor-widget-icon-box\" data-id=\"d765d80\" data-element_type=\"widget\" data-e-type=\"widget\" data-widget_type=\"icon-box.default\">\n\t\t\t\t<div class=\"elementor-widget-container\">\n\t\t\t\t\t\t\t<div class=\"elementor-icon-box-wrapper\">\n\n\t\t\t\t\t\t<div class=\"elementor-icon-box-icon\">\n\t\t\t\t<span  class=\"elementor-icon\">\n\t\t\t\t<i aria-hidden=\"true\" class=\"far fa-clock\"><\/i>\t\t\t\t<\/span>\n\t\t\t<\/div>\n\t\t\t\n\t\t\t\t\t\t<div class=\"elementor-icon-box-content\">\n\n\t\t\t\t\t\t\t\t\t<h4 class=\"elementor-icon-box-title\">\n\t\t\t\t\t\t<span  >\n\t\t\t\t\t\t\tOpening hours\t\t\t\t\t\t<\/span>\n\t\t\t\t\t<\/h4>\n\t\t\t\t\n\t\t\t\t\t\t\t\t\t<p class=\"elementor-icon-box-description\">\n\t\t\t\t\t\tAperto tutti i giorni<br>dalle XXXXXXX\t\t\t\t\t<\/p>\n\t\t\t\t\n\t\t\t<\/div>\n\t\t\t\n\t\t<\/div>\n\t\t\t\t\t\t<\/div>\n\t\t\t\t<\/div>\n\t\t\t\t\t<\/div>\n\t\t<\/div>\n\t\t\t\t<div class=\"elementor-column elementor-col-33 elementor-top-column elementor-element elementor-element-8750ffd\" data-id=\"8750ffd\" data-element_type=\"column\" data-e-type=\"column\">\n\t\t\t<div class=\"elementor-widget-wrap elementor-element-populated\">\n\t\t\t\t\t\t<div class=\"elementor-element elementor-element-2f9246f elementor-position-inline-start elementor-view-default elementor-mobile-position-block-start elementor-widget elementor-widget-icon-box\" data-id=\"2f9246f\" data-element_type=\"widget\" data-e-type=\"widget\" data-widget_type=\"icon-box.default\">\n\t\t\t\t<div class=\"elementor-widget-container\">\n\t\t\t\t\t\t\t<div class=\"elementor-icon-box-wrapper\">\n\n\t\t\t\t\t\t<div class=\"elementor-icon-box-icon\">\n\t\t\t\t<span  class=\"elementor-icon\">\n\t\t\t\t<i aria-hidden=\"true\" class=\"fas fa-map-marker-alt\"><\/i>\t\t\t\t<\/span>\n\t\t\t<\/div>\n\t\t\t\n\t\t\t\t\t\t<div class=\"elementor-icon-box-content\">\n\n\t\t\t\t\t\t\t\t\t<h4 class=\"elementor-icon-box-title\">\n\t\t\t\t\t\t<span  >\n\t\t\t\t\t\t\tGetting here\t\t\t\t\t\t<\/span>\n\t\t\t\t\t<\/h4>\n\t\t\t\t\n\t\t\t\t\t\t\t\t\t<p class=\"elementor-icon-box-description\">\n\t\t\t\t\t\tPalazzo dei Diamanti<br>Corso Ercole I d'Este 21 | Ferrara<br>\n\t\t\t\t\t<\/p>\n\t\t\t\t\n\t\t\t<\/div>\n\t\t\t\n\t\t<\/div>\n\t\t\t\t\t\t<\/div>\n\t\t\t\t<\/div>\n\t\t\t\t\t<\/div>\n\t\t<\/div>\n\t\t\t\t<div class=\"elementor-column elementor-col-33 elementor-top-column elementor-element elementor-element-f5782ab\" data-id=\"f5782ab\" data-element_type=\"column\" data-e-type=\"column\">\n\t\t\t<div class=\"elementor-widget-wrap elementor-element-populated\">\n\t\t\t\t\t\t<div class=\"elementor-element elementor-element-0b84c9a elementor-position-inline-start elementor-view-default elementor-mobile-position-block-start elementor-widget elementor-widget-icon-box\" data-id=\"0b84c9a\" data-element_type=\"widget\" data-e-type=\"widget\" data-widget_type=\"icon-box.default\">\n\t\t\t\t<div class=\"elementor-widget-container\">\n\t\t\t\t\t\t\t<div class=\"elementor-icon-box-wrapper\">\n\n\t\t\t\t\t\t<div class=\"elementor-icon-box-icon\">\n\t\t\t\t<span  class=\"elementor-icon\">\n\t\t\t\t<i aria-hidden=\"true\" class=\"fas fa-tag\"><\/i>\t\t\t\t<\/span>\n\t\t\t<\/div>\n\t\t\t\n\t\t\t\t\t\t<div class=\"elementor-icon-box-content\">\n\n\t\t\t\t\t\t\t\t\t<h4 class=\"elementor-icon-box-title\">\n\t\t\t\t\t\t<span  >\n\t\t\t\t\t\t\tInformation\t\t\t\t\t\t<\/span>\n\t\t\t\t\t<\/h4>\n\t\t\t\t\n\t\t\t\t\t\t\t\t\t<p class=\"elementor-icon-box-description\">\n\t\t\t\t\t\ttel: +39 0532 244949<br>email: diamanti@comune.fe.it\t\t\t\t\t<\/p>\n\t\t\t\t\n\t\t\t<\/div>\n\t\t\t\n\t\t<\/div>\n\t\t\t\t\t\t<\/div>\n\t\t\t\t<\/div>\n\t\t\t\t\t<\/div>\n\t\t<\/div>\n\t\t\t\t\t<\/div>\n\t\t<\/section>\n\t\t\t\t<\/div>\n\t\t","protected":false},"parent":0,"template":"","in-corso-o-archivio":[105],"class_list":["post-11562","mostre","type-mostre","status-publish","hentry","in-corso-o-archivio-archive"],"yoast_head":"<!-- This site is optimized with the Yoast SEO plugin v27.5 - https:\/\/yoast.com\/product\/yoast-seo-wordpress\/ -->\n<title>Alphonse Mucha - Mostra a Palazzo dei Diamanti | Ferrara Arte<\/title>\n<meta name=\"description\" content=\"Scopri la mostra Alphonse Mucha - A Palazzo dei Diamanti | Comune di Ferrara | Organizzata da Fondazione Ferrara Arte\" \/>\n<meta name=\"robots\" content=\"index, follow, max-snippet:-1, max-image-preview:large, max-video-preview:-1\" \/>\n<link rel=\"canonical\" href=\"https:\/\/www.palazzodiamanti.it\/en\/mostre\/alphonse-mucha\/\" \/>\n<meta property=\"og:locale\" content=\"en_US\" \/>\n<meta property=\"og:type\" content=\"article\" \/>\n<meta property=\"og:title\" content=\"Alphonse Mucha - Mostra a Palazzo dei Diamanti | Ferrara Arte\" \/>\n<meta property=\"og:description\" content=\"Scopri la mostra Alphonse Mucha - A Palazzo dei Diamanti | Comune di Ferrara | Organizzata da Fondazione Ferrara Arte\" \/>\n<meta property=\"og:url\" content=\"https:\/\/www.palazzodiamanti.it\/en\/mostre\/alphonse-mucha\/\" \/>\n<meta property=\"og:site_name\" content=\"Palazzo dei Diamanti\" \/>\n<meta property=\"article:publisher\" content=\"https:\/\/www.facebook.com\/PalazzoDiamanti\/\" \/>\n<meta property=\"article:modified_time\" content=\"2025-02-19T09:03:29+00:00\" \/>\n<meta property=\"og:image\" content=\"https:\/\/www.palazzodiamanti.it\/wp-content\/uploads\/2024\/07\/Screenshot-2024-10-02-alle-11.57.01.png\" \/>\n<meta name=\"twitter:card\" content=\"summary_large_image\" \/>\n<meta name=\"twitter:label1\" content=\"Est. reading time\" \/>\n\t<meta name=\"twitter:data1\" content=\"5 minutes\" \/>\n<script type=\"application\/ld+json\" class=\"yoast-schema-graph\">{\"@context\":\"https:\\\/\\\/schema.org\",\"@graph\":[{\"@type\":\"WebPage\",\"@id\":\"https:\\\/\\\/www.palazzodiamanti.it\\\/en\\\/mostre\\\/alphonse-mucha\\\/\",\"url\":\"https:\\\/\\\/www.palazzodiamanti.it\\\/en\\\/mostre\\\/alphonse-mucha\\\/\",\"name\":\"Alphonse Mucha - Mostra a Palazzo dei Diamanti | Ferrara Arte\",\"isPartOf\":{\"@id\":\"https:\\\/\\\/www.palazzodiamanti.it\\\/#website\"},\"primaryImageOfPage\":{\"@id\":\"https:\\\/\\\/www.palazzodiamanti.it\\\/en\\\/mostre\\\/alphonse-mucha\\\/#primaryimage\"},\"image\":{\"@id\":\"https:\\\/\\\/www.palazzodiamanti.it\\\/en\\\/mostre\\\/alphonse-mucha\\\/#primaryimage\"},\"thumbnailUrl\":\"https:\\\/\\\/www.palazzodiamanti.it\\\/wp-content\\\/uploads\\\/2024\\\/07\\\/Screenshot-2024-10-02-alle-11.57.01.png\",\"datePublished\":\"2024-12-16T14:04:52+00:00\",\"dateModified\":\"2025-02-19T09:03:29+00:00\",\"description\":\"Scopri la mostra Alphonse Mucha - A Palazzo dei Diamanti | Comune di Ferrara | Organizzata da Fondazione Ferrara Arte\",\"breadcrumb\":{\"@id\":\"https:\\\/\\\/www.palazzodiamanti.it\\\/en\\\/mostre\\\/alphonse-mucha\\\/#breadcrumb\"},\"inLanguage\":\"en-US\",\"potentialAction\":[{\"@type\":\"ReadAction\",\"target\":[\"https:\\\/\\\/www.palazzodiamanti.it\\\/en\\\/mostre\\\/alphonse-mucha\\\/\"]}]},{\"@type\":\"ImageObject\",\"inLanguage\":\"en-US\",\"@id\":\"https:\\\/\\\/www.palazzodiamanti.it\\\/en\\\/mostre\\\/alphonse-mucha\\\/#primaryimage\",\"url\":\"https:\\\/\\\/www.palazzodiamanti.it\\\/wp-content\\\/uploads\\\/2024\\\/07\\\/Screenshot-2024-10-02-alle-11.57.01.png\",\"contentUrl\":\"https:\\\/\\\/www.palazzodiamanti.it\\\/wp-content\\\/uploads\\\/2024\\\/07\\\/Screenshot-2024-10-02-alle-11.57.01.png\"},{\"@type\":\"BreadcrumbList\",\"@id\":\"https:\\\/\\\/www.palazzodiamanti.it\\\/en\\\/mostre\\\/alphonse-mucha\\\/#breadcrumb\",\"itemListElement\":[{\"@type\":\"ListItem\",\"position\":1,\"name\":\"Home\",\"item\":\"https:\\\/\\\/www.palazzodiamanti.it\\\/en\\\/home\\\/\"},{\"@type\":\"ListItem\",\"position\":2,\"name\":\"Mostre\",\"item\":\"https:\\\/\\\/www.palazzodiamanti.it\\\/mostre\\\/\"},{\"@type\":\"ListItem\",\"position\":3,\"name\":\"Alphonse Mucha\"}]},{\"@type\":\"WebSite\",\"@id\":\"https:\\\/\\\/www.palazzodiamanti.it\\\/#website\",\"url\":\"https:\\\/\\\/www.palazzodiamanti.it\\\/\",\"name\":\"Palazzo dei Diamanti\",\"description\":\"Mostre d\u2019arte a Ferrara | Palazzo dei Diamanti\",\"publisher\":{\"@id\":\"https:\\\/\\\/www.palazzodiamanti.it\\\/#organization\"},\"alternateName\":\"Ferrara Arte\",\"potentialAction\":[{\"@type\":\"SearchAction\",\"target\":{\"@type\":\"EntryPoint\",\"urlTemplate\":\"https:\\\/\\\/www.palazzodiamanti.it\\\/?s={search_term_string}\"},\"query-input\":{\"@type\":\"PropertyValueSpecification\",\"valueRequired\":true,\"valueName\":\"search_term_string\"}}],\"inLanguage\":\"en-US\"},{\"@type\":\"Organization\",\"@id\":\"https:\\\/\\\/www.palazzodiamanti.it\\\/#organization\",\"name\":\"Palazzo dei Diamanti\",\"alternateName\":\"Ferrara Arte\",\"url\":\"https:\\\/\\\/www.palazzodiamanti.it\\\/\",\"logo\":{\"@type\":\"ImageObject\",\"inLanguage\":\"en-US\",\"@id\":\"https:\\\/\\\/www.palazzodiamanti.it\\\/#\\\/schema\\\/logo\\\/image\\\/\",\"url\":\"https:\\\/\\\/www.palazzodiamanti.it\\\/wp-content\\\/uploads\\\/2021\\\/12\\\/logo-palazzo-diamanti-official.png\",\"contentUrl\":\"https:\\\/\\\/www.palazzodiamanti.it\\\/wp-content\\\/uploads\\\/2021\\\/12\\\/logo-palazzo-diamanti-official.png\",\"width\":1000,\"height\":489,\"caption\":\"Palazzo dei Diamanti\"},\"image\":{\"@id\":\"https:\\\/\\\/www.palazzodiamanti.it\\\/#\\\/schema\\\/logo\\\/image\\\/\"},\"sameAs\":[\"https:\\\/\\\/www.facebook.com\\\/PalazzoDiamanti\\\/\",\"https:\\\/\\\/www.instagram.com\\\/PalazzoDiamanti\\\/\",\"https:\\\/\\\/www.youtube.com\\\/channel\\\/UCrkn9LzeLVL-Mcxu9vBP7xA\",\"https:\\\/\\\/vimeo.com\\\/palazzodiamanti\"]}]}<\/script>\n<!-- \/ Yoast SEO plugin. -->","yoast_head_json":{"title":"Alphonse Mucha - Mostra a Palazzo dei Diamanti | Ferrara Arte","description":"Scopri la mostra Alphonse Mucha - A Palazzo dei Diamanti | Comune di Ferrara | Organizzata da Fondazione Ferrara Arte","robots":{"index":"index","follow":"follow","max-snippet":"max-snippet:-1","max-image-preview":"max-image-preview:large","max-video-preview":"max-video-preview:-1"},"canonical":"https:\/\/www.palazzodiamanti.it\/en\/mostre\/alphonse-mucha\/","og_locale":"en_US","og_type":"article","og_title":"Alphonse Mucha - Mostra a Palazzo dei Diamanti | Ferrara Arte","og_description":"Scopri la mostra Alphonse Mucha - A Palazzo dei Diamanti | Comune di Ferrara | Organizzata da Fondazione Ferrara Arte","og_url":"https:\/\/www.palazzodiamanti.it\/en\/mostre\/alphonse-mucha\/","og_site_name":"Palazzo dei Diamanti","article_publisher":"https:\/\/www.facebook.com\/PalazzoDiamanti\/","article_modified_time":"2025-02-19T09:03:29+00:00","og_image":[{"url":"https:\/\/www.palazzodiamanti.it\/wp-content\/uploads\/2024\/07\/Screenshot-2024-10-02-alle-11.57.01.png","type":"","width":"","height":""}],"twitter_card":"summary_large_image","twitter_misc":{"Est. reading time":"5 minutes"},"schema":{"@context":"https:\/\/schema.org","@graph":[{"@type":"WebPage","@id":"https:\/\/www.palazzodiamanti.it\/en\/mostre\/alphonse-mucha\/","url":"https:\/\/www.palazzodiamanti.it\/en\/mostre\/alphonse-mucha\/","name":"Alphonse Mucha - Mostra a Palazzo dei Diamanti | Ferrara Arte","isPartOf":{"@id":"https:\/\/www.palazzodiamanti.it\/#website"},"primaryImageOfPage":{"@id":"https:\/\/www.palazzodiamanti.it\/en\/mostre\/alphonse-mucha\/#primaryimage"},"image":{"@id":"https:\/\/www.palazzodiamanti.it\/en\/mostre\/alphonse-mucha\/#primaryimage"},"thumbnailUrl":"https:\/\/www.palazzodiamanti.it\/wp-content\/uploads\/2024\/07\/Screenshot-2024-10-02-alle-11.57.01.png","datePublished":"2024-12-16T14:04:52+00:00","dateModified":"2025-02-19T09:03:29+00:00","description":"Scopri la mostra Alphonse Mucha - A Palazzo dei Diamanti | Comune di Ferrara | Organizzata da Fondazione Ferrara Arte","breadcrumb":{"@id":"https:\/\/www.palazzodiamanti.it\/en\/mostre\/alphonse-mucha\/#breadcrumb"},"inLanguage":"en-US","potentialAction":[{"@type":"ReadAction","target":["https:\/\/www.palazzodiamanti.it\/en\/mostre\/alphonse-mucha\/"]}]},{"@type":"ImageObject","inLanguage":"en-US","@id":"https:\/\/www.palazzodiamanti.it\/en\/mostre\/alphonse-mucha\/#primaryimage","url":"https:\/\/www.palazzodiamanti.it\/wp-content\/uploads\/2024\/07\/Screenshot-2024-10-02-alle-11.57.01.png","contentUrl":"https:\/\/www.palazzodiamanti.it\/wp-content\/uploads\/2024\/07\/Screenshot-2024-10-02-alle-11.57.01.png"},{"@type":"BreadcrumbList","@id":"https:\/\/www.palazzodiamanti.it\/en\/mostre\/alphonse-mucha\/#breadcrumb","itemListElement":[{"@type":"ListItem","position":1,"name":"Home","item":"https:\/\/www.palazzodiamanti.it\/en\/home\/"},{"@type":"ListItem","position":2,"name":"Mostre","item":"https:\/\/www.palazzodiamanti.it\/mostre\/"},{"@type":"ListItem","position":3,"name":"Alphonse Mucha"}]},{"@type":"WebSite","@id":"https:\/\/www.palazzodiamanti.it\/#website","url":"https:\/\/www.palazzodiamanti.it\/","name":"Palazzo dei Diamanti","description":"Mostre d\u2019arte a Ferrara | Palazzo dei Diamanti","publisher":{"@id":"https:\/\/www.palazzodiamanti.it\/#organization"},"alternateName":"Ferrara Arte","potentialAction":[{"@type":"SearchAction","target":{"@type":"EntryPoint","urlTemplate":"https:\/\/www.palazzodiamanti.it\/?s={search_term_string}"},"query-input":{"@type":"PropertyValueSpecification","valueRequired":true,"valueName":"search_term_string"}}],"inLanguage":"en-US"},{"@type":"Organization","@id":"https:\/\/www.palazzodiamanti.it\/#organization","name":"Palazzo dei Diamanti","alternateName":"Ferrara Arte","url":"https:\/\/www.palazzodiamanti.it\/","logo":{"@type":"ImageObject","inLanguage":"en-US","@id":"https:\/\/www.palazzodiamanti.it\/#\/schema\/logo\/image\/","url":"https:\/\/www.palazzodiamanti.it\/wp-content\/uploads\/2021\/12\/logo-palazzo-diamanti-official.png","contentUrl":"https:\/\/www.palazzodiamanti.it\/wp-content\/uploads\/2021\/12\/logo-palazzo-diamanti-official.png","width":1000,"height":489,"caption":"Palazzo dei Diamanti"},"image":{"@id":"https:\/\/www.palazzodiamanti.it\/#\/schema\/logo\/image\/"},"sameAs":["https:\/\/www.facebook.com\/PalazzoDiamanti\/","https:\/\/www.instagram.com\/PalazzoDiamanti\/","https:\/\/www.youtube.com\/channel\/UCrkn9LzeLVL-Mcxu9vBP7xA","https:\/\/vimeo.com\/palazzodiamanti"]}]}},"_links":{"self":[{"href":"https:\/\/www.palazzodiamanti.it\/en\/wp-json\/wp\/v2\/mostre\/11562","targetHints":{"allow":["GET"]}}],"collection":[{"href":"https:\/\/www.palazzodiamanti.it\/en\/wp-json\/wp\/v2\/mostre"}],"about":[{"href":"https:\/\/www.palazzodiamanti.it\/en\/wp-json\/wp\/v2\/types\/mostre"}],"version-history":[{"count":0,"href":"https:\/\/www.palazzodiamanti.it\/en\/wp-json\/wp\/v2\/mostre\/11562\/revisions"}],"wp:attachment":[{"href":"https:\/\/www.palazzodiamanti.it\/en\/wp-json\/wp\/v2\/media?parent=11562"}],"wp:term":[{"taxonomy":"in-corso-o-archivio","embeddable":true,"href":"https:\/\/www.palazzodiamanti.it\/en\/wp-json\/wp\/v2\/in-corso-o-archivio?post=11562"}],"curies":[{"name":"wp","href":"https:\/\/api.w.org\/{rel}","templated":true}]}}