{"id":2027,"date":"2005-10-09T15:07:35","date_gmt":"2005-10-09T13:07:35","guid":{"rendered":"https:\/\/www.palazzodiamanti.it\/?post_type=mostre&#038;p=2027"},"modified":"2023-08-09T18:13:27","modified_gmt":"2023-08-09T16:13:27","slug":"corot-natura-emozione-ricordo","status":"publish","type":"mostre","link":"https:\/\/www.palazzodiamanti.it\/en\/mostre\/corot-natura-emozione-ricordo\/","title":{"rendered":"Corot. Natura, emozione, ricordo"},"content":{"rendered":"\t\t<div data-elementor-type=\"wp-post\" data-elementor-id=\"2027\" class=\"elementor elementor-2027\" data-elementor-post-type=\"mostre\">\n\t\t\t\t\t\t<section class=\"elementor-section elementor-top-section elementor-element elementor-element-3a96fe3 elementor-section-boxed elementor-section-height-default elementor-section-height-default\" data-id=\"3a96fe3\" data-element_type=\"section\" data-e-type=\"section\">\n\t\t\t\t\t\t<div class=\"elementor-container elementor-column-gap-default\">\n\t\t\t\t\t<div class=\"elementor-column elementor-col-100 elementor-top-column elementor-element elementor-element-58ea389\" data-id=\"58ea389\" data-element_type=\"column\" data-e-type=\"column\">\n\t\t\t<div class=\"elementor-widget-wrap elementor-element-populated\">\n\t\t\t\t\t\t<div class=\"elementor-element elementor-element-c55a541 elementor-drop-cap-yes elementor-drop-cap-view-default elementor-widget elementor-widget-text-editor\" data-id=\"c55a541\" data-element_type=\"widget\" data-e-type=\"widget\" data-settings=\"{&quot;drop_cap&quot;:&quot;yes&quot;}\" data-widget_type=\"text-editor.default\">\n\t\t\t\t<div class=\"elementor-widget-container\">\n\t\t\t\t\t\t\t\t\t<p>\u00abA capo della moderna scuola di paesaggio sta Corot\u00bb: cos\u00ec Charles Baudelaire rende omaggio ad uno dei massimi protagonisti della pittura francese dell&#8217;Ottocento. Ammirato dai pi\u00f9 autorevoli intellettuali del suo tempo, punto di riferimento per generazioni di artisti, a Jean-Baptiste Camille Corot si deve una rilettura della realt\u00e0 naturale e della figura umana di grande intensit\u00e0 e originalit\u00e0.\u00a0<\/p><p>Questa mostra testimonia l&#8217;eccezionale statura del maestro francese, che seppe interpretare e trascendere le correnti artistiche dominanti nell&#8217;Ottocento &#8211; dal neoclassicismo, al romanticismo, al realismo &#8211; fino ad essere considerato un precursore dell&#8217;impressionismo.<\/p><p>Il sottotitolo della rassegna &#8211; <i>natura, emozione, ricordo<\/i> &#8211; riassume i motivi ispiratori dell&#8217;opera di Corot, che consacr\u00f2 la sua arte alla natura, studiandola appassionatamente fino ad impadronirsi dei suoi pi\u00f9 intimi segreti.<\/p><p>La formazione di Corot affonda le sue radici nella tradizione del paesaggio classico: studi\u00f2 assiduamente l&#8217;arte del passato e ritrasse la natura dal vero, per acquisire la maestria necessaria a realizzare ambiziose composizioni di paesaggio storico. Egli non si sottrasse neppure alla consuetudine del viaggio di studio in Italia. La sequenza di bozzetti italiani che apre la mostra, rivela tuttavia, nella freschezza dei colori e nell&#8217;infallibile controllo dei toni, una modernit\u00e0 di concezione che stup\u00ec gi\u00e0 i contemporanei.\u00a0<\/p><p>Questi capolavori riflettono l&#8217;amore che legava Corot all&#8217;Italia, dove l&#8217;artista soggiorn\u00f2 dal 1825 al &#8217;28, poi ancora nel &#8217;34 e nel &#8217;43, e che ricord\u00f2 per tutta la vita nei suoi quadri.<\/p><p>La pratica della pittura <i>en plein air<\/i> unita allo studio dei paesaggisti del Seicento, da Nicolas Poussin a Jacob van Ruysdael, condussero il pittore a esiti di squisito realismo nei paesaggi dipinti nei territori di Francia lungo l&#8217;arco della sua carriera.\u00a0<\/p><p>Il percorso espositivo ricostruisce un itinerario ideale attraverso i luoghi cari all&#8217;arte di Corot, a partire dalla foresta di Fontainebleau, dove l&#8217;artista amava recarsi per ritrarre angoli ancora allo &#8220;stato di natura&#8221;, in compagnia dei paesaggisti della scuola di Barbizon. <i>Il campanile di Douai<\/i>, autentica icona del raffinato naturalismo corottiano, sia nella composizione, sia nella tavolozza chiara e nella pennellata fluida, anticipa opere realizzate, di l\u00ec a poco, da Monet, Sisley e altri impressionisti.<\/p><p>I bozzetti dal vero costituivano un bagaglio di memoria visiva a cui l&#8217;artista attingeva per concepire, nella quiete del suo atelier, le grandi composizioni da Salon, le prestigiose esposizioni ufficiali parigine. In queste tele, inizialmente ispirate ai tradizionali temi della pittura di &#8220;paesaggio storico&#8221;, Corot introdusse, a partire dalla met\u00e0 del secolo, motivi congeniali al suo mondo interiore profondamente poetico, come la danza e la raccolta. Le suggestioni offerte dalla natura erano assimilate, distillate e rielaborate per dare vita a celebrazioni della felicit\u00e0 &#8211; come nel capolavoro <i>Mattino. La danza delle ninfe<\/i> &#8211; o a liriche evocazioni di stati d&#8217;animo malinconici.<\/p><p>L&#8217;indole gioviale e generosa dell&#8217;artista si manifesta anche nella predilezione per i paesaggi abitati dalla presenza umana, che donava alla natura un&#8217;intonazione sentimentale. L&#8217;interesse per la figura aliment\u00f2 una produzione pittorica autonoma, la cui intensit\u00e0 non sfugg\u00ec a Picasso. Da qui la magnifica galleria di ritratti, personaggi in costume e nudi selezionata per questa mostra, in cui spicca l&#8217;originalissima invenzione delle cosiddette &#8220;figure di fantasia&#8221;: modelli femminili abbigliati in costume, ritratti nello studio con lineamenti idealizzati, dall&#8217;indimenticabile fascino assorto.<\/p><p>La rassegna si chiude con una serie di dipinti sul tema del &#8220;ricordo&#8221;, che segnano il culmine della ricerca pittorica di Corot. I quadri di &#8220;ricordo&#8221; non descrivono la realt\u00e0 specifica di un luogo, ne esprimono l&#8217;essenza e l&#8217;atmosfera emotiva: al lucido realismo del <i>Carretto, ricordo di Marcoussis<\/i>, fanno seguito evocazioni rarefatte dalle inconfondibili \u00abbrume argentate\u00bb, come nella raffinata poesia di <i>Ricordo di Mortefontaine<\/i> o de <i>La solitudine, ricordo di Le Vigen<\/i>. In queste altissime creazioni, l&#8217;ispirazione lirica di Corot reinventa la natura e la figura umana, dando vita a \u00abstati d&#8217;animo travestiti da forme naturali\u00bb, per usare le parole di un suo moderno ammiratore, Wassily Kandinsky.<\/p><p><em><strong>Mostra a cura di<\/strong><\/em><\/p><p><span style=\"font-weight: 400;\">Vincent Pomar\u00e8de<\/span><\/p><p><em><strong>Organizzata da\u00a0<\/strong><\/em><\/p><p>Ferrara Arte e Museo Thyssen-Bornemisza, Madrid<\/p><p><em><strong>Enti promotori<\/strong><\/em><\/p><p>Comune di Ferrara<\/p><p>Provincia di Ferrara<\/p><p><em><strong>Con il patrocinio di<\/strong><\/em><\/p><p>Fondazione Cassa di Risparmio di Ferrara e Cassa di Risparmio di Ferrara<\/p><p>\u00a0<\/p><p><em>Numero visitatori<\/em>: <span style=\"font-weight: 400;\">86.399<\/span><\/p><p><em><strong>Tappa precedente<\/strong><\/em><\/p><p><span style=\"font-weight: 400;\">Madrid, Museo Thyssen-Bornemisza, 7 giugno \u2013 11 settembre 2005<\/span><\/p><p><a href=\"https:\/\/www.palazzodiamanti.it\/wp-content\/uploads\/2022\/08\/Elenco-opere-Corot.pdf\"><strong>Elenco opere<\/strong><\/a><\/p><p><strong><a href=\"https:\/\/www.palazzodiamanti.it\/wp-content\/uploads\/2022\/08\/CS-Corot.pdf\">Comunicato stampa<\/a><\/strong><\/p>\t\t\t\t\t\t\t\t<\/div>\n\t\t\t\t<\/div>\n\t\t\t\t<div class=\"elementor-element elementor-element-0995f71 elementor-arrows-position-inside elementor-pagination-position-outside elementor-widget elementor-widget-image-carousel\" data-id=\"0995f71\" data-element_type=\"widget\" data-e-type=\"widget\" data-settings=\"{&quot;navigation&quot;:&quot;both&quot;,&quot;autoplay&quot;:&quot;yes&quot;,&quot;pause_on_hover&quot;:&quot;yes&quot;,&quot;pause_on_interaction&quot;:&quot;yes&quot;,&quot;autoplay_speed&quot;:5000,&quot;infinite&quot;:&quot;yes&quot;,&quot;speed&quot;:500,&quot;image_spacing_custom&quot;:{&quot;unit&quot;:&quot;px&quot;,&quot;size&quot;:20,&quot;sizes&quot;:[]},&quot;image_spacing_custom_tablet&quot;:{&quot;unit&quot;:&quot;px&quot;,&quot;size&quot;:&quot;&quot;,&quot;sizes&quot;:[]},&quot;image_spacing_custom_mobile&quot;:{&quot;unit&quot;:&quot;px&quot;,&quot;size&quot;:&quot;&quot;,&quot;sizes&quot;:[]}}\" data-widget_type=\"image-carousel.default\">\n\t\t\t\t<div class=\"elementor-widget-container\">\n\t\t\t\t\t\t\t<div class=\"elementor-image-carousel-wrapper swiper\" role=\"region\" aria-roledescription=\"carousel\" aria-label=\"Carosello d&#039;immagini\" dir=\"ltr\">\n\t\t\t<div class=\"elementor-image-carousel swiper-wrapper\" aria-live=\"off\">\n\t\t\t\t\t\t\t\t<div class=\"swiper-slide\" role=\"group\" aria-roledescription=\"slide\" aria-label=\"1 di 22\"><a data-elementor-open-lightbox=\"yes\" data-elementor-lightbox-slideshow=\"0995f71\" data-elementor-lightbox-title=\"Corot. Natura, emozione, ricordo\" data-e-action-hash=\"#elementor-action%3Aaction%3Dlightbox%26settings%3DeyJpZCI6MjIyOCwidXJsIjoiaHR0cHM6XC9cL3d3dy5wYWxhenpvZGlhbWFudGkuaXRcL3dwLWNvbnRlbnRcL3VwbG9hZHNcLzIwMjJcLzA5XC8wMDEtc2NhbGVkLmpwZyIsInNsaWRlc2hvdyI6IjA5OTVmNzEifQ%3D%3D\" href=\"https:\/\/www.palazzodiamanti.it\/wp-content\/uploads\/2022\/09\/001-scaled.jpg\"><figure class=\"swiper-slide-inner\"><img decoding=\"async\" class=\"swiper-slide-image\" src=\"https:\/\/www.palazzodiamanti.it\/wp-content\/uploads\/elementor\/thumbs\/001-scaled-puim0fzbpffuuzkov22rrfl6w6cyl1u8qwaha63t7k.jpg\" alt=\"Corot. Natura, emozione, ricordo\" \/><\/figure><\/a><\/div><div class=\"swiper-slide\" role=\"group\" aria-roledescription=\"slide\" aria-label=\"2 di 22\"><a data-elementor-open-lightbox=\"yes\" data-elementor-lightbox-slideshow=\"0995f71\" data-elementor-lightbox-title=\"Corot. Natura, emozione, ricordo\" data-e-action-hash=\"#elementor-action%3Aaction%3Dlightbox%26settings%3DeyJpZCI6MjIyOSwidXJsIjoiaHR0cHM6XC9cL3d3dy5wYWxhenpvZGlhbWFudGkuaXRcL3dwLWNvbnRlbnRcL3VwbG9hZHNcLzIwMjJcLzA5XC8wMDIuanBnIiwic2xpZGVzaG93IjoiMDk5NWY3MSJ9\" href=\"https:\/\/www.palazzodiamanti.it\/wp-content\/uploads\/2022\/09\/002.jpg\"><figure class=\"swiper-slide-inner\"><img decoding=\"async\" class=\"swiper-slide-image\" src=\"https:\/\/www.palazzodiamanti.it\/wp-content\/uploads\/elementor\/thumbs\/002-puim0isu9xjpttglelangwvkobz2855fra8xpzzmow.jpg\" alt=\"Corot. Natura, emozione, ricordo\" \/><\/figure><\/a><\/div><div class=\"swiper-slide\" role=\"group\" aria-roledescription=\"slide\" aria-label=\"3 di 22\"><a data-elementor-open-lightbox=\"yes\" data-elementor-lightbox-slideshow=\"0995f71\" data-elementor-lightbox-title=\"Corot. Natura, emozione, ricordo\" data-e-action-hash=\"#elementor-action%3Aaction%3Dlightbox%26settings%3DeyJpZCI6MjIzMCwidXJsIjoiaHR0cHM6XC9cL3d3dy5wYWxhenpvZGlhbWFudGkuaXRcL3dwLWNvbnRlbnRcL3VwbG9hZHNcLzIwMjJcLzA5XC8wMDQuanBnIiwic2xpZGVzaG93IjoiMDk5NWY3MSJ9\" href=\"https:\/\/www.palazzodiamanti.it\/wp-content\/uploads\/2022\/09\/004.jpg\"><figure class=\"swiper-slide-inner\"><img decoding=\"async\" class=\"swiper-slide-image\" src=\"https:\/\/www.palazzodiamanti.it\/wp-content\/uploads\/elementor\/thumbs\/004-puim0koinlmah1dv3m3wlwehv3psnjcwfjjwojwucg.jpg\" alt=\"Corot. Natura, emozione, ricordo\" \/><\/figure><\/a><\/div><div class=\"swiper-slide\" role=\"group\" aria-roledescription=\"slide\" aria-label=\"4 di 22\"><a data-elementor-open-lightbox=\"yes\" data-elementor-lightbox-slideshow=\"0995f71\" data-elementor-lightbox-title=\"Corot. Natura, emozione, ricordo\" data-e-action-hash=\"#elementor-action%3Aaction%3Dlightbox%26settings%3DeyJpZCI6MjIzMSwidXJsIjoiaHR0cHM6XC9cL3d3dy5wYWxhenpvZGlhbWFudGkuaXRcL3dwLWNvbnRlbnRcL3VwbG9hZHNcLzIwMjJcLzA5XC8wMTEtc2NhbGVkLmpwZyIsInNsaWRlc2hvdyI6IjA5OTVmNzEifQ%3D%3D\" href=\"https:\/\/www.palazzodiamanti.it\/wp-content\/uploads\/2022\/09\/011-scaled.jpg\"><figure class=\"swiper-slide-inner\"><img decoding=\"async\" class=\"swiper-slide-image\" src=\"https:\/\/www.palazzodiamanti.it\/wp-content\/uploads\/elementor\/thumbs\/011-scaled-puim0ofvexrfrh8ehnqevvgc8n79ibrts25ulnr9nk.jpg\" alt=\"Corot. Natura, emozione, ricordo\" \/><\/figure><\/a><\/div><div class=\"swiper-slide\" role=\"group\" aria-roledescription=\"slide\" aria-label=\"5 di 22\"><a data-elementor-open-lightbox=\"yes\" data-elementor-lightbox-slideshow=\"0995f71\" data-elementor-lightbox-title=\"Corot. Natura, emozione, ricordo\" data-e-action-hash=\"#elementor-action%3Aaction%3Dlightbox%26settings%3DeyJpZCI6MjIzMiwidXJsIjoiaHR0cHM6XC9cL3d3dy5wYWxhenpvZGlhbWFudGkuaXRcL3dwLWNvbnRlbnRcL3VwbG9hZHNcLzIwMjJcLzA5XC8wMTItc2NhbGVkLmpwZyIsInNsaWRlc2hvdyI6IjA5OTVmNzEifQ%3D%3D\" href=\"https:\/\/www.palazzodiamanti.it\/wp-content\/uploads\/2022\/09\/012-scaled.jpg\"><figure class=\"swiper-slide-inner\"><img decoding=\"async\" class=\"swiper-slide-image\" src=\"https:\/\/www.palazzodiamanti.it\/wp-content\/uploads\/elementor\/thumbs\/012-scaled-puim0t52d3xvdj1kq7rjqc9n7kk3ktahgpfa01kasg.jpg\" alt=\"Corot. Natura, emozione, ricordo\" \/><\/figure><\/a><\/div><div class=\"swiper-slide\" role=\"group\" aria-roledescription=\"slide\" aria-label=\"6 di 22\"><a data-elementor-open-lightbox=\"yes\" data-elementor-lightbox-slideshow=\"0995f71\" data-elementor-lightbox-title=\"Corot. Natura, emozione, ricordo\" data-e-action-hash=\"#elementor-action%3Aaction%3Dlightbox%26settings%3DeyJpZCI6MjIzMywidXJsIjoiaHR0cHM6XC9cL3d3dy5wYWxhenpvZGlhbWFudGkuaXRcL3dwLWNvbnRlbnRcL3VwbG9hZHNcLzIwMjJcLzA5XC8wMTYtMS5qcGciLCJzbGlkZXNob3ciOiIwOTk1ZjcxIn0%3D\" href=\"https:\/\/www.palazzodiamanti.it\/wp-content\/uploads\/2022\/09\/016-1.jpg\"><figure class=\"swiper-slide-inner\"><img decoding=\"async\" class=\"swiper-slide-image\" src=\"https:\/\/www.palazzodiamanti.it\/wp-content\/uploads\/elementor\/thumbs\/016-1-puim0vykxm1qccxh9qzfftk0zq677wloh3dqfvg49s.jpg\" alt=\"Corot. Natura, emozione, ricordo\" \/><\/figure><\/a><\/div><div class=\"swiper-slide\" role=\"group\" aria-roledescription=\"slide\" aria-label=\"7 di 22\"><a data-elementor-open-lightbox=\"yes\" data-elementor-lightbox-slideshow=\"0995f71\" data-elementor-lightbox-title=\"Corot. Natura, emozione, ricordo\" data-e-action-hash=\"#elementor-action%3Aaction%3Dlightbox%26settings%3DeyJpZCI6MjIzNCwidXJsIjoiaHR0cHM6XC9cL3d3dy5wYWxhenpvZGlhbWFudGkuaXRcL3dwLWNvbnRlbnRcL3VwbG9hZHNcLzIwMjJcLzA5XC8wMTcuanBnIiwic2xpZGVzaG93IjoiMDk5NWY3MSJ9\" href=\"https:\/\/www.palazzodiamanti.it\/wp-content\/uploads\/2022\/09\/017.jpg\"><figure class=\"swiper-slide-inner\"><img decoding=\"async\" class=\"swiper-slide-image\" src=\"https:\/\/www.palazzodiamanti.it\/wp-content\/uploads\/elementor\/thumbs\/017-puim0ys3i45lb6tdta7b5auervsauzwvhhc6vpbxr4.jpg\" alt=\"Corot. Natura, emozione, ricordo\" \/><\/figure><\/a><\/div><div class=\"swiper-slide\" role=\"group\" aria-roledescription=\"slide\" aria-label=\"8 di 22\"><a data-elementor-open-lightbox=\"yes\" data-elementor-lightbox-slideshow=\"0995f71\" data-elementor-lightbox-title=\"Corot. Natura, emozione, ricordo\" data-e-action-hash=\"#elementor-action%3Aaction%3Dlightbox%26settings%3DeyJpZCI6MjIzNSwidXJsIjoiaHR0cHM6XC9cL3d3dy5wYWxhenpvZGlhbWFudGkuaXRcL3dwLWNvbnRlbnRcL3VwbG9hZHNcLzIwMjJcLzA5XC8wMjYuanBnIiwic2xpZGVzaG93IjoiMDk5NWY3MSJ9\" href=\"https:\/\/www.palazzodiamanti.it\/wp-content\/uploads\/2022\/09\/026.jpg\"><figure class=\"swiper-slide-inner\"><img decoding=\"async\" class=\"swiper-slide-image\" src=\"https:\/\/www.palazzodiamanti.it\/wp-content\/uploads\/elementor\/thumbs\/026-puim10nrvs85yeqnib0kaadbynj1ae4c5qn5u995eo.jpg\" alt=\"Corot. Natura, emozione, ricordo\" \/><\/figure><\/a><\/div><div class=\"swiper-slide\" role=\"group\" aria-roledescription=\"slide\" aria-label=\"9 di 22\"><a data-elementor-open-lightbox=\"yes\" data-elementor-lightbox-slideshow=\"0995f71\" data-elementor-lightbox-title=\"Corot. Natura, emozione, ricordo\" data-e-action-hash=\"#elementor-action%3Aaction%3Dlightbox%26settings%3DeyJpZCI6MjIzNiwidXJsIjoiaHR0cHM6XC9cL3d3dy5wYWxhenpvZGlhbWFudGkuaXRcL3dwLWNvbnRlbnRcL3VwbG9hZHNcLzIwMjJcLzA5XC8wMjktMS5qcGciLCJzbGlkZXNob3ciOiIwOTk1ZjcxIn0%3D\" href=\"https:\/\/www.palazzodiamanti.it\/wp-content\/uploads\/2022\/09\/029-1.jpg\"><figure class=\"swiper-slide-inner\"><img decoding=\"async\" class=\"swiper-slide-image\" src=\"https:\/\/www.palazzodiamanti.it\/wp-content\/uploads\/elementor\/thumbs\/029-1-puim13hagac0x8mk1u8fzrnpqt54xhfj64lma34yw0.jpg\" alt=\"Corot. Natura, emozione, ricordo\" \/><\/figure><\/a><\/div><div class=\"swiper-slide\" role=\"group\" aria-roledescription=\"slide\" aria-label=\"10 di 22\"><a data-elementor-open-lightbox=\"yes\" data-elementor-lightbox-slideshow=\"0995f71\" data-elementor-lightbox-title=\"Corot. Natura, emozione, ricordo\" data-e-action-hash=\"#elementor-action%3Aaction%3Dlightbox%26settings%3DeyJpZCI6MjIzNywidXJsIjoiaHR0cHM6XC9cL3d3dy5wYWxhenpvZGlhbWFudGkuaXRcL3dwLWNvbnRlbnRcL3VwbG9hZHNcLzIwMjJcLzA5XC8wMzgtc2NhbGVkLmpwZyIsInNsaWRlc2hvdyI6IjA5OTVmNzEifQ%3D%3D\" href=\"https:\/\/www.palazzodiamanti.it\/wp-content\/uploads\/2022\/09\/038-scaled.jpg\"><figure class=\"swiper-slide-inner\"><img decoding=\"async\" class=\"swiper-slide-image\" src=\"https:\/\/www.palazzodiamanti.it\/wp-content\/uploads\/elementor\/thumbs\/038-scaled-puim186hegigjafqae9ku8h0pqhyzyy6urv1ogy00w.jpg\" alt=\"Corot. Natura, emozione, ricordo\" \/><\/figure><\/a><\/div><div class=\"swiper-slide\" role=\"group\" aria-roledescription=\"slide\" aria-label=\"11 di 22\"><a data-elementor-open-lightbox=\"yes\" data-elementor-lightbox-slideshow=\"0995f71\" data-elementor-lightbox-title=\"Corot. Natura, emozione, ricordo\" data-e-action-hash=\"#elementor-action%3Aaction%3Dlightbox%26settings%3DeyJpZCI6MjIzOCwidXJsIjoiaHR0cHM6XC9cL3d3dy5wYWxhenpvZGlhbWFudGkuaXRcL3dwLWNvbnRlbnRcL3VwbG9hZHNcLzIwMjJcLzA5XC8wNDAuanBnIiwic2xpZGVzaG93IjoiMDk5NWY3MSJ9\" href=\"https:\/\/www.palazzodiamanti.it\/wp-content\/uploads\/2022\/09\/040.jpg\"><figure class=\"swiper-slide-inner\"><img decoding=\"async\" class=\"swiper-slide-image\" src=\"https:\/\/www.palazzodiamanti.it\/wp-content\/uploads\/elementor\/thumbs\/040-puim1azzyymbi4bmtxhgjprehw42n29dv5ti4atti8.jpg\" alt=\"Corot. Natura, emozione, ricordo\" \/><\/figure><\/a><\/div><div class=\"swiper-slide\" role=\"group\" aria-roledescription=\"slide\" aria-label=\"12 di 22\"><a data-elementor-open-lightbox=\"yes\" data-elementor-lightbox-slideshow=\"0995f71\" data-elementor-lightbox-title=\"Corot. Natura, emozione, ricordo\" data-e-action-hash=\"#elementor-action%3Aaction%3Dlightbox%26settings%3DeyJpZCI6MjIzOSwidXJsIjoiaHR0cHM6XC9cL3d3dy5wYWxhenpvZGlhbWFudGkuaXRcL3dwLWNvbnRlbnRcL3VwbG9hZHNcLzIwMjJcLzA5XC8wNTEuanBnIiwic2xpZGVzaG93IjoiMDk5NWY3MSJ9\" href=\"https:\/\/www.palazzodiamanti.it\/wp-content\/uploads\/2022\/09\/051.jpg\"><figure class=\"swiper-slide-inner\"><img decoding=\"async\" class=\"swiper-slide-image\" src=\"https:\/\/www.palazzodiamanti.it\/wp-content\/uploads\/elementor\/thumbs\/051-puim1dtijgq6gy7jdgpc971sa1q6a5kkvjryk4pmzk.jpg\" alt=\"Corot. Natura, emozione, ricordo\" \/><\/figure><\/a><\/div><div class=\"swiper-slide\" role=\"group\" aria-roledescription=\"slide\" aria-label=\"13 di 22\"><a data-elementor-open-lightbox=\"yes\" data-elementor-lightbox-slideshow=\"0995f71\" data-elementor-lightbox-title=\"Corot. Natura, emozione, ricordo\" data-e-action-hash=\"#elementor-action%3Aaction%3Dlightbox%26settings%3DeyJpZCI6MjI0MSwidXJsIjoiaHR0cHM6XC9cL3d3dy5wYWxhenpvZGlhbWFudGkuaXRcL3dwLWNvbnRlbnRcL3VwbG9hZHNcLzIwMjJcLzA5XC8wNTQuanBnIiwic2xpZGVzaG93IjoiMDk5NWY3MSJ9\" href=\"https:\/\/www.palazzodiamanti.it\/wp-content\/uploads\/2022\/09\/054.jpg\"><figure class=\"swiper-slide-inner\"><img decoding=\"async\" class=\"swiper-slide-image\" src=\"https:\/\/www.palazzodiamanti.it\/wp-content\/uploads\/elementor\/thumbs\/054-puim1hkvasvbre22ribuj63mnl7n4xzi82dwh8k2ao.jpg\" alt=\"Corot. Natura, emozione, ricordo\" \/><\/figure><\/a><\/div><div class=\"swiper-slide\" role=\"group\" aria-roledescription=\"slide\" aria-label=\"14 di 22\"><a data-elementor-open-lightbox=\"yes\" data-elementor-lightbox-slideshow=\"0995f71\" data-elementor-lightbox-title=\"Corot. Natura, emozione, ricordo\" data-e-action-hash=\"#elementor-action%3Aaction%3Dlightbox%26settings%3DeyJpZCI6MjI0MiwidXJsIjoiaHR0cHM6XC9cL3d3dy5wYWxhenpvZGlhbWFudGkuaXRcL3dwLWNvbnRlbnRcL3VwbG9hZHNcLzIwMjJcLzA5XC8wNTUuanBnIiwic2xpZGVzaG93IjoiMDk5NWY3MSJ9\" href=\"https:\/\/www.palazzodiamanti.it\/wp-content\/uploads\/2022\/09\/055.jpg\"><figure class=\"swiper-slide-inner\"><img decoding=\"async\" class=\"swiper-slide-image\" src=\"https:\/\/www.palazzodiamanti.it\/wp-content\/uploads\/elementor\/thumbs\/055-puim1kedvaz6q7xzb1jq8ne0fqtqs1ap8gccx2fvs0.jpg\" alt=\"Corot. Natura, emozione, ricordo\" \/><\/figure><\/a><\/div><div class=\"swiper-slide\" role=\"group\" aria-roledescription=\"slide\" aria-label=\"15 di 22\"><a data-elementor-open-lightbox=\"yes\" data-elementor-lightbox-slideshow=\"0995f71\" data-elementor-lightbox-title=\"Corot. Natura, emozione, ricordo\" data-e-action-hash=\"#elementor-action%3Aaction%3Dlightbox%26settings%3DeyJpZCI6MjI0MywidXJsIjoiaHR0cHM6XC9cL3d3dy5wYWxhenpvZGlhbWFudGkuaXRcL3dwLWNvbnRlbnRcL3VwbG9hZHNcLzIwMjJcLzA5XC8wNjAtMS5qcGciLCJzbGlkZXNob3ciOiIwOTk1ZjcxIn0%3D\" href=\"https:\/\/www.palazzodiamanti.it\/wp-content\/uploads\/2022\/09\/060-1.jpg\"><figure class=\"swiper-slide-inner\"><img decoding=\"async\" class=\"swiper-slide-image\" src=\"https:\/\/www.palazzodiamanti.it\/wp-content\/uploads\/elementor\/thumbs\/060-1-puim1ma28z1rdfv902czdmwxmikh7fi5wpnbvmd3fk.jpg\" alt=\"Corot. Natura, emozione, ricordo\" \/><\/figure><\/a><\/div><div class=\"swiper-slide\" role=\"group\" aria-roledescription=\"slide\" aria-label=\"16 di 22\"><a data-elementor-open-lightbox=\"yes\" data-elementor-lightbox-slideshow=\"0995f71\" data-elementor-lightbox-title=\"Corot. Natura, emozione, ricordo\" data-e-action-hash=\"#elementor-action%3Aaction%3Dlightbox%26settings%3DeyJpZCI6MjI0NCwidXJsIjoiaHR0cHM6XC9cL3d3dy5wYWxhenpvZGlhbWFudGkuaXRcL3dwLWNvbnRlbnRcL3VwbG9hZHNcLzIwMjJcLzA5XC8wNzItc2NhbGVkLmpwZyIsInNsaWRlc2hvdyI6IjA5OTVmNzEifQ%3D%3D\" href=\"https:\/\/www.palazzodiamanti.it\/wp-content\/uploads\/2022\/09\/072-scaled.jpg\"><figure class=\"swiper-slide-inner\"><img decoding=\"async\" class=\"swiper-slide-image\" src=\"https:\/\/www.palazzodiamanti.it\/wp-content\/uploads\/elementor\/thumbs\/072-scaled-puim1qz97586zhof8me483q8lfxb9x0tlcwra064kg.jpg\" alt=\"Corot. Natura, emozione, ricordo\" \/><\/figure><\/a><\/div><div class=\"swiper-slide\" role=\"group\" aria-roledescription=\"slide\" aria-label=\"17 di 22\"><a data-elementor-open-lightbox=\"yes\" data-elementor-lightbox-slideshow=\"0995f71\" data-elementor-lightbox-title=\"Corot. Natura, emozione, ricordo\" data-e-action-hash=\"#elementor-action%3Aaction%3Dlightbox%26settings%3DeyJpZCI6MjI0NSwidXJsIjoiaHR0cHM6XC9cL3d3dy5wYWxhenpvZGlhbWFudGkuaXRcL3dwLWNvbnRlbnRcL3VwbG9hZHNcLzIwMjJcLzA5XC8wNzYtc2NhbGVkLmpwZyIsInNsaWRlc2hvdyI6IjA5OTVmNzEifQ%3D%3D\" href=\"https:\/\/www.palazzodiamanti.it\/wp-content\/uploads\/2022\/09\/076-scaled.jpg\"><figure class=\"swiper-slide-inner\"><img decoding=\"async\" class=\"swiper-slide-image\" src=\"https:\/\/www.palazzodiamanti.it\/wp-content\/uploads\/elementor\/thumbs\/076-scaled-puim1uqlyhdc9xiymo0mi2s2yzes4pfqxvip740jvk.jpg\" alt=\"Corot. Natura, emozione, ricordo\" \/><\/figure><\/a><\/div><div class=\"swiper-slide\" role=\"group\" aria-roledescription=\"slide\" aria-label=\"18 di 22\"><a data-elementor-open-lightbox=\"yes\" data-elementor-lightbox-slideshow=\"0995f71\" data-elementor-lightbox-title=\"Corot. Natura, emozione, ricordo\" data-e-action-hash=\"#elementor-action%3Aaction%3Dlightbox%26settings%3DeyJpZCI6MjI0NiwidXJsIjoiaHR0cHM6XC9cL3d3dy5wYWxhenpvZGlhbWFudGkuaXRcL3dwLWNvbnRlbnRcL3VwbG9hZHNcLzIwMjJcLzA5XC8wNzguanBnIiwic2xpZGVzaG93IjoiMDk5NWY3MSJ9\" href=\"https:\/\/www.palazzodiamanti.it\/wp-content\/uploads\/2022\/09\/078.jpg\"><figure class=\"swiper-slide-inner\"><img decoding=\"async\" class=\"swiper-slide-image\" src=\"https:\/\/www.palazzodiamanti.it\/wp-content\/uploads\/elementor\/thumbs\/078-puim1xk4izh78rev678i7k2gr50vrsqxy9h5mxwdcw.jpg\" alt=\"Corot. Natura, emozione, ricordo\" \/><\/figure><\/a><\/div><div class=\"swiper-slide\" role=\"group\" aria-roledescription=\"slide\" aria-label=\"19 di 22\"><a data-elementor-open-lightbox=\"yes\" data-elementor-lightbox-slideshow=\"0995f71\" data-elementor-lightbox-title=\"Corot. Natura, emozione, ricordo\" data-e-action-hash=\"#elementor-action%3Aaction%3Dlightbox%26settings%3DeyJpZCI6MjI0NywidXJsIjoiaHR0cHM6XC9cL3d3dy5wYWxhenpvZGlhbWFudGkuaXRcL3dwLWNvbnRlbnRcL3VwbG9hZHNcLzIwMjJcLzA5XC8wODQuanBnIiwic2xpZGVzaG93IjoiMDk5NWY3MSJ9\" href=\"https:\/\/www.palazzodiamanti.it\/wp-content\/uploads\/2022\/09\/084.jpg\"><figure class=\"swiper-slide-inner\"><img decoding=\"async\" class=\"swiper-slide-image\" src=\"https:\/\/www.palazzodiamanti.it\/wp-content\/uploads\/elementor\/thumbs\/084-puim20dn3hl27larpqgdx1cujamzew24ynfm2rs6u8.jpg\" alt=\"Corot. Natura, emozione, ricordo\" \/><\/figure><\/a><\/div><div class=\"swiper-slide\" role=\"group\" aria-roledescription=\"slide\" aria-label=\"20 di 22\"><a data-elementor-open-lightbox=\"yes\" data-elementor-lightbox-slideshow=\"0995f71\" data-elementor-lightbox-title=\"Corot. Natura, emozione, ricordo\" data-e-action-hash=\"#elementor-action%3Aaction%3Dlightbox%26settings%3DeyJpZCI6MjI0OCwidXJsIjoiaHR0cHM6XC9cL3d3dy5wYWxhenpvZGlhbWFudGkuaXRcL3dwLWNvbnRlbnRcL3VwbG9hZHNcLzIwMjJcLzA5XC8wODguanBnIiwic2xpZGVzaG93IjoiMDk5NWY3MSJ9\" href=\"https:\/\/www.palazzodiamanti.it\/wp-content\/uploads\/2022\/09\/088.jpg\"><figure class=\"swiper-slide-inner\"><img decoding=\"async\" class=\"swiper-slide-image\" src=\"https:\/\/www.palazzodiamanti.it\/wp-content\/uploads\/elementor\/thumbs\/088-puim244zutq7i15b3s2w70eowu4g9oh2b61jzvmm5c.jpg\" alt=\"Corot. Natura, emozione, ricordo\" \/><\/figure><\/a><\/div><div class=\"swiper-slide\" role=\"group\" aria-roledescription=\"slide\" aria-label=\"21 di 22\"><a data-elementor-open-lightbox=\"yes\" data-elementor-lightbox-slideshow=\"0995f71\" data-elementor-lightbox-title=\"Corot. Natura, emozione, ricordo\" data-e-action-hash=\"#elementor-action%3Aaction%3Dlightbox%26settings%3DeyJpZCI6MjI0OSwidXJsIjoiaHR0cHM6XC9cL3d3dy5wYWxhenpvZGlhbWFudGkuaXRcL3dwLWNvbnRlbnRcL3VwbG9hZHNcLzIwMjJcLzA5XC8wOTAuanBnIiwic2xpZGVzaG93IjoiMDk5NWY3MSJ9\" href=\"https:\/\/www.palazzodiamanti.it\/wp-content\/uploads\/2022\/09\/090.jpg\"><figure class=\"swiper-slide-inner\"><img decoding=\"async\" class=\"swiper-slide-image\" src=\"https:\/\/www.palazzodiamanti.it\/wp-content\/uploads\/elementor\/thumbs\/090-puim26yifbu2gv17nbarwhp2ozqjwrs9bk00fpifmo.jpg\" alt=\"Corot. Natura, emozione, ricordo\" \/><\/figure><\/a><\/div><div class=\"swiper-slide\" role=\"group\" aria-roledescription=\"slide\" aria-label=\"22 di 22\"><a data-elementor-open-lightbox=\"yes\" data-elementor-lightbox-slideshow=\"0995f71\" data-elementor-lightbox-title=\"Corot. Natura, emozione, ricordo\" data-e-action-hash=\"#elementor-action%3Aaction%3Dlightbox%26settings%3DeyJpZCI6MjI1MCwidXJsIjoiaHR0cHM6XC9cL3d3dy5wYWxhenpvZGlhbWFudGkuaXRcL3dwLWNvbnRlbnRcL3VwbG9hZHNcLzIwMjJcLzA5XC8wOTMuanBnIiwic2xpZGVzaG93IjoiMDk5NWY3MSJ9\" href=\"https:\/\/www.palazzodiamanti.it\/wp-content\/uploads\/2022\/09\/093.jpg\"><figure class=\"swiper-slide-inner\"><img decoding=\"async\" class=\"swiper-slide-image\" src=\"https:\/\/www.palazzodiamanti.it\/wp-content\/uploads\/elementor\/thumbs\/093-puim29s0ztxxfox46uinlyzgh5cnjv3gbxygvje940.jpg\" alt=\"Corot. Natura, emozione, ricordo\" \/><\/figure><\/a><\/div>\t\t\t<\/div>\n\t\t\t\t\t\t\t\t\t\t\t\t<div class=\"elementor-swiper-button elementor-swiper-button-prev\" role=\"button\" tabindex=\"0\">\n\t\t\t\t\t\t<i aria-hidden=\"true\" class=\"eicon-chevron-left\"><\/i>\t\t\t\t\t<\/div>\n\t\t\t\t\t<div class=\"elementor-swiper-button elementor-swiper-button-next\" role=\"button\" tabindex=\"0\">\n\t\t\t\t\t\t<i aria-hidden=\"true\" class=\"eicon-chevron-right\"><\/i>\t\t\t\t\t<\/div>\n\t\t\t\t\n\t\t\t\t\t\t\t\t\t<div class=\"swiper-pagination\"><\/div>\n\t\t\t\t\t\t\t\t\t<\/div>\n\t\t\t\t\t\t<\/div>\n\t\t\t\t<\/div>\n\t\t\t\t\t<\/div>\n\t\t<\/div>\n\t\t\t\t\t<\/div>\n\t\t<\/section>\n\t\t\t\t<\/div>\n\t\t","protected":false},"parent":0,"template":"","in-corso-o-archivio":[7],"class_list":["post-2027","mostre","type-mostre","status-publish","hentry","in-corso-o-archivio-archivio"],"yoast_head":"<!-- This site is optimized with the Yoast SEO plugin v27.5 - https:\/\/yoast.com\/product\/yoast-seo-wordpress\/ -->\n<title>Corot. Natura, emozione, ricordo - Mostra a Palazzo dei Diamanti | Ferrara Arte<\/title>\n<meta name=\"description\" content=\"Scopri la mostra Corot. Natura, emozione, ricordo - A Palazzo dei Diamanti | Comune di Ferrara | Organizzata da Fondazione Ferrara Arte\" \/>\n<meta name=\"robots\" content=\"index, follow, max-snippet:-1, max-image-preview:large, max-video-preview:-1\" \/>\n<link rel=\"canonical\" href=\"https:\/\/www.palazzodiamanti.it\/mostre\/corot-natura-emozione-ricordo\/\" \/>\n<meta property=\"og:locale\" content=\"en_US\" \/>\n<meta property=\"og:type\" content=\"article\" \/>\n<meta property=\"og:title\" content=\"Corot. Natura, emozione, ricordo - Mostra a Palazzo dei Diamanti | Ferrara Arte\" \/>\n<meta property=\"og:description\" content=\"Scopri la mostra Corot. Natura, emozione, ricordo - A Palazzo dei Diamanti | Comune di Ferrara | Organizzata da Fondazione Ferrara Arte\" \/>\n<meta property=\"og:url\" content=\"https:\/\/www.palazzodiamanti.it\/mostre\/corot-natura-emozione-ricordo\/\" \/>\n<meta property=\"og:site_name\" content=\"Palazzo dei Diamanti\" \/>\n<meta property=\"article:publisher\" content=\"https:\/\/www.facebook.com\/PalazzoDiamanti\/\" \/>\n<meta property=\"article:modified_time\" content=\"2023-08-09T16:13:27+00:00\" \/>\n<meta property=\"og:image\" content=\"https:\/\/www.palazzodiamanti.it\/wp-content\/uploads\/elementor\/thumbs\/001-scaled-puim0fzbpffuuzkov22rrfl6w6cyl1u8qwaha63t7k.jpg\" \/>\n<meta name=\"twitter:card\" content=\"summary_large_image\" \/>\n<meta name=\"twitter:label1\" content=\"Est. reading time\" \/>\n\t<meta name=\"twitter:data1\" content=\"10 minutes\" \/>\n<script type=\"application\/ld+json\" class=\"yoast-schema-graph\">{\"@context\":\"https:\\\/\\\/schema.org\",\"@graph\":[{\"@type\":\"WebPage\",\"@id\":\"https:\\\/\\\/www.palazzodiamanti.it\\\/mostre\\\/corot-natura-emozione-ricordo\\\/\",\"url\":\"https:\\\/\\\/www.palazzodiamanti.it\\\/mostre\\\/corot-natura-emozione-ricordo\\\/\",\"name\":\"Corot. Natura, emozione, ricordo - Mostra a Palazzo dei Diamanti | Ferrara Arte\",\"isPartOf\":{\"@id\":\"https:\\\/\\\/www.palazzodiamanti.it\\\/#website\"},\"primaryImageOfPage\":{\"@id\":\"https:\\\/\\\/www.palazzodiamanti.it\\\/mostre\\\/corot-natura-emozione-ricordo\\\/#primaryimage\"},\"image\":{\"@id\":\"https:\\\/\\\/www.palazzodiamanti.it\\\/mostre\\\/corot-natura-emozione-ricordo\\\/#primaryimage\"},\"thumbnailUrl\":\"https:\\\/\\\/www.palazzodiamanti.it\\\/wp-content\\\/uploads\\\/elementor\\\/thumbs\\\/001-scaled-puim0fzbpffuuzkov22rrfl6w6cyl1u8qwaha63t7k.jpg\",\"datePublished\":\"2005-10-09T13:07:35+00:00\",\"dateModified\":\"2023-08-09T16:13:27+00:00\",\"description\":\"Scopri la mostra Corot. Natura, emozione, ricordo - A Palazzo dei Diamanti | Comune di Ferrara | Organizzata da Fondazione Ferrara Arte\",\"breadcrumb\":{\"@id\":\"https:\\\/\\\/www.palazzodiamanti.it\\\/mostre\\\/corot-natura-emozione-ricordo\\\/#breadcrumb\"},\"inLanguage\":\"en-US\",\"potentialAction\":[{\"@type\":\"ReadAction\",\"target\":[\"https:\\\/\\\/www.palazzodiamanti.it\\\/mostre\\\/corot-natura-emozione-ricordo\\\/\"]}]},{\"@type\":\"ImageObject\",\"inLanguage\":\"en-US\",\"@id\":\"https:\\\/\\\/www.palazzodiamanti.it\\\/mostre\\\/corot-natura-emozione-ricordo\\\/#primaryimage\",\"url\":\"https:\\\/\\\/www.palazzodiamanti.it\\\/wp-content\\\/uploads\\\/elementor\\\/thumbs\\\/001-scaled-puim0fzbpffuuzkov22rrfl6w6cyl1u8qwaha63t7k.jpg\",\"contentUrl\":\"https:\\\/\\\/www.palazzodiamanti.it\\\/wp-content\\\/uploads\\\/elementor\\\/thumbs\\\/001-scaled-puim0fzbpffuuzkov22rrfl6w6cyl1u8qwaha63t7k.jpg\"},{\"@type\":\"BreadcrumbList\",\"@id\":\"https:\\\/\\\/www.palazzodiamanti.it\\\/mostre\\\/corot-natura-emozione-ricordo\\\/#breadcrumb\",\"itemListElement\":[{\"@type\":\"ListItem\",\"position\":1,\"name\":\"Home\",\"item\":\"https:\\\/\\\/www.palazzodiamanti.it\\\/en\\\/home\\\/\"},{\"@type\":\"ListItem\",\"position\":2,\"name\":\"Mostre\",\"item\":\"https:\\\/\\\/www.palazzodiamanti.it\\\/mostre\\\/\"},{\"@type\":\"ListItem\",\"position\":3,\"name\":\"Corot. Natura, emozione, ricordo\"}]},{\"@type\":\"WebSite\",\"@id\":\"https:\\\/\\\/www.palazzodiamanti.it\\\/#website\",\"url\":\"https:\\\/\\\/www.palazzodiamanti.it\\\/\",\"name\":\"Palazzo dei Diamanti\",\"description\":\"Mostre d\u2019arte a Ferrara | Palazzo dei Diamanti\",\"publisher\":{\"@id\":\"https:\\\/\\\/www.palazzodiamanti.it\\\/#organization\"},\"alternateName\":\"Ferrara Arte\",\"potentialAction\":[{\"@type\":\"SearchAction\",\"target\":{\"@type\":\"EntryPoint\",\"urlTemplate\":\"https:\\\/\\\/www.palazzodiamanti.it\\\/?s={search_term_string}\"},\"query-input\":{\"@type\":\"PropertyValueSpecification\",\"valueRequired\":true,\"valueName\":\"search_term_string\"}}],\"inLanguage\":\"en-US\"},{\"@type\":\"Organization\",\"@id\":\"https:\\\/\\\/www.palazzodiamanti.it\\\/#organization\",\"name\":\"Palazzo dei Diamanti\",\"alternateName\":\"Ferrara Arte\",\"url\":\"https:\\\/\\\/www.palazzodiamanti.it\\\/\",\"logo\":{\"@type\":\"ImageObject\",\"inLanguage\":\"en-US\",\"@id\":\"https:\\\/\\\/www.palazzodiamanti.it\\\/#\\\/schema\\\/logo\\\/image\\\/\",\"url\":\"https:\\\/\\\/www.palazzodiamanti.it\\\/wp-content\\\/uploads\\\/2021\\\/12\\\/logo-palazzo-diamanti-official.png\",\"contentUrl\":\"https:\\\/\\\/www.palazzodiamanti.it\\\/wp-content\\\/uploads\\\/2021\\\/12\\\/logo-palazzo-diamanti-official.png\",\"width\":1000,\"height\":489,\"caption\":\"Palazzo dei Diamanti\"},\"image\":{\"@id\":\"https:\\\/\\\/www.palazzodiamanti.it\\\/#\\\/schema\\\/logo\\\/image\\\/\"},\"sameAs\":[\"https:\\\/\\\/www.facebook.com\\\/PalazzoDiamanti\\\/\",\"https:\\\/\\\/www.instagram.com\\\/PalazzoDiamanti\\\/\",\"https:\\\/\\\/www.youtube.com\\\/channel\\\/UCrkn9LzeLVL-Mcxu9vBP7xA\",\"https:\\\/\\\/vimeo.com\\\/palazzodiamanti\"]}]}<\/script>\n<!-- \/ Yoast SEO plugin. -->","yoast_head_json":{"title":"Corot. Natura, emozione, ricordo - Mostra a Palazzo dei Diamanti | Ferrara Arte","description":"Scopri la mostra Corot. Natura, emozione, ricordo - A Palazzo dei Diamanti | Comune di Ferrara | Organizzata da Fondazione Ferrara Arte","robots":{"index":"index","follow":"follow","max-snippet":"max-snippet:-1","max-image-preview":"max-image-preview:large","max-video-preview":"max-video-preview:-1"},"canonical":"https:\/\/www.palazzodiamanti.it\/mostre\/corot-natura-emozione-ricordo\/","og_locale":"en_US","og_type":"article","og_title":"Corot. Natura, emozione, ricordo - Mostra a Palazzo dei Diamanti | Ferrara Arte","og_description":"Scopri la mostra Corot. Natura, emozione, ricordo - A Palazzo dei Diamanti | Comune di Ferrara | Organizzata da Fondazione Ferrara Arte","og_url":"https:\/\/www.palazzodiamanti.it\/mostre\/corot-natura-emozione-ricordo\/","og_site_name":"Palazzo dei Diamanti","article_publisher":"https:\/\/www.facebook.com\/PalazzoDiamanti\/","article_modified_time":"2023-08-09T16:13:27+00:00","og_image":[{"url":"https:\/\/www.palazzodiamanti.it\/wp-content\/uploads\/elementor\/thumbs\/001-scaled-puim0fzbpffuuzkov22rrfl6w6cyl1u8qwaha63t7k.jpg","type":"","width":"","height":""}],"twitter_card":"summary_large_image","twitter_misc":{"Est. reading time":"10 minutes"},"schema":{"@context":"https:\/\/schema.org","@graph":[{"@type":"WebPage","@id":"https:\/\/www.palazzodiamanti.it\/mostre\/corot-natura-emozione-ricordo\/","url":"https:\/\/www.palazzodiamanti.it\/mostre\/corot-natura-emozione-ricordo\/","name":"Corot. Natura, emozione, ricordo - Mostra a Palazzo dei Diamanti | Ferrara Arte","isPartOf":{"@id":"https:\/\/www.palazzodiamanti.it\/#website"},"primaryImageOfPage":{"@id":"https:\/\/www.palazzodiamanti.it\/mostre\/corot-natura-emozione-ricordo\/#primaryimage"},"image":{"@id":"https:\/\/www.palazzodiamanti.it\/mostre\/corot-natura-emozione-ricordo\/#primaryimage"},"thumbnailUrl":"https:\/\/www.palazzodiamanti.it\/wp-content\/uploads\/elementor\/thumbs\/001-scaled-puim0fzbpffuuzkov22rrfl6w6cyl1u8qwaha63t7k.jpg","datePublished":"2005-10-09T13:07:35+00:00","dateModified":"2023-08-09T16:13:27+00:00","description":"Scopri la mostra Corot. Natura, emozione, ricordo - A Palazzo dei Diamanti | Comune di Ferrara | Organizzata da Fondazione Ferrara Arte","breadcrumb":{"@id":"https:\/\/www.palazzodiamanti.it\/mostre\/corot-natura-emozione-ricordo\/#breadcrumb"},"inLanguage":"en-US","potentialAction":[{"@type":"ReadAction","target":["https:\/\/www.palazzodiamanti.it\/mostre\/corot-natura-emozione-ricordo\/"]}]},{"@type":"ImageObject","inLanguage":"en-US","@id":"https:\/\/www.palazzodiamanti.it\/mostre\/corot-natura-emozione-ricordo\/#primaryimage","url":"https:\/\/www.palazzodiamanti.it\/wp-content\/uploads\/elementor\/thumbs\/001-scaled-puim0fzbpffuuzkov22rrfl6w6cyl1u8qwaha63t7k.jpg","contentUrl":"https:\/\/www.palazzodiamanti.it\/wp-content\/uploads\/elementor\/thumbs\/001-scaled-puim0fzbpffuuzkov22rrfl6w6cyl1u8qwaha63t7k.jpg"},{"@type":"BreadcrumbList","@id":"https:\/\/www.palazzodiamanti.it\/mostre\/corot-natura-emozione-ricordo\/#breadcrumb","itemListElement":[{"@type":"ListItem","position":1,"name":"Home","item":"https:\/\/www.palazzodiamanti.it\/en\/home\/"},{"@type":"ListItem","position":2,"name":"Mostre","item":"https:\/\/www.palazzodiamanti.it\/mostre\/"},{"@type":"ListItem","position":3,"name":"Corot. Natura, emozione, ricordo"}]},{"@type":"WebSite","@id":"https:\/\/www.palazzodiamanti.it\/#website","url":"https:\/\/www.palazzodiamanti.it\/","name":"Palazzo dei Diamanti","description":"Mostre d\u2019arte a Ferrara | Palazzo dei Diamanti","publisher":{"@id":"https:\/\/www.palazzodiamanti.it\/#organization"},"alternateName":"Ferrara Arte","potentialAction":[{"@type":"SearchAction","target":{"@type":"EntryPoint","urlTemplate":"https:\/\/www.palazzodiamanti.it\/?s={search_term_string}"},"query-input":{"@type":"PropertyValueSpecification","valueRequired":true,"valueName":"search_term_string"}}],"inLanguage":"en-US"},{"@type":"Organization","@id":"https:\/\/www.palazzodiamanti.it\/#organization","name":"Palazzo dei Diamanti","alternateName":"Ferrara Arte","url":"https:\/\/www.palazzodiamanti.it\/","logo":{"@type":"ImageObject","inLanguage":"en-US","@id":"https:\/\/www.palazzodiamanti.it\/#\/schema\/logo\/image\/","url":"https:\/\/www.palazzodiamanti.it\/wp-content\/uploads\/2021\/12\/logo-palazzo-diamanti-official.png","contentUrl":"https:\/\/www.palazzodiamanti.it\/wp-content\/uploads\/2021\/12\/logo-palazzo-diamanti-official.png","width":1000,"height":489,"caption":"Palazzo dei Diamanti"},"image":{"@id":"https:\/\/www.palazzodiamanti.it\/#\/schema\/logo\/image\/"},"sameAs":["https:\/\/www.facebook.com\/PalazzoDiamanti\/","https:\/\/www.instagram.com\/PalazzoDiamanti\/","https:\/\/www.youtube.com\/channel\/UCrkn9LzeLVL-Mcxu9vBP7xA","https:\/\/vimeo.com\/palazzodiamanti"]}]}},"_links":{"self":[{"href":"https:\/\/www.palazzodiamanti.it\/en\/wp-json\/wp\/v2\/mostre\/2027","targetHints":{"allow":["GET"]}}],"collection":[{"href":"https:\/\/www.palazzodiamanti.it\/en\/wp-json\/wp\/v2\/mostre"}],"about":[{"href":"https:\/\/www.palazzodiamanti.it\/en\/wp-json\/wp\/v2\/types\/mostre"}],"version-history":[{"count":0,"href":"https:\/\/www.palazzodiamanti.it\/en\/wp-json\/wp\/v2\/mostre\/2027\/revisions"}],"wp:attachment":[{"href":"https:\/\/www.palazzodiamanti.it\/en\/wp-json\/wp\/v2\/media?parent=2027"}],"wp:term":[{"taxonomy":"in-corso-o-archivio","embeddable":true,"href":"https:\/\/www.palazzodiamanti.it\/en\/wp-json\/wp\/v2\/in-corso-o-archivio?post=2027"}],"curies":[{"name":"wp","href":"https:\/\/api.w.org\/{rel}","templated":true}]}}