{"id":555,"date":"2001-10-26T18:00:06","date_gmt":"2001-10-26T16:00:06","guid":{"rendered":"https:\/\/www.palazzodiamanti.it\/?post_type=mostre&#038;p=555"},"modified":"2023-08-08T15:59:12","modified_gmt":"2023-08-08T13:59:12","slug":"da-dahl-a-munch","status":"publish","type":"mostre","link":"https:\/\/www.palazzodiamanti.it\/en\/mostre\/da-dahl-a-munch\/","title":{"rendered":"Da Dahl a Munch. Romanticismo, realismo e simbolismo nella pittura di paesaggio norvegese"},"content":{"rendered":"\t\t<div data-elementor-type=\"wp-post\" data-elementor-id=\"555\" class=\"elementor elementor-555\" data-elementor-post-type=\"mostre\">\n\t\t\t\t\t\t<section class=\"elementor-section elementor-top-section elementor-element elementor-element-3a96fe3 elementor-section-boxed elementor-section-height-default elementor-section-height-default\" data-id=\"3a96fe3\" data-element_type=\"section\" data-e-type=\"section\">\n\t\t\t\t\t\t<div class=\"elementor-container elementor-column-gap-default\">\n\t\t\t\t\t<div class=\"elementor-column elementor-col-100 elementor-top-column elementor-element elementor-element-58ea389\" data-id=\"58ea389\" data-element_type=\"column\" data-e-type=\"column\">\n\t\t\t<div class=\"elementor-widget-wrap elementor-element-populated\">\n\t\t\t\t\t\t<div class=\"elementor-element elementor-element-c55a541 elementor-drop-cap-yes elementor-drop-cap-view-default elementor-widget elementor-widget-text-editor\" data-id=\"c55a541\" data-element_type=\"widget\" data-e-type=\"widget\" data-settings=\"{&quot;drop_cap&quot;:&quot;yes&quot;}\" data-widget_type=\"text-editor.default\">\n\t\t\t\t<div class=\"elementor-widget-container\">\n\t\t\t\t\t\t\t\t\t<p>La mostra <em>Da Dahl a Munch. Romanticismo, realismo e simbolismo nella pittura di paesaggio norvegese<\/em> \u00e8 nata da un progetto di Ferrara Arte e della Nasjonalgalleriet di Oslo il cui obiettivo era di esplorare e di far conoscere una tradizione figurativa di grande bellezza e di rilevante interesse storico artistico, fino ad ora poco studiata al di fuori del proprio paese di appartenenza, e pressoch\u00e9 sconosciuta al pubblico europeo.<\/p><p>Sorto praticamente dal nulla, all&#8217;inizio del XIX secolo, con l&#8217;opera di Johan Christian Dahl, il paesaggismo norvegese raggiunge in breve tempo degli esiti sorprendenti, dialogando con quanto andava accadendo in ambito artistico nel resto d&#8217;Europa ed esprimendo, ad un tempo, un carattere specifico, strettamente connesso alle caratteristiche morfologiche e culturali del paese.<\/p><p>La mostra \u00e8 composta da sessantacinque olii che, suddivisi in sezioni cronologico-tematiche, documentano lo sviluppo di questa tradizione: dal romanticismo naturalistico e sublime di Johan Christian Dahl e dei suoi allievi, Thomas Fearnley e Peder Balke, a quello animato da ideali nazionalistici dei pittori della generazione successiva; dalla pittura realista di quegli artisti che, come Kitty Lange Kielland, respirarono l&#8217;aria di Parigi, alle opere d&#8217;ispirazione simbolista che, sullo scorcio del secolo, trovarono proprio in Edvard Munch uno dei suoi interpreti pi\u00f9 celebri e rappresentativi.<\/p><p>La Nasjonalgalleriet di Oslo ha curato questa mostra e il catalogo che l&#8217;accompagna, ha inoltre collaborato con Ferrara Arte alla sua organizzazione; i dipinti che la compongono provengono da questa prestigiosa istituzione norvegese, fatta eccezione per due tele appartenenti alle collezioni degli Appartamenti Reali di Palazzo Pitti di Firenze.<\/p><p>Il percorso di mostra inizia con i dipinti del pi\u00f9 grande maestro dell&#8217;arte romantica norvegese, Johan Christian Dahl. Nella sua formazione, compiuta tra Bergen e Copenaghen, risultano determinanti lo studio degli antichi maestri e soprattutto l&#8217;osservazione diretta degli scenari naturali. Tuttavia, il pieno sviluppo del suo genio artistico \u00e8 da considerare in relazione all&#8217;amicizia con il grande pittore romantico Caspar David Friedrich, al significativo viaggio di studio in Italia negli anni 1820-21 e al suo primo rientro in Norvegia nel 1826. Negli anni del soggiorno in Italia, Dahl sosta a lungo in Campania dove \u00e8 ospite del suo illustre mecenate, il principe danese Cristiano Federico.<\/p><p>Qui dipinge numerose vedute di Napoli, dei litorali e delle isole del Golfo. Oltre ad arricchire la sua conoscenza dell&#8217;arte europea, il viaggio in Italia \u00e8 determinante per l&#8217;evoluzione degli studi a olio. Dall&#8217;osservazione minuziosa del particolare, l&#8217;artista si volge a cogliere l&#8217;impressione immediata suscitata dal paesaggio e la rende con un impiego sempre pi\u00f9 libero e ampio della tecnica a olio. Trasferitosi nel 1821 in Germania, nuovamente a Dresda, oltre a dipingere quadri tratti dagli studi eseguiti in Italia e paesaggi tedeschi, l&#8217;artista continua a produrre vedute norvegesi, che per\u00f2 scaturiscono per lo pi\u00f9 dalla sua fantasia. E&#8217; proprio questo fattore, che egli avverte come un limite alla sua vena naturalistica, a spingerlo a rientrare in patria nel 1826 dove compie un lungo viaggio di studio. Il materiale raccolto durante questo viaggio costituisce la base di molte opere realizzate in atelier negli anni successivi.<\/p><p>Il dipinto <em>Inverno nel fiordo di Sogn<\/em>, in cui la verticalit\u00e0 degli elementi sottolineata la severit\u00e0 della composizione, \u00e8 emblematico del programma artistico maturato da Dahl negli anni del soggiorno in Norvegia, secondo cui un paesaggio avrebbe dovuto &#8220;non solo trasportare lo spettatore in un determinato paese ma anche esprimere ci\u00f2 che \u00e8 caratteristico di quel paese e della sua natura&#8221;.<\/p><p>Thomas Fearnley \u00e8 l\u2019allievo prediletto di Dahl, del quale assimila l\u2019approccio diretto alla natura. Ci\u00f2 avviene soprattutto negli studi dal vero mentre nei dipinti finiti, Fearnley rivela ben presto una tendenza ad accentuare gli aspetti spettacolari, e dunque romantici, del paesaggio. Oltre che dell\u2019esempio di Dahl, la sua pittura si nutre delle diverse tendenze del paesaggismo contemporaneo conosciute nei molti centri artistici in cui soggiorna.<\/p><p>Nel 1832 Fearnley inizia un lungo viaggio in Italia, durante il quale si dedica a una serie di studi dal vero di grande bellezza. Per la composizione studiata e per la ricchezza di particolari, gli studi dal vero di Fearnley sono molto distanti da quelli di Dahl e presentano delle caratteristiche che li accomunano, piuttosto, alla pi\u00f9 elaborata pittura en plein air del maestro. Le diverse componenti che caratterizzano la pittura di Fearnley, giunte a piena maturazione, sono tutte presenti in quello che viene comunemente considerato come uno dei capolavori dell\u2019artista, <em>Alba nelle Alpi di Wengern in Svizzera<\/em>.<br \/>Il tardo romanticismo, ispirato da ideali nazionalistici trova i suoi maggiori esponenti in Hans Gude e Adolph Tidemand, i quali realizzano a due mani il notturno Pesca con la fiocina in cui la vita e le usanze degli abitanti vengono integrati nel tipico paesaggio norvegese.<\/p><p>Il mutare della pittura di paesaggio, intorno alla met\u00e0 dell\u2019Ottocento, \u00e8 attestato da <em>Monti norvegesi<\/em> di Hans Gude, una possente rappresentazione della maest\u00e0, della forza e della natura in tutti i suoi elementi, a fronte della quale la presenza dell\u2019uomo, appena accennata, appare del tutto marginale. Altre due tele rappresentative svelano l\u2019aspetto tragico della natura: <em>Foresta Morente<\/em> di August Herman Cappelen, artista dallo stile personalissimo e <em>Paesaggio della regione di Telemark<\/em> di Joachim Frich, allievo di Dahl prima e successivamente influenzato dal romanticismo in voga nella Germania meridionale.<\/p><p>Peder Balke \u00e8 indubbiamente il personaggio pi\u00f9 singolare del paesaggismo norvegese. La sua biografia, segnata da un forte impegno politico e sociale, si discosta da quella degli altri artisti presenti in mostra e la sua arte, per il fatto di essere molto personale non fu capita dai contemporanei. Dopo aver compiuto un primo apprendistato da un pittore decoratore, studia a Oslo, a Stoccolma e a Dresda, dove per un breve periodo fu allievo di Dahl. Per l\u2019evoluzione della sua pittura, tuttavia, pi\u00f9 che gli studi, sono determinanti le scoperte paesistiche risalenti agli anni giovanili e. ancor pi\u00f9, l\u2019avventuroso viaggio nel nord della Norvegia i cui paesaggi continueranno ad ispirarlo per tutta la vita.<br \/>Le tele presenti in mostra, risalenti agli anni Sessanta dell\u2019Ottocento, appaiono caratterizzate da un impianto compositivo piuttosto semplice e da una tavolozza limitata a pochi toni dominanti.<\/p><p>Come gli altri paesaggisti norvegesi del periodo romantico, Balke \u00e8 interessato ad esprimere il carattere specifico dei paesaggi di Norvegia ma, al pari della tecnica e della modalit\u00e0 compositiva, anche il modo di guardare la sua terra \u00e8 del tutto particolare. Testimone di questo \u00e8 l\u2019affascinante <em>Monte Stetind nella nebbia<\/em>, rappresentazione onirica di una montagna del nord della Norvegia,un fantasma che, come un\u2019ossessione, ispirer\u00e0 l\u2019artista per tutta la vita. Affascinante esempio della pittura trasparente di questo spirito tormentato, il dipinto \u00e8 realizzato con una tecnica del tutto originale con la quale Balke d\u00e0 vita ad un linguaggio pittorico sorprendentemente moderno<\/p><p>Mentre appare tipicamente romantico il tema della caducit\u00e0 della vita di <em>Paesaggio costiero con menhir e relitto<\/em> di Bodom, <em>Aenes presso il fiordo di Hardanger<\/em> di Nielsen testimonia l\u2019allontanamento dal romanticismo a favore di un approccio autenticamente naturalistico. Figura anch\u2019essa considerata di transizione \u00e8 quella dell\u2019artista Otto Sinding la cui opera <em>Veduta di Reine nelle isole Lofoten<\/em> si colloca in ambito realista per la rappresentazione delle singole forme e l\u2019uso del colore ma pu\u00f2 essere avvicinata alle opere dei pittori della generazione precedente per la spettacolarit\u00e0 del panorama e l\u2019elevata elaborazione della composizione.<\/p><p>La pittura di Ludvig Munthe si discosta notevolmente dal romanticismo possente in voga allora nella citt\u00e0 di Dusseldorf, dove si formarono molti di questi pittori norvegesi. Interno di bosco nella neve \u00e8 rappresentativo delle sue celebri vedute invernali in cui l\u2019artista predilige intimi brani di paesaggio osservati da distanza ravvicinata rispetto ai paesaggi maestosi e inviolati della sua terra. Frits Thaulow \u00e8 uno dei pochi realisti norvegesi che si dedicano quasi esclusivamente alla pittura di paesaggio. Convinto sostenitore della pittura en plein air, Thaulow \u00e8 interessato a catturare gli effetti squisitamente pittorici dei soggetti come in <em>Canale a Volendam<\/em>, eseguito sul posto.<\/p><p>L\u2019iter formativo di Harriet Backer ricalca quello di Christian Skredsvig: formatasi a Monaco, si reca a Parigi dove risiede per diversi anni. Conosciuta soprattutto per le sue raffigurazioni di interni dalle atmosfere sommesse, la pittrice pratica con successo anche la pittura di paesaggio, genere in cui ha modo di esprimere le sue doti di eccellente colorista. La piccola tela <em>Paesaggio da Baerum, nei pressi di Oslo<\/em>, raffigura uno scorcio di villaggio di campagna dove la pittrice si stabilisce una volta tornata in patria dalla Francia.<\/p><p>Gerard Munthe \u00e8 uno dei pochi pittori norvegesi della sua generazione che non conclude la propria formazione con un viaggio a Parigi. <em>Sera a Eggedal nella regione di Buskerud<\/em> \u00e8 considerato uno dei suoi capolavori. Nel dipinto \u00e8 raffigurata la vallata di Eggedal visitata dall\u2019artista nel 1888 insieme a Harriet Backer e Christian Skredsvig. In questa tela viene raffigurato un panorama maestoso permeato dell\u2019atmosfera rarefatta dei paesaggi neoromantici. La veduta abbraccia tutta la valle, fino ai monti lontani illuminati dal chiarore lunare. Sulla sinistra, gli stabbur, costruzioni tipiche di questa zona del paese, si stagliano sulle pendici erbose, creando un effetto pittorico di grande suggestione.<\/p><p>Erik Werenskiold \u00e8 un artista dotato di grandi doti da illustratore che si interessa tanto alla figura quanto al paesaggio. Il dipinto <em>Tornando a casa<\/em> \u00e8 un esempio di come Werenskiold, nelle sue opere migliori, riesca a fondere in un perfetto equilibrio, figura e paesaggio. Theodor Kittelsen \u00e8 noto al pubblico norvegese per le sue illustrazioni di fiabe popolari. Prendendo spunto da una visione lirica della natura, nella tela <em>Le dodici anatre selvatiche<\/em> Kittelsen ci attira in un mondo fatato in cui i motivi fiabeschi &#8211; il tema della raffigurazione \u00e8 tratto da una favola popolare &#8211; si sposano perfettamente anche con il paesaggio.<\/p><p>Appartenente alla generazione dei neo romantici, Harald Sohlberg \u00e8 l\u2019artista norvegese che, assieme ad Ervard Munch, si avvicina maggiormente al simbolismo europeo di fine secolo. Alf Lundeby compie una lunga serie di viaggi di studio in Italia dimostrando nei quadri italiani un\u2019intima comprensione del paesaggio della penisola che rende con grande ricchezza di dettagli. Anche l\u2019arte di Thorolf Holmboe, come quella di Sohlberg, partecipa della temperie simbolista di fine secolo. Influenzato negli anni novanta dell\u2019ottocento dall\u2019estetica decorativa dell\u2019Art Nouveau, al volgere del secolo accentua il carattere naturalistico della sua pittura. Talento precocissimo Halfdan Egedius, muore all\u2019et\u00e0 di ventuno anni lasciando dietro di s\u00e9 una serie di opere moltro belle ed eccezionalmente mature.<\/p><p>Thorvald Erichsen raccoglie l\u2019eredit\u00e0 di Egedius e la porta nel nuovo secolo. Come l\u2019amico, studia con Harriet Backer e con il pittore danese Kristian Zahrtmann; in seguito completa la propria formazione a Parigi, fatto che risulta determinante per il futuro sviluppo della sua arte dove si riconosce l\u2019influsso dell\u2019impressionismo e del post-impressionismo, in particolare di Gauguin.<\/p><p>\u00a0<\/p><p><em><strong>Mostra a cura di<\/strong><\/em><\/p><p><span style=\"font-weight: 400;\">Marit Lange<\/span><\/p><p><em><strong>Organizzata da\u00a0<\/strong><\/em><\/p><p><span style=\"font-weight: 400;\">Ferrara Arte e <\/span><span style=\"font-weight: 400;\">Nasjonalgalleriet di Oslo<\/span><\/p><p><em><strong>Enti promotori <\/strong><\/em><\/p><p><span style=\"font-weight: 400;\">Comune di Ferrara e Provincia di Ferrara<\/span><\/p><p>\u00a0<\/p><p><a href=\"https:\/\/www.palazzodiamanti.it\/wp-content\/uploads\/2022\/07\/Elenco-opere-Dahl-Munch.pdf\"><strong>Elenco opere<\/strong><\/a><\/p>\t\t\t\t\t\t\t\t<\/div>\n\t\t\t\t<\/div>\n\t\t\t\t\t<\/div>\n\t\t<\/div>\n\t\t\t\t\t<\/div>\n\t\t<\/section>\n\t\t\t\t<\/div>\n\t\t","protected":false},"parent":0,"template":"","in-corso-o-archivio":[7],"class_list":["post-555","mostre","type-mostre","status-publish","hentry","in-corso-o-archivio-archivio"],"yoast_head":"<!-- This site is optimized with the Yoast SEO plugin v27.5 - https:\/\/yoast.com\/product\/yoast-seo-wordpress\/ -->\n<title>Da Dahl a Munch. Romanticismo, realismo e simbolismo nella pittura di paesaggio norvegese - Mostra a Palazzo dei Diamanti | Ferrara Arte<\/title>\n<meta name=\"description\" content=\"Scopri la mostra Da Dahl a Munch. Romanticismo, realismo e simbolismo nella pittura di paesaggio norvegese - A Palazzo dei Diamanti | Comune di Ferrara | Organizzata da Fondazione Ferrara Arte\" \/>\n<meta name=\"robots\" content=\"index, follow, max-snippet:-1, max-image-preview:large, max-video-preview:-1\" \/>\n<link rel=\"canonical\" href=\"https:\/\/www.palazzodiamanti.it\/mostre\/da-dahl-a-munch\/\" \/>\n<meta property=\"og:locale\" content=\"en_US\" \/>\n<meta property=\"og:type\" content=\"article\" \/>\n<meta property=\"og:title\" content=\"Da Dahl a Munch. Romanticismo, realismo e simbolismo nella pittura di paesaggio norvegese - Mostra a Palazzo dei Diamanti | Ferrara Arte\" \/>\n<meta property=\"og:description\" content=\"Scopri la mostra Da Dahl a Munch. Romanticismo, realismo e simbolismo nella pittura di paesaggio norvegese - A Palazzo dei Diamanti | Comune di Ferrara | Organizzata da Fondazione Ferrara Arte\" \/>\n<meta property=\"og:url\" content=\"https:\/\/www.palazzodiamanti.it\/mostre\/da-dahl-a-munch\/\" \/>\n<meta property=\"og:site_name\" content=\"Palazzo dei Diamanti\" \/>\n<meta property=\"article:publisher\" content=\"https:\/\/www.facebook.com\/PalazzoDiamanti\/\" \/>\n<meta property=\"article:modified_time\" content=\"2023-08-08T13:59:12+00:00\" \/>\n<meta property=\"og:image\" content=\"https:\/\/www.palazzodiamanti.it\/wp-content\/uploads\/2021\/12\/logo-palazzo-diamanti-official.png\" \/>\n\t<meta property=\"og:image:width\" content=\"1000\" \/>\n\t<meta property=\"og:image:height\" content=\"489\" \/>\n\t<meta property=\"og:image:type\" content=\"image\/png\" \/>\n<meta name=\"twitter:card\" content=\"summary_large_image\" \/>\n<meta name=\"twitter:label1\" content=\"Est. reading time\" \/>\n\t<meta name=\"twitter:data1\" content=\"10 minutes\" \/>\n<script type=\"application\/ld+json\" class=\"yoast-schema-graph\">{\"@context\":\"https:\\\/\\\/schema.org\",\"@graph\":[{\"@type\":\"WebPage\",\"@id\":\"https:\\\/\\\/www.palazzodiamanti.it\\\/mostre\\\/da-dahl-a-munch\\\/\",\"url\":\"https:\\\/\\\/www.palazzodiamanti.it\\\/mostre\\\/da-dahl-a-munch\\\/\",\"name\":\"Da Dahl a Munch. Romanticismo, realismo e simbolismo nella pittura di paesaggio norvegese - Mostra a Palazzo dei Diamanti | Ferrara Arte\",\"isPartOf\":{\"@id\":\"https:\\\/\\\/www.palazzodiamanti.it\\\/#website\"},\"datePublished\":\"2001-10-26T16:00:06+00:00\",\"dateModified\":\"2023-08-08T13:59:12+00:00\",\"description\":\"Scopri la mostra Da Dahl a Munch. Romanticismo, realismo e simbolismo nella pittura di paesaggio norvegese - A Palazzo dei Diamanti | Comune di Ferrara | Organizzata da Fondazione Ferrara Arte\",\"breadcrumb\":{\"@id\":\"https:\\\/\\\/www.palazzodiamanti.it\\\/mostre\\\/da-dahl-a-munch\\\/#breadcrumb\"},\"inLanguage\":\"en-US\",\"potentialAction\":[{\"@type\":\"ReadAction\",\"target\":[\"https:\\\/\\\/www.palazzodiamanti.it\\\/mostre\\\/da-dahl-a-munch\\\/\"]}]},{\"@type\":\"BreadcrumbList\",\"@id\":\"https:\\\/\\\/www.palazzodiamanti.it\\\/mostre\\\/da-dahl-a-munch\\\/#breadcrumb\",\"itemListElement\":[{\"@type\":\"ListItem\",\"position\":1,\"name\":\"Home\",\"item\":\"https:\\\/\\\/www.palazzodiamanti.it\\\/en\\\/home\\\/\"},{\"@type\":\"ListItem\",\"position\":2,\"name\":\"Mostre\",\"item\":\"https:\\\/\\\/www.palazzodiamanti.it\\\/mostre\\\/\"},{\"@type\":\"ListItem\",\"position\":3,\"name\":\"Da Dahl a Munch. Romanticismo, realismo e simbolismo nella pittura di paesaggio norvegese\"}]},{\"@type\":\"WebSite\",\"@id\":\"https:\\\/\\\/www.palazzodiamanti.it\\\/#website\",\"url\":\"https:\\\/\\\/www.palazzodiamanti.it\\\/\",\"name\":\"Palazzo dei Diamanti\",\"description\":\"Mostre d\u2019arte a Ferrara | Palazzo dei Diamanti\",\"publisher\":{\"@id\":\"https:\\\/\\\/www.palazzodiamanti.it\\\/#organization\"},\"alternateName\":\"Ferrara Arte\",\"potentialAction\":[{\"@type\":\"SearchAction\",\"target\":{\"@type\":\"EntryPoint\",\"urlTemplate\":\"https:\\\/\\\/www.palazzodiamanti.it\\\/?s={search_term_string}\"},\"query-input\":{\"@type\":\"PropertyValueSpecification\",\"valueRequired\":true,\"valueName\":\"search_term_string\"}}],\"inLanguage\":\"en-US\"},{\"@type\":\"Organization\",\"@id\":\"https:\\\/\\\/www.palazzodiamanti.it\\\/#organization\",\"name\":\"Palazzo dei Diamanti\",\"alternateName\":\"Ferrara Arte\",\"url\":\"https:\\\/\\\/www.palazzodiamanti.it\\\/\",\"logo\":{\"@type\":\"ImageObject\",\"inLanguage\":\"en-US\",\"@id\":\"https:\\\/\\\/www.palazzodiamanti.it\\\/#\\\/schema\\\/logo\\\/image\\\/\",\"url\":\"https:\\\/\\\/www.palazzodiamanti.it\\\/wp-content\\\/uploads\\\/2021\\\/12\\\/logo-palazzo-diamanti-official.png\",\"contentUrl\":\"https:\\\/\\\/www.palazzodiamanti.it\\\/wp-content\\\/uploads\\\/2021\\\/12\\\/logo-palazzo-diamanti-official.png\",\"width\":1000,\"height\":489,\"caption\":\"Palazzo dei Diamanti\"},\"image\":{\"@id\":\"https:\\\/\\\/www.palazzodiamanti.it\\\/#\\\/schema\\\/logo\\\/image\\\/\"},\"sameAs\":[\"https:\\\/\\\/www.facebook.com\\\/PalazzoDiamanti\\\/\",\"https:\\\/\\\/www.instagram.com\\\/PalazzoDiamanti\\\/\",\"https:\\\/\\\/www.youtube.com\\\/channel\\\/UCrkn9LzeLVL-Mcxu9vBP7xA\",\"https:\\\/\\\/vimeo.com\\\/palazzodiamanti\"]}]}<\/script>\n<!-- \/ Yoast SEO plugin. -->","yoast_head_json":{"title":"Da Dahl a Munch. Romanticismo, realismo e simbolismo nella pittura di paesaggio norvegese - Mostra a Palazzo dei Diamanti | Ferrara Arte","description":"Scopri la mostra Da Dahl a Munch. Romanticismo, realismo e simbolismo nella pittura di paesaggio norvegese - A Palazzo dei Diamanti | Comune di Ferrara | Organizzata da Fondazione Ferrara Arte","robots":{"index":"index","follow":"follow","max-snippet":"max-snippet:-1","max-image-preview":"max-image-preview:large","max-video-preview":"max-video-preview:-1"},"canonical":"https:\/\/www.palazzodiamanti.it\/mostre\/da-dahl-a-munch\/","og_locale":"en_US","og_type":"article","og_title":"Da Dahl a Munch. Romanticismo, realismo e simbolismo nella pittura di paesaggio norvegese - Mostra a Palazzo dei Diamanti | Ferrara Arte","og_description":"Scopri la mostra Da Dahl a Munch. Romanticismo, realismo e simbolismo nella pittura di paesaggio norvegese - A Palazzo dei Diamanti | Comune di Ferrara | Organizzata da Fondazione Ferrara Arte","og_url":"https:\/\/www.palazzodiamanti.it\/mostre\/da-dahl-a-munch\/","og_site_name":"Palazzo dei Diamanti","article_publisher":"https:\/\/www.facebook.com\/PalazzoDiamanti\/","article_modified_time":"2023-08-08T13:59:12+00:00","og_image":[{"width":1000,"height":489,"url":"https:\/\/www.palazzodiamanti.it\/wp-content\/uploads\/2021\/12\/logo-palazzo-diamanti-official.png","type":"image\/png"}],"twitter_card":"summary_large_image","twitter_misc":{"Est. reading time":"10 minutes"},"schema":{"@context":"https:\/\/schema.org","@graph":[{"@type":"WebPage","@id":"https:\/\/www.palazzodiamanti.it\/mostre\/da-dahl-a-munch\/","url":"https:\/\/www.palazzodiamanti.it\/mostre\/da-dahl-a-munch\/","name":"Da Dahl a Munch. Romanticismo, realismo e simbolismo nella pittura di paesaggio norvegese - Mostra a Palazzo dei Diamanti | Ferrara Arte","isPartOf":{"@id":"https:\/\/www.palazzodiamanti.it\/#website"},"datePublished":"2001-10-26T16:00:06+00:00","dateModified":"2023-08-08T13:59:12+00:00","description":"Scopri la mostra Da Dahl a Munch. Romanticismo, realismo e simbolismo nella pittura di paesaggio norvegese - A Palazzo dei Diamanti | Comune di Ferrara | Organizzata da Fondazione Ferrara Arte","breadcrumb":{"@id":"https:\/\/www.palazzodiamanti.it\/mostre\/da-dahl-a-munch\/#breadcrumb"},"inLanguage":"en-US","potentialAction":[{"@type":"ReadAction","target":["https:\/\/www.palazzodiamanti.it\/mostre\/da-dahl-a-munch\/"]}]},{"@type":"BreadcrumbList","@id":"https:\/\/www.palazzodiamanti.it\/mostre\/da-dahl-a-munch\/#breadcrumb","itemListElement":[{"@type":"ListItem","position":1,"name":"Home","item":"https:\/\/www.palazzodiamanti.it\/en\/home\/"},{"@type":"ListItem","position":2,"name":"Mostre","item":"https:\/\/www.palazzodiamanti.it\/mostre\/"},{"@type":"ListItem","position":3,"name":"Da Dahl a Munch. Romanticismo, realismo e simbolismo nella pittura di paesaggio norvegese"}]},{"@type":"WebSite","@id":"https:\/\/www.palazzodiamanti.it\/#website","url":"https:\/\/www.palazzodiamanti.it\/","name":"Palazzo dei Diamanti","description":"Mostre d\u2019arte a Ferrara | Palazzo dei Diamanti","publisher":{"@id":"https:\/\/www.palazzodiamanti.it\/#organization"},"alternateName":"Ferrara Arte","potentialAction":[{"@type":"SearchAction","target":{"@type":"EntryPoint","urlTemplate":"https:\/\/www.palazzodiamanti.it\/?s={search_term_string}"},"query-input":{"@type":"PropertyValueSpecification","valueRequired":true,"valueName":"search_term_string"}}],"inLanguage":"en-US"},{"@type":"Organization","@id":"https:\/\/www.palazzodiamanti.it\/#organization","name":"Palazzo dei Diamanti","alternateName":"Ferrara Arte","url":"https:\/\/www.palazzodiamanti.it\/","logo":{"@type":"ImageObject","inLanguage":"en-US","@id":"https:\/\/www.palazzodiamanti.it\/#\/schema\/logo\/image\/","url":"https:\/\/www.palazzodiamanti.it\/wp-content\/uploads\/2021\/12\/logo-palazzo-diamanti-official.png","contentUrl":"https:\/\/www.palazzodiamanti.it\/wp-content\/uploads\/2021\/12\/logo-palazzo-diamanti-official.png","width":1000,"height":489,"caption":"Palazzo dei Diamanti"},"image":{"@id":"https:\/\/www.palazzodiamanti.it\/#\/schema\/logo\/image\/"},"sameAs":["https:\/\/www.facebook.com\/PalazzoDiamanti\/","https:\/\/www.instagram.com\/PalazzoDiamanti\/","https:\/\/www.youtube.com\/channel\/UCrkn9LzeLVL-Mcxu9vBP7xA","https:\/\/vimeo.com\/palazzodiamanti"]}]}},"_links":{"self":[{"href":"https:\/\/www.palazzodiamanti.it\/en\/wp-json\/wp\/v2\/mostre\/555","targetHints":{"allow":["GET"]}}],"collection":[{"href":"https:\/\/www.palazzodiamanti.it\/en\/wp-json\/wp\/v2\/mostre"}],"about":[{"href":"https:\/\/www.palazzodiamanti.it\/en\/wp-json\/wp\/v2\/types\/mostre"}],"version-history":[{"count":0,"href":"https:\/\/www.palazzodiamanti.it\/en\/wp-json\/wp\/v2\/mostre\/555\/revisions"}],"wp:attachment":[{"href":"https:\/\/www.palazzodiamanti.it\/en\/wp-json\/wp\/v2\/media?parent=555"}],"wp:term":[{"taxonomy":"in-corso-o-archivio","embeddable":true,"href":"https:\/\/www.palazzodiamanti.it\/en\/wp-json\/wp\/v2\/in-corso-o-archivio?post=555"}],"curies":[{"name":"wp","href":"https:\/\/api.w.org\/{rel}","templated":true}]}}